{"id":3631,"date":"2020-12-22T15:47:06","date_gmt":"2020-12-22T15:47:06","guid":{"rendered":"https:\/\/festivalorigenes.com\/inici\/"},"modified":"2025-08-25T16:52:44","modified_gmt":"2025-08-25T16:52:44","slug":"inici","status":"publish","type":"page","link":"https:\/\/festivalorigenes.com\/ca\/","title":{"rendered":"Inici"},"content":{"rendered":"\t\t<div data-elementor-type=\"wp-page\" data-elementor-id=\"3631\" class=\"elementor elementor-3631 elementor-23\" data-elementor-post-type=\"page\">\n\t\t\t\t\t\t<section class=\"elementor-section elementor-top-section elementor-element elementor-element-5939a86c elementor-section-height-min-height elementor-section-boxed elementor-section-height-default elementor-section-items-middle\" data-id=\"5939a86c\" data-element_type=\"section\" data-settings=\"{&quot;background_background&quot;:&quot;video&quot;,&quot;background_video_link&quot;:&quot;https:\\\/\\\/festivalorigenes.com\\\/wp-content\\\/uploads\\\/2023\\\/07\\\/Video-Inicio-Festival-1.mp4&quot;,&quot;background_video_start&quot;:1,&quot;background_play_on_mobile&quot;:&quot;yes&quot;}\">\n\t\t\t\t\t\t\t\t<div class=\"elementor-background-video-container\" aria-hidden=\"true\">\n\t\t\t\t\t\t\t\t\t\t\t\t\t<video class=\"elementor-background-video-hosted\" autoplay muted playsinline loop><\/video>\n\t\t\t\t\t\t\t\t\t\t\t<\/div>\n\t\t\t\t\t\t\t\t\t<div class=\"elementor-background-overlay\"><\/div>\n\t\t\t\t\t\t\t<div class=\"elementor-container elementor-column-gap-no\">\n\t\t\t\t\t<div class=\"elementor-column elementor-col-100 elementor-top-column elementor-element elementor-element-6f6a47a9\" data-id=\"6f6a47a9\" data-element_type=\"column\">\n\t\t\t<div class=\"elementor-widget-wrap elementor-element-populated\">\n\t\t\t\t\t\t<div class=\"elementor-element elementor-element-a1f68dd animated-slow elementor-invisible elementor-widget elementor-widget-image\" data-id=\"a1f68dd\" data-element_type=\"widget\" data-settings=\"{&quot;_animation&quot;:&quot;fadeIn&quot;,&quot;_animation_delay&quot;:3500}\" data-widget_type=\"image.default\">\n\t\t\t\t<div class=\"elementor-widget-container\">\n\t\t\t\t\t\t\t\t\t\t\t\t\t\t\t<img fetchpriority=\"high\" decoding=\"async\" width=\"1000\" height=\"474\" src=\"https:\/\/festivalorigenes.com\/wp-content\/uploads\/2020\/11\/Festival-Gastrono\u0301mico-ori\u0301Genes_logo.png\" class=\"attachment-full size-full wp-image-3480\" alt=\"ori\u0301Genes Festival gastron\u00f2mic\" srcset=\"https:\/\/festivalorigenes.com\/wp-content\/uploads\/2020\/11\/Festival-Gastrono\u0301mico-ori\u0301Genes_logo.png 1000w, https:\/\/festivalorigenes.com\/wp-content\/uploads\/2020\/11\/Festival-Gastrono\u0301mico-ori\u0301Genes_logo-300x142.png 300w, https:\/\/festivalorigenes.com\/wp-content\/uploads\/2020\/11\/Festival-Gastrono\u0301mico-ori\u0301Genes_logo-768x364.png 768w\" sizes=\"(max-width: 1000px) 100vw, 1000px\" \/>\t\t\t\t\t\t\t\t\t\t\t\t\t\t\t<\/div>\n\t\t\t\t<\/div>\n\t\t\t\t\t<\/div>\n\t\t<\/div>\n\t\t\t\t\t<\/div>\n\t\t<\/section>\n\t\t\t\t<section class=\"elementor-section elementor-top-section elementor-element elementor-element-67268a9 elementor-section-boxed elementor-section-height-default elementor-section-height-default\" data-id=\"67268a9\" data-element_type=\"section\">\n\t\t\t\t\t\t<div class=\"elementor-container elementor-column-gap-default\">\n\t\t\t\t\t<div class=\"elementor-column elementor-col-100 elementor-top-column elementor-element elementor-element-71572ac\" data-id=\"71572ac\" data-element_type=\"column\">\n\t\t\t<div class=\"elementor-widget-wrap elementor-element-populated\">\n\t\t\t\t\t\t<div class=\"elementor-element elementor-element-4636fb4 elementor-widget elementor-widget-heading\" data-id=\"4636fb4\" data-element_type=\"widget\" data-widget_type=\"heading.default\">\n\t\t\t\t<div class=\"elementor-widget-container\">\n\t\t\t\t\t<h2 class=\"elementor-heading-title elementor-size-default\">UN VIATGE ALS OR\u00cdGENS<\/h2>\t\t\t\t<\/div>\n\t\t\t\t<\/div>\n\t\t\t\t\t<\/div>\n\t\t<\/div>\n\t\t\t\t\t<\/div>\n\t\t<\/section>\n\t\t\t\t<section class=\"elementor-section elementor-top-section elementor-element elementor-element-2575dbb elementor-section-boxed elementor-section-height-default elementor-section-height-default\" data-id=\"2575dbb\" data-element_type=\"section\" data-settings=\"{&quot;background_background&quot;:&quot;classic&quot;}\">\n\t\t\t\t\t\t<div class=\"elementor-container elementor-column-gap-default\">\n\t\t\t\t\t<div class=\"elementor-column elementor-col-50 elementor-top-column elementor-element elementor-element-4bc30e7 elementor-invisible\" data-id=\"4bc30e7\" data-element_type=\"column\" data-settings=\"{&quot;background_background&quot;:&quot;classic&quot;,&quot;animation&quot;:&quot;slideInLeft&quot;}\">\n\t\t\t<div class=\"elementor-widget-wrap elementor-element-populated\">\n\t\t\t\t\t<div class=\"elementor-background-overlay\"><\/div>\n\t\t\t\t\t\t<div class=\"elementor-element elementor-element-27fc689 elementor-widget elementor-widget-text-editor\" data-id=\"27fc689\" data-element_type=\"widget\" data-widget_type=\"text-editor.default\">\n\t\t\t\t<div class=\"elementor-widget-container\">\n\t\t\t\t\t\t\t\t\t<p class=\"p1\" style=\"text-align: justify;\">U<span class=\"s1\">n esdeveniment \u00fanic, mai viscut, que et permetr\u00e0 sentir i descobrir un<\/span> <strong>viatge<\/strong> <b>gastron\u00f2mic<\/b> \u2013 natural i <strong>aut\u00e8ntic<\/strong> &#8211; des de l&#8217;Oce\u00e0 Atl\u00e0ntic, passant pel Mar Cant\u00e0bric fins al Mar Mediterrani on els protagonistes seran <b>gaudir<\/b>, establir <b>consci\u00e8ncia als or\u00ed<\/b><b>G<\/b><b>ens<\/b> dels <strong>productes<\/strong> i sobretot les <strong>persones<\/strong> que hi ha darrere d&#8217;un proc\u00e9s artesanal i excepcional.<\/p>\n\t\t\t\t\t\t\t\t<\/div>\n\t\t\t\t<\/div>\n\t\t\t\t<div class=\"elementor-element elementor-element-c649290 elementor-widget elementor-widget-heading\" data-id=\"c649290\" data-element_type=\"widget\" data-widget_type=\"heading.default\">\n\t\t\t\t<div class=\"elementor-widget-container\">\n\t\t\t\t\t<h3 class=\"elementor-heading-title elementor-size-large\">Un viatge maridat amb una <br>selecci\u00f3 de vins de <i><strong>Quim Vila<\/i><\/strong><\/h3>\t\t\t\t<\/div>\n\t\t\t\t<\/div>\n\t\t\t\t<div class=\"elementor-element elementor-element-a2f59a5 elementor-widget elementor-widget-text-editor\" data-id=\"a2f59a5\" data-element_type=\"widget\" data-widget_type=\"text-editor.default\">\n\t\t\t\t<div class=\"elementor-widget-container\">\n\t\t\t\t\t\t\t\t\t<p class=\"p1\" style=\"text-align: justify;\"><span class=\"s1\">A l&#8217;origen Festival Gastron\u00f2mic tenim<\/span> la <strong>responsabilitat<\/strong> de potenciar el producte, la t\u00e8cnica i l&#8217;entorn; produir, cuinar i menjar de manera <b>conscient, \u00e8tica i sostenible.<\/b> <\/p>\n<p class=\"p1\" style=\"text-align: justify;\">Si et veus reflectit en aquests valors, <strong>estimes la<\/strong> <b>gastronomia<\/b>, les <b>experi\u00e8ncies \u00faniques enmig de la natura<\/b> i tens ganes de generar un <b>impacte positiu:<\/b> aquest \u00e9s el teu festival.<\/p>\n\t\t\t\t\t\t\t\t<\/div>\n\t\t\t\t<\/div>\n\t\t\t\t\t<\/div>\n\t\t<\/div>\n\t\t\t\t<div class=\"elementor-column elementor-col-50 elementor-top-column elementor-element elementor-element-87144ec elementor-invisible\" data-id=\"87144ec\" data-element_type=\"column\" data-settings=\"{&quot;background_background&quot;:&quot;classic&quot;,&quot;animation&quot;:&quot;slideInRight&quot;}\">\n\t\t\t<div class=\"elementor-widget-wrap elementor-element-populated\">\n\t\t\t\t\t<div class=\"elementor-background-overlay\"><\/div>\n\t\t\t\t\t\t<div class=\"elementor-element elementor-element-b450414 elementor-widget elementor-widget-image\" data-id=\"b450414\" data-element_type=\"widget\" data-widget_type=\"image.default\">\n\t\t\t\t<div class=\"elementor-widget-container\">\n\t\t\t\t\t\t\t\t\t\t\t\t\t\t\t<img decoding=\"async\" src=\"https:\/\/festivalorigenes.com\/wp-content\/uploads\/elementor\/thumbs\/festival_origenes_gastronomia-pg5ytox19lf12wwdkr2be7csvbseh5hfyrnlyikcua.jpg\" title=\"festival_origenes_gastronomia\" alt=\"festival_origenes_gastronomia\" loading=\"lazy\" \/>\t\t\t\t\t\t\t\t\t\t\t\t\t\t\t<\/div>\n\t\t\t\t<\/div>\n\t\t\t\t\t<\/div>\n\t\t<\/div>\n\t\t\t\t\t<\/div>\n\t\t<\/section>\n\t\t\t\t<section class=\"elementor-section elementor-top-section elementor-element elementor-element-dea5930 elementor-section-boxed elementor-section-height-default elementor-section-height-default\" data-id=\"dea5930\" data-element_type=\"section\" data-settings=\"{&quot;background_background&quot;:&quot;classic&quot;}\">\n\t\t\t\t\t\t<div class=\"elementor-container elementor-column-gap-default\">\n\t\t\t\t\t<div class=\"elementor-column elementor-col-100 elementor-top-column elementor-element elementor-element-5591e032\" data-id=\"5591e032\" data-element_type=\"column\">\n\t\t\t<div class=\"elementor-widget-wrap elementor-element-populated\">\n\t\t\t\t\t\t<div class=\"elementor-element elementor-element-1254399 elementor-widget elementor-widget-heading\" data-id=\"1254399\" data-element_type=\"widget\" data-widget_type=\"heading.default\">\n\t\t\t\t<div class=\"elementor-widget-container\">\n\t\t\t\t\t<h2 class=\"elementor-heading-title elementor-size-default\">Molt m\u00e9s que una <br>EXPERI\u00c8NCIA Gastron\u00f2mica<\/h2>\t\t\t\t<\/div>\n\t\t\t\t<\/div>\n\t\t\t\t<div class=\"elementor-element elementor-element-3867448 elementor-widget elementor-widget-text-editor\" data-id=\"3867448\" data-element_type=\"widget\" data-widget_type=\"text-editor.default\">\n\t\t\t\t<div class=\"elementor-widget-container\">\n\t\t\t\t\t\t\t\t\t<p>Connectem les empreses que lideren la transformaci\u00f3 del sector alimentari i els amants de la gastronomia aut\u00e8ntica a trav\u00e9s d&#8217;una experi\u00e8ncia gastron\u00f2mica sostenible oferta pels millors artesans productors i viticultors del pa\u00eds. <\/p>\n\t\t\t\t\t\t\t\t<\/div>\n\t\t\t\t<\/div>\n\t\t\t\t\t<\/div>\n\t\t<\/div>\n\t\t\t\t\t<\/div>\n\t\t<\/section>\n\t\t\t\t<section class=\"elementor-section elementor-top-section elementor-element elementor-element-7e21b87 elementor-section-boxed elementor-section-height-default elementor-section-height-default\" data-id=\"7e21b87\" data-element_type=\"section\" data-settings=\"{&quot;background_background&quot;:&quot;classic&quot;}\">\n\t\t\t\t\t\t\t<div class=\"elementor-background-overlay\"><\/div>\n\t\t\t\t\t\t\t<div class=\"elementor-container elementor-column-gap-default\">\n\t\t\t\t\t<div class=\"elementor-column elementor-col-33 elementor-top-column elementor-element elementor-element-07e47e4\" data-id=\"07e47e4\" data-element_type=\"column\" data-settings=\"{&quot;background_background&quot;:&quot;classic&quot;}\">\n\t\t\t<div class=\"elementor-widget-wrap elementor-element-populated\">\n\t\t\t\t\t<div class=\"elementor-background-overlay\"><\/div>\n\t\t\t\t\t\t<div class=\"elementor-element elementor-element-4df1658 elementor-widget elementor-widget-e_image_hover_effects\" data-id=\"4df1658\" data-element_type=\"widget\" data-widget_type=\"e_image_hover_effects.default\">\n\t\t\t\t<div class=\"elementor-widget-container\">\n\t\t\t\t\t\t\t\t<div class=\"eihe-box eihe-fade eihe_\">\n\t\t\t\t<img decoding=\"async\" width=\"1707\" height=\"2560\" src=\"https:\/\/festivalorigenes.com\/wp-content\/uploads\/2021\/11\/siente_origenes_festival_gastronomico.jpg\" class=\"attachment-full size-full wp-image-6077\" alt=\"\" srcset=\"https:\/\/festivalorigenes.com\/wp-content\/uploads\/2021\/11\/siente_origenes_festival_gastronomico.jpg 1707w, https:\/\/festivalorigenes.com\/wp-content\/uploads\/2021\/11\/siente_origenes_festival_gastronomico-200x300.jpg 200w, https:\/\/festivalorigenes.com\/wp-content\/uploads\/2021\/11\/siente_origenes_festival_gastronomico-683x1024.jpg 683w, https:\/\/festivalorigenes.com\/wp-content\/uploads\/2021\/11\/siente_origenes_festival_gastronomico-768x1152.jpg 768w, https:\/\/festivalorigenes.com\/wp-content\/uploads\/2021\/11\/siente_origenes_festival_gastronomico-1024x1536.jpg 1024w, https:\/\/festivalorigenes.com\/wp-content\/uploads\/2021\/11\/siente_origenes_festival_gastronomico-1366x2048.jpg 1366w\" sizes=\"(max-width: 1707px) 100vw, 1707px\" \/>\t\t\t\t<div class=\"eihe-caption\">\n\t\t\t\t\t<div class=\"eihe-title-cover\">\n\t\t\t\t\t\t\t\t\t\t\t\t<h3 class=\"eihe-title\">VIATGE GASTRON\u00d2MIC<\/h3>\n\t\t\t\t\t\t\t\t\t\t\t<\/div>\n\t\t\t\t\t<p>Sent, Gaudeix i Comparteix\n<br><br>\nDeixa't sorprendre de la m\u00e0 de 10 grans artesans, sent l'experi\u00e8ncia dels seus productes, d'inici a fi, passant per les t\u00e8cniques tradicionals i l'ess\u00e8ncia del seu territori; gaudeix d'aquest viatge maridat amb vins naturals i una alimentaci\u00f3 \u00e8tica, sana i saborosa.\n<\/p>\n\t\t\t\t<\/div>\n\t\t\t<\/div>\n\t\t\t\t\t\t<\/div>\n\t\t\t\t<\/div>\n\t\t\t\t\t<\/div>\n\t\t<\/div>\n\t\t\t\t<div class=\"elementor-column elementor-col-33 elementor-top-column elementor-element elementor-element-5e0e596\" data-id=\"5e0e596\" data-element_type=\"column\" data-settings=\"{&quot;background_background&quot;:&quot;classic&quot;}\">\n\t\t\t<div class=\"elementor-widget-wrap elementor-element-populated\">\n\t\t\t\t\t<div class=\"elementor-background-overlay\"><\/div>\n\t\t\t\t\t\t<div class=\"elementor-element elementor-element-9a723b0 elementor-widget elementor-widget-e_image_hover_effects\" data-id=\"9a723b0\" data-element_type=\"widget\" data-widget_type=\"e_image_hover_effects.default\">\n\t\t\t\t<div class=\"elementor-widget-container\">\n\t\t\t\t\t\t\t\t<div class=\"eihe-box eihe-fade eihe_\">\n\t\t\t\t<img decoding=\"async\" width=\"1707\" height=\"2560\" src=\"https:\/\/festivalorigenes.com\/wp-content\/uploads\/2021\/11\/descubre_origenes_festival_gastronomico.jpg\" class=\"attachment-full size-full wp-image-6073\" alt=\"\" srcset=\"https:\/\/festivalorigenes.com\/wp-content\/uploads\/2021\/11\/descubre_origenes_festival_gastronomico.jpg 1707w, https:\/\/festivalorigenes.com\/wp-content\/uploads\/2021\/11\/descubre_origenes_festival_gastronomico-200x300.jpg 200w, https:\/\/festivalorigenes.com\/wp-content\/uploads\/2021\/11\/descubre_origenes_festival_gastronomico-683x1024.jpg 683w, https:\/\/festivalorigenes.com\/wp-content\/uploads\/2021\/11\/descubre_origenes_festival_gastronomico-768x1152.jpg 768w, https:\/\/festivalorigenes.com\/wp-content\/uploads\/2021\/11\/descubre_origenes_festival_gastronomico-1024x1536.jpg 1024w, https:\/\/festivalorigenes.com\/wp-content\/uploads\/2021\/11\/descubre_origenes_festival_gastronomico-1366x2048.jpg 1366w\" sizes=\"(max-width: 1707px) 100vw, 1707px\" \/>\t\t\t\t<div class=\"eihe-caption\">\n\t\t\t\t\t<div class=\"eihe-title-cover\">\n\t\t\t\t\t\t\t\t\t\t\t\t<h3 class=\"eihe-title\">L\u00cdDERS VISIONARIS<\/h3>\n\t\t\t\t\t\t\t\t\t\t\t<\/div>\n\t\t\t\t\t<p>Descobreix, Apr\u00e8n i Connecta\n<br><br>\n\nUn entorn privilegiat enmig de la natura, entre arbres centenaris, on \nreconeguts experts en gastronomia, sostenibilitat i innovaci\u00f3 impartiran xerrades inspiradores.\n\n<\/p>\n\t\t\t\t<\/div>\n\t\t\t<\/div>\n\t\t\t\t\t\t<\/div>\n\t\t\t\t<\/div>\n\t\t\t\t\t<\/div>\n\t\t<\/div>\n\t\t\t\t<div class=\"elementor-column elementor-col-33 elementor-top-column elementor-element elementor-element-4360eab\" data-id=\"4360eab\" data-element_type=\"column\" data-settings=\"{&quot;background_background&quot;:&quot;classic&quot;}\">\n\t\t\t<div class=\"elementor-widget-wrap elementor-element-populated\">\n\t\t\t\t\t<div class=\"elementor-background-overlay\"><\/div>\n\t\t\t\t\t\t<div class=\"elementor-element elementor-element-47116d3 elementor-widget elementor-widget-e_image_hover_effects\" data-id=\"47116d3\" data-element_type=\"widget\" data-widget_type=\"e_image_hover_effects.default\">\n\t\t\t\t<div class=\"elementor-widget-container\">\n\t\t\t\t\t\t\t\t<div class=\"eihe-box eihe-fade eihe_\">\n\t\t\t\t<img loading=\"lazy\" decoding=\"async\" width=\"1707\" height=\"2560\" src=\"https:\/\/festivalorigenes.com\/wp-content\/uploads\/2021\/11\/crea_origenes_festival_gastronomico.jpg\" class=\"attachment-full size-full wp-image-6075\" alt=\"\" srcset=\"https:\/\/festivalorigenes.com\/wp-content\/uploads\/2021\/11\/crea_origenes_festival_gastronomico.jpg 1707w, https:\/\/festivalorigenes.com\/wp-content\/uploads\/2021\/11\/crea_origenes_festival_gastronomico-200x300.jpg 200w, https:\/\/festivalorigenes.com\/wp-content\/uploads\/2021\/11\/crea_origenes_festival_gastronomico-683x1024.jpg 683w, https:\/\/festivalorigenes.com\/wp-content\/uploads\/2021\/11\/crea_origenes_festival_gastronomico-768x1152.jpg 768w, https:\/\/festivalorigenes.com\/wp-content\/uploads\/2021\/11\/crea_origenes_festival_gastronomico-1024x1536.jpg 1024w, https:\/\/festivalorigenes.com\/wp-content\/uploads\/2021\/11\/crea_origenes_festival_gastronomico-1366x2048.jpg 1366w\" sizes=\"(max-width: 1707px) 100vw, 1707px\" \/>\t\t\t\t<div class=\"eihe-caption\">\n\t\t\t\t\t<div class=\"eihe-title-cover\">\n\t\t\t\t\t\t\t\t\t\t\t\t<h3 class=\"eihe-title\">CREATIUS INNOVADORS<\/h3>\n\t\t\t\t\t\t\t\t\t\t\t<\/div>\n\t\t\t\t\t<p>Crea, Reflexiona i Innova\n<br><br>\nUn laboratori expositiu on podr\u00e0s, a trav\u00e9s dels sentits, explorar el futur dels aliments.\n\n Qu\u00e8 cuinarem? Qu\u00e8 \nmenjarem? Ser\u00e0 sostenible la gastronomia del futur? Et menjaries un filet fet amb impressi\u00f3 3D? Tindries una granja d'insectes?\n<\/p>\n\t\t\t\t<\/div>\n\t\t\t<\/div>\n\t\t\t\t\t\t<\/div>\n\t\t\t\t<\/div>\n\t\t\t\t\t<\/div>\n\t\t<\/div>\n\t\t\t\t\t<\/div>\n\t\t<\/section>\n\t\t\t\t<section class=\"elementor-section elementor-top-section elementor-element elementor-element-17b3228 elementor-section-boxed elementor-section-height-default elementor-section-height-default\" data-id=\"17b3228\" data-element_type=\"section\" data-settings=\"{&quot;background_background&quot;:&quot;classic&quot;}\">\n\t\t\t\t\t\t<div class=\"elementor-container elementor-column-gap-default\">\n\t\t\t\t\t<div class=\"elementor-column elementor-col-100 elementor-top-column elementor-element elementor-element-d68e3ef\" data-id=\"d68e3ef\" data-element_type=\"column\">\n\t\t\t<div class=\"elementor-widget-wrap elementor-element-populated\">\n\t\t\t\t\t\t<div class=\"elementor-element elementor-element-d9419eb elementor-widget elementor-widget-heading\" data-id=\"d9419eb\" data-element_type=\"widget\" data-widget_type=\"heading.default\">\n\t\t\t\t<div class=\"elementor-widget-container\">\n\t\t\t\t\t<h2 class=\"elementor-heading-title elementor-size-default\">or\u00edGenes \u00e9s un esdeveniment dissenyat per a:<\/h2>\t\t\t\t<\/div>\n\t\t\t\t<\/div>\n\t\t\t\t<section class=\"elementor-section elementor-inner-section elementor-element elementor-element-26f7efb elementor-section-boxed elementor-section-height-default elementor-section-height-default\" data-id=\"26f7efb\" data-element_type=\"section\">\n\t\t\t\t\t\t<div class=\"elementor-container elementor-column-gap-default\">\n\t\t\t\t\t<div class=\"elementor-column elementor-col-50 elementor-inner-column elementor-element elementor-element-06b70c6\" data-id=\"06b70c6\" data-element_type=\"column\">\n\t\t\t<div class=\"elementor-widget-wrap elementor-element-populated\">\n\t\t\t\t\t\t<div class=\"elementor-element elementor-element-4f3a0be elementor-widget elementor-widget-image\" data-id=\"4f3a0be\" data-element_type=\"widget\" data-widget_type=\"image.default\">\n\t\t\t\t<div class=\"elementor-widget-container\">\n\t\t\t\t\t\t\t\t\t\t\t\t\t\t\t<img decoding=\"async\" src=\"https:\/\/festivalorigenes.com\/wp-content\/uploads\/elementor\/thumbs\/horeca_origenes_festival_gastronomico-pnateswksu2hwr8il86k831mizm1n1kegx8u017kko.png\" title=\"horeca_origenes_festival_gastronomico\" alt=\"horeca_origenes_festival_gastronomico\" loading=\"lazy\" \/>\t\t\t\t\t\t\t\t\t\t\t\t\t\t\t<\/div>\n\t\t\t\t<\/div>\n\t\t\t\t<div class=\"elementor-element elementor-element-faa5e67 elementor-widget elementor-widget-heading\" data-id=\"faa5e67\" data-element_type=\"widget\" data-widget_type=\"heading.default\">\n\t\t\t\t<div class=\"elementor-widget-container\">\n\t\t\t\t\t<h3 class=\"elementor-heading-title elementor-size-default\">Professionals del sector HORECA<\/h3>\t\t\t\t<\/div>\n\t\t\t\t<\/div>\n\t\t\t\t<div class=\"elementor-element elementor-element-a5912b0 elementor-widget elementor-widget-text-editor\" data-id=\"a5912b0\" data-element_type=\"widget\" data-widget_type=\"text-editor.default\">\n\t\t\t\t<div class=\"elementor-widget-container\">\n\t\t\t\t\t\t\t\t\t<div class=\"default-style\">Tens un restaurant, hotel, c\u00e0tering&#8230; i vols descobrir nous productes d&#8217;excel\u00b7lents artesans, tend\u00e8ncies innovadores i sostenibles i crear connexions de qualitat amb professionals rellevants de la ind\u00fastria.<\/div>\n\t\t\t\t\t\t\t\t<\/div>\n\t\t\t\t<\/div>\n\t\t\t\t\t<\/div>\n\t\t<\/div>\n\t\t\t\t<div class=\"elementor-column elementor-col-50 elementor-inner-column elementor-element elementor-element-1697366\" data-id=\"1697366\" data-element_type=\"column\">\n\t\t\t<div class=\"elementor-widget-wrap elementor-element-populated\">\n\t\t\t\t\t\t<div class=\"elementor-element elementor-element-df5e37d elementor-widget elementor-widget-image\" data-id=\"df5e37d\" data-element_type=\"widget\" data-widget_type=\"image.default\">\n\t\t\t\t<div class=\"elementor-widget-container\">\n\t\t\t\t\t\t\t\t\t\t\t\t\t\t\t<img decoding=\"async\" src=\"https:\/\/festivalorigenes.com\/wp-content\/uploads\/elementor\/thumbs\/amantes_cocina_origenes_festival_gastronomico-pnater0wf5zx9jb8w7db33ipc7vb7ncxsnxv1hacx4.png\" title=\"amantes_cocina_origenes_festival_gastronomico\" alt=\"amantes_cocina_origenes_festival_gastronomico\" loading=\"lazy\" \/>\t\t\t\t\t\t\t\t\t\t\t\t\t\t\t<\/div>\n\t\t\t\t<\/div>\n\t\t\t\t<div class=\"elementor-element elementor-element-767ca0b elementor-widget elementor-widget-heading\" data-id=\"767ca0b\" data-element_type=\"widget\" data-widget_type=\"heading.default\">\n\t\t\t\t<div class=\"elementor-widget-container\">\n\t\t\t\t\t<h3 class=\"elementor-heading-title elementor-size-default\">Amants de la Gastronomia<\/h3>\t\t\t\t<\/div>\n\t\t\t\t<\/div>\n\t\t\t\t<div class=\"elementor-element elementor-element-4633cc7 elementor-widget elementor-widget-text-editor\" data-id=\"4633cc7\" data-element_type=\"widget\" data-widget_type=\"text-editor.default\">\n\t\t\t\t<div class=\"elementor-widget-container\">\n\t\t\t\t\t\t\t\t\t<p>Tens ganes de viure una experi\u00e8ncia exclusiva enmig de la natura, t&#8217;apassiona la gastronomia aut\u00e8ntica cuinada en viu, vols descobrir la hist\u00f2ria real que hi ha darrere dels millors productes artesans i vols generar un impacte positiu a la societat i al planeta.<\/p>\n\t\t\t\t\t\t\t\t<\/div>\n\t\t\t\t<\/div>\n\t\t\t\t\t<\/div>\n\t\t<\/div>\n\t\t\t\t\t<\/div>\n\t\t<\/section>\n\t\t\t\t\t<\/div>\n\t\t<\/div>\n\t\t\t\t\t<\/div>\n\t\t<\/section>\n\t\t\t\t<section class=\"elementor-section elementor-top-section elementor-element elementor-element-80a905f elementor-section-boxed elementor-section-height-default elementor-section-height-default\" data-id=\"80a905f\" data-element_type=\"section\">\n\t\t\t\t\t\t<div class=\"elementor-container elementor-column-gap-default\">\n\t\t\t\t\t<div class=\"elementor-column elementor-col-100 elementor-top-column elementor-element elementor-element-773b518\" data-id=\"773b518\" data-element_type=\"column\">\n\t\t\t<div class=\"elementor-widget-wrap elementor-element-populated\">\n\t\t\t\t\t\t<div class=\"elementor-element elementor-element-e7fe482 elementor-widget elementor-widget-heading\" data-id=\"e7fe482\" data-element_type=\"widget\" data-widget_type=\"heading.default\">\n\t\t\t\t<div class=\"elementor-widget-container\">\n\t\t\t\t\t<h2 class=\"elementor-heading-title elementor-size-default\">DESCOBREIX OR\u00cdGENES<\/h2>\t\t\t\t<\/div>\n\t\t\t\t<\/div>\n\t\t\t\t\t<\/div>\n\t\t<\/div>\n\t\t\t\t\t<\/div>\n\t\t<\/section>\n\t\t\t\t<section class=\"elementor-section elementor-top-section elementor-element elementor-element-2daea4f elementor-section-boxed elementor-section-height-default elementor-section-height-default\" data-id=\"2daea4f\" data-element_type=\"section\">\n\t\t\t\t\t\t<div class=\"elementor-container elementor-column-gap-default\">\n\t\t\t\t\t<div class=\"elementor-column elementor-col-25 elementor-top-column elementor-element elementor-element-cc4e0ae\" data-id=\"cc4e0ae\" data-element_type=\"column\">\n\t\t\t<div class=\"elementor-widget-wrap elementor-element-populated\">\n\t\t\t\t\t\t<div class=\"elementor-element elementor-element-25a3278 elementor-widget elementor-widget-heading\" data-id=\"25a3278\" data-element_type=\"widget\" data-widget_type=\"heading.default\">\n\t\t\t\t<div class=\"elementor-widget-container\">\n\t\t\t\t\t<h2 class=\"elementor-heading-title elementor-size-default\">or\u00edGenes 2024<\/h2>\t\t\t\t<\/div>\n\t\t\t\t<\/div>\n\t\t\t\t<div class=\"elementor-element elementor-element-0ce3c5c elementor-widget elementor-widget-video\" data-id=\"0ce3c5c\" data-element_type=\"widget\" data-settings=\"{&quot;youtube_url&quot;:&quot;https:\\\/\\\/www.youtube.com\\\/watch?v=fRV_onLJY0Y&quot;,&quot;show_image_overlay&quot;:&quot;yes&quot;,&quot;image_overlay&quot;:{&quot;url&quot;:&quot;https:\\\/\\\/festivalorigenes.com\\\/wp-content\\\/uploads\\\/2024\\\/10\\\/encuentros_metafuturo_madrid.png&quot;,&quot;id&quot;:10432,&quot;size&quot;:&quot;&quot;,&quot;alt&quot;:&quot;&quot;,&quot;source&quot;:&quot;library&quot;},&quot;lazy_load&quot;:&quot;yes&quot;,&quot;lightbox&quot;:&quot;yes&quot;,&quot;_animation&quot;:&quot;none&quot;,&quot;autoplay&quot;:&quot;yes&quot;,&quot;video_type&quot;:&quot;youtube&quot;,&quot;controls&quot;:&quot;yes&quot;}\" data-widget_type=\"video.default\">\n\t\t\t\t<div class=\"elementor-widget-container\">\n\t\t\t\t\t\t\t<div class=\"elementor-wrapper elementor-open-lightbox\">\n\t\t\t\t\t\t\t<div class=\"elementor-custom-embed-image-overlay\" data-elementor-open-lightbox=\"yes\" data-elementor-lightbox=\"{&quot;type&quot;:&quot;video&quot;,&quot;videoType&quot;:&quot;youtube&quot;,&quot;url&quot;:&quot;https:\\\/\\\/www.youtube.com\\\/embed\\\/fRV_onLJY0Y?feature=oembed&amp;start&amp;end&amp;wmode=opaque&amp;loop=0&amp;controls=1&amp;mute=0&amp;rel=0&amp;cc_load_policy=0&quot;,&quot;autoplay&quot;:&quot;yes&quot;,&quot;modalOptions&quot;:{&quot;id&quot;:&quot;elementor-lightbox-0ce3c5c&quot;,&quot;entranceAnimation&quot;:&quot;&quot;,&quot;entranceAnimation_tablet&quot;:&quot;&quot;,&quot;entranceAnimation_mobile&quot;:&quot;&quot;,&quot;videoAspectRatio&quot;:&quot;219&quot;}}\" data-e-action-hash=\"#elementor-action%3Aaction%3Dlightbox%26settings%3DeyJ0eXBlIjoidmlkZW8iLCJ2aWRlb1R5cGUiOiJ5b3V0dWJlIiwidXJsIjoiaHR0cHM6XC9cL3d3dy55b3V0dWJlLmNvbVwvZW1iZWRcL2ZSVl9vbkxKWTBZP2ZlYXR1cmU9b2VtYmVkJnN0YXJ0JmVuZCZ3bW9kZT1vcGFxdWUmbG9vcD0wJmNvbnRyb2xzPTEmbXV0ZT0wJnJlbD0wJmNjX2xvYWRfcG9saWN5PTAiLCJhdXRvcGxheSI6InllcyIsIm1vZGFsT3B0aW9ucyI6eyJpZCI6ImVsZW1lbnRvci1saWdodGJveC0wY2UzYzVjIiwiZW50cmFuY2VBbmltYXRpb24iOiIiLCJlbnRyYW5jZUFuaW1hdGlvbl90YWJsZXQiOiIiLCJlbnRyYW5jZUFuaW1hdGlvbl9tb2JpbGUiOiIiLCJ2aWRlb0FzcGVjdFJhdGlvIjoiMjE5In19\">\n\t\t\t\t\t\t\t\t\t\t\t<img loading=\"lazy\" decoding=\"async\" width=\"1075\" height=\"689\" src=\"https:\/\/festivalorigenes.com\/wp-content\/uploads\/2024\/10\/encuentros_metafuturo_madrid.png\" class=\"attachment-full size-full wp-image-10432\" alt=\"\" srcset=\"https:\/\/festivalorigenes.com\/wp-content\/uploads\/2024\/10\/encuentros_metafuturo_madrid.png 1075w, https:\/\/festivalorigenes.com\/wp-content\/uploads\/2024\/10\/encuentros_metafuturo_madrid-300x192.png 300w, https:\/\/festivalorigenes.com\/wp-content\/uploads\/2024\/10\/encuentros_metafuturo_madrid-1024x656.png 1024w, https:\/\/festivalorigenes.com\/wp-content\/uploads\/2024\/10\/encuentros_metafuturo_madrid-768x492.png 768w\" sizes=\"(max-width: 1075px) 100vw, 1075px\" \/>\t\t\t\t\t\t\t\t\t\t\t\t\t\t\t\t<div class=\"elementor-custom-embed-play\" role=\"button\" aria-label=\"Reprodueix v\u00eddeo\" tabindex=\"0\">\n\t\t\t\t\t\t\t<i aria-hidden=\"true\" class=\"eicon-play\"><\/i>\t\t\t\t\t\t<\/div>\n\t\t\t\t\t\t\t\t\t<\/div>\n\t\t\t\t\t<\/div>\n\t\t\t\t\t\t<\/div>\n\t\t\t\t<\/div>\n\t\t\t\t<div class=\"elementor-element elementor-element-bf46d32 elementor-align-center elementor-widget elementor-widget-button\" data-id=\"bf46d32\" data-element_type=\"widget\" data-widget_type=\"button.default\">\n\t\t\t\t<div class=\"elementor-widget-container\">\n\t\t\t\t\t\t\t\t\t<div class=\"elementor-button-wrapper\">\n\t\t\t\t\t<a class=\"elementor-button elementor-button-link elementor-size-lg\" href=\"https:\/\/festivalorigenes.com\/ca\/edicio-2024\/\">\n\t\t\t\t\t\t<span class=\"elementor-button-content-wrapper\">\n\t\t\t\t\t\t\t\t\t<span class=\"elementor-button-text\">Explora l'edici\u00f3 2024<\/span>\n\t\t\t\t\t<\/span>\n\t\t\t\t\t<\/a>\n\t\t\t\t<\/div>\n\t\t\t\t\t\t\t\t<\/div>\n\t\t\t\t<\/div>\n\t\t\t\t\t<\/div>\n\t\t<\/div>\n\t\t\t\t<div class=\"elementor-column elementor-col-25 elementor-top-column elementor-element elementor-element-7f69df7\" data-id=\"7f69df7\" data-element_type=\"column\">\n\t\t\t<div class=\"elementor-widget-wrap elementor-element-populated\">\n\t\t\t\t\t\t<div class=\"elementor-element elementor-element-b9a3195 elementor-widget elementor-widget-heading\" data-id=\"b9a3195\" data-element_type=\"widget\" data-widget_type=\"heading.default\">\n\t\t\t\t<div class=\"elementor-widget-container\">\n\t\t\t\t\t<h2 class=\"elementor-heading-title elementor-size-default\">or\u00edGenes 2023<\/h2>\t\t\t\t<\/div>\n\t\t\t\t<\/div>\n\t\t\t\t<div class=\"elementor-element elementor-element-72a6ab6 elementor-widget elementor-widget-video\" data-id=\"72a6ab6\" data-element_type=\"widget\" data-settings=\"{&quot;youtube_url&quot;:&quot;https:\\\/\\\/www.youtube.com\\\/watch?v=EjC5O1S3B-A&quot;,&quot;show_image_overlay&quot;:&quot;yes&quot;,&quot;image_overlay&quot;:{&quot;url&quot;:&quot;https:\\\/\\\/festivalorigenes.com\\\/wp-content\\\/uploads\\\/2024\\\/08\\\/Jardin-de-la-Fundacion-scaled-1.jpg&quot;,&quot;id&quot;:10421,&quot;size&quot;:&quot;&quot;},&quot;lazy_load&quot;:&quot;yes&quot;,&quot;lightbox&quot;:&quot;yes&quot;,&quot;_animation&quot;:&quot;none&quot;,&quot;autoplay&quot;:&quot;yes&quot;,&quot;video_type&quot;:&quot;youtube&quot;,&quot;controls&quot;:&quot;yes&quot;}\" data-widget_type=\"video.default\">\n\t\t\t\t<div class=\"elementor-widget-container\">\n\t\t\t\t\t\t\t<div class=\"elementor-wrapper elementor-open-lightbox\">\n\t\t\t\t\t\t\t<div class=\"elementor-custom-embed-image-overlay\" data-elementor-open-lightbox=\"yes\" data-elementor-lightbox=\"{&quot;type&quot;:&quot;video&quot;,&quot;videoType&quot;:&quot;youtube&quot;,&quot;url&quot;:&quot;https:\\\/\\\/www.youtube.com\\\/embed\\\/EjC5O1S3B-A?feature=oembed&amp;start&amp;end&amp;wmode=opaque&amp;loop=0&amp;controls=1&amp;mute=0&amp;rel=0&amp;cc_load_policy=0&quot;,&quot;autoplay&quot;:&quot;yes&quot;,&quot;modalOptions&quot;:{&quot;id&quot;:&quot;elementor-lightbox-72a6ab6&quot;,&quot;entranceAnimation&quot;:&quot;&quot;,&quot;entranceAnimation_tablet&quot;:&quot;&quot;,&quot;entranceAnimation_mobile&quot;:&quot;&quot;,&quot;videoAspectRatio&quot;:&quot;219&quot;}}\" data-e-action-hash=\"#elementor-action%3Aaction%3Dlightbox%26settings%3DeyJ0eXBlIjoidmlkZW8iLCJ2aWRlb1R5cGUiOiJ5b3V0dWJlIiwidXJsIjoiaHR0cHM6XC9cL3d3dy55b3V0dWJlLmNvbVwvZW1iZWRcL0VqQzVPMVMzQi1BP2ZlYXR1cmU9b2VtYmVkJnN0YXJ0JmVuZCZ3bW9kZT1vcGFxdWUmbG9vcD0wJmNvbnRyb2xzPTEmbXV0ZT0wJnJlbD0wJmNjX2xvYWRfcG9saWN5PTAiLCJhdXRvcGxheSI6InllcyIsIm1vZGFsT3B0aW9ucyI6eyJpZCI6ImVsZW1lbnRvci1saWdodGJveC03MmE2YWI2IiwiZW50cmFuY2VBbmltYXRpb24iOiIiLCJlbnRyYW5jZUFuaW1hdGlvbl90YWJsZXQiOiIiLCJlbnRyYW5jZUFuaW1hdGlvbl9tb2JpbGUiOiIiLCJ2aWRlb0FzcGVjdFJhdGlvIjoiMjE5In19\">\n\t\t\t\t\t\t\t\t\t\t\t<img loading=\"lazy\" decoding=\"async\" width=\"2560\" height=\"1922\" src=\"https:\/\/festivalorigenes.com\/wp-content\/uploads\/2024\/08\/Jardin-de-la-Fundacion-scaled-1.jpg\" class=\"attachment-full size-full wp-image-10421\" alt=\"\" srcset=\"https:\/\/festivalorigenes.com\/wp-content\/uploads\/2024\/08\/Jardin-de-la-Fundacion-scaled-1.jpg 2560w, https:\/\/festivalorigenes.com\/wp-content\/uploads\/2024\/08\/Jardin-de-la-Fundacion-scaled-1-300x225.jpg 300w, https:\/\/festivalorigenes.com\/wp-content\/uploads\/2024\/08\/Jardin-de-la-Fundacion-scaled-1-1024x769.jpg 1024w, https:\/\/festivalorigenes.com\/wp-content\/uploads\/2024\/08\/Jardin-de-la-Fundacion-scaled-1-768x577.jpg 768w, https:\/\/festivalorigenes.com\/wp-content\/uploads\/2024\/08\/Jardin-de-la-Fundacion-scaled-1-1536x1153.jpg 1536w, https:\/\/festivalorigenes.com\/wp-content\/uploads\/2024\/08\/Jardin-de-la-Fundacion-scaled-1-2048x1538.jpg 2048w\" sizes=\"(max-width: 2560px) 100vw, 2560px\" \/>\t\t\t\t\t\t\t\t\t\t\t\t\t\t\t\t<div class=\"elementor-custom-embed-play\" role=\"button\" aria-label=\"Reprodueix v\u00eddeo\" tabindex=\"0\">\n\t\t\t\t\t\t\t<i aria-hidden=\"true\" class=\"eicon-play\"><\/i>\t\t\t\t\t\t<\/div>\n\t\t\t\t\t\t\t\t\t<\/div>\n\t\t\t\t\t<\/div>\n\t\t\t\t\t\t<\/div>\n\t\t\t\t<\/div>\n\t\t\t\t<div class=\"elementor-element elementor-element-2bf0d1c elementor-align-center elementor-widget elementor-widget-button\" data-id=\"2bf0d1c\" data-element_type=\"widget\" data-widget_type=\"button.default\">\n\t\t\t\t<div class=\"elementor-widget-container\">\n\t\t\t\t\t\t\t\t\t<div class=\"elementor-button-wrapper\">\n\t\t\t\t\t<a class=\"elementor-button elementor-button-link elementor-size-lg\" href=\"https:\/\/festivalorigenes.com\/ca\/edicio-2023\/\">\n\t\t\t\t\t\t<span class=\"elementor-button-content-wrapper\">\n\t\t\t\t\t\t\t\t\t<span class=\"elementor-button-text\">Explora l'edici\u00f3 2023<\/span>\n\t\t\t\t\t<\/span>\n\t\t\t\t\t<\/a>\n\t\t\t\t<\/div>\n\t\t\t\t\t\t\t\t<\/div>\n\t\t\t\t<\/div>\n\t\t\t\t\t<\/div>\n\t\t<\/div>\n\t\t\t\t<div class=\"elementor-column elementor-col-25 elementor-top-column elementor-element elementor-element-ac952a3\" data-id=\"ac952a3\" data-element_type=\"column\">\n\t\t\t<div class=\"elementor-widget-wrap elementor-element-populated\">\n\t\t\t\t\t\t<div class=\"elementor-element elementor-element-ba30215 elementor-widget elementor-widget-heading\" data-id=\"ba30215\" data-element_type=\"widget\" data-widget_type=\"heading.default\">\n\t\t\t\t<div class=\"elementor-widget-container\">\n\t\t\t\t\t<h2 class=\"elementor-heading-title elementor-size-default\">or\u00edGenes 2022<\/h2>\t\t\t\t<\/div>\n\t\t\t\t<\/div>\n\t\t\t\t<div class=\"elementor-element elementor-element-6d1934f elementor-widget elementor-widget-video\" data-id=\"6d1934f\" data-element_type=\"widget\" data-settings=\"{&quot;youtube_url&quot;:&quot;https:\\\/\\\/www.youtube.com\\\/watch?v=ThbwQEgpv-s&quot;,&quot;show_image_overlay&quot;:&quot;yes&quot;,&quot;image_overlay&quot;:{&quot;url&quot;:&quot;https:\\\/\\\/festivalorigenes.com\\\/wp-content\\\/uploads\\\/2024\\\/08\\\/documental_origenes_2022.jpg&quot;,&quot;id&quot;:10423,&quot;size&quot;:&quot;&quot;},&quot;lazy_load&quot;:&quot;yes&quot;,&quot;lightbox&quot;:&quot;yes&quot;,&quot;_animation&quot;:&quot;none&quot;,&quot;autoplay&quot;:&quot;yes&quot;,&quot;video_type&quot;:&quot;youtube&quot;,&quot;controls&quot;:&quot;yes&quot;}\" data-widget_type=\"video.default\">\n\t\t\t\t<div class=\"elementor-widget-container\">\n\t\t\t\t\t\t\t<div class=\"elementor-wrapper elementor-open-lightbox\">\n\t\t\t\t\t\t\t<div class=\"elementor-custom-embed-image-overlay\" data-elementor-open-lightbox=\"yes\" data-elementor-lightbox=\"{&quot;type&quot;:&quot;video&quot;,&quot;videoType&quot;:&quot;youtube&quot;,&quot;url&quot;:&quot;https:\\\/\\\/www.youtube.com\\\/embed\\\/ThbwQEgpv-s?feature=oembed&amp;start&amp;end&amp;wmode=opaque&amp;loop=0&amp;controls=1&amp;mute=0&amp;rel=0&amp;cc_load_policy=0&quot;,&quot;autoplay&quot;:&quot;yes&quot;,&quot;modalOptions&quot;:{&quot;id&quot;:&quot;elementor-lightbox-6d1934f&quot;,&quot;entranceAnimation&quot;:&quot;&quot;,&quot;entranceAnimation_tablet&quot;:&quot;&quot;,&quot;entranceAnimation_mobile&quot;:&quot;&quot;,&quot;videoAspectRatio&quot;:&quot;219&quot;}}\" data-e-action-hash=\"#elementor-action%3Aaction%3Dlightbox%26settings%3DeyJ0eXBlIjoidmlkZW8iLCJ2aWRlb1R5cGUiOiJ5b3V0dWJlIiwidXJsIjoiaHR0cHM6XC9cL3d3dy55b3V0dWJlLmNvbVwvZW1iZWRcL1RoYndRRWdwdi1zP2ZlYXR1cmU9b2VtYmVkJnN0YXJ0JmVuZCZ3bW9kZT1vcGFxdWUmbG9vcD0wJmNvbnRyb2xzPTEmbXV0ZT0wJnJlbD0wJmNjX2xvYWRfcG9saWN5PTAiLCJhdXRvcGxheSI6InllcyIsIm1vZGFsT3B0aW9ucyI6eyJpZCI6ImVsZW1lbnRvci1saWdodGJveC02ZDE5MzRmIiwiZW50cmFuY2VBbmltYXRpb24iOiIiLCJlbnRyYW5jZUFuaW1hdGlvbl90YWJsZXQiOiIiLCJlbnRyYW5jZUFuaW1hdGlvbl9tb2JpbGUiOiIiLCJ2aWRlb0FzcGVjdFJhdGlvIjoiMjE5In19\">\n\t\t\t\t\t\t\t\t\t\t\t<img loading=\"lazy\" decoding=\"async\" width=\"1000\" height=\"500\" src=\"https:\/\/festivalorigenes.com\/wp-content\/uploads\/2024\/08\/documental_origenes_2022.jpg\" class=\"attachment-full size-full wp-image-10423\" alt=\"\" srcset=\"https:\/\/festivalorigenes.com\/wp-content\/uploads\/2024\/08\/documental_origenes_2022.jpg 1000w, https:\/\/festivalorigenes.com\/wp-content\/uploads\/2024\/08\/documental_origenes_2022-300x150.jpg 300w, https:\/\/festivalorigenes.com\/wp-content\/uploads\/2024\/08\/documental_origenes_2022-768x384.jpg 768w\" sizes=\"(max-width: 1000px) 100vw, 1000px\" \/>\t\t\t\t\t\t\t\t\t\t\t\t\t\t\t\t<div class=\"elementor-custom-embed-play\" role=\"button\" aria-label=\"Reprodueix v\u00eddeo\" tabindex=\"0\">\n\t\t\t\t\t\t\t<i aria-hidden=\"true\" class=\"eicon-play\"><\/i>\t\t\t\t\t\t<\/div>\n\t\t\t\t\t\t\t\t\t<\/div>\n\t\t\t\t\t<\/div>\n\t\t\t\t\t\t<\/div>\n\t\t\t\t<\/div>\n\t\t\t\t<div class=\"elementor-element elementor-element-57fd770 elementor-align-center elementor-widget elementor-widget-button\" data-id=\"57fd770\" data-element_type=\"widget\" data-widget_type=\"button.default\">\n\t\t\t\t<div class=\"elementor-widget-container\">\n\t\t\t\t\t\t\t\t\t<div class=\"elementor-button-wrapper\">\n\t\t\t\t\t<a class=\"elementor-button elementor-button-link elementor-size-lg\" href=\"https:\/\/festivalorigenes.com\/ca\/edicio-2022\/\">\n\t\t\t\t\t\t<span class=\"elementor-button-content-wrapper\">\n\t\t\t\t\t\t\t\t\t<span class=\"elementor-button-text\">Explora l'edici\u00f3 2022<\/span>\n\t\t\t\t\t<\/span>\n\t\t\t\t\t<\/a>\n\t\t\t\t<\/div>\n\t\t\t\t\t\t\t\t<\/div>\n\t\t\t\t<\/div>\n\t\t\t\t\t<\/div>\n\t\t<\/div>\n\t\t\t\t<div class=\"elementor-column elementor-col-25 elementor-top-column elementor-element elementor-element-c46de9f\" data-id=\"c46de9f\" data-element_type=\"column\">\n\t\t\t<div class=\"elementor-widget-wrap elementor-element-populated\">\n\t\t\t\t\t\t<div class=\"elementor-element elementor-element-14aa550 elementor-widget elementor-widget-heading\" data-id=\"14aa550\" data-element_type=\"widget\" data-widget_type=\"heading.default\">\n\t\t\t\t<div class=\"elementor-widget-container\">\n\t\t\t\t\t<h2 class=\"elementor-heading-title elementor-size-default\">or\u00edGenes 2021<\/h2>\t\t\t\t<\/div>\n\t\t\t\t<\/div>\n\t\t\t\t<div class=\"elementor-element elementor-element-cdf38e3 elementor-widget elementor-widget-video\" data-id=\"cdf38e3\" data-element_type=\"widget\" data-settings=\"{&quot;youtube_url&quot;:&quot;https:\\\/\\\/www.youtube.com\\\/watch?v=jPh6nvKJqJo&quot;,&quot;show_image_overlay&quot;:&quot;yes&quot;,&quot;image_overlay&quot;:{&quot;url&quot;:&quot;https:\\\/\\\/festivalorigenes.com\\\/wp-content\\\/uploads\\\/2024\\\/08\\\/festival_origenes_edicion_2021.jpg&quot;,&quot;id&quot;:10425,&quot;size&quot;:&quot;&quot;},&quot;lazy_load&quot;:&quot;yes&quot;,&quot;lightbox&quot;:&quot;yes&quot;,&quot;_animation&quot;:&quot;none&quot;,&quot;autoplay&quot;:&quot;yes&quot;,&quot;video_type&quot;:&quot;youtube&quot;,&quot;controls&quot;:&quot;yes&quot;}\" data-widget_type=\"video.default\">\n\t\t\t\t<div class=\"elementor-widget-container\">\n\t\t\t\t\t\t\t<div class=\"elementor-wrapper elementor-open-lightbox\">\n\t\t\t\t\t\t\t<div class=\"elementor-custom-embed-image-overlay\" data-elementor-open-lightbox=\"yes\" data-elementor-lightbox=\"{&quot;type&quot;:&quot;video&quot;,&quot;videoType&quot;:&quot;youtube&quot;,&quot;url&quot;:&quot;https:\\\/\\\/www.youtube.com\\\/embed\\\/jPh6nvKJqJo?feature=oembed&amp;start&amp;end&amp;wmode=opaque&amp;loop=0&amp;controls=1&amp;mute=0&amp;rel=0&amp;cc_load_policy=0&quot;,&quot;autoplay&quot;:&quot;yes&quot;,&quot;modalOptions&quot;:{&quot;id&quot;:&quot;elementor-lightbox-cdf38e3&quot;,&quot;entranceAnimation&quot;:&quot;&quot;,&quot;entranceAnimation_tablet&quot;:&quot;&quot;,&quot;entranceAnimation_mobile&quot;:&quot;&quot;,&quot;videoAspectRatio&quot;:&quot;219&quot;}}\" data-e-action-hash=\"#elementor-action%3Aaction%3Dlightbox%26settings%3DeyJ0eXBlIjoidmlkZW8iLCJ2aWRlb1R5cGUiOiJ5b3V0dWJlIiwidXJsIjoiaHR0cHM6XC9cL3d3dy55b3V0dWJlLmNvbVwvZW1iZWRcL2pQaDZudktKcUpvP2ZlYXR1cmU9b2VtYmVkJnN0YXJ0JmVuZCZ3bW9kZT1vcGFxdWUmbG9vcD0wJmNvbnRyb2xzPTEmbXV0ZT0wJnJlbD0wJmNjX2xvYWRfcG9saWN5PTAiLCJhdXRvcGxheSI6InllcyIsIm1vZGFsT3B0aW9ucyI6eyJpZCI6ImVsZW1lbnRvci1saWdodGJveC1jZGYzOGUzIiwiZW50cmFuY2VBbmltYXRpb24iOiIiLCJlbnRyYW5jZUFuaW1hdGlvbl90YWJsZXQiOiIiLCJlbnRyYW5jZUFuaW1hdGlvbl9tb2JpbGUiOiIiLCJ2aWRlb0FzcGVjdFJhdGlvIjoiMjE5In19\">\n\t\t\t\t\t\t\t\t\t\t\t<img loading=\"lazy\" decoding=\"async\" width=\"1000\" height=\"300\" src=\"https:\/\/festivalorigenes.com\/wp-content\/uploads\/2024\/08\/festival_origenes_edicion_2021.jpg\" class=\"attachment-full size-full wp-image-10425\" alt=\"\" srcset=\"https:\/\/festivalorigenes.com\/wp-content\/uploads\/2024\/08\/festival_origenes_edicion_2021.jpg 1000w, https:\/\/festivalorigenes.com\/wp-content\/uploads\/2024\/08\/festival_origenes_edicion_2021-300x90.jpg 300w, https:\/\/festivalorigenes.com\/wp-content\/uploads\/2024\/08\/festival_origenes_edicion_2021-768x230.jpg 768w\" sizes=\"(max-width: 1000px) 100vw, 1000px\" \/>\t\t\t\t\t\t\t\t\t\t\t\t\t\t\t\t<div class=\"elementor-custom-embed-play\" role=\"button\" aria-label=\"Reprodueix v\u00eddeo\" tabindex=\"0\">\n\t\t\t\t\t\t\t<i aria-hidden=\"true\" class=\"eicon-play\"><\/i>\t\t\t\t\t\t<\/div>\n\t\t\t\t\t\t\t\t\t<\/div>\n\t\t\t\t\t<\/div>\n\t\t\t\t\t\t<\/div>\n\t\t\t\t<\/div>\n\t\t\t\t<div class=\"elementor-element elementor-element-ca4af42 elementor-align-center elementor-widget elementor-widget-button\" data-id=\"ca4af42\" data-element_type=\"widget\" data-widget_type=\"button.default\">\n\t\t\t\t<div class=\"elementor-widget-container\">\n\t\t\t\t\t\t\t\t\t<div class=\"elementor-button-wrapper\">\n\t\t\t\t\t<a class=\"elementor-button elementor-button-link elementor-size-lg\" href=\"https:\/\/festivalorigenes.com\/ca\/edicio-2021\/\">\n\t\t\t\t\t\t<span class=\"elementor-button-content-wrapper\">\n\t\t\t\t\t\t\t\t\t<span class=\"elementor-button-text\">Explora l'edici\u00f3 2021<\/span>\n\t\t\t\t\t<\/span>\n\t\t\t\t\t<\/a>\n\t\t\t\t<\/div>\n\t\t\t\t\t\t\t\t<\/div>\n\t\t\t\t<\/div>\n\t\t\t\t\t<\/div>\n\t\t<\/div>\n\t\t\t\t\t<\/div>\n\t\t<\/section>\n\t\t\t\t<section class=\"elementor-section elementor-top-section elementor-element elementor-element-7073b968 elementor-section-height-min-height elementor-section-boxed elementor-section-height-default elementor-section-items-middle\" data-id=\"7073b968\" data-element_type=\"section\" data-settings=\"{&quot;background_background&quot;:&quot;classic&quot;}\">\n\t\t\t\t\t\t\t<div class=\"elementor-background-overlay\"><\/div>\n\t\t\t\t\t\t\t<div class=\"elementor-container elementor-column-gap-default\">\n\t\t\t\t\t<div class=\"elementor-column elementor-col-100 elementor-top-column elementor-element elementor-element-64331a56\" data-id=\"64331a56\" data-element_type=\"column\">\n\t\t\t<div class=\"elementor-widget-wrap elementor-element-populated\">\n\t\t\t\t\t\t<section class=\"elementor-section elementor-inner-section elementor-element elementor-element-20c2b32d elementor-section-content-middle elementor-section-full_width elementor-section-height-default elementor-section-height-default\" data-id=\"20c2b32d\" data-element_type=\"section\">\n\t\t\t\t\t\t<div class=\"elementor-container elementor-column-gap-default\">\n\t\t\t\t\t<div class=\"elementor-column elementor-col-100 elementor-inner-column elementor-element elementor-element-5ebbcc5b\" data-id=\"5ebbcc5b\" data-element_type=\"column\">\n\t\t\t<div class=\"elementor-widget-wrap elementor-element-populated\">\n\t\t\t\t\t\t<div class=\"elementor-element elementor-element-d8dbb42 elementor-widget elementor-widget-heading\" data-id=\"d8dbb42\" data-element_type=\"widget\" data-widget_type=\"heading.default\">\n\t\t\t\t<div class=\"elementor-widget-container\">\n\t\t\t\t\t<h2 class=\"elementor-heading-title elementor-size-default\">PARTNERS<\/h2>\t\t\t\t<\/div>\n\t\t\t\t<\/div>\n\t\t\t\t\t<\/div>\n\t\t<\/div>\n\t\t\t\t\t<\/div>\n\t\t<\/section>\n\t\t\t\t<section class=\"elementor-section elementor-inner-section elementor-element elementor-element-136f5f9b elementor-section-content-middle elementor-section-boxed elementor-section-height-default elementor-section-height-default\" data-id=\"136f5f9b\" data-element_type=\"section\">\n\t\t\t\t\t\t<div class=\"elementor-container elementor-column-gap-default\">\n\t\t\t\t\t<div class=\"elementor-column elementor-col-14 elementor-inner-column elementor-element elementor-element-7a843170\" data-id=\"7a843170\" data-element_type=\"column\">\n\t\t\t<div class=\"elementor-widget-wrap elementor-element-populated\">\n\t\t\t\t\t\t<div class=\"elementor-element elementor-element-1c368d2 elementor-widget elementor-widget-image\" data-id=\"1c368d2\" data-element_type=\"widget\" data-widget_type=\"image.default\">\n\t\t\t\t<div class=\"elementor-widget-container\">\n\t\t\t\t\t\t\t\t\t\t\t\t\t\t\t<img loading=\"lazy\" decoding=\"async\" width=\"370\" height=\"89\" src=\"https:\/\/festivalorigenes.com\/wp-content\/uploads\/2023\/07\/comuinidad-de-madrid.png\" class=\"attachment-large size-large wp-image-9733\" alt=\"\" srcset=\"https:\/\/festivalorigenes.com\/wp-content\/uploads\/2023\/07\/comuinidad-de-madrid.png 370w, https:\/\/festivalorigenes.com\/wp-content\/uploads\/2023\/07\/comuinidad-de-madrid-300x72.png 300w\" sizes=\"(max-width: 370px) 100vw, 370px\" \/>\t\t\t\t\t\t\t\t\t\t\t\t\t\t\t<\/div>\n\t\t\t\t<\/div>\n\t\t\t\t\t<\/div>\n\t\t<\/div>\n\t\t\t\t<div class=\"elementor-column elementor-col-14 elementor-inner-column elementor-element elementor-element-4da187e9\" data-id=\"4da187e9\" data-element_type=\"column\">\n\t\t\t<div class=\"elementor-widget-wrap elementor-element-populated\">\n\t\t\t\t\t\t<div class=\"elementor-element elementor-element-52f339b elementor-widget elementor-widget-image\" data-id=\"52f339b\" data-element_type=\"widget\" data-widget_type=\"image.default\">\n\t\t\t\t<div class=\"elementor-widget-container\">\n\t\t\t\t\t\t\t\t\t\t\t\t\t\t\t<img loading=\"lazy\" decoding=\"async\" width=\"450\" height=\"195\" src=\"https:\/\/festivalorigenes.com\/wp-content\/uploads\/2023\/05\/Sin-titulo-1.png\" class=\"attachment-large size-large wp-image-8677\" alt=\"\" srcset=\"https:\/\/festivalorigenes.com\/wp-content\/uploads\/2023\/05\/Sin-titulo-1.png 450w, https:\/\/festivalorigenes.com\/wp-content\/uploads\/2023\/05\/Sin-titulo-1-300x130.png 300w\" sizes=\"(max-width: 450px) 100vw, 450px\" \/>\t\t\t\t\t\t\t\t\t\t\t\t\t\t\t<\/div>\n\t\t\t\t<\/div>\n\t\t\t\t\t<\/div>\n\t\t<\/div>\n\t\t\t\t<div class=\"elementor-column elementor-col-14 elementor-inner-column elementor-element elementor-element-012c179\" data-id=\"012c179\" data-element_type=\"column\">\n\t\t\t<div class=\"elementor-widget-wrap elementor-element-populated\">\n\t\t\t\t\t\t<div class=\"elementor-element elementor-element-ea2ffbc elementor-widget elementor-widget-image\" data-id=\"ea2ffbc\" data-element_type=\"widget\" data-widget_type=\"image.default\">\n\t\t\t\t<div class=\"elementor-widget-container\">\n\t\t\t\t\t\t\t\t\t\t\t\t\t\t\t<img loading=\"lazy\" decoding=\"async\" width=\"1024\" height=\"346\" src=\"https:\/\/festivalorigenes.com\/wp-content\/uploads\/2023\/07\/ayuntamiento-madrid-1024x346.png\" class=\"attachment-large size-large wp-image-9739\" alt=\"\" srcset=\"https:\/\/festivalorigenes.com\/wp-content\/uploads\/2023\/07\/ayuntamiento-madrid-1024x346.png 1024w, https:\/\/festivalorigenes.com\/wp-content\/uploads\/2023\/07\/ayuntamiento-madrid-300x101.png 300w, https:\/\/festivalorigenes.com\/wp-content\/uploads\/2023\/07\/ayuntamiento-madrid-768x259.png 768w, https:\/\/festivalorigenes.com\/wp-content\/uploads\/2023\/07\/ayuntamiento-madrid-1536x518.png 1536w, https:\/\/festivalorigenes.com\/wp-content\/uploads\/2023\/07\/ayuntamiento-madrid.png 1831w\" sizes=\"(max-width: 1024px) 100vw, 1024px\" \/>\t\t\t\t\t\t\t\t\t\t\t\t\t\t\t<\/div>\n\t\t\t\t<\/div>\n\t\t\t\t\t<\/div>\n\t\t<\/div>\n\t\t\t\t<div class=\"elementor-column elementor-col-14 elementor-inner-column elementor-element elementor-element-05c8014\" data-id=\"05c8014\" data-element_type=\"column\">\n\t\t\t<div class=\"elementor-widget-wrap elementor-element-populated\">\n\t\t\t\t\t\t<div class=\"elementor-element elementor-element-10ed1c8 elementor-widget elementor-widget-image\" data-id=\"10ed1c8\" data-element_type=\"widget\" data-widget_type=\"image.default\">\n\t\t\t\t<div class=\"elementor-widget-container\">\n\t\t\t\t\t\t\t\t\t\t\t\t\t\t\t<img loading=\"lazy\" decoding=\"async\" width=\"1024\" height=\"1024\" src=\"https:\/\/festivalorigenes.com\/wp-content\/uploads\/2023\/05\/CPG-png.-horizontal-1024x1024.png\" class=\"attachment-large size-large wp-image-9317\" alt=\"\" srcset=\"https:\/\/festivalorigenes.com\/wp-content\/uploads\/2023\/05\/CPG-png.-horizontal-1024x1024.png 1024w, https:\/\/festivalorigenes.com\/wp-content\/uploads\/2023\/05\/CPG-png.-horizontal-300x300.png 300w, https:\/\/festivalorigenes.com\/wp-content\/uploads\/2023\/05\/CPG-png.-horizontal-150x150.png 150w, https:\/\/festivalorigenes.com\/wp-content\/uploads\/2023\/05\/CPG-png.-horizontal-768x768.png 768w, https:\/\/festivalorigenes.com\/wp-content\/uploads\/2023\/05\/CPG-png.-horizontal-1536x1536.png 1536w, https:\/\/festivalorigenes.com\/wp-content\/uploads\/2023\/05\/CPG-png.-horizontal-2048x2048.png 2048w\" sizes=\"(max-width: 1024px) 100vw, 1024px\" \/>\t\t\t\t\t\t\t\t\t\t\t\t\t\t\t<\/div>\n\t\t\t\t<\/div>\n\t\t\t\t\t<\/div>\n\t\t<\/div>\n\t\t\t\t<div class=\"elementor-column elementor-col-14 elementor-inner-column elementor-element elementor-element-e923633\" data-id=\"e923633\" data-element_type=\"column\">\n\t\t\t<div class=\"elementor-widget-wrap elementor-element-populated\">\n\t\t\t\t\t\t<div class=\"elementor-element elementor-element-8665732 elementor-widget elementor-widget-image\" data-id=\"8665732\" data-element_type=\"widget\" data-widget_type=\"image.default\">\n\t\t\t\t<div class=\"elementor-widget-container\">\n\t\t\t\t\t\t\t\t\t\t\t\t\t\t\t<img loading=\"lazy\" decoding=\"async\" width=\"1024\" height=\"555\" src=\"https:\/\/festivalorigenes.com\/wp-content\/uploads\/2023\/07\/Logo_Fundador-sherry-cask-Fine_Brandy_Color-1024x555.png\" class=\"attachment-large size-large wp-image-9742\" alt=\"\" srcset=\"https:\/\/festivalorigenes.com\/wp-content\/uploads\/2023\/07\/Logo_Fundador-sherry-cask-Fine_Brandy_Color-1024x555.png 1024w, https:\/\/festivalorigenes.com\/wp-content\/uploads\/2023\/07\/Logo_Fundador-sherry-cask-Fine_Brandy_Color-300x163.png 300w, https:\/\/festivalorigenes.com\/wp-content\/uploads\/2023\/07\/Logo_Fundador-sherry-cask-Fine_Brandy_Color-768x417.png 768w, https:\/\/festivalorigenes.com\/wp-content\/uploads\/2023\/07\/Logo_Fundador-sherry-cask-Fine_Brandy_Color-1536x833.png 1536w, https:\/\/festivalorigenes.com\/wp-content\/uploads\/2023\/07\/Logo_Fundador-sherry-cask-Fine_Brandy_Color-2048x1111.png 2048w\" sizes=\"(max-width: 1024px) 100vw, 1024px\" \/>\t\t\t\t\t\t\t\t\t\t\t\t\t\t\t<\/div>\n\t\t\t\t<\/div>\n\t\t\t\t\t<\/div>\n\t\t<\/div>\n\t\t\t\t<div class=\"elementor-column elementor-col-14 elementor-inner-column elementor-element elementor-element-a6b9c59\" data-id=\"a6b9c59\" data-element_type=\"column\">\n\t\t\t<div class=\"elementor-widget-wrap elementor-element-populated\">\n\t\t\t\t\t\t<div class=\"elementor-element elementor-element-092d08e elementor-widget elementor-widget-image\" data-id=\"092d08e\" data-element_type=\"widget\" data-widget_type=\"image.default\">\n\t\t\t\t<div class=\"elementor-widget-container\">\n\t\t\t\t\t\t\t\t\t\t\t\t\t\t\t<img loading=\"lazy\" decoding=\"async\" width=\"480\" height=\"210\" src=\"https:\/\/festivalorigenes.com\/wp-content\/uploads\/2023\/06\/logo_footer@2x@2x.png\" class=\"attachment-large size-large wp-image-9499\" alt=\"\" srcset=\"https:\/\/festivalorigenes.com\/wp-content\/uploads\/2023\/06\/logo_footer@2x@2x.png 480w, https:\/\/festivalorigenes.com\/wp-content\/uploads\/2023\/06\/logo_footer@2x@2x-300x131.png 300w\" sizes=\"(max-width: 480px) 100vw, 480px\" \/>\t\t\t\t\t\t\t\t\t\t\t\t\t\t\t<\/div>\n\t\t\t\t<\/div>\n\t\t\t\t\t<\/div>\n\t\t<\/div>\n\t\t\t\t<div class=\"elementor-column elementor-col-14 elementor-inner-column elementor-element elementor-element-28e5862\" data-id=\"28e5862\" data-element_type=\"column\">\n\t\t\t<div class=\"elementor-widget-wrap elementor-element-populated\">\n\t\t\t\t\t\t<div class=\"elementor-element elementor-element-be70049 elementor-widget elementor-widget-image\" data-id=\"be70049\" data-element_type=\"widget\" data-widget_type=\"image.default\">\n\t\t\t\t<div class=\"elementor-widget-container\">\n\t\t\t\t\t\t\t\t\t\t\t\t\t\t\t<img loading=\"lazy\" decoding=\"async\" width=\"1024\" height=\"874\" src=\"https:\/\/festivalorigenes.com\/wp-content\/uploads\/2023\/06\/255-2557069_aberlour-from-its-magical-location-alongside-the-river-1024x874.png\" class=\"attachment-large size-large wp-image-9496\" alt=\"\" srcset=\"https:\/\/festivalorigenes.com\/wp-content\/uploads\/2023\/06\/255-2557069_aberlour-from-its-magical-location-alongside-the-river-1024x874.png 1024w, https:\/\/festivalorigenes.com\/wp-content\/uploads\/2023\/06\/255-2557069_aberlour-from-its-magical-location-alongside-the-river-300x256.png 300w, https:\/\/festivalorigenes.com\/wp-content\/uploads\/2023\/06\/255-2557069_aberlour-from-its-magical-location-alongside-the-river-768x656.png 768w, https:\/\/festivalorigenes.com\/wp-content\/uploads\/2023\/06\/255-2557069_aberlour-from-its-magical-location-alongside-the-river.png 1073w\" sizes=\"(max-width: 1024px) 100vw, 1024px\" \/>\t\t\t\t\t\t\t\t\t\t\t\t\t\t\t<\/div>\n\t\t\t\t<\/div>\n\t\t\t\t\t<\/div>\n\t\t<\/div>\n\t\t\t\t\t<\/div>\n\t\t<\/section>\n\t\t\t\t<section class=\"elementor-section elementor-inner-section elementor-element elementor-element-7b9e943 elementor-section-content-middle elementor-section-boxed elementor-section-height-default elementor-section-height-default\" data-id=\"7b9e943\" data-element_type=\"section\">\n\t\t\t\t\t\t<div class=\"elementor-container elementor-column-gap-default\">\n\t\t\t\t\t<div class=\"elementor-column elementor-col-14 elementor-inner-column elementor-element elementor-element-f6a0fa6\" data-id=\"f6a0fa6\" data-element_type=\"column\">\n\t\t\t<div class=\"elementor-widget-wrap elementor-element-populated\">\n\t\t\t\t\t\t<div class=\"elementor-element elementor-element-1c1fc54b elementor-widget elementor-widget-image\" data-id=\"1c1fc54b\" data-element_type=\"widget\" data-widget_type=\"image.default\">\n\t\t\t\t<div class=\"elementor-widget-container\">\n\t\t\t\t\t\t\t\t\t\t\t\t\t\t\t\t<a href=\"https:\/\/www.vilaviniteca.es\/\" target=\"_blank\" rel=\"nofollow\">\n\t\t\t\t\t\t\t<img loading=\"lazy\" decoding=\"async\" width=\"200\" height=\"81\" src=\"https:\/\/festivalorigenes.com\/wp-content\/uploads\/2020\/10\/vila_viniteca_logo.png\" class=\"attachment-full size-full wp-image-3464\" alt=\"Vila Viniteca - Partners - or\u00edGenes Festival Gastron\u00f3mico\" \/>\t\t\t\t\t\t\t\t<\/a>\n\t\t\t\t\t\t\t\t\t\t\t\t\t\t\t<\/div>\n\t\t\t\t<\/div>\n\t\t\t\t\t<\/div>\n\t\t<\/div>\n\t\t\t\t<div class=\"elementor-column elementor-col-14 elementor-inner-column elementor-element elementor-element-2f9711d\" data-id=\"2f9711d\" data-element_type=\"column\">\n\t\t\t<div class=\"elementor-widget-wrap elementor-element-populated\">\n\t\t\t\t\t\t<div class=\"elementor-element elementor-element-99fc6d6 elementor-widget elementor-widget-image\" data-id=\"99fc6d6\" data-element_type=\"widget\" data-widget_type=\"image.default\">\n\t\t\t\t<div class=\"elementor-widget-container\">\n\t\t\t\t\t\t\t\t\t\t\t\t\t\t\t\t<a href=\"https:\/\/vermupetroni.com\/\" target=\"_blank\" rel=\"nofollow\">\n\t\t\t\t\t\t\t<img loading=\"lazy\" decoding=\"async\" width=\"200\" height=\"160\" src=\"https:\/\/festivalorigenes.com\/wp-content\/uploads\/2022\/04\/vermu_petroni_partners.png\" class=\"attachment-full size-full wp-image-7353\" alt=\"Petroni - Partners - or\u00edGenes Festival Gastron\u00f3mico\" \/>\t\t\t\t\t\t\t\t<\/a>\n\t\t\t\t\t\t\t\t\t\t\t\t\t\t\t<\/div>\n\t\t\t\t<\/div>\n\t\t\t\t\t<\/div>\n\t\t<\/div>\n\t\t\t\t<div class=\"elementor-column elementor-col-14 elementor-inner-column elementor-element elementor-element-c03282b\" data-id=\"c03282b\" data-element_type=\"column\">\n\t\t\t<div class=\"elementor-widget-wrap elementor-element-populated\">\n\t\t\t\t\t\t<div class=\"elementor-element elementor-element-0db3d52 elementor-widget elementor-widget-image\" data-id=\"0db3d52\" data-element_type=\"widget\" data-widget_type=\"image.default\">\n\t\t\t\t<div class=\"elementor-widget-container\">\n\t\t\t\t\t\t\t\t\t\t\t\t\t\t\t\t<a href=\"https:\/\/www.cervezasalhambra.com\/es\" target=\"_blank\" rel=\"nofollow\">\n\t\t\t\t\t\t\t<img loading=\"lazy\" decoding=\"async\" width=\"200\" height=\"81\" src=\"https:\/\/festivalorigenes.com\/wp-content\/uploads\/2021\/05\/cervezas_alhamgra_logo.png\" class=\"attachment-full size-full wp-image-5164\" alt=\"Cervezas Alhambra - Partners - or\u00edGenes Festival Gastron\u00f3mico\" \/>\t\t\t\t\t\t\t\t<\/a>\n\t\t\t\t\t\t\t\t\t\t\t\t\t\t\t<\/div>\n\t\t\t\t<\/div>\n\t\t\t\t\t<\/div>\n\t\t<\/div>\n\t\t\t\t<div class=\"elementor-column elementor-col-14 elementor-inner-column elementor-element elementor-element-1910a4f\" data-id=\"1910a4f\" data-element_type=\"column\">\n\t\t\t<div class=\"elementor-widget-wrap elementor-element-populated\">\n\t\t\t\t\t\t<div class=\"elementor-element elementor-element-b478365 elementor-widget elementor-widget-image\" data-id=\"b478365\" data-element_type=\"widget\" data-widget_type=\"image.default\">\n\t\t\t\t<div class=\"elementor-widget-container\">\n\t\t\t\t\t\t\t\t\t\t\t\t\t\t\t\t<a href=\"https:\/\/creast.network\/landing\/\" target=\"_blank\" rel=\"nofollow\">\n\t\t\t\t\t\t\t<img loading=\"lazy\" decoding=\"async\" width=\"200\" height=\"160\" src=\"https:\/\/festivalorigenes.com\/wp-content\/uploads\/2022\/05\/creast_logo.png\" class=\"attachment-full size-full wp-image-7541\" alt=\"Creast - Partners - or\u00edGenes Festival Gastron\u00f3mico\" \/>\t\t\t\t\t\t\t\t<\/a>\n\t\t\t\t\t\t\t\t\t\t\t\t\t\t\t<\/div>\n\t\t\t\t<\/div>\n\t\t\t\t\t<\/div>\n\t\t<\/div>\n\t\t\t\t<div class=\"elementor-column elementor-col-14 elementor-inner-column elementor-element elementor-element-873ec6d\" data-id=\"873ec6d\" data-element_type=\"column\">\n\t\t\t<div class=\"elementor-widget-wrap elementor-element-populated\">\n\t\t\t\t\t\t<div class=\"elementor-element elementor-element-889780e elementor-widget elementor-widget-image\" data-id=\"889780e\" data-element_type=\"widget\" data-widget_type=\"image.default\">\n\t\t\t\t<div class=\"elementor-widget-container\">\n\t\t\t\t\t\t\t\t\t\t\t\t\t\t\t\t<a href=\"https:\/\/www.grupogodo.com\/\" target=\"_blank\" rel=\"nofollow\">\n\t\t\t\t\t\t\t<img loading=\"lazy\" decoding=\"async\" width=\"200\" height=\"81\" src=\"https:\/\/festivalorigenes.com\/wp-content\/uploads\/2020\/10\/grupogodo_logo.png\" class=\"attachment-full size-full wp-image-3463\" alt=\"GrupoGodo - Partners - or\u00edGenes Festival Gastron\u00f3mico\" \/>\t\t\t\t\t\t\t\t<\/a>\n\t\t\t\t\t\t\t\t\t\t\t\t\t\t\t<\/div>\n\t\t\t\t<\/div>\n\t\t\t\t\t<\/div>\n\t\t<\/div>\n\t\t\t\t<div class=\"elementor-column elementor-col-14 elementor-inner-column elementor-element elementor-element-8a8f651\" data-id=\"8a8f651\" data-element_type=\"column\">\n\t\t\t<div class=\"elementor-widget-wrap elementor-element-populated\">\n\t\t\t\t\t\t<div class=\"elementor-element elementor-element-b51f9b5 elementor-widget elementor-widget-image\" data-id=\"b51f9b5\" data-element_type=\"widget\" data-widget_type=\"image.default\">\n\t\t\t\t<div class=\"elementor-widget-container\">\n\t\t\t\t\t\t\t\t\t\t\t\t\t\t\t\t<a href=\"https:\/\/klimer.es\/\" target=\"_blank\" rel=\"nofollow\">\n\t\t\t\t\t\t\t<img loading=\"lazy\" decoding=\"async\" width=\"200\" height=\"160\" src=\"https:\/\/festivalorigenes.com\/wp-content\/uploads\/2021\/02\/krimel_logo.png\" class=\"attachment-full size-full wp-image-4113\" alt=\"Krimel - Partners - or\u00edGenes Festival Gastron\u00f3mico\" \/>\t\t\t\t\t\t\t\t<\/a>\n\t\t\t\t\t\t\t\t\t\t\t\t\t\t\t<\/div>\n\t\t\t\t<\/div>\n\t\t\t\t\t<\/div>\n\t\t<\/div>\n\t\t\t\t<div class=\"elementor-column elementor-col-14 elementor-inner-column elementor-element elementor-element-3eed838\" data-id=\"3eed838\" data-element_type=\"column\">\n\t\t\t<div class=\"elementor-widget-wrap elementor-element-populated\">\n\t\t\t\t\t\t<div class=\"elementor-element elementor-element-752b8ac elementor-widget elementor-widget-image\" data-id=\"752b8ac\" data-element_type=\"widget\" data-widget_type=\"image.default\">\n\t\t\t\t<div class=\"elementor-widget-container\">\n\t\t\t\t\t\t\t\t\t\t\t\t\t\t\t\t<a href=\"https:\/\/www.cosentino.com\/es\/\" target=\"_blank\" rel=\"nofollow\">\n\t\t\t\t\t\t\t<img loading=\"lazy\" decoding=\"async\" width=\"200\" height=\"81\" src=\"https:\/\/festivalorigenes.com\/wp-content\/uploads\/2021\/05\/cosentino_logo.png\" class=\"attachment-full size-full wp-image-5278\" alt=\"Cosentino - Partners - or\u00edGenes Festival Gastron\u00f3mico\" \/>\t\t\t\t\t\t\t\t<\/a>\n\t\t\t\t\t\t\t\t\t\t\t\t\t\t\t<\/div>\n\t\t\t\t<\/div>\n\t\t\t\t\t<\/div>\n\t\t<\/div>\n\t\t\t\t\t<\/div>\n\t\t<\/section>\n\t\t\t\t<section class=\"elementor-section elementor-inner-section elementor-element elementor-element-35ca010 elementor-section-content-middle elementor-section-boxed elementor-section-height-default elementor-section-height-default\" data-id=\"35ca010\" data-element_type=\"section\">\n\t\t\t\t\t\t<div class=\"elementor-container elementor-column-gap-default\">\n\t\t\t\t\t<div class=\"elementor-column elementor-col-14 elementor-inner-column elementor-element elementor-element-84192c8\" data-id=\"84192c8\" data-element_type=\"column\">\n\t\t\t<div class=\"elementor-widget-wrap elementor-element-populated\">\n\t\t\t\t\t\t<div class=\"elementor-element elementor-element-8f0b42c elementor-widget elementor-widget-image\" data-id=\"8f0b42c\" data-element_type=\"widget\" data-widget_type=\"image.default\">\n\t\t\t\t<div class=\"elementor-widget-container\">\n\t\t\t\t\t\t\t\t\t\t\t\t\t\t\t<img loading=\"lazy\" decoding=\"async\" width=\"300\" height=\"86\" src=\"https:\/\/festivalorigenes.com\/wp-content\/uploads\/2023\/06\/logotipo_amp.png\" class=\"attachment-large size-large wp-image-9479\" alt=\"\" \/>\t\t\t\t\t\t\t\t\t\t\t\t\t\t\t<\/div>\n\t\t\t\t<\/div>\n\t\t\t\t\t<\/div>\n\t\t<\/div>\n\t\t\t\t<div class=\"elementor-column elementor-col-14 elementor-inner-column elementor-element elementor-element-3e3ec4f\" data-id=\"3e3ec4f\" data-element_type=\"column\">\n\t\t\t<div class=\"elementor-widget-wrap elementor-element-populated\">\n\t\t\t\t\t\t<div class=\"elementor-element elementor-element-c797d04 elementor-widget elementor-widget-image\" data-id=\"c797d04\" data-element_type=\"widget\" data-widget_type=\"image.default\">\n\t\t\t\t<div class=\"elementor-widget-container\">\n\t\t\t\t\t\t\t\t\t\t\t\t\t\t\t<img loading=\"lazy\" decoding=\"async\" width=\"295\" height=\"177\" src=\"https:\/\/festivalorigenes.com\/wp-content\/uploads\/2023\/06\/Brandelicious_The_Food_Business_Company.png\" class=\"attachment-large size-large wp-image-9476\" alt=\"\" \/>\t\t\t\t\t\t\t\t\t\t\t\t\t\t\t<\/div>\n\t\t\t\t<\/div>\n\t\t\t\t\t<\/div>\n\t\t<\/div>\n\t\t\t\t<div class=\"elementor-column elementor-col-14 elementor-inner-column elementor-element elementor-element-5bd0beb\" data-id=\"5bd0beb\" data-element_type=\"column\">\n\t\t\t<div class=\"elementor-widget-wrap elementor-element-populated\">\n\t\t\t\t\t\t<div class=\"elementor-element elementor-element-cd52707 elementor-widget elementor-widget-image\" data-id=\"cd52707\" data-element_type=\"widget\" data-widget_type=\"image.default\">\n\t\t\t\t<div class=\"elementor-widget-container\">\n\t\t\t\t\t\t\t\t\t\t\t\t\t\t\t<img loading=\"lazy\" decoding=\"async\" width=\"1024\" height=\"1024\" src=\"https:\/\/festivalorigenes.com\/wp-content\/uploads\/2023\/07\/WhatsApp-Image-2023-07-05-at-11.06.52-1024x1024.png\" class=\"attachment-large size-large wp-image-9749\" alt=\"\" srcset=\"https:\/\/festivalorigenes.com\/wp-content\/uploads\/2023\/07\/WhatsApp-Image-2023-07-05-at-11.06.52-1024x1024.png 1024w, https:\/\/festivalorigenes.com\/wp-content\/uploads\/2023\/07\/WhatsApp-Image-2023-07-05-at-11.06.52-300x300.png 300w, https:\/\/festivalorigenes.com\/wp-content\/uploads\/2023\/07\/WhatsApp-Image-2023-07-05-at-11.06.52-150x150.png 150w, https:\/\/festivalorigenes.com\/wp-content\/uploads\/2023\/07\/WhatsApp-Image-2023-07-05-at-11.06.52-768x768.png 768w, https:\/\/festivalorigenes.com\/wp-content\/uploads\/2023\/07\/WhatsApp-Image-2023-07-05-at-11.06.52.png 1080w\" sizes=\"(max-width: 1024px) 100vw, 1024px\" \/>\t\t\t\t\t\t\t\t\t\t\t\t\t\t\t<\/div>\n\t\t\t\t<\/div>\n\t\t\t\t\t<\/div>\n\t\t<\/div>\n\t\t\t\t<div class=\"elementor-column elementor-col-14 elementor-inner-column elementor-element elementor-element-f7ff847\" data-id=\"f7ff847\" data-element_type=\"column\">\n\t\t\t<div class=\"elementor-widget-wrap elementor-element-populated\">\n\t\t\t\t\t\t<div class=\"elementor-element elementor-element-37d9aa4 elementor-widget elementor-widget-image\" data-id=\"37d9aa4\" data-element_type=\"widget\" data-widget_type=\"image.default\">\n\t\t\t\t<div class=\"elementor-widget-container\">\n\t\t\t\t\t\t\t\t\t\t\t\t\t\t\t\t<a href=\"https:\/\/www.euroseleccio.com\/shop?taxon=69\" target=\"_blank\" rel=\"nofollow\">\n\t\t\t\t\t\t\t<img loading=\"lazy\" decoding=\"async\" width=\"200\" height=\"160\" src=\"https:\/\/festivalorigenes.com\/wp-content\/uploads\/2020\/12\/riedel_logo.png\" class=\"attachment-full size-full wp-image-3539\" alt=\"Riedel - Partners - or\u00edGenes Festival Gastron\u00f3mico\" \/>\t\t\t\t\t\t\t\t<\/a>\n\t\t\t\t\t\t\t\t\t\t\t\t\t\t\t<\/div>\n\t\t\t\t<\/div>\n\t\t\t\t\t<\/div>\n\t\t<\/div>\n\t\t\t\t<div class=\"elementor-column elementor-col-14 elementor-inner-column elementor-element elementor-element-de9cac7\" data-id=\"de9cac7\" data-element_type=\"column\">\n\t\t\t<div class=\"elementor-widget-wrap elementor-element-populated\">\n\t\t\t\t\t\t<div class=\"elementor-element elementor-element-0c4c118 elementor-widget elementor-widget-image\" data-id=\"0c4c118\" data-element_type=\"widget\" data-widget_type=\"image.default\">\n\t\t\t\t<div class=\"elementor-widget-container\">\n\t\t\t\t\t\t\t\t\t\t\t\t\t\t\t\t<a href=\"https:\/\/www.lenouveauchef.com\/es\" target=\"_blank\" rel=\"nofollow\">\n\t\t\t\t\t\t\t<img loading=\"lazy\" decoding=\"async\" width=\"200\" height=\"160\" src=\"https:\/\/festivalorigenes.com\/wp-content\/uploads\/2021\/05\/le_nouveau_chef_logo.png\" class=\"attachment-full size-full wp-image-5432\" alt=\"Le Nouveau Chef - Partners - or\u00edGenes Festival Gastron\u00f3mico\" \/>\t\t\t\t\t\t\t\t<\/a>\n\t\t\t\t\t\t\t\t\t\t\t\t\t\t\t<\/div>\n\t\t\t\t<\/div>\n\t\t\t\t\t<\/div>\n\t\t<\/div>\n\t\t\t\t<div class=\"elementor-column elementor-col-14 elementor-inner-column elementor-element elementor-element-bd0a1b8\" data-id=\"bd0a1b8\" data-element_type=\"column\">\n\t\t\t<div class=\"elementor-widget-wrap elementor-element-populated\">\n\t\t\t\t\t\t<div class=\"elementor-element elementor-element-c781ecf elementor-widget elementor-widget-image\" data-id=\"c781ecf\" data-element_type=\"widget\" data-widget_type=\"image.default\">\n\t\t\t\t<div class=\"elementor-widget-container\">\n\t\t\t\t\t\t\t\t\t\t\t\t\t\t\t<img loading=\"lazy\" decoding=\"async\" width=\"145\" height=\"85\" src=\"https:\/\/festivalorigenes.com\/wp-content\/uploads\/2023\/07\/km0.png\" class=\"attachment-large size-large wp-image-9746\" alt=\"\" \/>\t\t\t\t\t\t\t\t\t\t\t\t\t\t\t<\/div>\n\t\t\t\t<\/div>\n\t\t\t\t\t<\/div>\n\t\t<\/div>\n\t\t\t\t<div class=\"elementor-column elementor-col-14 elementor-inner-column elementor-element elementor-element-e0e49ba\" data-id=\"e0e49ba\" data-element_type=\"column\">\n\t\t\t<div class=\"elementor-widget-wrap elementor-element-populated\">\n\t\t\t\t\t\t<div class=\"elementor-element elementor-element-6c592be elementor-widget elementor-widget-image\" data-id=\"6c592be\" data-element_type=\"widget\" data-widget_type=\"image.default\">\n\t\t\t\t<div class=\"elementor-widget-container\">\n\t\t\t\t\t\t\t\t\t\t\t\t\t\t\t<img loading=\"lazy\" decoding=\"async\" width=\"268\" height=\"114\" src=\"https:\/\/festivalorigenes.com\/wp-content\/uploads\/2023\/07\/lainox.png\" class=\"attachment-large size-large wp-image-9752\" alt=\"\" \/>\t\t\t\t\t\t\t\t\t\t\t\t\t\t\t<\/div>\n\t\t\t\t<\/div>\n\t\t\t\t\t<\/div>\n\t\t<\/div>\n\t\t\t\t\t<\/div>\n\t\t<\/section>\n\t\t\t\t<section class=\"elementor-section elementor-inner-section elementor-element elementor-element-379ef40 elementor-section-content-middle elementor-section-boxed elementor-section-height-default elementor-section-height-default\" data-id=\"379ef40\" data-element_type=\"section\">\n\t\t\t\t\t\t<div class=\"elementor-container elementor-column-gap-default\">\n\t\t\t\t\t<div class=\"elementor-column elementor-col-14 elementor-inner-column elementor-element elementor-element-bf2b41c\" data-id=\"bf2b41c\" data-element_type=\"column\">\n\t\t\t<div class=\"elementor-widget-wrap elementor-element-populated\">\n\t\t\t\t\t\t<div class=\"elementor-element elementor-element-b191493 elementor-widget elementor-widget-image\" data-id=\"b191493\" data-element_type=\"widget\" data-widget_type=\"image.default\">\n\t\t\t\t<div class=\"elementor-widget-container\">\n\t\t\t\t\t\t\t\t\t\t\t\t\t\t\t<img loading=\"lazy\" decoding=\"async\" width=\"235\" height=\"127\" src=\"https:\/\/festivalorigenes.com\/wp-content\/uploads\/2023\/07\/el-brillante.png\" class=\"attachment-large size-large wp-image-9755\" alt=\"\" \/>\t\t\t\t\t\t\t\t\t\t\t\t\t\t\t<\/div>\n\t\t\t\t<\/div>\n\t\t\t\t\t<\/div>\n\t\t<\/div>\n\t\t\t\t<div class=\"elementor-column elementor-col-14 elementor-inner-column elementor-element elementor-element-b40041b\" data-id=\"b40041b\" data-element_type=\"column\">\n\t\t\t<div class=\"elementor-widget-wrap elementor-element-populated\">\n\t\t\t\t\t\t<div class=\"elementor-element elementor-element-12b7784 elementor-widget elementor-widget-image\" data-id=\"12b7784\" data-element_type=\"widget\" data-widget_type=\"image.default\">\n\t\t\t\t<div class=\"elementor-widget-container\">\n\t\t\t\t\t\t\t\t\t\t\t\t\t\t\t<img loading=\"lazy\" decoding=\"async\" width=\"1024\" height=\"1004\" src=\"https:\/\/festivalorigenes.com\/wp-content\/uploads\/2023\/07\/Logo_NH_Collection_HotelsResorts_colour-1024x1004.png\" class=\"attachment-large size-large wp-image-9758\" alt=\"\" srcset=\"https:\/\/festivalorigenes.com\/wp-content\/uploads\/2023\/07\/Logo_NH_Collection_HotelsResorts_colour-1024x1004.png 1024w, https:\/\/festivalorigenes.com\/wp-content\/uploads\/2023\/07\/Logo_NH_Collection_HotelsResorts_colour-300x294.png 300w, https:\/\/festivalorigenes.com\/wp-content\/uploads\/2023\/07\/Logo_NH_Collection_HotelsResorts_colour-768x753.png 768w, https:\/\/festivalorigenes.com\/wp-content\/uploads\/2023\/07\/Logo_NH_Collection_HotelsResorts_colour-1536x1506.png 1536w, https:\/\/festivalorigenes.com\/wp-content\/uploads\/2023\/07\/Logo_NH_Collection_HotelsResorts_colour.png 2037w\" sizes=\"(max-width: 1024px) 100vw, 1024px\" \/>\t\t\t\t\t\t\t\t\t\t\t\t\t\t\t<\/div>\n\t\t\t\t<\/div>\n\t\t\t\t\t<\/div>\n\t\t<\/div>\n\t\t\t\t<div class=\"elementor-column elementor-col-14 elementor-inner-column elementor-element elementor-element-d85bfc4\" data-id=\"d85bfc4\" data-element_type=\"column\">\n\t\t\t<div class=\"elementor-widget-wrap elementor-element-populated\">\n\t\t\t\t\t\t<div class=\"elementor-element elementor-element-77c2157 elementor-widget elementor-widget-image\" data-id=\"77c2157\" data-element_type=\"widget\" data-widget_type=\"image.default\">\n\t\t\t\t<div class=\"elementor-widget-container\">\n\t\t\t\t\t\t\t\t\t\t\t\t\t\t\t<img loading=\"lazy\" decoding=\"async\" width=\"1024\" height=\"832\" src=\"https:\/\/festivalorigenes.com\/wp-content\/uploads\/2023\/07\/WhatsApp-Image-2023-07-05-at-11.06.01.png\" class=\"attachment-large size-large wp-image-9761\" alt=\"\" srcset=\"https:\/\/festivalorigenes.com\/wp-content\/uploads\/2023\/07\/WhatsApp-Image-2023-07-05-at-11.06.01.png 1024w, https:\/\/festivalorigenes.com\/wp-content\/uploads\/2023\/07\/WhatsApp-Image-2023-07-05-at-11.06.01-300x244.png 300w, https:\/\/festivalorigenes.com\/wp-content\/uploads\/2023\/07\/WhatsApp-Image-2023-07-05-at-11.06.01-768x624.png 768w\" sizes=\"(max-width: 1024px) 100vw, 1024px\" \/>\t\t\t\t\t\t\t\t\t\t\t\t\t\t\t<\/div>\n\t\t\t\t<\/div>\n\t\t\t\t\t<\/div>\n\t\t<\/div>\n\t\t\t\t<div class=\"elementor-column elementor-col-14 elementor-inner-column elementor-element elementor-element-08dce96\" data-id=\"08dce96\" data-element_type=\"column\">\n\t\t\t<div class=\"elementor-widget-wrap elementor-element-populated\">\n\t\t\t\t\t\t<div class=\"elementor-element elementor-element-83bebac elementor-widget elementor-widget-image\" data-id=\"83bebac\" data-element_type=\"widget\" data-widget_type=\"image.default\">\n\t\t\t\t<div class=\"elementor-widget-container\">\n\t\t\t\t\t\t\t\t\t\t\t\t\t\t\t\t<a href=\"https:\/\/appvelada.com\/\">\n\t\t\t\t\t\t\t<img loading=\"lazy\" decoding=\"async\" width=\"1024\" height=\"514\" src=\"https:\/\/festivalorigenes.com\/wp-content\/uploads\/2023\/07\/Logo-Velada-1024x514.png\" class=\"attachment-large size-large wp-image-9767\" alt=\"\" srcset=\"https:\/\/festivalorigenes.com\/wp-content\/uploads\/2023\/07\/Logo-Velada-1024x514.png 1024w, https:\/\/festivalorigenes.com\/wp-content\/uploads\/2023\/07\/Logo-Velada-300x151.png 300w, https:\/\/festivalorigenes.com\/wp-content\/uploads\/2023\/07\/Logo-Velada-768x385.png 768w, https:\/\/festivalorigenes.com\/wp-content\/uploads\/2023\/07\/Logo-Velada-1536x771.png 1536w, https:\/\/festivalorigenes.com\/wp-content\/uploads\/2023\/07\/Logo-Velada-2048x1028.png 2048w\" sizes=\"(max-width: 1024px) 100vw, 1024px\" \/>\t\t\t\t\t\t\t\t<\/a>\n\t\t\t\t\t\t\t\t\t\t\t\t\t\t\t<\/div>\n\t\t\t\t<\/div>\n\t\t\t\t\t<\/div>\n\t\t<\/div>\n\t\t\t\t<div class=\"elementor-column elementor-col-14 elementor-inner-column elementor-element elementor-element-6bc1ab8\" data-id=\"6bc1ab8\" data-element_type=\"column\">\n\t\t\t<div class=\"elementor-widget-wrap elementor-element-populated\">\n\t\t\t\t\t\t<div class=\"elementor-element elementor-element-13b4608 elementor-widget elementor-widget-image\" data-id=\"13b4608\" data-element_type=\"widget\" data-widget_type=\"image.default\">\n\t\t\t\t<div class=\"elementor-widget-container\">\n\t\t\t\t\t\t\t\t\t\t\t\t\t\t\t<img loading=\"lazy\" decoding=\"async\" width=\"1024\" height=\"780\" src=\"https:\/\/festivalorigenes.com\/wp-content\/uploads\/2023\/07\/logo_canena-1024x780.png\" class=\"attachment-large size-large wp-image-9785\" alt=\"\" srcset=\"https:\/\/festivalorigenes.com\/wp-content\/uploads\/2023\/07\/logo_canena-1024x780.png 1024w, https:\/\/festivalorigenes.com\/wp-content\/uploads\/2023\/07\/logo_canena-300x228.png 300w, https:\/\/festivalorigenes.com\/wp-content\/uploads\/2023\/07\/logo_canena-768x585.png 768w, https:\/\/festivalorigenes.com\/wp-content\/uploads\/2023\/07\/logo_canena-1536x1169.png 1536w, https:\/\/festivalorigenes.com\/wp-content\/uploads\/2023\/07\/logo_canena-2048x1559.png 2048w\" sizes=\"(max-width: 1024px) 100vw, 1024px\" \/>\t\t\t\t\t\t\t\t\t\t\t\t\t\t\t<\/div>\n\t\t\t\t<\/div>\n\t\t\t\t\t<\/div>\n\t\t<\/div>\n\t\t\t\t<div class=\"elementor-column elementor-col-14 elementor-inner-column elementor-element elementor-element-fa39e75\" data-id=\"fa39e75\" data-element_type=\"column\">\n\t\t\t<div class=\"elementor-widget-wrap\">\n\t\t\t\t\t\t\t<\/div>\n\t\t<\/div>\n\t\t\t\t<div class=\"elementor-column elementor-col-14 elementor-inner-column elementor-element elementor-element-89754d1\" data-id=\"89754d1\" data-element_type=\"column\">\n\t\t\t<div class=\"elementor-widget-wrap\">\n\t\t\t\t\t\t\t<\/div>\n\t\t<\/div>\n\t\t\t\t\t<\/div>\n\t\t<\/section>\n\t\t\t\t\t<\/div>\n\t\t<\/div>\n\t\t\t\t\t<\/div>\n\t\t<\/section>\n\t\t\t\t<section class=\"elementor-section elementor-top-section elementor-element elementor-element-d476bcf elementor-section-boxed elementor-section-height-default elementor-section-height-default\" data-id=\"d476bcf\" data-element_type=\"section\" data-settings=\"{&quot;background_background&quot;:&quot;classic&quot;}\">\n\t\t\t\t\t\t\t<div class=\"elementor-background-overlay\"><\/div>\n\t\t\t\t\t\t\t<div class=\"elementor-container elementor-column-gap-default\">\n\t\t\t\t\t<div class=\"elementor-column elementor-col-50 elementor-top-column elementor-element elementor-element-2d4a96e\" data-id=\"2d4a96e\" data-element_type=\"column\">\n\t\t\t<div class=\"elementor-widget-wrap elementor-element-populated\">\n\t\t\t\t\t\t<div class=\"elementor-element elementor-element-ef73e27 elementor-widget elementor-widget-heading\" data-id=\"ef73e27\" data-element_type=\"widget\" data-widget_type=\"heading.default\">\n\t\t\t\t<div class=\"elementor-widget-container\">\n\t\t\t\t\t<h5 class=\"elementor-heading-title elementor-size-large\">Inscriviu-vos al butllet\u00ed d'or\u00edGenes<\/h5>\t\t\t\t<\/div>\n\t\t\t\t<\/div>\n\t\t\t\t\t<\/div>\n\t\t<\/div>\n\t\t\t\t<div class=\"elementor-column elementor-col-50 elementor-top-column elementor-element elementor-element-34b4863\" data-id=\"34b4863\" data-element_type=\"column\">\n\t\t\t<div class=\"elementor-widget-wrap elementor-element-populated\">\n\t\t\t\t\t\t<div class=\"elementor-element elementor-element-d627ed6 elementor-widget elementor-widget-html\" data-id=\"d627ed6\" data-element_type=\"widget\" data-widget_type=\"html.default\">\n\t\t\t\t<div class=\"elementor-widget-container\">\n\t\t\t\t\t<script charset=\"utf-8\" type=\"text\/javascript\" src=\"\/\/js-eu1.hsforms.net\/forms\/embed\/v2.js\"><\/script><script>hbspt.forms.create({\n    region: \"eu1\",\n    portalId: \"27089624\",\n    formId: \"2fcdac79-03cc-4f77-81ff-1b6df949d11c\"\n  });\n<\/script>\t\t\t\t<\/div>\n\t\t\t\t<\/div>\n\t\t\t\t\t<\/div>\n\t\t<\/div>\n\t\t\t\t\t<\/div>\n\t\t<\/section>\n\t\t\t\t<\/div>\n\t\t","protected":false},"excerpt":{"rendered":"<p>Explore The Colourful World A Wonderful Gift Learn More \u201cFuerat aestu carentem habentia spectent tonitrua mutastis locavit liberioris.\u201d \u2013 Adam Sendler Upcoming Events Everest Camp Trek Fuerat aestu carentem habentia spectent tonitrua mutastis locavit liberioris inistra possedit. Learn More Walking Holidays Fuerat aestu carentem habentia spectent tonitrua mutastis locavit liberioris inistra possedit. Learn More Explore \u2026<\/p>\n<p class=\"read-more\"> <a class=\"\" href=\"https:\/\/websitedemos.net\/outdoor-adventure-02\/\"> <span class=\"screen-reader-text\">Home<\/span> Read More \u00bb<\/a><\/p>\n","protected":false},"author":1,"featured_media":0,"parent":0,"menu_order":0,"comment_status":"closed","ping_status":"closed","template":"","meta":{"site-sidebar-layout":"no-sidebar","site-content-layout":"page-builder","ast-site-content-layout":"default","site-content-style":"default","site-sidebar-style":"default","ast-global-header-display":"","ast-banner-title-visibility":"","ast-main-header-display":"enabled","ast-hfb-above-header-display":"","ast-hfb-below-header-display":"","ast-hfb-mobile-header-display":"","site-post-title":"disabled","ast-breadcrumbs-content":"disabled","ast-featured-img":"disabled","footer-sml-layout":"","theme-transparent-header-meta":"default","adv-header-id-meta":"","stick-header-meta":"default","header-above-stick-meta":null,"header-main-stick-meta":"","header-below-stick-meta":null,"astra-migrate-meta-layouts":"default","ast-page-background-enabled":"default","ast-page-background-meta":{"desktop":{"background-color":"","background-image":"","background-repeat":"repeat","background-position":"center center","background-size":"auto","background-attachment":"scroll","background-type":"","background-media":"","overlay-type":"","overlay-color":"","overlay-opacity":"","overlay-gradient":""},"tablet":{"background-color":"","background-image":"","background-repeat":"repeat","background-position":"center center","background-size":"auto","background-attachment":"scroll","background-type":"","background-media":"","overlay-type":"","overlay-color":"","overlay-opacity":"","overlay-gradient":""},"mobile":{"background-color":"","background-image":"","background-repeat":"repeat","background-position":"center center","background-size":"auto","background-attachment":"scroll","background-type":"","background-media":"","overlay-type":"","overlay-color":"","overlay-opacity":"","overlay-gradient":""}},"ast-content-background-meta":{"desktop":{"background-color":"var(--ast-global-color-5)","background-image":"","background-repeat":"repeat","background-position":"center center","background-size":"auto","background-attachment":"scroll","background-type":"","background-media":"","overlay-type":"","overlay-color":"","overlay-opacity":"","overlay-gradient":""},"tablet":{"background-color":"var(--ast-global-color-5)","background-image":"","background-repeat":"repeat","background-position":"center center","background-size":"auto","background-attachment":"scroll","background-type":"","background-media":"","overlay-type":"","overlay-color":"","overlay-opacity":"","overlay-gradient":""},"mobile":{"background-color":"var(--ast-global-color-5)","background-image":"","background-repeat":"repeat","background-position":"center center","background-size":"auto","background-attachment":"scroll","background-type":"","background-media":"","overlay-type":"","overlay-color":"","overlay-opacity":"","overlay-gradient":""}},"footnotes":""},"class_list":["post-3631","page","type-page","status-publish","hentry"],"yoast_head":"<!-- This site is optimized with the Yoast SEO plugin v25.7 - https:\/\/yoast.com\/wordpress\/plugins\/seo\/ -->\n<title>or\u00edGenes - Festival Gastron\u00f2mic<\/title>\n<meta name=\"description\" content=\"or\u00edGenes Festival Gastron\u00f2mic! Un esdeveniment \u00fanic que us permetr\u00e0 descobrir i sentir un viatge gastron\u00f2mic mai viscut.\" \/>\n<meta name=\"robots\" content=\"index, follow, max-snippet:-1, max-image-preview:large, max-video-preview:-1\" \/>\n<link rel=\"canonical\" href=\"https:\/\/festivalorigenes.com\/ca\/\" \/>\n<meta property=\"og:locale\" content=\"ca_ES\" \/>\n<meta property=\"og:type\" content=\"article\" \/>\n<meta property=\"og:title\" content=\"or\u00edGenes - Festival Gastron\u00f2mic\" \/>\n<meta property=\"og:description\" content=\"or\u00edGenes Festival Gastron\u00f2mic! Un esdeveniment \u00fanic que us permetr\u00e0 descobrir i sentir un viatge gastron\u00f2mic mai viscut.\" \/>\n<meta property=\"og:url\" content=\"https:\/\/festivalorigenes.com\/ca\/\" \/>\n<meta property=\"og:site_name\" content=\"or\u00edGenes - Festival Gastron\u00f2mic\" \/>\n<meta property=\"article:publisher\" content=\"https:\/\/www.facebook.com\/origenesfestivalgastronomico\/\" \/>\n<meta property=\"article:modified_time\" content=\"2025-08-25T16:52:44+00:00\" \/>\n<meta property=\"og:image\" content=\"https:\/\/festivalorigenes.com\/wp-content\/uploads\/elementor\/thumbs\/festival_origenes_gastronomia-pg5ytox19lf12wwdkr2be7csvbseh5hfyrnlyikcua.jpg\" \/>\n<meta name=\"twitter:card\" content=\"summary_large_image\" \/>\n<meta name=\"twitter:site\" content=\"@origenesfest\" \/>\n<meta name=\"twitter:label1\" content=\"Temps estimat de lectura\" \/>\n\t<meta name=\"twitter:data1\" content=\"10 minuts\" \/>\n<script type=\"application\/ld+json\" class=\"yoast-schema-graph\">{\"@context\":\"https:\/\/schema.org\",\"@graph\":[{\"@type\":\"WebPage\",\"@id\":\"https:\/\/festivalorigenes.com\/ca\/\",\"url\":\"https:\/\/festivalorigenes.com\/ca\/\",\"name\":\"or\u00edGenes - Festival Gastron\u00f2mic\",\"isPartOf\":{\"@id\":\"https:\/\/festivalorigenes.com\/ca\/#website\"},\"primaryImageOfPage\":{\"@id\":\"https:\/\/festivalorigenes.com\/ca\/#primaryimage\"},\"image\":{\"@id\":\"https:\/\/festivalorigenes.com\/ca\/#primaryimage\"},\"thumbnailUrl\":\"https:\/\/festivalorigenes.com\/wp-content\/uploads\/elementor\/thumbs\/festival_origenes_gastronomia-pg5ytox19lf12wwdkr2be7csvbseh5hfyrnlyikcua.jpg\",\"datePublished\":\"2020-12-22T15:47:06+00:00\",\"dateModified\":\"2025-08-25T16:52:44+00:00\",\"description\":\"or\u00edGenes Festival Gastron\u00f2mic! Un esdeveniment \u00fanic que us permetr\u00e0 descobrir i sentir un viatge gastron\u00f2mic mai viscut.\",\"breadcrumb\":{\"@id\":\"https:\/\/festivalorigenes.com\/ca\/#breadcrumb\"},\"inLanguage\":\"ca\",\"potentialAction\":[{\"@type\":\"ReadAction\",\"target\":[\"https:\/\/festivalorigenes.com\/ca\/\"]}]},{\"@type\":\"ImageObject\",\"inLanguage\":\"ca\",\"@id\":\"https:\/\/festivalorigenes.com\/ca\/#primaryimage\",\"url\":\"https:\/\/festivalorigenes.com\/wp-content\/uploads\/elementor\/thumbs\/festival_origenes_gastronomia-pg5ytox19lf12wwdkr2be7csvbseh5hfyrnlyikcua.jpg\",\"contentUrl\":\"https:\/\/festivalorigenes.com\/wp-content\/uploads\/elementor\/thumbs\/festival_origenes_gastronomia-pg5ytox19lf12wwdkr2be7csvbseh5hfyrnlyikcua.jpg\"},{\"@type\":\"BreadcrumbList\",\"@id\":\"https:\/\/festivalorigenes.com\/ca\/#breadcrumb\",\"itemListElement\":[{\"@type\":\"ListItem\",\"position\":1,\"name\":\"Portada\",\"item\":\"https:\/\/festivalorigenes.com\/ca\/\"},{\"@type\":\"ListItem\",\"position\":2,\"name\":\"Inici\"}]},{\"@type\":\"WebSite\",\"@id\":\"https:\/\/festivalorigenes.com\/ca\/#website\",\"url\":\"https:\/\/festivalorigenes.com\/ca\/\",\"name\":\"or\u00edGenes - Festival Gastron\u00f2mic\",\"description\":\"\",\"publisher\":{\"@id\":\"https:\/\/festivalorigenes.com\/ca\/#organization\"},\"potentialAction\":[{\"@type\":\"SearchAction\",\"target\":{\"@type\":\"EntryPoint\",\"urlTemplate\":\"https:\/\/festivalorigenes.com\/ca\/?s={search_term_string}\"},\"query-input\":{\"@type\":\"PropertyValueSpecification\",\"valueRequired\":true,\"valueName\":\"search_term_string\"}}],\"inLanguage\":\"ca\"},{\"@type\":\"Organization\",\"@id\":\"https:\/\/festivalorigenes.com\/ca\/#organization\",\"name\":\"or\u00edGenes Festival Gastron\u00f2mic\",\"url\":\"https:\/\/festivalorigenes.com\/ca\/\",\"logo\":{\"@type\":\"ImageObject\",\"inLanguage\":\"ca\",\"@id\":\"https:\/\/festivalorigenes.com\/ca\/#\/schema\/logo\/image\/\",\"url\":\"https:\/\/festivalorigenes.com\/wp-content\/uploads\/2020\/11\/124151422_123321709577698_694323274832345559_n.png\",\"contentUrl\":\"https:\/\/festivalorigenes.com\/wp-content\/uploads\/2020\/11\/124151422_123321709577698_694323274832345559_n.png\",\"width\":401,\"height\":401,\"caption\":\"or\u00edGenes Festival Gastron\u00f2mic\"},\"image\":{\"@id\":\"https:\/\/festivalorigenes.com\/ca\/#\/schema\/logo\/image\/\"},\"sameAs\":[\"https:\/\/www.facebook.com\/origenesfestivalgastronomico\/\",\"https:\/\/x.com\/origenesfest\",\"https:\/\/www.instagram.com\/origenesfestivalgastronomico\/\",\"https:\/\/www.linkedin.com\/company\/or\u00edgenes-festival-gastron\u00f3mico\"]}]}<\/script>\n<!-- \/ Yoast SEO plugin. -->","yoast_head_json":{"title":"or\u00edGenes - Festival Gastron\u00f2mic","description":"or\u00edGenes Festival Gastron\u00f2mic! Un esdeveniment \u00fanic que us permetr\u00e0 descobrir i sentir un viatge gastron\u00f2mic mai viscut.","robots":{"index":"index","follow":"follow","max-snippet":"max-snippet:-1","max-image-preview":"max-image-preview:large","max-video-preview":"max-video-preview:-1"},"canonical":"https:\/\/festivalorigenes.com\/ca\/","og_locale":"ca_ES","og_type":"article","og_title":"or\u00edGenes - Festival Gastron\u00f2mic","og_description":"or\u00edGenes Festival Gastron\u00f2mic! Un esdeveniment \u00fanic que us permetr\u00e0 descobrir i sentir un viatge gastron\u00f2mic mai viscut.","og_url":"https:\/\/festivalorigenes.com\/ca\/","og_site_name":"or\u00edGenes - Festival Gastron\u00f2mic","article_publisher":"https:\/\/www.facebook.com\/origenesfestivalgastronomico\/","article_modified_time":"2025-08-25T16:52:44+00:00","og_image":[{"url":"https:\/\/festivalorigenes.com\/wp-content\/uploads\/elementor\/thumbs\/festival_origenes_gastronomia-pg5ytox19lf12wwdkr2be7csvbseh5hfyrnlyikcua.jpg","type":"","width":"","height":""}],"twitter_card":"summary_large_image","twitter_site":"@origenesfest","twitter_misc":{"Temps estimat de lectura":"10 minuts"},"schema":{"@context":"https:\/\/schema.org","@graph":[{"@type":"WebPage","@id":"https:\/\/festivalorigenes.com\/ca\/","url":"https:\/\/festivalorigenes.com\/ca\/","name":"or\u00edGenes - Festival Gastron\u00f2mic","isPartOf":{"@id":"https:\/\/festivalorigenes.com\/ca\/#website"},"primaryImageOfPage":{"@id":"https:\/\/festivalorigenes.com\/ca\/#primaryimage"},"image":{"@id":"https:\/\/festivalorigenes.com\/ca\/#primaryimage"},"thumbnailUrl":"https:\/\/festivalorigenes.com\/wp-content\/uploads\/elementor\/thumbs\/festival_origenes_gastronomia-pg5ytox19lf12wwdkr2be7csvbseh5hfyrnlyikcua.jpg","datePublished":"2020-12-22T15:47:06+00:00","dateModified":"2025-08-25T16:52:44+00:00","description":"or\u00edGenes Festival Gastron\u00f2mic! Un esdeveniment \u00fanic que us permetr\u00e0 descobrir i sentir un viatge gastron\u00f2mic mai viscut.","breadcrumb":{"@id":"https:\/\/festivalorigenes.com\/ca\/#breadcrumb"},"inLanguage":"ca","potentialAction":[{"@type":"ReadAction","target":["https:\/\/festivalorigenes.com\/ca\/"]}]},{"@type":"ImageObject","inLanguage":"ca","@id":"https:\/\/festivalorigenes.com\/ca\/#primaryimage","url":"https:\/\/festivalorigenes.com\/wp-content\/uploads\/elementor\/thumbs\/festival_origenes_gastronomia-pg5ytox19lf12wwdkr2be7csvbseh5hfyrnlyikcua.jpg","contentUrl":"https:\/\/festivalorigenes.com\/wp-content\/uploads\/elementor\/thumbs\/festival_origenes_gastronomia-pg5ytox19lf12wwdkr2be7csvbseh5hfyrnlyikcua.jpg"},{"@type":"BreadcrumbList","@id":"https:\/\/festivalorigenes.com\/ca\/#breadcrumb","itemListElement":[{"@type":"ListItem","position":1,"name":"Portada","item":"https:\/\/festivalorigenes.com\/ca\/"},{"@type":"ListItem","position":2,"name":"Inici"}]},{"@type":"WebSite","@id":"https:\/\/festivalorigenes.com\/ca\/#website","url":"https:\/\/festivalorigenes.com\/ca\/","name":"or\u00edGenes - Festival Gastron\u00f2mic","description":"","publisher":{"@id":"https:\/\/festivalorigenes.com\/ca\/#organization"},"potentialAction":[{"@type":"SearchAction","target":{"@type":"EntryPoint","urlTemplate":"https:\/\/festivalorigenes.com\/ca\/?s={search_term_string}"},"query-input":{"@type":"PropertyValueSpecification","valueRequired":true,"valueName":"search_term_string"}}],"inLanguage":"ca"},{"@type":"Organization","@id":"https:\/\/festivalorigenes.com\/ca\/#organization","name":"or\u00edGenes Festival Gastron\u00f2mic","url":"https:\/\/festivalorigenes.com\/ca\/","logo":{"@type":"ImageObject","inLanguage":"ca","@id":"https:\/\/festivalorigenes.com\/ca\/#\/schema\/logo\/image\/","url":"https:\/\/festivalorigenes.com\/wp-content\/uploads\/2020\/11\/124151422_123321709577698_694323274832345559_n.png","contentUrl":"https:\/\/festivalorigenes.com\/wp-content\/uploads\/2020\/11\/124151422_123321709577698_694323274832345559_n.png","width":401,"height":401,"caption":"or\u00edGenes Festival Gastron\u00f2mic"},"image":{"@id":"https:\/\/festivalorigenes.com\/ca\/#\/schema\/logo\/image\/"},"sameAs":["https:\/\/www.facebook.com\/origenesfestivalgastronomico\/","https:\/\/x.com\/origenesfest","https:\/\/www.instagram.com\/origenesfestivalgastronomico\/","https:\/\/www.linkedin.com\/company\/or\u00edgenes-festival-gastron\u00f3mico"]}]}},"_links":{"self":[{"href":"https:\/\/festivalorigenes.com\/ca\/wp-json\/wp\/v2\/pages\/3631","targetHints":{"allow":["GET"]}}],"collection":[{"href":"https:\/\/festivalorigenes.com\/ca\/wp-json\/wp\/v2\/pages"}],"about":[{"href":"https:\/\/festivalorigenes.com\/ca\/wp-json\/wp\/v2\/types\/page"}],"author":[{"embeddable":true,"href":"https:\/\/festivalorigenes.com\/ca\/wp-json\/wp\/v2\/users\/1"}],"replies":[{"embeddable":true,"href":"https:\/\/festivalorigenes.com\/ca\/wp-json\/wp\/v2\/comments?post=3631"}],"version-history":[{"count":241,"href":"https:\/\/festivalorigenes.com\/ca\/wp-json\/wp\/v2\/pages\/3631\/revisions"}],"predecessor-version":[{"id":10806,"href":"https:\/\/festivalorigenes.com\/ca\/wp-json\/wp\/v2\/pages\/3631\/revisions\/10806"}],"wp:attachment":[{"href":"https:\/\/festivalorigenes.com\/ca\/wp-json\/wp\/v2\/media?parent=3631"}],"curies":[{"name":"wp","href":"https:\/\/api.w.org\/{rel}","templated":true}]}}