{"id":3650,"date":"2020-12-22T15:48:29","date_gmt":"2020-12-22T15:48:29","guid":{"rendered":"https:\/\/festivalorigenes.com\/protagonistes\/albert-roca\/"},"modified":"2021-11-17T22:47:21","modified_gmt":"2021-11-17T22:47:21","slug":"albert-roca","status":"publish","type":"page","link":"https:\/\/festivalorigenes.com\/ca\/protagonistes-2021\/albert-roca\/","title":{"rendered":"Albert Roca"},"content":{"rendered":"\t\t<div data-elementor-type=\"wp-page\" data-elementor-id=\"3650\" class=\"elementor elementor-3650 elementor-672\" data-elementor-post-type=\"page\">\n\t\t\t\t\t\t<section class=\"elementor-section elementor-top-section elementor-element elementor-element-8acdc40 elementor-section-content-middle elementor-section-boxed elementor-section-height-default elementor-section-height-default\" data-id=\"8acdc40\" data-element_type=\"section\" data-settings=\"{&quot;background_background&quot;:&quot;classic&quot;}\">\n\t\t\t\t\t\t<div class=\"elementor-container elementor-column-gap-no\">\n\t\t\t\t\t<div class=\"elementor-column elementor-col-50 elementor-top-column elementor-element elementor-element-7dec30a6\" data-id=\"7dec30a6\" data-element_type=\"column\" data-settings=\"{&quot;background_background&quot;:&quot;classic&quot;}\">\n\t\t\t<div class=\"elementor-widget-wrap elementor-element-populated\">\n\t\t\t\t\t\t<div class=\"elementor-element elementor-element-2a3df0a elementor-widget elementor-widget-image\" data-id=\"2a3df0a\" data-element_type=\"widget\" data-widget_type=\"image.default\">\n\t\t\t\t<div class=\"elementor-widget-container\">\n\t\t\t\t\t\t\t\t\t\t\t\t\t\t\t<img fetchpriority=\"high\" decoding=\"async\" width=\"683\" height=\"1024\" src=\"https:\/\/festivalorigenes.com\/wp-content\/uploads\/2020\/11\/Festival-Gastrono\u0301mico-ori\u0301Genes-Albert-Roca-Helados-1-683x1024.jpg\" class=\"attachment-large size-large wp-image-3538\" alt=\"Albert Roca - Helados - or\u00edGenes Festival Gastron\u00f3mico\" srcset=\"https:\/\/festivalorigenes.com\/wp-content\/uploads\/2020\/11\/Festival-Gastrono\u0301mico-ori\u0301Genes-Albert-Roca-Helados-1-683x1024.jpg 683w, https:\/\/festivalorigenes.com\/wp-content\/uploads\/2020\/11\/Festival-Gastrono\u0301mico-ori\u0301Genes-Albert-Roca-Helados-1-200x300.jpg 200w, https:\/\/festivalorigenes.com\/wp-content\/uploads\/2020\/11\/Festival-Gastrono\u0301mico-ori\u0301Genes-Albert-Roca-Helados-1-768x1152.jpg 768w, https:\/\/festivalorigenes.com\/wp-content\/uploads\/2020\/11\/Festival-Gastrono\u0301mico-ori\u0301Genes-Albert-Roca-Helados-1.jpg 1000w\" sizes=\"(max-width: 683px) 100vw, 683px\" \/>\t\t\t\t\t\t\t\t\t\t\t\t\t\t\t<\/div>\n\t\t\t\t<\/div>\n\t\t\t\t\t<\/div>\n\t\t<\/div>\n\t\t\t\t<div class=\"elementor-column elementor-col-50 elementor-top-column elementor-element elementor-element-56019890\" data-id=\"56019890\" data-element_type=\"column\" data-settings=\"{&quot;background_background&quot;:&quot;classic&quot;}\">\n\t\t\t<div class=\"elementor-widget-wrap elementor-element-populated\">\n\t\t\t\t\t<div class=\"elementor-background-overlay\"><\/div>\n\t\t\t\t\t\t<div class=\"elementor-element elementor-element-26f2e7db animated-fast elementor-invisible elementor-widget elementor-widget-heading\" data-id=\"26f2e7db\" data-element_type=\"widget\" data-settings=\"{&quot;_animation&quot;:&quot;fadeIn&quot;}\" data-widget_type=\"heading.default\">\n\t\t\t\t<div class=\"elementor-widget-container\">\n\t\t\t\t\t<h2 class=\"elementor-heading-title elementor-size-default\">Albert Roca \n<\/h2>\t\t\t\t<\/div>\n\t\t\t\t<\/div>\n\t\t\t\t<div class=\"elementor-element elementor-element-5fbd40c animated-fast elementor-invisible elementor-widget elementor-widget-heading\" data-id=\"5fbd40c\" data-element_type=\"widget\" data-settings=\"{&quot;_animation&quot;:&quot;fadeIn&quot;}\" data-widget_type=\"heading.default\">\n\t\t\t\t<div class=\"elementor-widget-container\">\n\t\t\t\t\t<p class=\"elementor-heading-title elementor-size-default\">Sant Boi de Llobregat, Barcelona\n<\/p>\t\t\t\t<\/div>\n\t\t\t\t<\/div>\n\t\t\t\t<div class=\"elementor-element elementor-element-27a3ddf1 elementor-invisible elementor-widget elementor-widget-text-editor\" data-id=\"27a3ddf1\" data-element_type=\"widget\" data-settings=\"{&quot;_animation&quot;:&quot;fadeIn&quot;}\" data-widget_type=\"text-editor.default\">\n\t\t\t\t<div class=\"elementor-widget-container\">\n\t\t\t\t\t\t\t\t\t<p class=\"p1\">Propietari i cap d&#8217;obrador a SantCroi. Un projecte familiar en cont\u00ednua evoluci\u00f3 centrat en el m\u00f3n dels dol\u00e7os.<\/p>\n\t\t\t\t\t\t\t\t<\/div>\n\t\t\t\t<\/div>\n\t\t\t\t<div class=\"elementor-element elementor-element-5454e2c elementor-align-left elementor-icon-list--layout-traditional elementor-list-item-link-full_width elementor-widget elementor-widget-icon-list\" data-id=\"5454e2c\" data-element_type=\"widget\" data-widget_type=\"icon-list.default\">\n\t\t\t\t<div class=\"elementor-widget-container\">\n\t\t\t\t\t\t\t<ul class=\"elementor-icon-list-items\">\n\t\t\t\t\t\t\t<li class=\"elementor-icon-list-item\">\n\t\t\t\t\t\t\t\t\t\t\t<span class=\"elementor-icon-list-icon\">\n\t\t\t\t\t\t\t<i aria-hidden=\"true\" class=\"fas fa-trophy\"><\/i>\t\t\t\t\t\t<\/span>\n\t\t\t\t\t\t\t\t\t\t<span class=\"elementor-icon-list-text\">Membre del col\u00b7lectiu 21 Brix<\/span>\n\t\t\t\t\t\t\t\t\t<\/li>\n\t\t\t\t\t\t\t\t<li class=\"elementor-icon-list-item\">\n\t\t\t\t\t\t\t\t\t\t\t<span class=\"elementor-icon-list-icon\">\n\t\t\t\t\t\t\t<i aria-hidden=\"true\" class=\"fas fa-trophy\"><\/i>\t\t\t\t\t\t<\/span>\n\t\t\t\t\t\t\t\t\t\t<span class=\"elementor-icon-list-text\">Equip finalista copa del m\u00f3n Gelat 2020<\/span>\n\t\t\t\t\t\t\t\t\t<\/li>\n\t\t\t\t\t\t\t\t<li class=\"elementor-icon-list-item\">\n\t\t\t\t\t\t\t\t\t\t\t<span class=\"elementor-icon-list-icon\">\n\t\t\t\t\t\t\t<i aria-hidden=\"true\" class=\"fas fa-trophy\"><\/i>\t\t\t\t\t\t<\/span>\n\t\t\t\t\t\t\t\t\t\t<span class=\"elementor-icon-list-text\">Millor croissant d'Espanya 2009 i 2018<\/span>\n\t\t\t\t\t\t\t\t\t<\/li>\n\t\t\t\t\t\t\t\t<li class=\"elementor-icon-list-item\">\n\t\t\t\t\t\t\t\t\t\t\t<span class=\"elementor-icon-list-icon\">\n\t\t\t\t\t\t\t<i aria-hidden=\"true\" class=\"fas fa-trophy\"><\/i>\t\t\t\t\t\t<\/span>\n\t\t\t\t\t\t\t\t\t\t<span class=\"elementor-icon-list-text\">Creador de Grins, les primeres p\u00edndoles de xocolata veganes.<\/span>\n\t\t\t\t\t\t\t\t\t<\/li>\n\t\t\t\t\t\t<\/ul>\n\t\t\t\t\t\t<\/div>\n\t\t\t\t<\/div>\n\t\t\t\t\t<\/div>\n\t\t<\/div>\n\t\t\t\t\t<\/div>\n\t\t<\/section>\n\t\t\t\t<section class=\"elementor-section elementor-top-section elementor-element elementor-element-1db8a39 elementor-section-full_width elementor-section-content-bottom elementor-reverse-mobile elementor-section-height-default elementor-section-height-default\" data-id=\"1db8a39\" data-element_type=\"section\" data-settings=\"{&quot;background_background&quot;:&quot;classic&quot;}\">\n\t\t\t\t\t\t<div class=\"elementor-container elementor-column-gap-no\">\n\t\t\t\t\t<div class=\"elementor-column elementor-col-50 elementor-top-column elementor-element elementor-element-ecb87e6\" data-id=\"ecb87e6\" data-element_type=\"column\" data-settings=\"{&quot;background_background&quot;:&quot;classic&quot;}\">\n\t\t\t<div class=\"elementor-widget-wrap elementor-element-populated\">\n\t\t\t\t\t\t<section class=\"elementor-section elementor-inner-section elementor-element elementor-element-35f5cd8 elementor-reverse-tablet elementor-reverse-mobile elementor-section-boxed elementor-section-height-default elementor-section-height-default\" data-id=\"35f5cd8\" data-element_type=\"section\">\n\t\t\t\t\t\t<div class=\"elementor-container elementor-column-gap-default\">\n\t\t\t\t\t<div class=\"elementor-column elementor-col-100 elementor-inner-column elementor-element elementor-element-8dc1358\" data-id=\"8dc1358\" data-element_type=\"column\">\n\t\t\t<div class=\"elementor-widget-wrap elementor-element-populated\">\n\t\t\t\t\t\t<div class=\"elementor-element elementor-element-ec876ff elementor-widget elementor-widget-image\" data-id=\"ec876ff\" data-element_type=\"widget\" data-widget_type=\"image.default\">\n\t\t\t\t<div class=\"elementor-widget-container\">\n\t\t\t\t\t\t\t\t\t\t\t\t\t\t\t<img decoding=\"async\" width=\"200\" height=\"154\" src=\"https:\/\/festivalorigenes.com\/wp-content\/uploads\/2020\/09\/quote-1.png\" class=\"attachment-medium size-medium wp-image-3454\" alt=\"\" \/>\t\t\t\t\t\t\t\t\t\t\t\t\t\t\t<\/div>\n\t\t\t\t<\/div>\n\t\t\t\t<div class=\"elementor-element elementor-element-7014c44 elementor-widget elementor-widget-heading\" data-id=\"7014c44\" data-element_type=\"widget\" data-widget_type=\"heading.default\">\n\t\t\t\t<div class=\"elementor-widget-container\">\n\t\t\t\t\t<h3 class=\"elementor-heading-title elementor-size-medium\">Hem de tenir molta cura amb qu\u00e8 donem de menjar als nens. Des de petits, hem d'educar-los amb ingredients de gran qualitat. Ens transformem en all\u00f2 que mengem. No s'hi val tot. - Albert Roca -<\/h3>\t\t\t\t<\/div>\n\t\t\t\t<\/div>\n\t\t\t\t\t<\/div>\n\t\t<\/div>\n\t\t\t\t\t<\/div>\n\t\t<\/section>\n\t\t\t\t\t<\/div>\n\t\t<\/div>\n\t\t\t\t<div class=\"elementor-column elementor-col-50 elementor-top-column elementor-element elementor-element-b92bc49\" data-id=\"b92bc49\" data-element_type=\"column\" data-settings=\"{&quot;background_background&quot;:&quot;classic&quot;}\">\n\t\t\t<div class=\"elementor-widget-wrap elementor-element-populated\">\n\t\t\t\t\t<div class=\"elementor-background-overlay\"><\/div>\n\t\t\t\t\t\t<div class=\"elementor-element elementor-element-840a74c elementor-widget elementor-widget-video\" data-id=\"840a74c\" data-element_type=\"widget\" data-settings=\"{&quot;youtube_url&quot;:&quot;https:\\\/\\\/youtu.be\\\/6EfylPdTPcg&quot;,&quot;video_type&quot;:&quot;youtube&quot;,&quot;controls&quot;:&quot;yes&quot;}\" data-widget_type=\"video.default\">\n\t\t\t\t<div class=\"elementor-widget-container\">\n\t\t\t\t\t\t\t<div class=\"elementor-wrapper elementor-open-inline\">\n\t\t\t<div class=\"elementor-video\"><\/div>\t\t<\/div>\n\t\t\t\t\t\t<\/div>\n\t\t\t\t<\/div>\n\t\t\t\t\t<\/div>\n\t\t<\/div>\n\t\t\t\t\t<\/div>\n\t\t<\/section>\n\t\t\t\t<section class=\"elementor-section elementor-top-section elementor-element elementor-element-58686d7 elementor-section-content-bottom elementor-section-full_width elementor-section-height-default elementor-section-height-default\" data-id=\"58686d7\" data-element_type=\"section\" data-settings=\"{&quot;background_background&quot;:&quot;classic&quot;}\">\n\t\t\t\t\t\t<div class=\"elementor-container elementor-column-gap-no\">\n\t\t\t\t\t<div class=\"elementor-column elementor-col-50 elementor-top-column elementor-element elementor-element-49d92e5\" data-id=\"49d92e5\" data-element_type=\"column\" data-settings=\"{&quot;background_background&quot;:&quot;classic&quot;}\">\n\t\t\t<div class=\"elementor-widget-wrap elementor-element-populated\">\n\t\t\t\t\t<div class=\"elementor-background-overlay\"><\/div>\n\t\t\t\t\t\t<div class=\"elementor-element elementor-element-339479a elementor-widget elementor-widget-spacer\" data-id=\"339479a\" data-element_type=\"widget\" data-widget_type=\"spacer.default\">\n\t\t\t\t<div class=\"elementor-widget-container\">\n\t\t\t\t\t\t\t<div class=\"elementor-spacer\">\n\t\t\t<div class=\"elementor-spacer-inner\"><\/div>\n\t\t<\/div>\n\t\t\t\t\t\t<\/div>\n\t\t\t\t<\/div>\n\t\t\t\t\t<\/div>\n\t\t<\/div>\n\t\t\t\t<div class=\"elementor-column elementor-col-50 elementor-top-column elementor-element elementor-element-8ac6473\" data-id=\"8ac6473\" data-element_type=\"column\" data-settings=\"{&quot;background_background&quot;:&quot;classic&quot;}\">\n\t\t\t<div class=\"elementor-widget-wrap elementor-element-populated\">\n\t\t\t\t\t\t<section class=\"elementor-section elementor-inner-section elementor-element elementor-element-de831a3 elementor-reverse-tablet elementor-reverse-mobile elementor-section-boxed elementor-section-height-default elementor-section-height-default\" data-id=\"de831a3\" data-element_type=\"section\">\n\t\t\t\t\t\t<div class=\"elementor-container elementor-column-gap-default\">\n\t\t\t\t\t<div class=\"elementor-column elementor-col-100 elementor-inner-column elementor-element elementor-element-740dcc4\" data-id=\"740dcc4\" data-element_type=\"column\">\n\t\t\t<div class=\"elementor-widget-wrap elementor-element-populated\">\n\t\t\t\t\t\t<div class=\"elementor-element elementor-element-15089b7 elementor-widget elementor-widget-text-editor\" data-id=\"15089b7\" data-element_type=\"widget\" data-widget_type=\"text-editor.default\">\n\t\t\t\t<div class=\"elementor-widget-container\">\n\t\t\t\t\t\t\t\t\t<p class=\"p1\">Tinc una mentalitat de <strong>ll\u00e9pol etern<\/strong>, gaudeixo molt menjant, <strong>menjant dol\u00e7os<\/strong>, \u00e9s el que em diverteix realment. Des de nen, <strong>sempre menjava gelats<\/strong>, durant tot l&#8217;any.<\/p>\n<p>Quan creo una carta completa de productes, <strong>cada sabor t\u00e9 una personalitat<\/strong> pr\u00f2pia. M&#8217;obligo a <strong>no copiar-me a mi mateix<\/strong>. Treballo l&#8217;R+D i llavors el comparteixo amb l&#8217;equip de manera generosa; compartint coneixement i sensacions. <strong>Cuina \u00e9s un acte de generositat<\/strong>. Cuines per als altres, per donar plaer.<\/p>\n\t\t\t\t\t\t\t\t<\/div>\n\t\t\t\t<\/div>\n\t\t\t\t\t<\/div>\n\t\t<\/div>\n\t\t\t\t\t<\/div>\n\t\t<\/section>\n\t\t\t\t\t<\/div>\n\t\t<\/div>\n\t\t\t\t\t<\/div>\n\t\t<\/section>\n\t\t\t\t<section class=\"elementor-section elementor-top-section elementor-element elementor-element-9ccfc1f elementor-section-content-bottom elementor-section-full_width elementor-reverse-mobile elementor-section-height-default elementor-section-height-default\" data-id=\"9ccfc1f\" data-element_type=\"section\" data-settings=\"{&quot;background_background&quot;:&quot;classic&quot;}\">\n\t\t\t\t\t\t<div class=\"elementor-container elementor-column-gap-no\">\n\t\t\t\t\t<div class=\"elementor-column elementor-col-50 elementor-top-column elementor-element elementor-element-5a9399e\" data-id=\"5a9399e\" data-element_type=\"column\" data-settings=\"{&quot;background_background&quot;:&quot;classic&quot;}\">\n\t\t\t<div class=\"elementor-widget-wrap elementor-element-populated\">\n\t\t\t\t\t\t<section class=\"elementor-section elementor-inner-section elementor-element elementor-element-3ef05ff elementor-reverse-tablet elementor-reverse-mobile elementor-section-boxed elementor-section-height-default elementor-section-height-default\" data-id=\"3ef05ff\" data-element_type=\"section\">\n\t\t\t\t\t\t<div class=\"elementor-container elementor-column-gap-default\">\n\t\t\t\t\t<div class=\"elementor-column elementor-col-100 elementor-inner-column elementor-element elementor-element-c82d8f5\" data-id=\"c82d8f5\" data-element_type=\"column\">\n\t\t\t<div class=\"elementor-widget-wrap elementor-element-populated\">\n\t\t\t\t\t\t<div class=\"elementor-element elementor-element-8829b8f elementor-widget elementor-widget-text-editor\" data-id=\"8829b8f\" data-element_type=\"widget\" data-widget_type=\"text-editor.default\">\n\t\t\t\t<div class=\"elementor-widget-container\">\n\t\t\t\t\t\t\t\t\t<p class=\"p1\">El meu entorn, Sant Boi de Llobregat (Barcelona), t\u00e9 una <strong>gran riquesa a nivell de persones<\/strong> que <strong>respecten el producte i l&#8217;entorn<\/strong>. Treballo amb productes (fruita i herbes arom\u00e0tiques) que estan a 10 minuts del meu obrador.<\/p>\n<p class=\"p1\">Entendre l&#8217;<strong>origen<\/strong>, perqu\u00e8 els companys fan el que fan i tot el <strong>proc\u00e9s que hi ha darrere cada producte<\/strong> <strong>em fa ser responsable de la meva professi\u00f3<\/strong> i el de tots els companys amb els quals treballo. El meu projecte va m\u00e9s enll\u00e0 d&#8217;una jornada laboral; \u00e9s la meva <strong>passi\u00f3<\/strong>, la meva <strong>forma de viure<\/strong> i el meu <strong>hobby<\/strong>. Vull aportar <strong>m\u00e9s que satisfacci\u00f3 gastron\u00f2mica<\/strong>.<\/p>\n\t\t\t\t\t\t\t\t<\/div>\n\t\t\t\t<\/div>\n\t\t\t\t<div class=\"elementor-element elementor-element-ee8a8ae animated-fast elementor-invisible elementor-widget elementor-widget-heading\" data-id=\"ee8a8ae\" data-element_type=\"widget\" data-settings=\"{&quot;_animation&quot;:&quot;fadeIn&quot;}\" data-widget_type=\"heading.default\">\n\t\t\t\t<div class=\"elementor-widget-container\">\n\t\t\t\t\t<h2 class=\"elementor-heading-title elementor-size-default\">+ INFO<\/h2>\t\t\t\t<\/div>\n\t\t\t\t<\/div>\n\t\t\t\t<div class=\"elementor-element elementor-element-5b762d55 elementor-align-left elementor-widget elementor-widget-button\" data-id=\"5b762d55\" data-element_type=\"widget\" data-widget_type=\"button.default\">\n\t\t\t\t<div class=\"elementor-widget-container\">\n\t\t\t\t\t\t\t\t\t<div class=\"elementor-button-wrapper\">\n\t\t\t\t\t<a class=\"elementor-button elementor-button-link elementor-size-lg\" href=\"https:\/\/santcroi.com\/\" target=\"_blank\">\n\t\t\t\t\t\t<span class=\"elementor-button-content-wrapper\">\n\t\t\t\t\t\t<span class=\"elementor-button-icon\">\n\t\t\t\t<i aria-hidden=\"true\" class=\"fas fa-caret-right\"><\/i>\t\t\t<\/span>\n\t\t\t\t\t\t\t\t\t<span class=\"elementor-button-text\">Web<\/span>\n\t\t\t\t\t<\/span>\n\t\t\t\t\t<\/a>\n\t\t\t\t<\/div>\n\t\t\t\t\t\t\t\t<\/div>\n\t\t\t\t<\/div>\n\t\t\t\t<div class=\"elementor-element elementor-element-4d4aff55 elementor-shape-circle e-grid-align-left elementor-grid-2 elementor-widget elementor-widget-social-icons\" data-id=\"4d4aff55\" data-element_type=\"widget\" data-widget_type=\"social-icons.default\">\n\t\t\t\t<div class=\"elementor-widget-container\">\n\t\t\t\t\t\t\t<div class=\"elementor-social-icons-wrapper elementor-grid\" role=\"list\">\n\t\t\t\t\t\t\t<span class=\"elementor-grid-item\" role=\"listitem\">\n\t\t\t\t\t<a class=\"elementor-icon elementor-social-icon elementor-social-icon-instagram elementor-repeater-item-60dd2f6\" href=\"https:\/\/www.instagram.com\/sant_croi\/\" target=\"_blank\">\n\t\t\t\t\t\t<span class=\"elementor-screen-only\">Instagram<\/span>\n\t\t\t\t\t\t<i class=\"fab fa-instagram\"><\/i>\t\t\t\t\t<\/a>\n\t\t\t\t<\/span>\n\t\t\t\t\t\t\t<span class=\"elementor-grid-item\" role=\"listitem\">\n\t\t\t\t\t<a class=\"elementor-icon elementor-social-icon elementor-social-icon-facebook-f elementor-repeater-item-36dbf78\" href=\"https:\/\/www.facebook.com\/santcroibyalbertroca\/\" target=\"_blank\">\n\t\t\t\t\t\t<span class=\"elementor-screen-only\">Facebook-f<\/span>\n\t\t\t\t\t\t<i class=\"fab fa-facebook-f\"><\/i>\t\t\t\t\t<\/a>\n\t\t\t\t<\/span>\n\t\t\t\t\t<\/div>\n\t\t\t\t\t\t<\/div>\n\t\t\t\t<\/div>\n\t\t\t\t\t<\/div>\n\t\t<\/div>\n\t\t\t\t\t<\/div>\n\t\t<\/section>\n\t\t\t\t\t<\/div>\n\t\t<\/div>\n\t\t\t\t<div class=\"elementor-column elementor-col-50 elementor-top-column elementor-element elementor-element-98c429b\" data-id=\"98c429b\" data-element_type=\"column\" data-settings=\"{&quot;background_background&quot;:&quot;classic&quot;}\">\n\t\t\t<div class=\"elementor-widget-wrap elementor-element-populated\">\n\t\t\t\t\t<div class=\"elementor-background-overlay\"><\/div>\n\t\t\t\t\t\t<div class=\"elementor-element elementor-element-b4f3ffc elementor-widget elementor-widget-spacer\" data-id=\"b4f3ffc\" data-element_type=\"widget\" data-widget_type=\"spacer.default\">\n\t\t\t\t<div class=\"elementor-widget-container\">\n\t\t\t\t\t\t\t<div class=\"elementor-spacer\">\n\t\t\t<div class=\"elementor-spacer-inner\"><\/div>\n\t\t<\/div>\n\t\t\t\t\t\t<\/div>\n\t\t\t\t<\/div>\n\t\t\t\t\t<\/div>\n\t\t<\/div>\n\t\t\t\t\t<\/div>\n\t\t<\/section>\n\t\t\t\t<section class=\"elementor-section elementor-top-section elementor-element elementor-element-481222ca elementor-section-boxed elementor-section-height-default elementor-section-height-default\" data-id=\"481222ca\" data-element_type=\"section\">\n\t\t\t\t\t\t<div class=\"elementor-container elementor-column-gap-default\">\n\t\t\t\t\t<div class=\"elementor-column elementor-col-100 elementor-top-column elementor-element elementor-element-603857a9\" data-id=\"603857a9\" data-element_type=\"column\">\n\t\t\t<div class=\"elementor-widget-wrap elementor-element-populated\">\n\t\t\t\t\t\t<div class=\"elementor-element elementor-element-73c62303 elementor-widget elementor-widget-heading\" data-id=\"73c62303\" data-element_type=\"widget\" data-widget_type=\"heading.default\">\n\t\t\t\t<div class=\"elementor-widget-container\">\n\t\t\t\t\t<h2 class=\"elementor-heading-title elementor-size-default\">Descobreix m\u00e9s protagonistes<\/h2>\t\t\t\t<\/div>\n\t\t\t\t<\/div>\n\t\t\t\t<div class=\"elementor-element elementor-element-36db5559 elementor-arrows-position-outside elementor-pagination-position-outside elementor-widget elementor-widget-image-carousel\" data-id=\"36db5559\" data-element_type=\"widget\" data-settings=\"{&quot;slides_to_show&quot;:&quot;3&quot;,&quot;slides_to_scroll&quot;:&quot;1&quot;,&quot;slides_to_show_tablet&quot;:&quot;4&quot;,&quot;slides_to_show_mobile&quot;:&quot;1&quot;,&quot;navigation&quot;:&quot;both&quot;,&quot;autoplay&quot;:&quot;yes&quot;,&quot;pause_on_hover&quot;:&quot;yes&quot;,&quot;pause_on_interaction&quot;:&quot;yes&quot;,&quot;autoplay_speed&quot;:5000,&quot;infinite&quot;:&quot;yes&quot;,&quot;speed&quot;:500}\" data-widget_type=\"image-carousel.default\">\n\t\t\t\t<div class=\"elementor-widget-container\">\n\t\t\t\t\t\t\t<div class=\"elementor-image-carousel-wrapper swiper\" role=\"region\" aria-roledescription=\"carousel\" aria-label=\"Carrusel d&#039;imatges\" dir=\"ltr\">\n\t\t\t<div class=\"elementor-image-carousel swiper-wrapper\" aria-live=\"off\">\n\t\t\t\t\t\t\t\t<div class=\"swiper-slide\" role=\"group\" aria-roledescription=\"slide\" aria-label=\"1 de 11\"><a data-elementor-open-lightbox=\"yes\" data-elementor-lightbox-slideshow=\"36db5559\" data-elementor-lightbox-title=\"Carlos Piernas - Protagonista - ori\u0301Genes Festival gastron\u00f2mic\" data-e-action-hash=\"#elementor-action%3Aaction%3Dlightbox%26settings%3DeyJpZCI6MzUxMywidXJsIjoiaHR0cHM6XC9cL2Zlc3RpdmFsb3JpZ2VuZXMuY29tXC93cC1jb250ZW50XC91cGxvYWRzXC8yMDIwXC8xMVwvRmVzdGl2YWwtR2FzdHJvbm9cdTAzMDFtaWNvLW9yaVx1MDMwMUdlbmVzLUNhcmxvcy1QaWVybmFzLmpwZyIsInNsaWRlc2hvdyI6IjM2ZGI1NTU5In0%3D\" href=\"https:\/\/festivalorigenes.com\/ca\/protagonistes\/carlos-piernas\/,https:\/\/festivalorigenes.com\/ca\/protagonistes\/viri-fernandez\/,https:\/\/festivalorigenes.com\/ca\/protagonistes\/nacho-gomara\/,https:\/\/festivalorigenes.com\/ca\/protagonistes\/daniel-jorda\/,https:\/\/festivalorigenes.com\/ca\/protagonistes\/edu-torres\/,https:\/\/festivalorigenes.com\/ca\/protagonistes\/juan-angel-rodrigalvarez\/,https:\/\/festivalorigenes.com\/ca\/protagonistes\/anselmo-perez\/,https:\/\/festivalorigenes.com\/ca\/protagonistes\/gorka-rodriguez\/,https:\/\/festivalorigenes.com\/ca\/protagonistes\/eva-vila\/,https:\/\/festivalorigenes.com\/ca\/protagonistes\/jose-luis-dominguez\/,https:\/\/festivalorigenes.com\/ca\/protagonistes\/barbara-sanfilippo\/\"><figure class=\"swiper-slide-inner\"><img decoding=\"async\" class=\"swiper-slide-image\" src=\"https:\/\/festivalorigenes.com\/wp-content\/uploads\/elementor\/thumbs\/Festival-Gastrono\u0301mico-ori\u0301Genes-Carlos-Piernas-oy9s0mwskvyxw66a9recrhywbigt9gvg9ethdfiy0o.jpg\" alt=\"Carlos Piernas - Protagonista - ori\u0301Genes Festival gastron\u00f2mic\" \/><figcaption class=\"elementor-image-carousel-caption\">Carlos Piernas<\/figcaption><\/figure><\/a><\/div><div class=\"swiper-slide\" role=\"group\" aria-roledescription=\"slide\" aria-label=\"2 de 11\"><a data-elementor-open-lightbox=\"yes\" data-elementor-lightbox-slideshow=\"36db5559\" data-elementor-lightbox-title=\"Festival Gastrono\u0301mico ori\u0301Genes - Viri Ferna\u0301ndez\" data-e-action-hash=\"#elementor-action%3Aaction%3Dlightbox%26settings%3DeyJpZCI6MzUwNiwidXJsIjoiaHR0cHM6XC9cL2Zlc3RpdmFsb3JpZ2VuZXMuY29tXC93cC1jb250ZW50XC91cGxvYWRzXC8yMDIwXC8xMVwvRmVzdGl2YWwtR2FzdHJvbm9cdTAzMDFtaWNvLW9yaVx1MDMwMUdlbmVzLVZpcmktRmVybmFcdTAzMDFuZGV6LmpwZyIsInNsaWRlc2hvdyI6IjM2ZGI1NTU5In0%3D\" href=\"https:\/\/festivalorigenes.com\/ca\/protagonistes\/carlos-piernas\/,https:\/\/festivalorigenes.com\/ca\/protagonistes\/viri-fernandez\/,https:\/\/festivalorigenes.com\/ca\/protagonistes\/nacho-gomara\/,https:\/\/festivalorigenes.com\/ca\/protagonistes\/daniel-jorda\/,https:\/\/festivalorigenes.com\/ca\/protagonistes\/edu-torres\/,https:\/\/festivalorigenes.com\/ca\/protagonistes\/juan-angel-rodrigalvarez\/,https:\/\/festivalorigenes.com\/ca\/protagonistes\/anselmo-perez\/,https:\/\/festivalorigenes.com\/ca\/protagonistes\/gorka-rodriguez\/,https:\/\/festivalorigenes.com\/ca\/protagonistes\/eva-vila\/,https:\/\/festivalorigenes.com\/ca\/protagonistes\/jose-luis-dominguez\/,https:\/\/festivalorigenes.com\/ca\/protagonistes\/barbara-sanfilippo\/\"><figure class=\"swiper-slide-inner\"><img decoding=\"async\" class=\"swiper-slide-image\" src=\"https:\/\/festivalorigenes.com\/wp-content\/uploads\/elementor\/thumbs\/Festival-Gastrono\u0301mico-ori\u0301Genes-Viri-Ferna\u0301ndez-oy9r28zck2wb5q4g2eap1octz1yeo3cyj7n0c0ifnc.jpg\" alt=\"Viri Fern\u00e1ndez - Protagonista - or\u00edGenes Festival Gastrono\u0301mico\" \/><figcaption class=\"elementor-image-carousel-caption\">Viri Fern\u00e1ndez<\/figcaption><\/figure><\/a><\/div><div class=\"swiper-slide\" role=\"group\" aria-roledescription=\"slide\" aria-label=\"3 de 11\"><a data-elementor-open-lightbox=\"yes\" data-elementor-lightbox-slideshow=\"36db5559\" data-elementor-lightbox-title=\"Nacho G\u00f3mara - Protagonista - ori\u0301Genes Festival gastron\u00f2mic\" data-e-action-hash=\"#elementor-action%3Aaction%3Dlightbox%26settings%3DeyJpZCI6MzUxNiwidXJsIjoiaHR0cHM6XC9cL2Zlc3RpdmFsb3JpZ2VuZXMuY29tXC93cC1jb250ZW50XC91cGxvYWRzXC8yMDIwXC8xMVwvRmVzdGl2YWwtR2FzdHJvbm9cdTAzMDFtaWNvLW9yaVx1MDMwMUdlbmVzLU5hY2hvLUdvXHUwMzAxbWFyYS5qcGciLCJzbGlkZXNob3ciOiIzNmRiNTU1OSJ9\" href=\"https:\/\/festivalorigenes.com\/ca\/protagonistes\/carlos-piernas\/,https:\/\/festivalorigenes.com\/ca\/protagonistes\/viri-fernandez\/,https:\/\/festivalorigenes.com\/ca\/protagonistes\/nacho-gomara\/,https:\/\/festivalorigenes.com\/ca\/protagonistes\/daniel-jorda\/,https:\/\/festivalorigenes.com\/ca\/protagonistes\/edu-torres\/,https:\/\/festivalorigenes.com\/ca\/protagonistes\/juan-angel-rodrigalvarez\/,https:\/\/festivalorigenes.com\/ca\/protagonistes\/anselmo-perez\/,https:\/\/festivalorigenes.com\/ca\/protagonistes\/gorka-rodriguez\/,https:\/\/festivalorigenes.com\/ca\/protagonistes\/eva-vila\/,https:\/\/festivalorigenes.com\/ca\/protagonistes\/jose-luis-dominguez\/,https:\/\/festivalorigenes.com\/ca\/protagonistes\/barbara-sanfilippo\/\"><figure class=\"swiper-slide-inner\"><img decoding=\"async\" class=\"swiper-slide-image\" src=\"https:\/\/festivalorigenes.com\/wp-content\/uploads\/elementor\/thumbs\/Festival-Gastrono\u0301mico-ori\u0301Genes-Nacho-Go\u0301mara-oy9scdw60c1z0p3vnu8gxj8bmwjzh9invkdzby3s8o.jpg\" alt=\"Nacho G\u00f3mara - Protagonista - ori\u0301Genes Festival gastron\u00f2mic\" \/><figcaption class=\"elementor-image-carousel-caption\">Nacho G\u00f3mara<\/figcaption><\/figure><\/a><\/div><div class=\"swiper-slide\" role=\"group\" aria-roledescription=\"slide\" aria-label=\"4 de 11\"><a data-elementor-open-lightbox=\"yes\" data-elementor-lightbox-slideshow=\"36db5559\" data-elementor-lightbox-title=\"Daniel Jord\u00e0 - Protagonista - ori\u0301Genes Festival gastron\u00f2mic\" data-e-action-hash=\"#elementor-action%3Aaction%3Dlightbox%26settings%3DeyJpZCI6MzUyMywidXJsIjoiaHR0cHM6XC9cL2Zlc3RpdmFsb3JpZ2VuZXMuY29tXC93cC1jb250ZW50XC91cGxvYWRzXC8yMDIwXC8xMVwvRmVzdGl2YWwtR2FzdHJvbm9cdTAzMDFtaWNvLW9yaVx1MDMwMUdlbmVzLURhbmllbC1Kb3JkYVx1MDMwMC5qcGciLCJzbGlkZXNob3ciOiIzNmRiNTU1OSJ9\" href=\"https:\/\/festivalorigenes.com\/ca\/protagonistes\/carlos-piernas\/,https:\/\/festivalorigenes.com\/ca\/protagonistes\/viri-fernandez\/,https:\/\/festivalorigenes.com\/ca\/protagonistes\/nacho-gomara\/,https:\/\/festivalorigenes.com\/ca\/protagonistes\/daniel-jorda\/,https:\/\/festivalorigenes.com\/ca\/protagonistes\/edu-torres\/,https:\/\/festivalorigenes.com\/ca\/protagonistes\/juan-angel-rodrigalvarez\/,https:\/\/festivalorigenes.com\/ca\/protagonistes\/anselmo-perez\/,https:\/\/festivalorigenes.com\/ca\/protagonistes\/gorka-rodriguez\/,https:\/\/festivalorigenes.com\/ca\/protagonistes\/eva-vila\/,https:\/\/festivalorigenes.com\/ca\/protagonistes\/jose-luis-dominguez\/,https:\/\/festivalorigenes.com\/ca\/protagonistes\/barbara-sanfilippo\/\"><figure class=\"swiper-slide-inner\"><img decoding=\"async\" class=\"swiper-slide-image\" src=\"https:\/\/festivalorigenes.com\/wp-content\/uploads\/elementor\/thumbs\/Festival-Gastrono\u0301mico-ori\u0301Genes-Daniel-Jorda\u0300-oy9sjq0tcs3jn4g7tiemw6kuk6e4k7n8jvpf6p85o8.jpg\" alt=\"Daniel Jord\u00e0 - Protagonista - ori\u0301Genes Festival gastron\u00f2mic\" \/><figcaption class=\"elementor-image-carousel-caption\">Daniel Jord\u00e0<\/figcaption><\/figure><\/a><\/div><div class=\"swiper-slide\" role=\"group\" aria-roledescription=\"slide\" aria-label=\"5 de 11\"><a data-elementor-open-lightbox=\"yes\" data-elementor-lightbox-slideshow=\"36db5559\" data-elementor-lightbox-title=\"Edu Torres - Protagonista - ori\u0301Genes Festival gastron\u00f2mic\" data-e-action-hash=\"#elementor-action%3Aaction%3Dlightbox%26settings%3DeyJpZCI6MzQ5OSwidXJsIjoiaHR0cHM6XC9cL2Zlc3RpdmFsb3JpZ2VuZXMuY29tXC93cC1jb250ZW50XC91cGxvYWRzXC8yMDIwXC8xMVwvRmVzdGl2YWwtR2FzdHJvbm9cdTAzMDFtaWNvLW9yaVx1MDMwMUdlbmVzLUVkdS1Ub3JyZXMtMS5qcGciLCJzbGlkZXNob3ciOiIzNmRiNTU1OSJ9\" href=\"https:\/\/festivalorigenes.com\/ca\/protagonistes\/carlos-piernas\/,https:\/\/festivalorigenes.com\/ca\/protagonistes\/viri-fernandez\/,https:\/\/festivalorigenes.com\/ca\/protagonistes\/nacho-gomara\/,https:\/\/festivalorigenes.com\/ca\/protagonistes\/daniel-jorda\/,https:\/\/festivalorigenes.com\/ca\/protagonistes\/edu-torres\/,https:\/\/festivalorigenes.com\/ca\/protagonistes\/juan-angel-rodrigalvarez\/,https:\/\/festivalorigenes.com\/ca\/protagonistes\/anselmo-perez\/,https:\/\/festivalorigenes.com\/ca\/protagonistes\/gorka-rodriguez\/,https:\/\/festivalorigenes.com\/ca\/protagonistes\/eva-vila\/,https:\/\/festivalorigenes.com\/ca\/protagonistes\/jose-luis-dominguez\/,https:\/\/festivalorigenes.com\/ca\/protagonistes\/barbara-sanfilippo\/\"><figure class=\"swiper-slide-inner\"><img decoding=\"async\" class=\"swiper-slide-image\" src=\"https:\/\/festivalorigenes.com\/wp-content\/uploads\/elementor\/thumbs\/Festival-Gastrono\u0301mico-ori\u0301Genes-Edu-Torres-1-oy9h2z44br2tjbzlz3k80c6814rskx2egyxssl7lx4.jpg\" alt=\"Edu Torres - Protagonista - ori\u0301Genes Festival gastron\u00f2mic\" \/><figcaption class=\"elementor-image-carousel-caption\">Edu Torres<\/figcaption><\/figure><\/a><\/div><div class=\"swiper-slide\" role=\"group\" aria-roledescription=\"slide\" aria-label=\"6 de 11\"><a data-elementor-open-lightbox=\"yes\" data-elementor-lightbox-slideshow=\"36db5559\" data-elementor-lightbox-title=\"Juan \u00c1ngel Rodrig\u00e1lvarez - Protagonista - ori\u0301Genes Festival gastron\u00f2mic\" data-e-action-hash=\"#elementor-action%3Aaction%3Dlightbox%26settings%3DeyJpZCI6MzUyNSwidXJsIjoiaHR0cHM6XC9cL2Zlc3RpdmFsb3JpZ2VuZXMuY29tXC93cC1jb250ZW50XC91cGxvYWRzXC8yMDIwXC8xMVwvRmVzdGl2YWwtR2FzdHJvbm9cdTAzMDFtaWNvLW9yaVx1MDMwMUdlbmVzLUp1YW4tQVx1MDMwMW5nZWwtUm9kcmlcdTAzMDFndWV6LmpwZyIsInNsaWRlc2hvdyI6IjM2ZGI1NTU5In0%3D\" href=\"https:\/\/festivalorigenes.com\/ca\/protagonistes\/carlos-piernas\/,https:\/\/festivalorigenes.com\/ca\/protagonistes\/viri-fernandez\/,https:\/\/festivalorigenes.com\/ca\/protagonistes\/nacho-gomara\/,https:\/\/festivalorigenes.com\/ca\/protagonistes\/daniel-jorda\/,https:\/\/festivalorigenes.com\/ca\/protagonistes\/edu-torres\/,https:\/\/festivalorigenes.com\/ca\/protagonistes\/juan-angel-rodrigalvarez\/,https:\/\/festivalorigenes.com\/ca\/protagonistes\/anselmo-perez\/,https:\/\/festivalorigenes.com\/ca\/protagonistes\/gorka-rodriguez\/,https:\/\/festivalorigenes.com\/ca\/protagonistes\/eva-vila\/,https:\/\/festivalorigenes.com\/ca\/protagonistes\/jose-luis-dominguez\/,https:\/\/festivalorigenes.com\/ca\/protagonistes\/barbara-sanfilippo\/\"><figure class=\"swiper-slide-inner\"><img decoding=\"async\" class=\"swiper-slide-image\" src=\"https:\/\/festivalorigenes.com\/wp-content\/uploads\/elementor\/thumbs\/Festival-Gastrono\u0301mico-ori\u0301Genes-Juan-A\u0301ngel-Rodri\u0301guez-oy9stqyu95tnhdvx9ufdhnhuo4z2nzg5xi7vgyczaw.jpg\" alt=\"Juan \u00c1ngel Rodrig\u00e1lvarez - Protagonista - ori\u0301Genes Festival gastron\u00f2mic\" \/><figcaption class=\"elementor-image-carousel-caption\">Juan \u00c1ngel Rodrig\u00e1lvarez<\/figcaption><\/figure><\/a><\/div><div class=\"swiper-slide\" role=\"group\" aria-roledescription=\"slide\" aria-label=\"7 de 11\"><a data-elementor-open-lightbox=\"yes\" data-elementor-lightbox-slideshow=\"36db5559\" data-elementor-lightbox-title=\"Anselmo_Perez_Festival_oriGenes4\" data-e-action-hash=\"#elementor-action%3Aaction%3Dlightbox%26settings%3DeyJpZCI6MzU0MywidXJsIjoiaHR0cHM6XC9cL2Zlc3RpdmFsb3JpZ2VuZXMuY29tXC93cC1jb250ZW50XC91cGxvYWRzXC8yMDIwXC8xMlwvQW5zZWxtb19QZXJlel9GZXN0aXZhbF9vcmlHZW5lczQuanBnIiwic2xpZGVzaG93IjoiMzZkYjU1NTkifQ%3D%3D\" href=\"https:\/\/festivalorigenes.com\/ca\/protagonistes\/carlos-piernas\/,https:\/\/festivalorigenes.com\/ca\/protagonistes\/viri-fernandez\/,https:\/\/festivalorigenes.com\/ca\/protagonistes\/nacho-gomara\/,https:\/\/festivalorigenes.com\/ca\/protagonistes\/daniel-jorda\/,https:\/\/festivalorigenes.com\/ca\/protagonistes\/edu-torres\/,https:\/\/festivalorigenes.com\/ca\/protagonistes\/juan-angel-rodrigalvarez\/,https:\/\/festivalorigenes.com\/ca\/protagonistes\/anselmo-perez\/,https:\/\/festivalorigenes.com\/ca\/protagonistes\/gorka-rodriguez\/,https:\/\/festivalorigenes.com\/ca\/protagonistes\/eva-vila\/,https:\/\/festivalorigenes.com\/ca\/protagonistes\/jose-luis-dominguez\/,https:\/\/festivalorigenes.com\/ca\/protagonistes\/barbara-sanfilippo\/\"><figure class=\"swiper-slide-inner\"><img decoding=\"async\" class=\"swiper-slide-image\" src=\"https:\/\/festivalorigenes.com\/wp-content\/uploads\/elementor\/thumbs\/Anselmo_Perez_Festival_oriGenes4-ozngu9tepzh9wl0jazrrpza0dupq6l0xg48ikkibp4.jpg\" alt=\"Anselmo P\u00e9rez - or\u00edGenes Festival Gastron\u00f3mico\" \/><figcaption class=\"elementor-image-carousel-caption\">Anselmo P\u00e9rez<\/figcaption><\/figure><\/a><\/div><div class=\"swiper-slide\" role=\"group\" aria-roledescription=\"slide\" aria-label=\"8 de 11\"><a data-elementor-open-lightbox=\"yes\" data-elementor-lightbox-slideshow=\"36db5559\" data-elementor-lightbox-title=\"Gorka Rodri\u0301guez - Protagonista - ori\u0301Genes Festival Gastron\u00f2mic\" data-e-action-hash=\"#elementor-action%3Aaction%3Dlightbox%26settings%3DeyJpZCI6Mzg5NiwidXJsIjoiaHR0cHM6XC9cL2Zlc3RpdmFsb3JpZ2VuZXMuY29tXC93cC1jb250ZW50XC91cGxvYWRzXC8yMDIxXC8wMVwvR29ya2EtUm9kcmlcdTAzMDFndWV6LVByb3RhZ29uaXN0YS1vcmlcdTAzMDFHZW5lcy1GZXN0aXZhbC1HYXN0cm9ub1x1MDMwMW1pY28uanBnIiwic2xpZGVzaG93IjoiMzZkYjU1NTkifQ%3D%3D\" href=\"https:\/\/festivalorigenes.com\/ca\/protagonistes\/carlos-piernas\/,https:\/\/festivalorigenes.com\/ca\/protagonistes\/viri-fernandez\/,https:\/\/festivalorigenes.com\/ca\/protagonistes\/nacho-gomara\/,https:\/\/festivalorigenes.com\/ca\/protagonistes\/daniel-jorda\/,https:\/\/festivalorigenes.com\/ca\/protagonistes\/edu-torres\/,https:\/\/festivalorigenes.com\/ca\/protagonistes\/juan-angel-rodrigalvarez\/,https:\/\/festivalorigenes.com\/ca\/protagonistes\/anselmo-perez\/,https:\/\/festivalorigenes.com\/ca\/protagonistes\/gorka-rodriguez\/,https:\/\/festivalorigenes.com\/ca\/protagonistes\/eva-vila\/,https:\/\/festivalorigenes.com\/ca\/protagonistes\/jose-luis-dominguez\/,https:\/\/festivalorigenes.com\/ca\/protagonistes\/barbara-sanfilippo\/\"><figure class=\"swiper-slide-inner\"><img decoding=\"async\" class=\"swiper-slide-image\" src=\"https:\/\/festivalorigenes.com\/wp-content\/uploads\/elementor\/thumbs\/Gorka-Rodri\u0301guez-Protagonista-ori\u0301Genes-Festival-Gastrono\u0301mico-p24gmls0y28210k24ra4g9aoiom31c9q1ykkl26gmw.jpg\" alt=\"Gorka Rodri\u0301guez - Protagonista - ori\u0301Genes Festival Gastrono\u0301mico\" \/><figcaption class=\"elementor-image-carousel-caption\">Gorka Rodr\u00edguez<\/figcaption><\/figure><\/a><\/div><div class=\"swiper-slide\" role=\"group\" aria-roledescription=\"slide\" aria-label=\"9 de 11\"><a data-elementor-open-lightbox=\"yes\" data-elementor-lightbox-slideshow=\"36db5559\" data-elementor-lightbox-title=\"Eva Vila - Protagonista - ori\u0301Genes Festival Gastrono\u0301mico\" data-e-action-hash=\"#elementor-action%3Aaction%3Dlightbox%26settings%3DeyJpZCI6NDAzNCwidXJsIjoiaHR0cHM6XC9cL2Zlc3RpdmFsb3JpZ2VuZXMuY29tXC93cC1jb250ZW50XC91cGxvYWRzXC8yMDIxXC8wMlwvRXZhLVZpbGEtUHJvdGFnb25pc3RhLW9yaVx1MDMwMUdlbmVzLUZlc3RpdmFsLUdhc3Ryb25vXHUwMzAxbWljby5qcGciLCJzbGlkZXNob3ciOiIzNmRiNTU1OSJ9\" href=\"https:\/\/festivalorigenes.com\/ca\/protagonistes\/carlos-piernas\/,https:\/\/festivalorigenes.com\/ca\/protagonistes\/viri-fernandez\/,https:\/\/festivalorigenes.com\/ca\/protagonistes\/nacho-gomara\/,https:\/\/festivalorigenes.com\/ca\/protagonistes\/daniel-jorda\/,https:\/\/festivalorigenes.com\/ca\/protagonistes\/edu-torres\/,https:\/\/festivalorigenes.com\/ca\/protagonistes\/juan-angel-rodrigalvarez\/,https:\/\/festivalorigenes.com\/ca\/protagonistes\/anselmo-perez\/,https:\/\/festivalorigenes.com\/ca\/protagonistes\/gorka-rodriguez\/,https:\/\/festivalorigenes.com\/ca\/protagonistes\/eva-vila\/,https:\/\/festivalorigenes.com\/ca\/protagonistes\/jose-luis-dominguez\/,https:\/\/festivalorigenes.com\/ca\/protagonistes\/barbara-sanfilippo\/\"><figure class=\"swiper-slide-inner\"><img decoding=\"async\" class=\"swiper-slide-image\" src=\"https:\/\/festivalorigenes.com\/wp-content\/uploads\/elementor\/thumbs\/Eva-Vila-Protagonista-ori\u0301Genes-Festival-Gastrono\u0301mico-p2acpp9enq3fy25ij2j7vkgco86yor2p46hzedjmwo.jpg\" alt=\"Eva Vila - ori\u0301Genes Festival Gastrono\u0301mico\" \/><figcaption class=\"elementor-image-carousel-caption\">Eva Vila<\/figcaption><\/figure><\/a><\/div><div class=\"swiper-slide\" role=\"group\" aria-roledescription=\"slide\" aria-label=\"10 de 11\"><a data-elementor-open-lightbox=\"yes\" data-elementor-lightbox-slideshow=\"36db5559\" data-elementor-lightbox-title=\"Jos\u00e9 Luis Dominguez - Protagonista - ori\u0301Genes Festival Gastron\u00f2mic\" data-e-action-hash=\"#elementor-action%3Aaction%3Dlightbox%26settings%3DeyJpZCI6NDI2NiwidXJsIjoiaHR0cHM6XC9cL2Zlc3RpdmFsb3JpZ2VuZXMuY29tXC93cC1jb250ZW50XC91cGxvYWRzXC8yMDIxXC8wM1wvb3JpZ2VuZXNfZmVzdGl2YWxfZ2FzdHJvbm9taWNvX2pvc2VfbHVpc19kb21pbmd1ZXouanBnIiwic2xpZGVzaG93IjoiMzZkYjU1NTkifQ%3D%3D\" href=\"https:\/\/festivalorigenes.com\/ca\/protagonistes\/carlos-piernas\/,https:\/\/festivalorigenes.com\/ca\/protagonistes\/viri-fernandez\/,https:\/\/festivalorigenes.com\/ca\/protagonistes\/nacho-gomara\/,https:\/\/festivalorigenes.com\/ca\/protagonistes\/daniel-jorda\/,https:\/\/festivalorigenes.com\/ca\/protagonistes\/edu-torres\/,https:\/\/festivalorigenes.com\/ca\/protagonistes\/juan-angel-rodrigalvarez\/,https:\/\/festivalorigenes.com\/ca\/protagonistes\/anselmo-perez\/,https:\/\/festivalorigenes.com\/ca\/protagonistes\/gorka-rodriguez\/,https:\/\/festivalorigenes.com\/ca\/protagonistes\/eva-vila\/,https:\/\/festivalorigenes.com\/ca\/protagonistes\/jose-luis-dominguez\/,https:\/\/festivalorigenes.com\/ca\/protagonistes\/barbara-sanfilippo\/\"><figure class=\"swiper-slide-inner\"><img decoding=\"async\" class=\"swiper-slide-image\" src=\"https:\/\/festivalorigenes.com\/wp-content\/uploads\/elementor\/thumbs\/origenes_festival_gastronomico_jose_luis_dominguez-p4pdi5cneg0wpk9exjem6bcj61q4g6mqnkcqnquoxk.jpg\" alt=\"Jos\u00e9 Luis Dominguez - Protagonista - ori\u0301Genes Festival Gastron\u00f2mic\" \/><figcaption class=\"elementor-image-carousel-caption\">Jos\u00e9 Luis Dom\u00ednguez<\/figcaption><\/figure><\/a><\/div><div class=\"swiper-slide\" role=\"group\" aria-roledescription=\"slide\" aria-label=\"11 de 11\"><a data-elementor-open-lightbox=\"yes\" data-elementor-lightbox-slideshow=\"36db5559\" data-elementor-lightbox-title=\"origenes_festival_gastronomico_barbara_sanfilippo_protagonista\" data-e-action-hash=\"#elementor-action%3Aaction%3Dlightbox%26settings%3DeyJpZCI6NTE4MywidXJsIjoiaHR0cHM6XC9cL2Zlc3RpdmFsb3JpZ2VuZXMuY29tXC93cC1jb250ZW50XC91cGxvYWRzXC8yMDIxXC8wNVwvb3JpZ2VuZXNfZmVzdGl2YWxfZ2FzdHJvbm9taWNvX2JhcmJhcmFfc2FuZmlsaXBwb19wcm90YWdvbmlzdGEuanBnIiwic2xpZGVzaG93IjoiMzZkYjU1NTkifQ%3D%3D\" href=\"https:\/\/festivalorigenes.com\/ca\/protagonistes\/carlos-piernas\/,https:\/\/festivalorigenes.com\/ca\/protagonistes\/viri-fernandez\/,https:\/\/festivalorigenes.com\/ca\/protagonistes\/nacho-gomara\/,https:\/\/festivalorigenes.com\/ca\/protagonistes\/daniel-jorda\/,https:\/\/festivalorigenes.com\/ca\/protagonistes\/edu-torres\/,https:\/\/festivalorigenes.com\/ca\/protagonistes\/juan-angel-rodrigalvarez\/,https:\/\/festivalorigenes.com\/ca\/protagonistes\/anselmo-perez\/,https:\/\/festivalorigenes.com\/ca\/protagonistes\/gorka-rodriguez\/,https:\/\/festivalorigenes.com\/ca\/protagonistes\/eva-vila\/,https:\/\/festivalorigenes.com\/ca\/protagonistes\/jose-luis-dominguez\/,https:\/\/festivalorigenes.com\/ca\/protagonistes\/barbara-sanfilippo\/\"><figure class=\"swiper-slide-inner\"><img decoding=\"async\" class=\"swiper-slide-image\" src=\"https:\/\/festivalorigenes.com\/wp-content\/uploads\/elementor\/thumbs\/origenes_festival_gastronomico_barbara_sanfilippo_protagonista-p74ek986dv6gssc4x6lz3mh9gfn3bmjgurl5hhu308.jpg\" alt=\"origenes_feB\u00e1rbara Sanfilippo - Protagonista - ori\u0301Genes Festival Gastrono\u0301micostival_gastronomico_barbara_sanfilippo_protagonista\" \/><figcaption class=\"elementor-image-carousel-caption\">B\u00e1rbara Sanfilippo<\/figcaption><\/figure><\/a><\/div>\t\t\t<\/div>\n\t\t\t\t\t\t\t\t\t\t\t\t<div class=\"elementor-swiper-button elementor-swiper-button-prev\" role=\"button\" tabindex=\"0\">\n\t\t\t\t\t\t<i aria-hidden=\"true\" class=\"eicon-chevron-left\"><\/i>\t\t\t\t\t<\/div>\n\t\t\t\t\t<div class=\"elementor-swiper-button elementor-swiper-button-next\" role=\"button\" tabindex=\"0\">\n\t\t\t\t\t\t<i aria-hidden=\"true\" class=\"eicon-chevron-right\"><\/i>\t\t\t\t\t<\/div>\n\t\t\t\t\n\t\t\t\t\t\t\t\t\t<div class=\"swiper-pagination\"><\/div>\n\t\t\t\t\t\t\t\t\t<\/div>\n\t\t\t\t\t\t<\/div>\n\t\t\t\t<\/div>\n\t\t\t\t\t<\/div>\n\t\t<\/div>\n\t\t\t\t\t<\/div>\n\t\t<\/section>\n\t\t\t\t<\/div>\n\t\t","protected":false},"excerpt":{"rendered":"<p>Albert Roca Sant Boi de Llobregat, Barcelona Propietari i cap d&#8217;obrador a SantCroi. Un projecte familiar en cont\u00ednua evoluci\u00f3 centrat en el m\u00f3n dels dol\u00e7os. Membre del col\u00b7lectiu 21 Brix Equip finalista copa del m\u00f3n Gelat 2020 Millor croissant d&#8217;Espanya 2009 i 2018 Creador de Grins, les primeres p\u00edndoles de xocolata veganes. Hem de tenir [&hellip;]<\/p>\n","protected":false},"author":1,"featured_media":0,"parent":5656,"menu_order":0,"comment_status":"closed","ping_status":"closed","template":"","meta":{"site-sidebar-layout":"no-sidebar","site-content-layout":"page-builder","ast-site-content-layout":"default","site-content-style":"default","site-sidebar-style":"default","ast-global-header-display":"","ast-banner-title-visibility":"","ast-main-header-display":"","ast-hfb-above-header-display":"","ast-hfb-below-header-display":"","ast-hfb-mobile-header-display":"","site-post-title":"disabled","ast-breadcrumbs-content":"","ast-featured-img":"disabled","footer-sml-layout":"","theme-transparent-header-meta":"disabled","adv-header-id-meta":"","stick-header-meta":"default","header-above-stick-meta":"","header-main-stick-meta":"","header-below-stick-meta":null,"astra-migrate-meta-layouts":"default","ast-page-background-enabled":"default","ast-page-background-meta":{"desktop":{"background-color":"","background-image":"","background-repeat":"repeat","background-position":"center center","background-size":"auto","background-attachment":"scroll","background-type":"","background-media":"","overlay-type":"","overlay-color":"","overlay-opacity":"","overlay-gradient":""},"tablet":{"background-color":"","background-image":"","background-repeat":"repeat","background-position":"center center","background-size":"auto","background-attachment":"scroll","background-type":"","background-media":"","overlay-type":"","overlay-color":"","overlay-opacity":"","overlay-gradient":""},"mobile":{"background-color":"","background-image":"","background-repeat":"repeat","background-position":"center center","background-size":"auto","background-attachment":"scroll","background-type":"","background-media":"","overlay-type":"","overlay-color":"","overlay-opacity":"","overlay-gradient":""}},"ast-content-background-meta":{"desktop":{"background-color":"var(--ast-global-color-5)","background-image":"","background-repeat":"repeat","background-position":"center center","background-size":"auto","background-attachment":"scroll","background-type":"","background-media":"","overlay-type":"","overlay-color":"","overlay-opacity":"","overlay-gradient":""},"tablet":{"background-color":"var(--ast-global-color-5)","background-image":"","background-repeat":"repeat","background-position":"center center","background-size":"auto","background-attachment":"scroll","background-type":"","background-media":"","overlay-type":"","overlay-color":"","overlay-opacity":"","overlay-gradient":""},"mobile":{"background-color":"var(--ast-global-color-5)","background-image":"","background-repeat":"repeat","background-position":"center center","background-size":"auto","background-attachment":"scroll","background-type":"","background-media":"","overlay-type":"","overlay-color":"","overlay-opacity":"","overlay-gradient":""}},"footnotes":""},"class_list":["post-3650","page","type-page","status-publish","hentry"],"yoast_head":"<!-- This site is optimized with the Yoast SEO plugin v25.7 - https:\/\/yoast.com\/wordpress\/plugins\/seo\/ -->\n<title>Albert Roca - or\u00edGenes - Festival Gastron\u00f2mic<\/title>\n<meta name=\"description\" content=\"Sant Boi de Llobregat, Barcelona. Propietari i cap d&#039;obrador a SantCroi. Un projecte familiar en cont\u00ednua evoluci\u00f3 centrat en el m\u00f3n dels dol\u00e7os.\" \/>\n<meta name=\"robots\" content=\"index, follow, max-snippet:-1, max-image-preview:large, max-video-preview:-1\" \/>\n<link rel=\"canonical\" href=\"https:\/\/festivalorigenes.com\/ca\/protagonistes-2021\/albert-roca\/\" \/>\n<meta property=\"og:locale\" content=\"ca_ES\" \/>\n<meta property=\"og:type\" content=\"article\" \/>\n<meta property=\"og:title\" content=\"Albert Roca - or\u00edGenes - Festival Gastron\u00f2mic\" \/>\n<meta property=\"og:description\" content=\"Sant Boi de Llobregat, Barcelona. Propietari i cap d&#039;obrador a SantCroi. Un projecte familiar en cont\u00ednua evoluci\u00f3 centrat en el m\u00f3n dels dol\u00e7os.\" \/>\n<meta property=\"og:url\" content=\"https:\/\/festivalorigenes.com\/ca\/protagonistes-2021\/albert-roca\/\" \/>\n<meta property=\"og:site_name\" content=\"or\u00edGenes - Festival Gastron\u00f2mic\" \/>\n<meta property=\"article:publisher\" content=\"https:\/\/www.facebook.com\/origenesfestivalgastronomico\/\" \/>\n<meta property=\"article:modified_time\" content=\"2021-11-17T22:47:21+00:00\" \/>\n<meta property=\"og:image\" content=\"https:\/\/festivalorigenes.com\/wp-content\/uploads\/2020\/11\/Festival-Gastrono\u0301mico-ori\u0301Genes-Albert-Roca-Helados-1-683x1024.jpg\" \/>\n<meta name=\"twitter:card\" content=\"summary_large_image\" \/>\n<meta name=\"twitter:site\" content=\"@origenesfest\" \/>\n<meta name=\"twitter:label1\" content=\"Temps estimat de lectura\" \/>\n\t<meta name=\"twitter:data1\" content=\"6 minuts\" \/>\n<script type=\"application\/ld+json\" class=\"yoast-schema-graph\">{\"@context\":\"https:\/\/schema.org\",\"@graph\":[{\"@type\":\"WebPage\",\"@id\":\"https:\/\/festivalorigenes.com\/ca\/protagonistes-2021\/albert-roca\/\",\"url\":\"https:\/\/festivalorigenes.com\/ca\/protagonistes-2021\/albert-roca\/\",\"name\":\"Albert Roca - or\u00edGenes - Festival Gastron\u00f2mic\",\"isPartOf\":{\"@id\":\"https:\/\/festivalorigenes.com\/ca\/#website\"},\"primaryImageOfPage\":{\"@id\":\"https:\/\/festivalorigenes.com\/ca\/protagonistes-2021\/albert-roca\/#primaryimage\"},\"image\":{\"@id\":\"https:\/\/festivalorigenes.com\/ca\/protagonistes-2021\/albert-roca\/#primaryimage\"},\"thumbnailUrl\":\"https:\/\/festivalorigenes.com\/wp-content\/uploads\/2020\/09\/quote-1.png\",\"datePublished\":\"2020-12-22T15:48:29+00:00\",\"dateModified\":\"2021-11-17T22:47:21+00:00\",\"description\":\"Sant Boi de Llobregat, Barcelona. Propietari i cap d'obrador a SantCroi. Un projecte familiar en cont\u00ednua evoluci\u00f3 centrat en el m\u00f3n dels dol\u00e7os.\",\"breadcrumb\":{\"@id\":\"https:\/\/festivalorigenes.com\/ca\/protagonistes-2021\/albert-roca\/#breadcrumb\"},\"inLanguage\":\"ca\",\"potentialAction\":[{\"@type\":\"ReadAction\",\"target\":[\"https:\/\/festivalorigenes.com\/ca\/protagonistes-2021\/albert-roca\/\"]}]},{\"@type\":\"ImageObject\",\"inLanguage\":\"ca\",\"@id\":\"https:\/\/festivalorigenes.com\/ca\/protagonistes-2021\/albert-roca\/#primaryimage\",\"url\":\"https:\/\/festivalorigenes.com\/wp-content\/uploads\/2020\/09\/quote-1.png\",\"contentUrl\":\"https:\/\/festivalorigenes.com\/wp-content\/uploads\/2020\/09\/quote-1.png\"},{\"@type\":\"BreadcrumbList\",\"@id\":\"https:\/\/festivalorigenes.com\/ca\/protagonistes-2021\/albert-roca\/#breadcrumb\",\"itemListElement\":[{\"@type\":\"ListItem\",\"position\":1,\"name\":\"Portada\",\"item\":\"https:\/\/festivalorigenes.com\/ca\/\"},{\"@type\":\"ListItem\",\"position\":2,\"name\":\"Protagonistes 2021\",\"item\":\"https:\/\/festivalorigenes.com\/ca\/protagonistes-2021\/\"},{\"@type\":\"ListItem\",\"position\":3,\"name\":\"Albert Roca\"}]},{\"@type\":\"WebSite\",\"@id\":\"https:\/\/festivalorigenes.com\/ca\/#website\",\"url\":\"https:\/\/festivalorigenes.com\/ca\/\",\"name\":\"or\u00edGenes - Festival Gastron\u00f2mic\",\"description\":\"\",\"publisher\":{\"@id\":\"https:\/\/festivalorigenes.com\/ca\/#organization\"},\"potentialAction\":[{\"@type\":\"SearchAction\",\"target\":{\"@type\":\"EntryPoint\",\"urlTemplate\":\"https:\/\/festivalorigenes.com\/ca\/?s={search_term_string}\"},\"query-input\":{\"@type\":\"PropertyValueSpecification\",\"valueRequired\":true,\"valueName\":\"search_term_string\"}}],\"inLanguage\":\"ca\"},{\"@type\":\"Organization\",\"@id\":\"https:\/\/festivalorigenes.com\/ca\/#organization\",\"name\":\"or\u00edGenes Festival Gastron\u00f2mic\",\"url\":\"https:\/\/festivalorigenes.com\/ca\/\",\"logo\":{\"@type\":\"ImageObject\",\"inLanguage\":\"ca\",\"@id\":\"https:\/\/festivalorigenes.com\/ca\/#\/schema\/logo\/image\/\",\"url\":\"https:\/\/festivalorigenes.com\/wp-content\/uploads\/2020\/11\/124151422_123321709577698_694323274832345559_n.png\",\"contentUrl\":\"https:\/\/festivalorigenes.com\/wp-content\/uploads\/2020\/11\/124151422_123321709577698_694323274832345559_n.png\",\"width\":401,\"height\":401,\"caption\":\"or\u00edGenes Festival Gastron\u00f2mic\"},\"image\":{\"@id\":\"https:\/\/festivalorigenes.com\/ca\/#\/schema\/logo\/image\/\"},\"sameAs\":[\"https:\/\/www.facebook.com\/origenesfestivalgastronomico\/\",\"https:\/\/x.com\/origenesfest\",\"https:\/\/www.instagram.com\/origenesfestivalgastronomico\/\",\"https:\/\/www.linkedin.com\/company\/or\u00edgenes-festival-gastron\u00f3mico\"]}]}<\/script>\n<!-- \/ Yoast SEO plugin. -->","yoast_head_json":{"title":"Albert Roca - or\u00edGenes - Festival Gastron\u00f2mic","description":"Sant Boi de Llobregat, Barcelona. Propietari i cap d'obrador a SantCroi. Un projecte familiar en cont\u00ednua evoluci\u00f3 centrat en el m\u00f3n dels dol\u00e7os.","robots":{"index":"index","follow":"follow","max-snippet":"max-snippet:-1","max-image-preview":"max-image-preview:large","max-video-preview":"max-video-preview:-1"},"canonical":"https:\/\/festivalorigenes.com\/ca\/protagonistes-2021\/albert-roca\/","og_locale":"ca_ES","og_type":"article","og_title":"Albert Roca - or\u00edGenes - Festival Gastron\u00f2mic","og_description":"Sant Boi de Llobregat, Barcelona. Propietari i cap d'obrador a SantCroi. Un projecte familiar en cont\u00ednua evoluci\u00f3 centrat en el m\u00f3n dels dol\u00e7os.","og_url":"https:\/\/festivalorigenes.com\/ca\/protagonistes-2021\/albert-roca\/","og_site_name":"or\u00edGenes - Festival Gastron\u00f2mic","article_publisher":"https:\/\/www.facebook.com\/origenesfestivalgastronomico\/","article_modified_time":"2021-11-17T22:47:21+00:00","og_image":[{"url":"https:\/\/festivalorigenes.com\/wp-content\/uploads\/2020\/11\/Festival-Gastrono\u0301mico-ori\u0301Genes-Albert-Roca-Helados-1-683x1024.jpg","type":"","width":"","height":""}],"twitter_card":"summary_large_image","twitter_site":"@origenesfest","twitter_misc":{"Temps estimat de lectura":"6 minuts"},"schema":{"@context":"https:\/\/schema.org","@graph":[{"@type":"WebPage","@id":"https:\/\/festivalorigenes.com\/ca\/protagonistes-2021\/albert-roca\/","url":"https:\/\/festivalorigenes.com\/ca\/protagonistes-2021\/albert-roca\/","name":"Albert Roca - or\u00edGenes - Festival Gastron\u00f2mic","isPartOf":{"@id":"https:\/\/festivalorigenes.com\/ca\/#website"},"primaryImageOfPage":{"@id":"https:\/\/festivalorigenes.com\/ca\/protagonistes-2021\/albert-roca\/#primaryimage"},"image":{"@id":"https:\/\/festivalorigenes.com\/ca\/protagonistes-2021\/albert-roca\/#primaryimage"},"thumbnailUrl":"https:\/\/festivalorigenes.com\/wp-content\/uploads\/2020\/09\/quote-1.png","datePublished":"2020-12-22T15:48:29+00:00","dateModified":"2021-11-17T22:47:21+00:00","description":"Sant Boi de Llobregat, Barcelona. Propietari i cap d'obrador a SantCroi. Un projecte familiar en cont\u00ednua evoluci\u00f3 centrat en el m\u00f3n dels dol\u00e7os.","breadcrumb":{"@id":"https:\/\/festivalorigenes.com\/ca\/protagonistes-2021\/albert-roca\/#breadcrumb"},"inLanguage":"ca","potentialAction":[{"@type":"ReadAction","target":["https:\/\/festivalorigenes.com\/ca\/protagonistes-2021\/albert-roca\/"]}]},{"@type":"ImageObject","inLanguage":"ca","@id":"https:\/\/festivalorigenes.com\/ca\/protagonistes-2021\/albert-roca\/#primaryimage","url":"https:\/\/festivalorigenes.com\/wp-content\/uploads\/2020\/09\/quote-1.png","contentUrl":"https:\/\/festivalorigenes.com\/wp-content\/uploads\/2020\/09\/quote-1.png"},{"@type":"BreadcrumbList","@id":"https:\/\/festivalorigenes.com\/ca\/protagonistes-2021\/albert-roca\/#breadcrumb","itemListElement":[{"@type":"ListItem","position":1,"name":"Portada","item":"https:\/\/festivalorigenes.com\/ca\/"},{"@type":"ListItem","position":2,"name":"Protagonistes 2021","item":"https:\/\/festivalorigenes.com\/ca\/protagonistes-2021\/"},{"@type":"ListItem","position":3,"name":"Albert Roca"}]},{"@type":"WebSite","@id":"https:\/\/festivalorigenes.com\/ca\/#website","url":"https:\/\/festivalorigenes.com\/ca\/","name":"or\u00edGenes - Festival Gastron\u00f2mic","description":"","publisher":{"@id":"https:\/\/festivalorigenes.com\/ca\/#organization"},"potentialAction":[{"@type":"SearchAction","target":{"@type":"EntryPoint","urlTemplate":"https:\/\/festivalorigenes.com\/ca\/?s={search_term_string}"},"query-input":{"@type":"PropertyValueSpecification","valueRequired":true,"valueName":"search_term_string"}}],"inLanguage":"ca"},{"@type":"Organization","@id":"https:\/\/festivalorigenes.com\/ca\/#organization","name":"or\u00edGenes Festival Gastron\u00f2mic","url":"https:\/\/festivalorigenes.com\/ca\/","logo":{"@type":"ImageObject","inLanguage":"ca","@id":"https:\/\/festivalorigenes.com\/ca\/#\/schema\/logo\/image\/","url":"https:\/\/festivalorigenes.com\/wp-content\/uploads\/2020\/11\/124151422_123321709577698_694323274832345559_n.png","contentUrl":"https:\/\/festivalorigenes.com\/wp-content\/uploads\/2020\/11\/124151422_123321709577698_694323274832345559_n.png","width":401,"height":401,"caption":"or\u00edGenes Festival Gastron\u00f2mic"},"image":{"@id":"https:\/\/festivalorigenes.com\/ca\/#\/schema\/logo\/image\/"},"sameAs":["https:\/\/www.facebook.com\/origenesfestivalgastronomico\/","https:\/\/x.com\/origenesfest","https:\/\/www.instagram.com\/origenesfestivalgastronomico\/","https:\/\/www.linkedin.com\/company\/or\u00edgenes-festival-gastron\u00f3mico"]}]}},"_links":{"self":[{"href":"https:\/\/festivalorigenes.com\/ca\/wp-json\/wp\/v2\/pages\/3650","targetHints":{"allow":["GET"]}}],"collection":[{"href":"https:\/\/festivalorigenes.com\/ca\/wp-json\/wp\/v2\/pages"}],"about":[{"href":"https:\/\/festivalorigenes.com\/ca\/wp-json\/wp\/v2\/types\/page"}],"author":[{"embeddable":true,"href":"https:\/\/festivalorigenes.com\/ca\/wp-json\/wp\/v2\/users\/1"}],"replies":[{"embeddable":true,"href":"https:\/\/festivalorigenes.com\/ca\/wp-json\/wp\/v2\/comments?post=3650"}],"version-history":[{"count":25,"href":"https:\/\/festivalorigenes.com\/ca\/wp-json\/wp\/v2\/pages\/3650\/revisions"}],"predecessor-version":[{"id":6164,"href":"https:\/\/festivalorigenes.com\/ca\/wp-json\/wp\/v2\/pages\/3650\/revisions\/6164"}],"up":[{"embeddable":true,"href":"https:\/\/festivalorigenes.com\/ca\/wp-json\/wp\/v2\/pages\/5656"}],"wp:attachment":[{"href":"https:\/\/festivalorigenes.com\/ca\/wp-json\/wp\/v2\/media?parent=3650"}],"curies":[{"name":"wp","href":"https:\/\/api.w.org\/{rel}","templated":true}]}}