{"id":3656,"date":"2020-12-22T15:48:56","date_gmt":"2020-12-22T15:48:56","guid":{"rendered":"https:\/\/festivalorigenes.com\/protagonistes\/edu-torres\/"},"modified":"2021-11-17T22:49:53","modified_gmt":"2021-11-17T22:49:53","slug":"edu-torres","status":"publish","type":"page","link":"https:\/\/festivalorigenes.com\/ca\/protagonistes-2021\/edu-torres\/","title":{"rendered":"Edu Torres"},"content":{"rendered":"\t\t<div data-elementor-type=\"wp-page\" data-elementor-id=\"3656\" class=\"elementor elementor-3656 elementor-1220\" data-elementor-post-type=\"page\">\n\t\t\t\t\t\t<section class=\"elementor-section elementor-top-section elementor-element elementor-element-6887580e elementor-section-content-middle elementor-section-boxed elementor-section-height-default elementor-section-height-default\" data-id=\"6887580e\" data-element_type=\"section\" data-settings=\"{&quot;background_background&quot;:&quot;classic&quot;}\">\n\t\t\t\t\t\t<div class=\"elementor-container elementor-column-gap-no\">\n\t\t\t\t\t<div class=\"elementor-column elementor-col-50 elementor-top-column elementor-element elementor-element-53490e13\" data-id=\"53490e13\" data-element_type=\"column\" data-settings=\"{&quot;background_background&quot;:&quot;classic&quot;}\">\n\t\t\t<div class=\"elementor-widget-wrap elementor-element-populated\">\n\t\t\t\t\t\t<div class=\"elementor-element elementor-element-71479ac2 elementor-widget elementor-widget-image\" data-id=\"71479ac2\" data-element_type=\"widget\" data-widget_type=\"image.default\">\n\t\t\t\t<div class=\"elementor-widget-container\">\n\t\t\t\t\t\t\t\t\t\t\t\t\t\t\t<img fetchpriority=\"high\" decoding=\"async\" width=\"1000\" height=\"559\" src=\"https:\/\/festivalorigenes.com\/wp-content\/uploads\/2020\/11\/Festival-Gastrono\u0301mico-ori\u0301Genes-Edu-Torres.jpg\" class=\"attachment-large size-large wp-image-3498\" alt=\"Edu Torres - Paella - ori\u0301Genes Festival gastron\u00f2mic\" srcset=\"https:\/\/festivalorigenes.com\/wp-content\/uploads\/2020\/11\/Festival-Gastrono\u0301mico-ori\u0301Genes-Edu-Torres.jpg 1000w, https:\/\/festivalorigenes.com\/wp-content\/uploads\/2020\/11\/Festival-Gastrono\u0301mico-ori\u0301Genes-Edu-Torres-300x168.jpg 300w, https:\/\/festivalorigenes.com\/wp-content\/uploads\/2020\/11\/Festival-Gastrono\u0301mico-ori\u0301Genes-Edu-Torres-768x429.jpg 768w\" sizes=\"(max-width: 1000px) 100vw, 1000px\" \/>\t\t\t\t\t\t\t\t\t\t\t\t\t\t\t<\/div>\n\t\t\t\t<\/div>\n\t\t\t\t\t<\/div>\n\t\t<\/div>\n\t\t\t\t<div class=\"elementor-column elementor-col-50 elementor-top-column elementor-element elementor-element-33bab887\" data-id=\"33bab887\" data-element_type=\"column\" data-settings=\"{&quot;background_background&quot;:&quot;classic&quot;}\">\n\t\t\t<div class=\"elementor-widget-wrap elementor-element-populated\">\n\t\t\t\t\t<div class=\"elementor-background-overlay\"><\/div>\n\t\t\t\t\t\t<div class=\"elementor-element elementor-element-1c7e49fd animated-fast elementor-invisible elementor-widget elementor-widget-heading\" data-id=\"1c7e49fd\" data-element_type=\"widget\" data-settings=\"{&quot;_animation&quot;:&quot;fadeIn&quot;}\" data-widget_type=\"heading.default\">\n\t\t\t\t<div class=\"elementor-widget-container\">\n\t\t\t\t\t<h2 class=\"elementor-heading-title elementor-size-default\">EDU TORREs<\/h2>\t\t\t\t<\/div>\n\t\t\t\t<\/div>\n\t\t\t\t<div class=\"elementor-element elementor-element-643151bc animated-fast elementor-invisible elementor-widget elementor-widget-heading\" data-id=\"643151bc\" data-element_type=\"widget\" data-settings=\"{&quot;_animation&quot;:&quot;fadeIn&quot;}\" data-widget_type=\"heading.default\">\n\t\t\t\t<div class=\"elementor-widget-container\">\n\t\t\t\t\t<p class=\"elementor-heading-title elementor-size-default\">Albufera de Val\u00e8ncia, Comunitat Valenciana<\/p>\t\t\t\t<\/div>\n\t\t\t\t<\/div>\n\t\t\t\t<div class=\"elementor-element elementor-element-59ad2bbd elementor-invisible elementor-widget elementor-widget-text-editor\" data-id=\"59ad2bbd\" data-element_type=\"widget\" data-settings=\"{&quot;_animation&quot;:&quot;fadeIn&quot;}\" data-widget_type=\"text-editor.default\">\n\t\t\t\t<div class=\"elementor-widget-container\">\n\t\t\t\t\t\t\t\t\t<p class=\"p1\">Des de 1903 elaborant arrossos per a venda directa al restaurant. Molino Roca \u00e9s un projecte d&#8217;arr\u00f2s a<br \/>contracorrent a base de sembrar varietats de llavor pura, buscant la demanda del xef.<\/p>\n\t\t\t\t\t\t\t\t<\/div>\n\t\t\t\t<\/div>\n\t\t\t\t<div class=\"elementor-element elementor-element-27761c4c elementor-align-left elementor-icon-list--layout-traditional elementor-list-item-link-full_width elementor-widget elementor-widget-icon-list\" data-id=\"27761c4c\" data-element_type=\"widget\" data-widget_type=\"icon-list.default\">\n\t\t\t\t<div class=\"elementor-widget-container\">\n\t\t\t\t\t\t\t<ul class=\"elementor-icon-list-items\">\n\t\t\t\t\t\t\t<li class=\"elementor-icon-list-item\">\n\t\t\t\t\t\t\t\t\t\t\t<span class=\"elementor-icon-list-icon\">\n\t\t\t\t\t\t\t<i aria-hidden=\"true\" class=\"fas fa-trophy\"><\/i>\t\t\t\t\t\t<\/span>\n\t\t\t\t\t\t\t\t\t\t<span class=\"elementor-icon-list-text\">Pioner en el cultiu de varietats com Bombita \u201cby Torca\u201d o Carnaroli<\/span>\n\t\t\t\t\t\t\t\t\t<\/li>\n\t\t\t\t\t\t\t\t<li class=\"elementor-icon-list-item\">\n\t\t\t\t\t\t\t\t\t\t\t<span class=\"elementor-icon-list-icon\">\n\t\t\t\t\t\t\t<i aria-hidden=\"true\" class=\"fas fa-trophy\"><\/i>\t\t\t\t\t\t<\/span>\n\t\t\t\t\t\t\t\t\t\t<span class=\"elementor-icon-list-text\">Premi comprom\u00eds amb la terra 2020<\/span>\n\t\t\t\t\t\t\t\t\t<\/li>\n\t\t\t\t\t\t\t\t<li class=\"elementor-icon-list-item\">\n\t\t\t\t\t\t\t\t\t\t\t<span class=\"elementor-icon-list-icon\">\n\t\t\t\t\t\t\t<i aria-hidden=\"true\" class=\"fas fa-trophy\"><\/i>\t\t\t\t\t\t<\/span>\n\t\t\t\t\t\t\t\t\t\t<span class=\"elementor-icon-list-text\">Treballa per a restaurants amb Estrella Michelin: Mart\u00edn Berasategui, \u00c1ngel Le\u00f3n, Quique Dacosta, Jordi Cruz...<\/span>\n\t\t\t\t\t\t\t\t\t<\/li>\n\t\t\t\t\t\t<\/ul>\n\t\t\t\t\t\t<\/div>\n\t\t\t\t<\/div>\n\t\t\t\t\t<\/div>\n\t\t<\/div>\n\t\t\t\t\t<\/div>\n\t\t<\/section>\n\t\t\t\t<section class=\"elementor-section elementor-top-section elementor-element elementor-element-7c703df6 elementor-section-full_width elementor-section-content-bottom elementor-reverse-mobile elementor-section-height-default elementor-section-height-default\" data-id=\"7c703df6\" data-element_type=\"section\" data-settings=\"{&quot;background_background&quot;:&quot;classic&quot;}\">\n\t\t\t\t\t\t<div class=\"elementor-container elementor-column-gap-no\">\n\t\t\t\t\t<div class=\"elementor-column elementor-col-50 elementor-top-column elementor-element elementor-element-1f0140c5\" data-id=\"1f0140c5\" data-element_type=\"column\" data-settings=\"{&quot;background_background&quot;:&quot;classic&quot;}\">\n\t\t\t<div class=\"elementor-widget-wrap elementor-element-populated\">\n\t\t\t\t\t\t<section class=\"elementor-section elementor-inner-section elementor-element elementor-element-38a19d1f elementor-reverse-tablet elementor-reverse-mobile elementor-section-boxed elementor-section-height-default elementor-section-height-default\" data-id=\"38a19d1f\" data-element_type=\"section\">\n\t\t\t\t\t\t<div class=\"elementor-container elementor-column-gap-default\">\n\t\t\t\t\t<div class=\"elementor-column elementor-col-100 elementor-inner-column elementor-element elementor-element-1683e3fc\" data-id=\"1683e3fc\" data-element_type=\"column\">\n\t\t\t<div class=\"elementor-widget-wrap elementor-element-populated\">\n\t\t\t\t\t\t<div class=\"elementor-element elementor-element-359cb3dd elementor-widget elementor-widget-image\" data-id=\"359cb3dd\" data-element_type=\"widget\" data-widget_type=\"image.default\">\n\t\t\t\t<div class=\"elementor-widget-container\">\n\t\t\t\t\t\t\t\t\t\t\t\t\t\t\t<img decoding=\"async\" width=\"200\" height=\"154\" src=\"https:\/\/festivalorigenes.com\/wp-content\/uploads\/2020\/09\/quote-1.png\" class=\"attachment-medium size-medium wp-image-3454\" alt=\"\" \/>\t\t\t\t\t\t\t\t\t\t\t\t\t\t\t<\/div>\n\t\t\t\t<\/div>\n\t\t\t\t<div class=\"elementor-element elementor-element-1cfc045c elementor-widget elementor-widget-heading\" data-id=\"1cfc045c\" data-element_type=\"widget\" data-widget_type=\"heading.default\">\n\t\t\t\t<div class=\"elementor-widget-container\">\n\t\t\t\t\t<h3 class=\"elementor-heading-title elementor-size-medium\">\u201cM'apassiona el xef com a referent i com creixem amb ell, ens inspira completament. Cerquem la connexi\u00f3 cuiner-artes\u00e0, aspiro i treballo per formar part del seu restaurant\u201d. - Edu Torres -<\/h3>\t\t\t\t<\/div>\n\t\t\t\t<\/div>\n\t\t\t\t\t<\/div>\n\t\t<\/div>\n\t\t\t\t\t<\/div>\n\t\t<\/section>\n\t\t\t\t\t<\/div>\n\t\t<\/div>\n\t\t\t\t<div class=\"elementor-column elementor-col-50 elementor-top-column elementor-element elementor-element-0ffacba\" data-id=\"0ffacba\" data-element_type=\"column\" data-settings=\"{&quot;background_background&quot;:&quot;classic&quot;}\">\n\t\t\t<div class=\"elementor-widget-wrap elementor-element-populated\">\n\t\t\t\t\t<div class=\"elementor-background-overlay\"><\/div>\n\t\t\t\t\t\t<div class=\"elementor-element elementor-element-11f269f elementor-widget elementor-widget-video\" data-id=\"11f269f\" data-element_type=\"widget\" data-settings=\"{&quot;youtube_url&quot;:&quot;https:\\\/\\\/www.youtube.com\\\/watch?v=JdxMRy9qG9k&quot;,&quot;video_type&quot;:&quot;youtube&quot;,&quot;controls&quot;:&quot;yes&quot;}\" data-widget_type=\"video.default\">\n\t\t\t\t<div class=\"elementor-widget-container\">\n\t\t\t\t\t\t\t<div class=\"elementor-wrapper elementor-open-inline\">\n\t\t\t<div class=\"elementor-video\"><\/div>\t\t<\/div>\n\t\t\t\t\t\t<\/div>\n\t\t\t\t<\/div>\n\t\t\t\t\t<\/div>\n\t\t<\/div>\n\t\t\t\t\t<\/div>\n\t\t<\/section>\n\t\t\t\t<section class=\"elementor-section elementor-top-section elementor-element elementor-element-6ee0b070 elementor-section-content-bottom elementor-section-full_width elementor-section-height-default elementor-section-height-default\" data-id=\"6ee0b070\" data-element_type=\"section\" data-settings=\"{&quot;background_background&quot;:&quot;classic&quot;}\">\n\t\t\t\t\t\t<div class=\"elementor-container elementor-column-gap-no\">\n\t\t\t\t\t<div class=\"elementor-column elementor-col-50 elementor-top-column elementor-element elementor-element-47bc7ed6\" data-id=\"47bc7ed6\" data-element_type=\"column\" data-settings=\"{&quot;background_background&quot;:&quot;classic&quot;}\">\n\t\t\t<div class=\"elementor-widget-wrap elementor-element-populated\">\n\t\t\t\t\t<div class=\"elementor-background-overlay\"><\/div>\n\t\t\t\t\t\t<div class=\"elementor-element elementor-element-7dbba93f elementor-widget elementor-widget-spacer\" data-id=\"7dbba93f\" data-element_type=\"widget\" data-widget_type=\"spacer.default\">\n\t\t\t\t<div class=\"elementor-widget-container\">\n\t\t\t\t\t\t\t<div class=\"elementor-spacer\">\n\t\t\t<div class=\"elementor-spacer-inner\"><\/div>\n\t\t<\/div>\n\t\t\t\t\t\t<\/div>\n\t\t\t\t<\/div>\n\t\t\t\t\t<\/div>\n\t\t<\/div>\n\t\t\t\t<div class=\"elementor-column elementor-col-50 elementor-top-column elementor-element elementor-element-61a2314b\" data-id=\"61a2314b\" data-element_type=\"column\" data-settings=\"{&quot;background_background&quot;:&quot;classic&quot;}\">\n\t\t\t<div class=\"elementor-widget-wrap elementor-element-populated\">\n\t\t\t\t\t\t<section class=\"elementor-section elementor-inner-section elementor-element elementor-element-315f57ae elementor-reverse-tablet elementor-reverse-mobile elementor-section-boxed elementor-section-height-default elementor-section-height-default\" data-id=\"315f57ae\" data-element_type=\"section\">\n\t\t\t\t\t\t<div class=\"elementor-container elementor-column-gap-default\">\n\t\t\t\t\t<div class=\"elementor-column elementor-col-100 elementor-inner-column elementor-element elementor-element-5815eaf4\" data-id=\"5815eaf4\" data-element_type=\"column\">\n\t\t\t<div class=\"elementor-widget-wrap elementor-element-populated\">\n\t\t\t\t\t\t<div class=\"elementor-element elementor-element-60fd0339 elementor-widget elementor-widget-text-editor\" data-id=\"60fd0339\" data-element_type=\"widget\" data-widget_type=\"text-editor.default\">\n\t\t\t\t<div class=\"elementor-widget-container\">\n\t\t\t\t\t\t\t\t\t<p class=\"p1\"><span class=\"s1\">L&#8217;arr\u00f2s no el coneix pr\u00e0cticament ning\u00fa, \u00e9s un producte totalment desconegut, <strong>el meu objectiu \u00e9s parlar d&#8217;arr\u00f2s,<\/strong> de donar-li el protagonisme que es mereix i <strong>generar cultura de producte<\/strong> amb aspectes com a taxa d&#8217;impuresa, del mid\u00f3 i els seus enemics o divulgar les seves varietats.<\/span><\/p>\n<p class=\"p1\"><span class=\"s1\">No volem cr\u00e9ixer, 100 kg l&#8217;hora d&#8217;arr\u00f2s polit amb cura al 45% constitueix l&#8217;<strong>ess\u00e8ncia d&#8217;all\u00f2 que fem amb humilitat<\/strong> i amb clients agra\u00efts i <strong>compromesos amb la sostenibilitat.<\/strong><\/span><\/p>\n<p class=\"p1\"><span class=\"s1\"><strong>La taxa d&#8217;impuresa:<\/strong> rebem l&#8217;arr\u00f2s dels llauradors i emmagatzemem el cereal en closca. De 100kg de closca surten 500 kg de blanc; eliminem mitjancers, puntes i vermells detectats amb una m\u00e0quina que identifica el guixenc.<\/span><\/p>\n<p class=\"p1\"><span class=\"s1\">La <strong>innovaci\u00f3<\/strong> \u00e9s la clau del nostre negoci basant-nos en t\u00e8cniques japoneses.<\/span><\/p>\n\t\t\t\t\t\t\t\t<\/div>\n\t\t\t\t<\/div>\n\t\t\t\t\t<\/div>\n\t\t<\/div>\n\t\t\t\t\t<\/div>\n\t\t<\/section>\n\t\t\t\t\t<\/div>\n\t\t<\/div>\n\t\t\t\t\t<\/div>\n\t\t<\/section>\n\t\t\t\t<section class=\"elementor-section elementor-top-section elementor-element elementor-element-61022702 elementor-section-content-bottom elementor-section-full_width elementor-reverse-mobile elementor-section-height-default elementor-section-height-default\" data-id=\"61022702\" data-element_type=\"section\" data-settings=\"{&quot;background_background&quot;:&quot;classic&quot;}\">\n\t\t\t\t\t\t<div class=\"elementor-container elementor-column-gap-no\">\n\t\t\t\t\t<div class=\"elementor-column elementor-col-50 elementor-top-column elementor-element elementor-element-144d4549\" data-id=\"144d4549\" data-element_type=\"column\" data-settings=\"{&quot;background_background&quot;:&quot;classic&quot;}\">\n\t\t\t<div class=\"elementor-widget-wrap elementor-element-populated\">\n\t\t\t\t\t\t<section class=\"elementor-section elementor-inner-section elementor-element elementor-element-75b3f87e elementor-reverse-tablet elementor-reverse-mobile elementor-section-boxed elementor-section-height-default elementor-section-height-default\" data-id=\"75b3f87e\" data-element_type=\"section\">\n\t\t\t\t\t\t<div class=\"elementor-container elementor-column-gap-default\">\n\t\t\t\t\t<div class=\"elementor-column elementor-col-100 elementor-inner-column elementor-element elementor-element-7fe13e9a\" data-id=\"7fe13e9a\" data-element_type=\"column\">\n\t\t\t<div class=\"elementor-widget-wrap elementor-element-populated\">\n\t\t\t\t\t\t<div class=\"elementor-element elementor-element-59d3c718 elementor-widget elementor-widget-text-editor\" data-id=\"59d3c718\" data-element_type=\"widget\" data-widget_type=\"text-editor.default\">\n\t\t\t\t<div class=\"elementor-widget-container\">\n\t\t\t\t\t\t\t\t\t<p class=\"p1\"><span class=\"s1\">Ubicats a l&#8217;<strong>Albufera de Val\u00e8ncia<\/strong> un aiguaneix que es nodreix del subsol i genera agua mineral ideal per poder fer <strong>un arr\u00f2s id\u00edl\u00b7lic, amb clima, territori i experi\u00e8ncia de generacions d&#8217;agricultors.<\/strong><\/span><\/p>\n<p class=\"p1\"><span class=\"s1\"><strong>Lluitem per ser els millors<\/strong> i hem pujat a la muntanya a Segorne a 500m d&#8217;altura per conservar l&#8217;arr\u00f2s per evitar la humitat, aconseguint el rendiment \u00f2ptim del gra.<\/span><\/p>\n<p class=\"p1\"><span class=\"s1\">Tenim una uni\u00f3 familiar amb els nostres llauradors de <strong>moltes generacions,<\/strong> s\u00f3n la pe\u00e7a m\u00e9s important, on neix tot.<\/span><\/p>\n\t\t\t\t\t\t\t\t<\/div>\n\t\t\t\t<\/div>\n\t\t\t\t<div class=\"elementor-element elementor-element-548d2e84 animated-fast elementor-invisible elementor-widget elementor-widget-heading\" data-id=\"548d2e84\" data-element_type=\"widget\" data-settings=\"{&quot;_animation&quot;:&quot;fadeIn&quot;}\" data-widget_type=\"heading.default\">\n\t\t\t\t<div class=\"elementor-widget-container\">\n\t\t\t\t\t<h2 class=\"elementor-heading-title elementor-size-default\">+ INFO<\/h2>\t\t\t\t<\/div>\n\t\t\t\t<\/div>\n\t\t\t\t<div class=\"elementor-element elementor-element-78feeb19 elementor-align-left elementor-widget elementor-widget-button\" data-id=\"78feeb19\" data-element_type=\"widget\" data-widget_type=\"button.default\">\n\t\t\t\t<div class=\"elementor-widget-container\">\n\t\t\t\t\t\t\t\t\t<div class=\"elementor-button-wrapper\">\n\t\t\t\t\t<a class=\"elementor-button elementor-button-link elementor-size-lg\" href=\"http:\/\/www.molinoroca.es\/\" target=\"_blank\">\n\t\t\t\t\t\t<span class=\"elementor-button-content-wrapper\">\n\t\t\t\t\t\t<span class=\"elementor-button-icon\">\n\t\t\t\t<i aria-hidden=\"true\" class=\"fas fa-caret-right\"><\/i>\t\t\t<\/span>\n\t\t\t\t\t\t\t\t\t<span class=\"elementor-button-text\">Web<\/span>\n\t\t\t\t\t<\/span>\n\t\t\t\t\t<\/a>\n\t\t\t\t<\/div>\n\t\t\t\t\t\t\t\t<\/div>\n\t\t\t\t<\/div>\n\t\t\t\t<div class=\"elementor-element elementor-element-5ff42e37 elementor-shape-circle e-grid-align-left elementor-grid-0 elementor-widget elementor-widget-social-icons\" data-id=\"5ff42e37\" data-element_type=\"widget\" data-widget_type=\"social-icons.default\">\n\t\t\t\t<div class=\"elementor-widget-container\">\n\t\t\t\t\t\t\t<div class=\"elementor-social-icons-wrapper elementor-grid\">\n\t\t\t\t\t\t\t<span class=\"elementor-grid-item\">\n\t\t\t\t\t<a class=\"elementor-icon elementor-social-icon elementor-social-icon-instagram elementor-repeater-item-60dd2f6\" href=\"https:\/\/www.instagram.com\/edutorres_molinoroca\/\" target=\"_blank\">\n\t\t\t\t\t\t<span class=\"elementor-screen-only\">Instagram<\/span>\n\t\t\t\t\t\t<i class=\"fab fa-instagram\"><\/i>\t\t\t\t\t<\/a>\n\t\t\t\t<\/span>\n\t\t\t\t\t<\/div>\n\t\t\t\t\t\t<\/div>\n\t\t\t\t<\/div>\n\t\t\t\t\t<\/div>\n\t\t<\/div>\n\t\t\t\t\t<\/div>\n\t\t<\/section>\n\t\t\t\t\t<\/div>\n\t\t<\/div>\n\t\t\t\t<div class=\"elementor-column elementor-col-50 elementor-top-column elementor-element elementor-element-2b6d74d2\" data-id=\"2b6d74d2\" data-element_type=\"column\" data-settings=\"{&quot;background_background&quot;:&quot;classic&quot;}\">\n\t\t\t<div class=\"elementor-widget-wrap elementor-element-populated\">\n\t\t\t\t\t<div class=\"elementor-background-overlay\"><\/div>\n\t\t\t\t\t\t<div class=\"elementor-element elementor-element-479513e3 elementor-widget elementor-widget-spacer\" data-id=\"479513e3\" data-element_type=\"widget\" data-widget_type=\"spacer.default\">\n\t\t\t\t<div class=\"elementor-widget-container\">\n\t\t\t\t\t\t\t<div class=\"elementor-spacer\">\n\t\t\t<div class=\"elementor-spacer-inner\"><\/div>\n\t\t<\/div>\n\t\t\t\t\t\t<\/div>\n\t\t\t\t<\/div>\n\t\t\t\t\t<\/div>\n\t\t<\/div>\n\t\t\t\t\t<\/div>\n\t\t<\/section>\n\t\t\t\t<section class=\"elementor-section elementor-top-section elementor-element elementor-element-4bdd9601 elementor-section-boxed elementor-section-height-default elementor-section-height-default\" data-id=\"4bdd9601\" data-element_type=\"section\">\n\t\t\t\t\t\t<div class=\"elementor-container elementor-column-gap-default\">\n\t\t\t\t\t<div class=\"elementor-column elementor-col-100 elementor-top-column elementor-element elementor-element-f8d208d\" data-id=\"f8d208d\" data-element_type=\"column\">\n\t\t\t<div class=\"elementor-widget-wrap elementor-element-populated\">\n\t\t\t\t\t\t<div class=\"elementor-element elementor-element-18d77afd elementor-widget elementor-widget-heading\" data-id=\"18d77afd\" data-element_type=\"widget\" data-widget_type=\"heading.default\">\n\t\t\t\t<div class=\"elementor-widget-container\">\n\t\t\t\t\t<h2 class=\"elementor-heading-title elementor-size-default\">Descobreix m\u00e9s protagonistes<\/h2>\t\t\t\t<\/div>\n\t\t\t\t<\/div>\n\t\t\t\t<div class=\"elementor-element elementor-element-33917b41 elementor-arrows-position-outside elementor-pagination-position-outside elementor-widget elementor-widget-image-carousel\" data-id=\"33917b41\" data-element_type=\"widget\" data-settings=\"{&quot;slides_to_show&quot;:&quot;3&quot;,&quot;slides_to_scroll&quot;:&quot;1&quot;,&quot;slides_to_show_tablet&quot;:&quot;4&quot;,&quot;slides_to_show_mobile&quot;:&quot;1&quot;,&quot;navigation&quot;:&quot;both&quot;,&quot;autoplay&quot;:&quot;yes&quot;,&quot;pause_on_hover&quot;:&quot;yes&quot;,&quot;pause_on_interaction&quot;:&quot;yes&quot;,&quot;autoplay_speed&quot;:5000,&quot;infinite&quot;:&quot;yes&quot;,&quot;speed&quot;:500}\" data-widget_type=\"image-carousel.default\">\n\t\t\t\t<div class=\"elementor-widget-container\">\n\t\t\t\t\t\t\t<div class=\"elementor-image-carousel-wrapper swiper\" role=\"region\" aria-roledescription=\"carousel\" aria-label=\"Carrusel d&#039;imatges\" dir=\"ltr\">\n\t\t\t<div class=\"elementor-image-carousel swiper-wrapper\" aria-live=\"off\">\n\t\t\t\t\t\t\t\t<div class=\"swiper-slide\" role=\"group\" aria-roledescription=\"slide\" aria-label=\"1 de 11\"><a data-elementor-open-lightbox=\"yes\" data-elementor-lightbox-slideshow=\"33917b41\" data-elementor-lightbox-title=\"Carlos Piernas - Protagonista - ori\u0301Genes Festival gastron\u00f2mic\" data-e-action-hash=\"#elementor-action%3Aaction%3Dlightbox%26settings%3DeyJpZCI6MzUxMywidXJsIjoiaHR0cHM6XC9cL2Zlc3RpdmFsb3JpZ2VuZXMuY29tXC93cC1jb250ZW50XC91cGxvYWRzXC8yMDIwXC8xMVwvRmVzdGl2YWwtR2FzdHJvbm9cdTAzMDFtaWNvLW9yaVx1MDMwMUdlbmVzLUNhcmxvcy1QaWVybmFzLmpwZyIsInNsaWRlc2hvdyI6IjMzOTE3YjQxIn0%3D\" href=\"https:\/\/festivalorigenes.com\/ca\/protagonistes\/carlos-piernas\/,https:\/\/festivalorigenes.com\/ca\/protagonistes\/viri-fernandez\/,https:\/\/festivalorigenes.com\/ca\/protagonistes\/nacho-gomara\/,https:\/\/festivalorigenes.com\/ca\/protagonistes\/daniel-jorda\/,https:\/\/festivalorigenes.com\/ca\/protagonistes\/juan-angel-rodrigalvarez\/,https:\/\/festivalorigenes.com\/ca\/protagonistes\/anselmo-perez\/,https:\/\/festivalorigenes.com\/ca\/protagonistes\/gorka-rodriguez\/,https:\/\/festivalorigenes.com\/ca\/protagonistes\/eva-vila\/,https:\/\/festivalorigenes.com\/ca\/protagonistes\/albert-roca\/,https:\/\/festivalorigenes.com\/ca\/protagonistes\/jose-luis-dominguez\/,https:\/\/festivalorigenes.com\/ca\/protagonistes\/barbara-sanfilippo\/\"><figure class=\"swiper-slide-inner\"><img decoding=\"async\" class=\"swiper-slide-image\" src=\"https:\/\/festivalorigenes.com\/wp-content\/uploads\/elementor\/thumbs\/Festival-Gastrono\u0301mico-ori\u0301Genes-Carlos-Piernas-oy9s0mwskvyxw66a9recrhywbigt9gvg9ethdfiy0o.jpg\" alt=\"Carlos Piernas - Protagonista - ori\u0301Genes Festival gastron\u00f2mic\" \/><figcaption class=\"elementor-image-carousel-caption\">Carlos Piernas<\/figcaption><\/figure><\/a><\/div><div class=\"swiper-slide\" role=\"group\" aria-roledescription=\"slide\" aria-label=\"2 de 11\"><a data-elementor-open-lightbox=\"yes\" data-elementor-lightbox-slideshow=\"33917b41\" data-elementor-lightbox-title=\"Festival Gastrono\u0301mico ori\u0301Genes - Viri Ferna\u0301ndez\" data-e-action-hash=\"#elementor-action%3Aaction%3Dlightbox%26settings%3DeyJpZCI6MzUwNiwidXJsIjoiaHR0cHM6XC9cL2Zlc3RpdmFsb3JpZ2VuZXMuY29tXC93cC1jb250ZW50XC91cGxvYWRzXC8yMDIwXC8xMVwvRmVzdGl2YWwtR2FzdHJvbm9cdTAzMDFtaWNvLW9yaVx1MDMwMUdlbmVzLVZpcmktRmVybmFcdTAzMDFuZGV6LmpwZyIsInNsaWRlc2hvdyI6IjMzOTE3YjQxIn0%3D\" href=\"https:\/\/festivalorigenes.com\/ca\/protagonistes\/carlos-piernas\/,https:\/\/festivalorigenes.com\/ca\/protagonistes\/viri-fernandez\/,https:\/\/festivalorigenes.com\/ca\/protagonistes\/nacho-gomara\/,https:\/\/festivalorigenes.com\/ca\/protagonistes\/daniel-jorda\/,https:\/\/festivalorigenes.com\/ca\/protagonistes\/juan-angel-rodrigalvarez\/,https:\/\/festivalorigenes.com\/ca\/protagonistes\/anselmo-perez\/,https:\/\/festivalorigenes.com\/ca\/protagonistes\/gorka-rodriguez\/,https:\/\/festivalorigenes.com\/ca\/protagonistes\/eva-vila\/,https:\/\/festivalorigenes.com\/ca\/protagonistes\/albert-roca\/,https:\/\/festivalorigenes.com\/ca\/protagonistes\/jose-luis-dominguez\/,https:\/\/festivalorigenes.com\/ca\/protagonistes\/barbara-sanfilippo\/\"><figure class=\"swiper-slide-inner\"><img decoding=\"async\" class=\"swiper-slide-image\" src=\"https:\/\/festivalorigenes.com\/wp-content\/uploads\/elementor\/thumbs\/Festival-Gastrono\u0301mico-ori\u0301Genes-Viri-Ferna\u0301ndez-oy9r28zck2wb5q4g2eap1octz1yeo3cyj7n0c0ifnc.jpg\" alt=\"Viri Fern\u00e1ndez - Protagonista - or\u00edGenes Festival Gastrono\u0301mico\" \/><figcaption class=\"elementor-image-carousel-caption\">Viri Fern\u00e1ndez<\/figcaption><\/figure><\/a><\/div><div class=\"swiper-slide\" role=\"group\" aria-roledescription=\"slide\" aria-label=\"3 de 11\"><a data-elementor-open-lightbox=\"yes\" data-elementor-lightbox-slideshow=\"33917b41\" data-elementor-lightbox-title=\"Nacho G\u00f3mara - Protagonista - ori\u0301Genes Festival gastron\u00f2mic\" data-e-action-hash=\"#elementor-action%3Aaction%3Dlightbox%26settings%3DeyJpZCI6MzUxNiwidXJsIjoiaHR0cHM6XC9cL2Zlc3RpdmFsb3JpZ2VuZXMuY29tXC93cC1jb250ZW50XC91cGxvYWRzXC8yMDIwXC8xMVwvRmVzdGl2YWwtR2FzdHJvbm9cdTAzMDFtaWNvLW9yaVx1MDMwMUdlbmVzLU5hY2hvLUdvXHUwMzAxbWFyYS5qcGciLCJzbGlkZXNob3ciOiIzMzkxN2I0MSJ9\" href=\"https:\/\/festivalorigenes.com\/ca\/protagonistes\/carlos-piernas\/,https:\/\/festivalorigenes.com\/ca\/protagonistes\/viri-fernandez\/,https:\/\/festivalorigenes.com\/ca\/protagonistes\/nacho-gomara\/,https:\/\/festivalorigenes.com\/ca\/protagonistes\/daniel-jorda\/,https:\/\/festivalorigenes.com\/ca\/protagonistes\/juan-angel-rodrigalvarez\/,https:\/\/festivalorigenes.com\/ca\/protagonistes\/anselmo-perez\/,https:\/\/festivalorigenes.com\/ca\/protagonistes\/gorka-rodriguez\/,https:\/\/festivalorigenes.com\/ca\/protagonistes\/eva-vila\/,https:\/\/festivalorigenes.com\/ca\/protagonistes\/albert-roca\/,https:\/\/festivalorigenes.com\/ca\/protagonistes\/jose-luis-dominguez\/,https:\/\/festivalorigenes.com\/ca\/protagonistes\/barbara-sanfilippo\/\"><figure class=\"swiper-slide-inner\"><img decoding=\"async\" class=\"swiper-slide-image\" src=\"https:\/\/festivalorigenes.com\/wp-content\/uploads\/elementor\/thumbs\/Festival-Gastrono\u0301mico-ori\u0301Genes-Nacho-Go\u0301mara-oy9scdw60c1z0p3vnu8gxj8bmwjzh9invkdzby3s8o.jpg\" alt=\"Nacho G\u00f3mara - Protagonista - ori\u0301Genes Festival gastron\u00f2mic\" \/><figcaption class=\"elementor-image-carousel-caption\">Nacho G\u00f3mara<\/figcaption><\/figure><\/a><\/div><div class=\"swiper-slide\" role=\"group\" aria-roledescription=\"slide\" aria-label=\"4 de 11\"><a data-elementor-open-lightbox=\"yes\" data-elementor-lightbox-slideshow=\"33917b41\" data-elementor-lightbox-title=\"Daniel Jord\u00e0 - Protagonista - ori\u0301Genes Festival gastron\u00f2mic\" data-e-action-hash=\"#elementor-action%3Aaction%3Dlightbox%26settings%3DeyJpZCI6MzUyMywidXJsIjoiaHR0cHM6XC9cL2Zlc3RpdmFsb3JpZ2VuZXMuY29tXC93cC1jb250ZW50XC91cGxvYWRzXC8yMDIwXC8xMVwvRmVzdGl2YWwtR2FzdHJvbm9cdTAzMDFtaWNvLW9yaVx1MDMwMUdlbmVzLURhbmllbC1Kb3JkYVx1MDMwMC5qcGciLCJzbGlkZXNob3ciOiIzMzkxN2I0MSJ9\" href=\"https:\/\/festivalorigenes.com\/ca\/protagonistes\/carlos-piernas\/,https:\/\/festivalorigenes.com\/ca\/protagonistes\/viri-fernandez\/,https:\/\/festivalorigenes.com\/ca\/protagonistes\/nacho-gomara\/,https:\/\/festivalorigenes.com\/ca\/protagonistes\/daniel-jorda\/,https:\/\/festivalorigenes.com\/ca\/protagonistes\/juan-angel-rodrigalvarez\/,https:\/\/festivalorigenes.com\/ca\/protagonistes\/anselmo-perez\/,https:\/\/festivalorigenes.com\/ca\/protagonistes\/gorka-rodriguez\/,https:\/\/festivalorigenes.com\/ca\/protagonistes\/eva-vila\/,https:\/\/festivalorigenes.com\/ca\/protagonistes\/albert-roca\/,https:\/\/festivalorigenes.com\/ca\/protagonistes\/jose-luis-dominguez\/,https:\/\/festivalorigenes.com\/ca\/protagonistes\/barbara-sanfilippo\/\"><figure class=\"swiper-slide-inner\"><img decoding=\"async\" class=\"swiper-slide-image\" src=\"https:\/\/festivalorigenes.com\/wp-content\/uploads\/elementor\/thumbs\/Festival-Gastrono\u0301mico-ori\u0301Genes-Daniel-Jorda\u0300-oy9sjq0tcs3jn4g7tiemw6kuk6e4k7n8jvpf6p85o8.jpg\" alt=\"Daniel Jord\u00e0 - Protagonista - ori\u0301Genes Festival gastron\u00f2mic\" \/><figcaption class=\"elementor-image-carousel-caption\">Daniel Jord\u00e0<\/figcaption><\/figure><\/a><\/div><div class=\"swiper-slide\" role=\"group\" aria-roledescription=\"slide\" aria-label=\"5 de 11\"><a data-elementor-open-lightbox=\"yes\" data-elementor-lightbox-slideshow=\"33917b41\" data-elementor-lightbox-title=\"Juan \u00c1ngel Rodrig\u00e1lvarez - Protagonista - ori\u0301Genes Festival gastron\u00f2mic\" data-e-action-hash=\"#elementor-action%3Aaction%3Dlightbox%26settings%3DeyJpZCI6MzUyNSwidXJsIjoiaHR0cHM6XC9cL2Zlc3RpdmFsb3JpZ2VuZXMuY29tXC93cC1jb250ZW50XC91cGxvYWRzXC8yMDIwXC8xMVwvRmVzdGl2YWwtR2FzdHJvbm9cdTAzMDFtaWNvLW9yaVx1MDMwMUdlbmVzLUp1YW4tQVx1MDMwMW5nZWwtUm9kcmlcdTAzMDFndWV6LmpwZyIsInNsaWRlc2hvdyI6IjMzOTE3YjQxIn0%3D\" href=\"https:\/\/festivalorigenes.com\/ca\/protagonistes\/carlos-piernas\/,https:\/\/festivalorigenes.com\/ca\/protagonistes\/viri-fernandez\/,https:\/\/festivalorigenes.com\/ca\/protagonistes\/nacho-gomara\/,https:\/\/festivalorigenes.com\/ca\/protagonistes\/daniel-jorda\/,https:\/\/festivalorigenes.com\/ca\/protagonistes\/juan-angel-rodrigalvarez\/,https:\/\/festivalorigenes.com\/ca\/protagonistes\/anselmo-perez\/,https:\/\/festivalorigenes.com\/ca\/protagonistes\/gorka-rodriguez\/,https:\/\/festivalorigenes.com\/ca\/protagonistes\/eva-vila\/,https:\/\/festivalorigenes.com\/ca\/protagonistes\/albert-roca\/,https:\/\/festivalorigenes.com\/ca\/protagonistes\/jose-luis-dominguez\/,https:\/\/festivalorigenes.com\/ca\/protagonistes\/barbara-sanfilippo\/\"><figure class=\"swiper-slide-inner\"><img decoding=\"async\" class=\"swiper-slide-image\" src=\"https:\/\/festivalorigenes.com\/wp-content\/uploads\/elementor\/thumbs\/Festival-Gastrono\u0301mico-ori\u0301Genes-Juan-A\u0301ngel-Rodri\u0301guez-oy9stqyu95tnhdvx9ufdhnhuo4z2nzg5xi7vgyczaw.jpg\" alt=\"Juan \u00c1ngel Rodrig\u00e1lvarez - Protagonista - ori\u0301Genes Festival gastron\u00f2mic\" \/><figcaption class=\"elementor-image-carousel-caption\">Juan \u00c1ngel Rodrig\u00e1lvarez<\/figcaption><\/figure><\/a><\/div><div class=\"swiper-slide\" role=\"group\" aria-roledescription=\"slide\" aria-label=\"6 de 11\"><a data-elementor-open-lightbox=\"yes\" data-elementor-lightbox-slideshow=\"33917b41\" data-elementor-lightbox-title=\"Anselmo_Perez_Festival_oriGenes4\" data-e-action-hash=\"#elementor-action%3Aaction%3Dlightbox%26settings%3DeyJpZCI6MzU0MywidXJsIjoiaHR0cHM6XC9cL2Zlc3RpdmFsb3JpZ2VuZXMuY29tXC93cC1jb250ZW50XC91cGxvYWRzXC8yMDIwXC8xMlwvQW5zZWxtb19QZXJlel9GZXN0aXZhbF9vcmlHZW5lczQuanBnIiwic2xpZGVzaG93IjoiMzM5MTdiNDEifQ%3D%3D\" href=\"https:\/\/festivalorigenes.com\/ca\/protagonistes\/carlos-piernas\/,https:\/\/festivalorigenes.com\/ca\/protagonistes\/viri-fernandez\/,https:\/\/festivalorigenes.com\/ca\/protagonistes\/nacho-gomara\/,https:\/\/festivalorigenes.com\/ca\/protagonistes\/daniel-jorda\/,https:\/\/festivalorigenes.com\/ca\/protagonistes\/juan-angel-rodrigalvarez\/,https:\/\/festivalorigenes.com\/ca\/protagonistes\/anselmo-perez\/,https:\/\/festivalorigenes.com\/ca\/protagonistes\/gorka-rodriguez\/,https:\/\/festivalorigenes.com\/ca\/protagonistes\/eva-vila\/,https:\/\/festivalorigenes.com\/ca\/protagonistes\/albert-roca\/,https:\/\/festivalorigenes.com\/ca\/protagonistes\/jose-luis-dominguez\/,https:\/\/festivalorigenes.com\/ca\/protagonistes\/barbara-sanfilippo\/\"><figure class=\"swiper-slide-inner\"><img decoding=\"async\" class=\"swiper-slide-image\" src=\"https:\/\/festivalorigenes.com\/wp-content\/uploads\/elementor\/thumbs\/Anselmo_Perez_Festival_oriGenes4-ozngu9tepzh9wl0jazrrpza0dupq6l0xg48ikkibp4.jpg\" alt=\"Anselmo P\u00e9rez - or\u00edGenes Festival Gastron\u00f3mico\" \/><figcaption class=\"elementor-image-carousel-caption\">Anselmo P\u00e9rez<\/figcaption><\/figure><\/a><\/div><div class=\"swiper-slide\" role=\"group\" aria-roledescription=\"slide\" aria-label=\"7 de 11\"><a data-elementor-open-lightbox=\"yes\" data-elementor-lightbox-slideshow=\"33917b41\" data-elementor-lightbox-title=\"Gorka Rodri\u0301guez - Protagonista - ori\u0301Genes Festival Gastron\u00f2mic\" data-e-action-hash=\"#elementor-action%3Aaction%3Dlightbox%26settings%3DeyJpZCI6Mzg5NiwidXJsIjoiaHR0cHM6XC9cL2Zlc3RpdmFsb3JpZ2VuZXMuY29tXC93cC1jb250ZW50XC91cGxvYWRzXC8yMDIxXC8wMVwvR29ya2EtUm9kcmlcdTAzMDFndWV6LVByb3RhZ29uaXN0YS1vcmlcdTAzMDFHZW5lcy1GZXN0aXZhbC1HYXN0cm9ub1x1MDMwMW1pY28uanBnIiwic2xpZGVzaG93IjoiMzM5MTdiNDEifQ%3D%3D\" href=\"https:\/\/festivalorigenes.com\/ca\/protagonistes\/carlos-piernas\/,https:\/\/festivalorigenes.com\/ca\/protagonistes\/viri-fernandez\/,https:\/\/festivalorigenes.com\/ca\/protagonistes\/nacho-gomara\/,https:\/\/festivalorigenes.com\/ca\/protagonistes\/daniel-jorda\/,https:\/\/festivalorigenes.com\/ca\/protagonistes\/juan-angel-rodrigalvarez\/,https:\/\/festivalorigenes.com\/ca\/protagonistes\/anselmo-perez\/,https:\/\/festivalorigenes.com\/ca\/protagonistes\/gorka-rodriguez\/,https:\/\/festivalorigenes.com\/ca\/protagonistes\/eva-vila\/,https:\/\/festivalorigenes.com\/ca\/protagonistes\/albert-roca\/,https:\/\/festivalorigenes.com\/ca\/protagonistes\/jose-luis-dominguez\/,https:\/\/festivalorigenes.com\/ca\/protagonistes\/barbara-sanfilippo\/\"><figure class=\"swiper-slide-inner\"><img decoding=\"async\" class=\"swiper-slide-image\" src=\"https:\/\/festivalorigenes.com\/wp-content\/uploads\/elementor\/thumbs\/Gorka-Rodri\u0301guez-Protagonista-ori\u0301Genes-Festival-Gastrono\u0301mico-p24gmls0y28210k24ra4g9aoiom31c9q1ykkl26gmw.jpg\" alt=\"Gorka Rodri\u0301guez - Protagonista - ori\u0301Genes Festival Gastrono\u0301mico\" \/><figcaption class=\"elementor-image-carousel-caption\">Gorka Rodr\u00edguez<\/figcaption><\/figure><\/a><\/div><div class=\"swiper-slide\" role=\"group\" aria-roledescription=\"slide\" aria-label=\"8 de 11\"><a data-elementor-open-lightbox=\"yes\" data-elementor-lightbox-slideshow=\"33917b41\" data-elementor-lightbox-title=\"Eva Vila - Protagonista - ori\u0301Genes Festival Gastrono\u0301mico\" data-e-action-hash=\"#elementor-action%3Aaction%3Dlightbox%26settings%3DeyJpZCI6NDAzNCwidXJsIjoiaHR0cHM6XC9cL2Zlc3RpdmFsb3JpZ2VuZXMuY29tXC93cC1jb250ZW50XC91cGxvYWRzXC8yMDIxXC8wMlwvRXZhLVZpbGEtUHJvdGFnb25pc3RhLW9yaVx1MDMwMUdlbmVzLUZlc3RpdmFsLUdhc3Ryb25vXHUwMzAxbWljby5qcGciLCJzbGlkZXNob3ciOiIzMzkxN2I0MSJ9\" href=\"https:\/\/festivalorigenes.com\/ca\/protagonistes\/carlos-piernas\/,https:\/\/festivalorigenes.com\/ca\/protagonistes\/viri-fernandez\/,https:\/\/festivalorigenes.com\/ca\/protagonistes\/nacho-gomara\/,https:\/\/festivalorigenes.com\/ca\/protagonistes\/daniel-jorda\/,https:\/\/festivalorigenes.com\/ca\/protagonistes\/juan-angel-rodrigalvarez\/,https:\/\/festivalorigenes.com\/ca\/protagonistes\/anselmo-perez\/,https:\/\/festivalorigenes.com\/ca\/protagonistes\/gorka-rodriguez\/,https:\/\/festivalorigenes.com\/ca\/protagonistes\/eva-vila\/,https:\/\/festivalorigenes.com\/ca\/protagonistes\/albert-roca\/,https:\/\/festivalorigenes.com\/ca\/protagonistes\/jose-luis-dominguez\/,https:\/\/festivalorigenes.com\/ca\/protagonistes\/barbara-sanfilippo\/\"><figure class=\"swiper-slide-inner\"><img decoding=\"async\" class=\"swiper-slide-image\" src=\"https:\/\/festivalorigenes.com\/wp-content\/uploads\/elementor\/thumbs\/Eva-Vila-Protagonista-ori\u0301Genes-Festival-Gastrono\u0301mico-p2acpp9enq3fy25ij2j7vkgco86yor2p46hzedjmwo.jpg\" alt=\"Eva Vila - ori\u0301Genes Festival Gastrono\u0301mico\" \/><figcaption class=\"elementor-image-carousel-caption\">Eva Vila<\/figcaption><\/figure><\/a><\/div><div class=\"swiper-slide\" role=\"group\" aria-roledescription=\"slide\" aria-label=\"9 de 11\"><a data-elementor-open-lightbox=\"yes\" data-elementor-lightbox-slideshow=\"33917b41\" data-elementor-lightbox-title=\"Festival gastron\u00f2mic ori\u0301Genes - Albert Roca\" data-e-action-hash=\"#elementor-action%3Aaction%3Dlightbox%26settings%3DeyJpZCI6MzUwOSwidXJsIjoiaHR0cHM6XC9cL2Zlc3RpdmFsb3JpZ2VuZXMuY29tXC93cC1jb250ZW50XC91cGxvYWRzXC8yMDIwXC8xMVwvRmVzdGl2YWwtR2FzdHJvbm9cdTAzMDFtaWNvLW9yaVx1MDMwMUdlbmVzLUFsYmVydC1Sb2NhLmpwZyIsInNsaWRlc2hvdyI6IjMzOTE3YjQxIn0%3D\" href=\"https:\/\/festivalorigenes.com\/ca\/protagonistes\/carlos-piernas\/,https:\/\/festivalorigenes.com\/ca\/protagonistes\/viri-fernandez\/,https:\/\/festivalorigenes.com\/ca\/protagonistes\/nacho-gomara\/,https:\/\/festivalorigenes.com\/ca\/protagonistes\/daniel-jorda\/,https:\/\/festivalorigenes.com\/ca\/protagonistes\/juan-angel-rodrigalvarez\/,https:\/\/festivalorigenes.com\/ca\/protagonistes\/anselmo-perez\/,https:\/\/festivalorigenes.com\/ca\/protagonistes\/gorka-rodriguez\/,https:\/\/festivalorigenes.com\/ca\/protagonistes\/eva-vila\/,https:\/\/festivalorigenes.com\/ca\/protagonistes\/albert-roca\/,https:\/\/festivalorigenes.com\/ca\/protagonistes\/jose-luis-dominguez\/,https:\/\/festivalorigenes.com\/ca\/protagonistes\/barbara-sanfilippo\/\"><figure class=\"swiper-slide-inner\"><img decoding=\"async\" class=\"swiper-slide-image\" src=\"https:\/\/festivalorigenes.com\/wp-content\/uploads\/elementor\/thumbs\/Festival-Gastrono\u0301mico-ori\u0301Genes-Albert-Roca-oy9rd32dcbqazwdtskwvafx4hyjqehdkcudihug1x4.jpg\" alt=\"Festival Gastrono\u0301mico ori\u0301Genes - Albert Roca - Producto\" \/><figcaption class=\"elementor-image-carousel-caption\">Albert Roca<\/figcaption><\/figure><\/a><\/div><div class=\"swiper-slide\" role=\"group\" aria-roledescription=\"slide\" aria-label=\"10 de 11\"><a data-elementor-open-lightbox=\"yes\" data-elementor-lightbox-slideshow=\"33917b41\" data-elementor-lightbox-title=\"Jos\u00e9 Luis Dominguez - Protagonista - ori\u0301Genes Festival Gastron\u00f2mic\" data-e-action-hash=\"#elementor-action%3Aaction%3Dlightbox%26settings%3DeyJpZCI6NDI2NiwidXJsIjoiaHR0cHM6XC9cL2Zlc3RpdmFsb3JpZ2VuZXMuY29tXC93cC1jb250ZW50XC91cGxvYWRzXC8yMDIxXC8wM1wvb3JpZ2VuZXNfZmVzdGl2YWxfZ2FzdHJvbm9taWNvX2pvc2VfbHVpc19kb21pbmd1ZXouanBnIiwic2xpZGVzaG93IjoiMzM5MTdiNDEifQ%3D%3D\" href=\"https:\/\/festivalorigenes.com\/ca\/protagonistes\/carlos-piernas\/,https:\/\/festivalorigenes.com\/ca\/protagonistes\/viri-fernandez\/,https:\/\/festivalorigenes.com\/ca\/protagonistes\/nacho-gomara\/,https:\/\/festivalorigenes.com\/ca\/protagonistes\/daniel-jorda\/,https:\/\/festivalorigenes.com\/ca\/protagonistes\/juan-angel-rodrigalvarez\/,https:\/\/festivalorigenes.com\/ca\/protagonistes\/anselmo-perez\/,https:\/\/festivalorigenes.com\/ca\/protagonistes\/gorka-rodriguez\/,https:\/\/festivalorigenes.com\/ca\/protagonistes\/eva-vila\/,https:\/\/festivalorigenes.com\/ca\/protagonistes\/albert-roca\/,https:\/\/festivalorigenes.com\/ca\/protagonistes\/jose-luis-dominguez\/,https:\/\/festivalorigenes.com\/ca\/protagonistes\/barbara-sanfilippo\/\"><figure class=\"swiper-slide-inner\"><img decoding=\"async\" class=\"swiper-slide-image\" src=\"https:\/\/festivalorigenes.com\/wp-content\/uploads\/elementor\/thumbs\/origenes_festival_gastronomico_jose_luis_dominguez-p4pdi5cneg0wpk9exjem6bcj61q4g6mqnkcqnquoxk.jpg\" alt=\"Jos\u00e9 Luis Dominguez - Protagonista - ori\u0301Genes Festival Gastron\u00f2mic\" \/><figcaption class=\"elementor-image-carousel-caption\">Jos\u00e9 Luis Dom\u00ednguez<\/figcaption><\/figure><\/a><\/div><div class=\"swiper-slide\" role=\"group\" aria-roledescription=\"slide\" aria-label=\"11 de 11\"><a data-elementor-open-lightbox=\"yes\" data-elementor-lightbox-slideshow=\"33917b41\" data-elementor-lightbox-title=\"origenes_festival_gastronomico_barbara_sanfilippo_protagonista\" data-e-action-hash=\"#elementor-action%3Aaction%3Dlightbox%26settings%3DeyJpZCI6NTE4MywidXJsIjoiaHR0cHM6XC9cL2Zlc3RpdmFsb3JpZ2VuZXMuY29tXC93cC1jb250ZW50XC91cGxvYWRzXC8yMDIxXC8wNVwvb3JpZ2VuZXNfZmVzdGl2YWxfZ2FzdHJvbm9taWNvX2JhcmJhcmFfc2FuZmlsaXBwb19wcm90YWdvbmlzdGEuanBnIiwic2xpZGVzaG93IjoiMzM5MTdiNDEifQ%3D%3D\" href=\"https:\/\/festivalorigenes.com\/ca\/protagonistes\/carlos-piernas\/,https:\/\/festivalorigenes.com\/ca\/protagonistes\/viri-fernandez\/,https:\/\/festivalorigenes.com\/ca\/protagonistes\/nacho-gomara\/,https:\/\/festivalorigenes.com\/ca\/protagonistes\/daniel-jorda\/,https:\/\/festivalorigenes.com\/ca\/protagonistes\/juan-angel-rodrigalvarez\/,https:\/\/festivalorigenes.com\/ca\/protagonistes\/anselmo-perez\/,https:\/\/festivalorigenes.com\/ca\/protagonistes\/gorka-rodriguez\/,https:\/\/festivalorigenes.com\/ca\/protagonistes\/eva-vila\/,https:\/\/festivalorigenes.com\/ca\/protagonistes\/albert-roca\/,https:\/\/festivalorigenes.com\/ca\/protagonistes\/jose-luis-dominguez\/,https:\/\/festivalorigenes.com\/ca\/protagonistes\/barbara-sanfilippo\/\"><figure class=\"swiper-slide-inner\"><img decoding=\"async\" class=\"swiper-slide-image\" src=\"https:\/\/festivalorigenes.com\/wp-content\/uploads\/elementor\/thumbs\/origenes_festival_gastronomico_barbara_sanfilippo_protagonista-p74ek986dv6gssc4x6lz3mh9gfn3bmjgurl5hhu308.jpg\" alt=\"origenes_feB\u00e1rbara Sanfilippo - Protagonista - ori\u0301Genes Festival Gastrono\u0301micostival_gastronomico_barbara_sanfilippo_protagonista\" \/><figcaption class=\"elementor-image-carousel-caption\">B\u00e1rbara Sanfilippo<\/figcaption><\/figure><\/a><\/div>\t\t\t<\/div>\n\t\t\t\t\t\t\t\t\t\t\t\t<div class=\"elementor-swiper-button elementor-swiper-button-prev\" role=\"button\" tabindex=\"0\">\n\t\t\t\t\t\t<i aria-hidden=\"true\" class=\"eicon-chevron-left\"><\/i>\t\t\t\t\t<\/div>\n\t\t\t\t\t<div class=\"elementor-swiper-button elementor-swiper-button-next\" role=\"button\" tabindex=\"0\">\n\t\t\t\t\t\t<i aria-hidden=\"true\" class=\"eicon-chevron-right\"><\/i>\t\t\t\t\t<\/div>\n\t\t\t\t\n\t\t\t\t\t\t\t\t\t<div class=\"swiper-pagination\"><\/div>\n\t\t\t\t\t\t\t\t\t<\/div>\n\t\t\t\t\t\t<\/div>\n\t\t\t\t<\/div>\n\t\t\t\t\t<\/div>\n\t\t<\/div>\n\t\t\t\t\t<\/div>\n\t\t<\/section>\n\t\t\t\t<\/div>\n\t\t","protected":false},"excerpt":{"rendered":"<p>EDU TORREs Albufera de Val\u00e8ncia, Comunitat Valenciana Des de 1903 elaborant arrossos per a venda directa al restaurant. Molino Roca \u00e9s un projecte d&#8217;arr\u00f2s acontracorrent a base de sembrar varietats de llavor pura, buscant la demanda del xef. Pioner en el cultiu de varietats com Bombita \u201cby Torca\u201d o Carnaroli Premi comprom\u00eds amb la terra [&hellip;]<\/p>\n","protected":false},"author":1,"featured_media":0,"parent":5656,"menu_order":0,"comment_status":"closed","ping_status":"closed","template":"","meta":{"site-sidebar-layout":"no-sidebar","site-content-layout":"page-builder","ast-site-content-layout":"default","site-content-style":"default","site-sidebar-style":"default","ast-global-header-display":"","ast-banner-title-visibility":"","ast-main-header-display":"","ast-hfb-above-header-display":"","ast-hfb-below-header-display":"","ast-hfb-mobile-header-display":"","site-post-title":"disabled","ast-breadcrumbs-content":"","ast-featured-img":"disabled","footer-sml-layout":"","theme-transparent-header-meta":"disabled","adv-header-id-meta":"","stick-header-meta":"default","header-above-stick-meta":"","header-main-stick-meta":"","header-below-stick-meta":null,"astra-migrate-meta-layouts":"default","ast-page-background-enabled":"default","ast-page-background-meta":{"desktop":{"background-color":"","background-image":"","background-repeat":"repeat","background-position":"center center","background-size":"auto","background-attachment":"scroll","background-type":"","background-media":"","overlay-type":"","overlay-color":"","overlay-opacity":"","overlay-gradient":""},"tablet":{"background-color":"","background-image":"","background-repeat":"repeat","background-position":"center center","background-size":"auto","background-attachment":"scroll","background-type":"","background-media":"","overlay-type":"","overlay-color":"","overlay-opacity":"","overlay-gradient":""},"mobile":{"background-color":"","background-image":"","background-repeat":"repeat","background-position":"center center","background-size":"auto","background-attachment":"scroll","background-type":"","background-media":"","overlay-type":"","overlay-color":"","overlay-opacity":"","overlay-gradient":""}},"ast-content-background-meta":{"desktop":{"background-color":"var(--ast-global-color-5)","background-image":"","background-repeat":"repeat","background-position":"center center","background-size":"auto","background-attachment":"scroll","background-type":"","background-media":"","overlay-type":"","overlay-color":"","overlay-opacity":"","overlay-gradient":""},"tablet":{"background-color":"var(--ast-global-color-5)","background-image":"","background-repeat":"repeat","background-position":"center center","background-size":"auto","background-attachment":"scroll","background-type":"","background-media":"","overlay-type":"","overlay-color":"","overlay-opacity":"","overlay-gradient":""},"mobile":{"background-color":"var(--ast-global-color-5)","background-image":"","background-repeat":"repeat","background-position":"center center","background-size":"auto","background-attachment":"scroll","background-type":"","background-media":"","overlay-type":"","overlay-color":"","overlay-opacity":"","overlay-gradient":""}},"footnotes":""},"class_list":["post-3656","page","type-page","status-publish","hentry"],"yoast_head":"<!-- This site is optimized with the Yoast SEO plugin v25.7 - https:\/\/yoast.com\/wordpress\/plugins\/seo\/ -->\n<title>Edu Torres - or\u00edGenes - Festival Gastron\u00f2mic<\/title>\n<meta name=\"description\" content=\"Albufera, Val\u00e8ncia. Des de 1903 elabora arrossos per a venda directa al restaurant. Molino Roca \u00e9s un projecte d&#039;arr\u00f2s a contracorrent a base de sembrar varietats de llavor pura.\" \/>\n<meta name=\"robots\" content=\"index, follow, max-snippet:-1, max-image-preview:large, max-video-preview:-1\" \/>\n<link rel=\"canonical\" href=\"https:\/\/festivalorigenes.com\/ca\/protagonistes-2021\/edu-torres\/\" \/>\n<meta property=\"og:locale\" content=\"ca_ES\" \/>\n<meta property=\"og:type\" content=\"article\" \/>\n<meta property=\"og:title\" content=\"Edu Torres - or\u00edGenes - Festival Gastron\u00f2mic\" \/>\n<meta property=\"og:description\" content=\"Albufera, Val\u00e8ncia. Des de 1903 elabora arrossos per a venda directa al restaurant. Molino Roca \u00e9s un projecte d&#039;arr\u00f2s a contracorrent a base de sembrar varietats de llavor pura.\" \/>\n<meta property=\"og:url\" content=\"https:\/\/festivalorigenes.com\/ca\/protagonistes-2021\/edu-torres\/\" \/>\n<meta property=\"og:site_name\" content=\"or\u00edGenes - Festival Gastron\u00f2mic\" \/>\n<meta property=\"article:publisher\" content=\"https:\/\/www.facebook.com\/origenesfestivalgastronomico\/\" \/>\n<meta property=\"article:modified_time\" content=\"2021-11-17T22:49:53+00:00\" \/>\n<meta property=\"og:image\" content=\"https:\/\/festivalorigenes.com\/wp-content\/uploads\/2020\/11\/Festival-Gastrono\u0301mico-ori\u0301Genes-Edu-Torres.jpg\" \/>\n<meta name=\"twitter:card\" content=\"summary_large_image\" \/>\n<meta name=\"twitter:site\" content=\"@origenesfest\" \/>\n<meta name=\"twitter:label1\" content=\"Temps estimat de lectura\" \/>\n\t<meta name=\"twitter:data1\" content=\"6 minuts\" \/>\n<script type=\"application\/ld+json\" class=\"yoast-schema-graph\">{\"@context\":\"https:\/\/schema.org\",\"@graph\":[{\"@type\":\"WebPage\",\"@id\":\"https:\/\/festivalorigenes.com\/ca\/protagonistes-2021\/edu-torres\/\",\"url\":\"https:\/\/festivalorigenes.com\/ca\/protagonistes-2021\/edu-torres\/\",\"name\":\"Edu Torres - or\u00edGenes - Festival Gastron\u00f2mic\",\"isPartOf\":{\"@id\":\"https:\/\/festivalorigenes.com\/ca\/#website\"},\"primaryImageOfPage\":{\"@id\":\"https:\/\/festivalorigenes.com\/ca\/protagonistes-2021\/edu-torres\/#primaryimage\"},\"image\":{\"@id\":\"https:\/\/festivalorigenes.com\/ca\/protagonistes-2021\/edu-torres\/#primaryimage\"},\"thumbnailUrl\":\"https:\/\/festivalorigenes.com\/wp-content\/uploads\/2020\/09\/quote-1.png\",\"datePublished\":\"2020-12-22T15:48:56+00:00\",\"dateModified\":\"2021-11-17T22:49:53+00:00\",\"description\":\"Albufera, Val\u00e8ncia. Des de 1903 elabora arrossos per a venda directa al restaurant. Molino Roca \u00e9s un projecte d'arr\u00f2s a contracorrent a base de sembrar varietats de llavor pura.\",\"breadcrumb\":{\"@id\":\"https:\/\/festivalorigenes.com\/ca\/protagonistes-2021\/edu-torres\/#breadcrumb\"},\"inLanguage\":\"ca\",\"potentialAction\":[{\"@type\":\"ReadAction\",\"target\":[\"https:\/\/festivalorigenes.com\/ca\/protagonistes-2021\/edu-torres\/\"]}]},{\"@type\":\"ImageObject\",\"inLanguage\":\"ca\",\"@id\":\"https:\/\/festivalorigenes.com\/ca\/protagonistes-2021\/edu-torres\/#primaryimage\",\"url\":\"https:\/\/festivalorigenes.com\/wp-content\/uploads\/2020\/09\/quote-1.png\",\"contentUrl\":\"https:\/\/festivalorigenes.com\/wp-content\/uploads\/2020\/09\/quote-1.png\"},{\"@type\":\"BreadcrumbList\",\"@id\":\"https:\/\/festivalorigenes.com\/ca\/protagonistes-2021\/edu-torres\/#breadcrumb\",\"itemListElement\":[{\"@type\":\"ListItem\",\"position\":1,\"name\":\"Portada\",\"item\":\"https:\/\/festivalorigenes.com\/ca\/\"},{\"@type\":\"ListItem\",\"position\":2,\"name\":\"Protagonistes 2021\",\"item\":\"https:\/\/festivalorigenes.com\/ca\/protagonistes-2021\/\"},{\"@type\":\"ListItem\",\"position\":3,\"name\":\"Edu Torres\"}]},{\"@type\":\"WebSite\",\"@id\":\"https:\/\/festivalorigenes.com\/ca\/#website\",\"url\":\"https:\/\/festivalorigenes.com\/ca\/\",\"name\":\"or\u00edGenes - Festival Gastron\u00f2mic\",\"description\":\"\",\"publisher\":{\"@id\":\"https:\/\/festivalorigenes.com\/ca\/#organization\"},\"potentialAction\":[{\"@type\":\"SearchAction\",\"target\":{\"@type\":\"EntryPoint\",\"urlTemplate\":\"https:\/\/festivalorigenes.com\/ca\/?s={search_term_string}\"},\"query-input\":{\"@type\":\"PropertyValueSpecification\",\"valueRequired\":true,\"valueName\":\"search_term_string\"}}],\"inLanguage\":\"ca\"},{\"@type\":\"Organization\",\"@id\":\"https:\/\/festivalorigenes.com\/ca\/#organization\",\"name\":\"or\u00edGenes Festival Gastron\u00f2mic\",\"url\":\"https:\/\/festivalorigenes.com\/ca\/\",\"logo\":{\"@type\":\"ImageObject\",\"inLanguage\":\"ca\",\"@id\":\"https:\/\/festivalorigenes.com\/ca\/#\/schema\/logo\/image\/\",\"url\":\"https:\/\/festivalorigenes.com\/wp-content\/uploads\/2020\/11\/124151422_123321709577698_694323274832345559_n.png\",\"contentUrl\":\"https:\/\/festivalorigenes.com\/wp-content\/uploads\/2020\/11\/124151422_123321709577698_694323274832345559_n.png\",\"width\":401,\"height\":401,\"caption\":\"or\u00edGenes Festival Gastron\u00f2mic\"},\"image\":{\"@id\":\"https:\/\/festivalorigenes.com\/ca\/#\/schema\/logo\/image\/\"},\"sameAs\":[\"https:\/\/www.facebook.com\/origenesfestivalgastronomico\/\",\"https:\/\/x.com\/origenesfest\",\"https:\/\/www.instagram.com\/origenesfestivalgastronomico\/\",\"https:\/\/www.linkedin.com\/company\/or\u00edgenes-festival-gastron\u00f3mico\"]}]}<\/script>\n<!-- \/ Yoast SEO plugin. -->","yoast_head_json":{"title":"Edu Torres - or\u00edGenes - Festival Gastron\u00f2mic","description":"Albufera, Val\u00e8ncia. Des de 1903 elabora arrossos per a venda directa al restaurant. Molino Roca \u00e9s un projecte d'arr\u00f2s a contracorrent a base de sembrar varietats de llavor pura.","robots":{"index":"index","follow":"follow","max-snippet":"max-snippet:-1","max-image-preview":"max-image-preview:large","max-video-preview":"max-video-preview:-1"},"canonical":"https:\/\/festivalorigenes.com\/ca\/protagonistes-2021\/edu-torres\/","og_locale":"ca_ES","og_type":"article","og_title":"Edu Torres - or\u00edGenes - Festival Gastron\u00f2mic","og_description":"Albufera, Val\u00e8ncia. Des de 1903 elabora arrossos per a venda directa al restaurant. Molino Roca \u00e9s un projecte d'arr\u00f2s a contracorrent a base de sembrar varietats de llavor pura.","og_url":"https:\/\/festivalorigenes.com\/ca\/protagonistes-2021\/edu-torres\/","og_site_name":"or\u00edGenes - Festival Gastron\u00f2mic","article_publisher":"https:\/\/www.facebook.com\/origenesfestivalgastronomico\/","article_modified_time":"2021-11-17T22:49:53+00:00","og_image":[{"url":"https:\/\/festivalorigenes.com\/wp-content\/uploads\/2020\/11\/Festival-Gastrono\u0301mico-ori\u0301Genes-Edu-Torres.jpg","type":"","width":"","height":""}],"twitter_card":"summary_large_image","twitter_site":"@origenesfest","twitter_misc":{"Temps estimat de lectura":"6 minuts"},"schema":{"@context":"https:\/\/schema.org","@graph":[{"@type":"WebPage","@id":"https:\/\/festivalorigenes.com\/ca\/protagonistes-2021\/edu-torres\/","url":"https:\/\/festivalorigenes.com\/ca\/protagonistes-2021\/edu-torres\/","name":"Edu Torres - or\u00edGenes - Festival Gastron\u00f2mic","isPartOf":{"@id":"https:\/\/festivalorigenes.com\/ca\/#website"},"primaryImageOfPage":{"@id":"https:\/\/festivalorigenes.com\/ca\/protagonistes-2021\/edu-torres\/#primaryimage"},"image":{"@id":"https:\/\/festivalorigenes.com\/ca\/protagonistes-2021\/edu-torres\/#primaryimage"},"thumbnailUrl":"https:\/\/festivalorigenes.com\/wp-content\/uploads\/2020\/09\/quote-1.png","datePublished":"2020-12-22T15:48:56+00:00","dateModified":"2021-11-17T22:49:53+00:00","description":"Albufera, Val\u00e8ncia. Des de 1903 elabora arrossos per a venda directa al restaurant. Molino Roca \u00e9s un projecte d'arr\u00f2s a contracorrent a base de sembrar varietats de llavor pura.","breadcrumb":{"@id":"https:\/\/festivalorigenes.com\/ca\/protagonistes-2021\/edu-torres\/#breadcrumb"},"inLanguage":"ca","potentialAction":[{"@type":"ReadAction","target":["https:\/\/festivalorigenes.com\/ca\/protagonistes-2021\/edu-torres\/"]}]},{"@type":"ImageObject","inLanguage":"ca","@id":"https:\/\/festivalorigenes.com\/ca\/protagonistes-2021\/edu-torres\/#primaryimage","url":"https:\/\/festivalorigenes.com\/wp-content\/uploads\/2020\/09\/quote-1.png","contentUrl":"https:\/\/festivalorigenes.com\/wp-content\/uploads\/2020\/09\/quote-1.png"},{"@type":"BreadcrumbList","@id":"https:\/\/festivalorigenes.com\/ca\/protagonistes-2021\/edu-torres\/#breadcrumb","itemListElement":[{"@type":"ListItem","position":1,"name":"Portada","item":"https:\/\/festivalorigenes.com\/ca\/"},{"@type":"ListItem","position":2,"name":"Protagonistes 2021","item":"https:\/\/festivalorigenes.com\/ca\/protagonistes-2021\/"},{"@type":"ListItem","position":3,"name":"Edu Torres"}]},{"@type":"WebSite","@id":"https:\/\/festivalorigenes.com\/ca\/#website","url":"https:\/\/festivalorigenes.com\/ca\/","name":"or\u00edGenes - Festival Gastron\u00f2mic","description":"","publisher":{"@id":"https:\/\/festivalorigenes.com\/ca\/#organization"},"potentialAction":[{"@type":"SearchAction","target":{"@type":"EntryPoint","urlTemplate":"https:\/\/festivalorigenes.com\/ca\/?s={search_term_string}"},"query-input":{"@type":"PropertyValueSpecification","valueRequired":true,"valueName":"search_term_string"}}],"inLanguage":"ca"},{"@type":"Organization","@id":"https:\/\/festivalorigenes.com\/ca\/#organization","name":"or\u00edGenes Festival Gastron\u00f2mic","url":"https:\/\/festivalorigenes.com\/ca\/","logo":{"@type":"ImageObject","inLanguage":"ca","@id":"https:\/\/festivalorigenes.com\/ca\/#\/schema\/logo\/image\/","url":"https:\/\/festivalorigenes.com\/wp-content\/uploads\/2020\/11\/124151422_123321709577698_694323274832345559_n.png","contentUrl":"https:\/\/festivalorigenes.com\/wp-content\/uploads\/2020\/11\/124151422_123321709577698_694323274832345559_n.png","width":401,"height":401,"caption":"or\u00edGenes Festival Gastron\u00f2mic"},"image":{"@id":"https:\/\/festivalorigenes.com\/ca\/#\/schema\/logo\/image\/"},"sameAs":["https:\/\/www.facebook.com\/origenesfestivalgastronomico\/","https:\/\/x.com\/origenesfest","https:\/\/www.instagram.com\/origenesfestivalgastronomico\/","https:\/\/www.linkedin.com\/company\/or\u00edgenes-festival-gastron\u00f3mico"]}]}},"_links":{"self":[{"href":"https:\/\/festivalorigenes.com\/ca\/wp-json\/wp\/v2\/pages\/3656","targetHints":{"allow":["GET"]}}],"collection":[{"href":"https:\/\/festivalorigenes.com\/ca\/wp-json\/wp\/v2\/pages"}],"about":[{"href":"https:\/\/festivalorigenes.com\/ca\/wp-json\/wp\/v2\/types\/page"}],"author":[{"embeddable":true,"href":"https:\/\/festivalorigenes.com\/ca\/wp-json\/wp\/v2\/users\/1"}],"replies":[{"embeddable":true,"href":"https:\/\/festivalorigenes.com\/ca\/wp-json\/wp\/v2\/comments?post=3656"}],"version-history":[{"count":19,"href":"https:\/\/festivalorigenes.com\/ca\/wp-json\/wp\/v2\/pages\/3656\/revisions"}],"predecessor-version":[{"id":6179,"href":"https:\/\/festivalorigenes.com\/ca\/wp-json\/wp\/v2\/pages\/3656\/revisions\/6179"}],"up":[{"embeddable":true,"href":"https:\/\/festivalorigenes.com\/ca\/wp-json\/wp\/v2\/pages\/5656"}],"wp:attachment":[{"href":"https:\/\/festivalorigenes.com\/ca\/wp-json\/wp\/v2\/media?parent=3656"}],"curies":[{"name":"wp","href":"https:\/\/api.w.org\/{rel}","templated":true}]}}