{"id":3658,"date":"2020-12-22T15:49:05","date_gmt":"2020-12-22T15:49:05","guid":{"rendered":"https:\/\/festivalorigenes.com\/protagonistes\/viri-fernandez\/"},"modified":"2021-11-17T22:51:36","modified_gmt":"2021-11-17T22:51:36","slug":"viri-fernandez","status":"publish","type":"page","link":"https:\/\/festivalorigenes.com\/ca\/protagonistes-2021\/viri-fernandez\/","title":{"rendered":"Viri Fern\u00e1ndez"},"content":{"rendered":"\t\t<div data-elementor-type=\"wp-page\" data-elementor-id=\"3658\" class=\"elementor elementor-3658 elementor-1284\" data-elementor-post-type=\"page\">\n\t\t\t\t\t\t<section class=\"elementor-section elementor-top-section elementor-element elementor-element-47c166d elementor-section-content-middle elementor-section-boxed elementor-section-height-default elementor-section-height-default\" data-id=\"47c166d\" data-element_type=\"section\" data-settings=\"{&quot;background_background&quot;:&quot;classic&quot;}\">\n\t\t\t\t\t\t<div class=\"elementor-container elementor-column-gap-no\">\n\t\t\t\t\t<div class=\"elementor-column elementor-col-50 elementor-top-column elementor-element elementor-element-1cd778bd\" data-id=\"1cd778bd\" data-element_type=\"column\" data-settings=\"{&quot;background_background&quot;:&quot;classic&quot;}\">\n\t\t\t<div class=\"elementor-widget-wrap elementor-element-populated\">\n\t\t\t\t\t\t<div class=\"elementor-element elementor-element-3eaa7c1 elementor-widget elementor-widget-image\" data-id=\"3eaa7c1\" data-element_type=\"widget\" data-widget_type=\"image.default\">\n\t\t\t\t<div class=\"elementor-widget-container\">\n\t\t\t\t\t\t\t\t\t\t\t\t\t\t\t<img fetchpriority=\"high\" decoding=\"async\" width=\"683\" height=\"1024\" src=\"https:\/\/festivalorigenes.com\/wp-content\/uploads\/2020\/11\/Festival-Gastrono\u0301mico-ori\u0301Genes-Viri-Ferna\u0301ndez-Cocina-683x1024.jpg\" class=\"attachment-large size-large wp-image-3502\" alt=\"ori\u0301Genes Festival Gastrono\u0301mico - Viri Ferna\u0301ndez - Cocina\" srcset=\"https:\/\/festivalorigenes.com\/wp-content\/uploads\/2020\/11\/Festival-Gastrono\u0301mico-ori\u0301Genes-Viri-Ferna\u0301ndez-Cocina-683x1024.jpg 683w, https:\/\/festivalorigenes.com\/wp-content\/uploads\/2020\/11\/Festival-Gastrono\u0301mico-ori\u0301Genes-Viri-Ferna\u0301ndez-Cocina-200x300.jpg 200w, https:\/\/festivalorigenes.com\/wp-content\/uploads\/2020\/11\/Festival-Gastrono\u0301mico-ori\u0301Genes-Viri-Ferna\u0301ndez-Cocina-768x1152.jpg 768w, https:\/\/festivalorigenes.com\/wp-content\/uploads\/2020\/11\/Festival-Gastrono\u0301mico-ori\u0301Genes-Viri-Ferna\u0301ndez-Cocina.jpg 1000w\" sizes=\"(max-width: 683px) 100vw, 683px\" \/>\t\t\t\t\t\t\t\t\t\t\t\t\t\t\t<\/div>\n\t\t\t\t<\/div>\n\t\t\t\t\t<\/div>\n\t\t<\/div>\n\t\t\t\t<div class=\"elementor-column elementor-col-50 elementor-top-column elementor-element elementor-element-1ddc94b\" data-id=\"1ddc94b\" data-element_type=\"column\" data-settings=\"{&quot;background_background&quot;:&quot;classic&quot;}\">\n\t\t\t<div class=\"elementor-widget-wrap elementor-element-populated\">\n\t\t\t\t\t<div class=\"elementor-background-overlay\"><\/div>\n\t\t\t\t\t\t<div class=\"elementor-element elementor-element-633329ba animated-fast elementor-invisible elementor-widget elementor-widget-heading\" data-id=\"633329ba\" data-element_type=\"widget\" data-settings=\"{&quot;_animation&quot;:&quot;fadeIn&quot;}\" data-widget_type=\"heading.default\">\n\t\t\t\t<div class=\"elementor-widget-container\">\n\t\t\t\t\t<h2 class=\"elementor-heading-title elementor-size-default\">Viri FErn\u00e1NDEZ<\/h2>\t\t\t\t<\/div>\n\t\t\t\t<\/div>\n\t\t\t\t<div class=\"elementor-element elementor-element-555e9904 animated-fast elementor-invisible elementor-widget elementor-widget-heading\" data-id=\"555e9904\" data-element_type=\"widget\" data-settings=\"{&quot;_animation&quot;:&quot;fadeIn&quot;}\" data-widget_type=\"heading.default\">\n\t\t\t\t<div class=\"elementor-widget-container\">\n\t\t\t\t\t<p class=\"elementor-heading-title elementor-size-default\">San Rom\u00e1n de Candamo, Asturias<\/p>\t\t\t\t<\/div>\n\t\t\t\t<\/div>\n\t\t\t\t<div class=\"elementor-element elementor-element-1c7fcb91 elementor-invisible elementor-widget elementor-widget-text-editor\" data-id=\"1c7fcb91\" data-element_type=\"widget\" data-settings=\"{&quot;_animation&quot;:&quot;fadeIn&quot;}\" data-widget_type=\"text-editor.default\">\n\t\t\t\t<div class=\"elementor-widget-container\">\n\t\t\t\t\t\t\t\t\t<p class=\"p1\"><span class=\"s1\">\u201cViri del Llar\u201d o una de las grans dames de la gastronomia asturiana des de fa m\u00e9s de 25 anys. El seu projecte de vida \u00e9s una <b>fonda<\/b> amb identitat pr\u00f2pia, amb l&#8217;objectiu de divulgar la gastronomia de la terra, gaudir i compartir en una vall amb un microclima especial ric en producte de proximitat; sense bar, sense tele, amb caf\u00e8 d&#8217;olla i amb jocs de taula de qualitat.<\/span><\/p>\n\t\t\t\t\t\t\t\t<\/div>\n\t\t\t\t<\/div>\n\t\t\t\t<div class=\"elementor-element elementor-element-421c9227 elementor-align-left elementor-icon-list--layout-traditional elementor-list-item-link-full_width elementor-widget elementor-widget-icon-list\" data-id=\"421c9227\" data-element_type=\"widget\" data-widget_type=\"icon-list.default\">\n\t\t\t\t<div class=\"elementor-widget-container\">\n\t\t\t\t\t\t\t<ul class=\"elementor-icon-list-items\">\n\t\t\t\t\t\t\t<li class=\"elementor-icon-list-item\">\n\t\t\t\t\t\t\t\t\t\t\t<span class=\"elementor-icon-list-icon\">\n\t\t\t\t\t\t\t<i aria-hidden=\"true\" class=\"fas fa-trophy\"><\/i>\t\t\t\t\t\t<\/span>\n\t\t\t\t\t\t\t\t\t\t<span class=\"elementor-icon-list-text\">Estrella Verda Michelin 2021<\/span>\n\t\t\t\t\t\t\t\t\t<\/li>\n\t\t\t\t\t\t\t\t<li class=\"elementor-icon-list-item\">\n\t\t\t\t\t\t\t\t\t\t\t<span class=\"elementor-icon-list-icon\">\n\t\t\t\t\t\t\t<i aria-hidden=\"true\" class=\"fas fa-trophy\"><\/i>\t\t\t\t\t\t<\/span>\n\t\t\t\t\t\t\t\t\t\t<span class=\"elementor-icon-list-text\">Premi i reconeixement a la millor fabada del m\u00f3n 2013<\/span>\n\t\t\t\t\t\t\t\t\t<\/li>\n\t\t\t\t\t\t\t\t<li class=\"elementor-icon-list-item\">\n\t\t\t\t\t\t\t\t\t\t\t<span class=\"elementor-icon-list-icon\">\n\t\t\t\t\t\t\t<i aria-hidden=\"true\" class=\"fas fa-trophy\"><\/i>\t\t\t\t\t\t<\/span>\n\t\t\t\t\t\t\t\t\t\t<span class=\"elementor-icon-list-text\">Destacat membre del moviment Slow Food a Espanya<\/span>\n\t\t\t\t\t\t\t\t\t<\/li>\n\t\t\t\t\t\t\t\t<li class=\"elementor-icon-list-item\">\n\t\t\t\t\t\t\t\t\t\t\t<span class=\"elementor-icon-list-icon\">\n\t\t\t\t\t\t\t<i aria-hidden=\"true\" class=\"fas fa-trophy\"><\/i>\t\t\t\t\t\t<\/span>\n\t\t\t\t\t\t\t\t\t\t<span class=\"elementor-icon-list-text\">S\u00f2cia fundadora del club de cuineres d'Ast\u00faries<\/span>\n\t\t\t\t\t\t\t\t\t<\/li>\n\t\t\t\t\t\t\t\t<li class=\"elementor-icon-list-item\">\n\t\t\t\t\t\t\t\t\t\t\t<span class=\"elementor-icon-list-icon\">\n\t\t\t\t\t\t\t<i aria-hidden=\"true\" class=\"fas fa-trophy\"><\/i>\t\t\t\t\t\t<\/span>\n\t\t\t\t\t\t\t\t\t\t<span class=\"elementor-icon-list-text\">Bib Gourmand \u2013 Recomanat a la Guia Michelin com un dels 9 restaurants m\u00e9s acollidors<\/span>\n\t\t\t\t\t\t\t\t\t<\/li>\n\t\t\t\t\t\t<\/ul>\n\t\t\t\t\t\t<\/div>\n\t\t\t\t<\/div>\n\t\t\t\t\t<\/div>\n\t\t<\/div>\n\t\t\t\t\t<\/div>\n\t\t<\/section>\n\t\t\t\t<section class=\"elementor-section elementor-top-section elementor-element elementor-element-16226a85 elementor-section-full_width elementor-section-content-bottom elementor-reverse-mobile elementor-section-height-default elementor-section-height-default\" data-id=\"16226a85\" data-element_type=\"section\" data-settings=\"{&quot;background_background&quot;:&quot;classic&quot;}\">\n\t\t\t\t\t\t<div class=\"elementor-container elementor-column-gap-no\">\n\t\t\t\t\t<div class=\"elementor-column elementor-col-50 elementor-top-column elementor-element elementor-element-e520807\" data-id=\"e520807\" data-element_type=\"column\" data-settings=\"{&quot;background_background&quot;:&quot;classic&quot;}\">\n\t\t\t<div class=\"elementor-widget-wrap elementor-element-populated\">\n\t\t\t\t\t\t<section class=\"elementor-section elementor-inner-section elementor-element elementor-element-741a855c elementor-reverse-tablet elementor-reverse-mobile elementor-section-boxed elementor-section-height-default elementor-section-height-default\" data-id=\"741a855c\" data-element_type=\"section\">\n\t\t\t\t\t\t<div class=\"elementor-container elementor-column-gap-default\">\n\t\t\t\t\t<div class=\"elementor-column elementor-col-100 elementor-inner-column elementor-element elementor-element-2736bced\" data-id=\"2736bced\" data-element_type=\"column\">\n\t\t\t<div class=\"elementor-widget-wrap elementor-element-populated\">\n\t\t\t\t\t\t<div class=\"elementor-element elementor-element-10294ff0 elementor-widget elementor-widget-image\" data-id=\"10294ff0\" data-element_type=\"widget\" data-widget_type=\"image.default\">\n\t\t\t\t<div class=\"elementor-widget-container\">\n\t\t\t\t\t\t\t\t\t\t\t\t\t\t\t<img decoding=\"async\" width=\"200\" height=\"154\" src=\"https:\/\/festivalorigenes.com\/wp-content\/uploads\/2020\/09\/quote-1.png\" class=\"attachment-medium size-medium wp-image-3454\" alt=\"\" \/>\t\t\t\t\t\t\t\t\t\t\t\t\t\t\t<\/div>\n\t\t\t\t<\/div>\n\t\t\t\t<div class=\"elementor-element elementor-element-435e93c8 elementor-widget elementor-widget-heading\" data-id=\"435e93c8\" data-element_type=\"widget\" data-widget_type=\"heading.default\">\n\t\t\t\t<div class=\"elementor-widget-container\">\n\t\t\t\t\t<h3 class=\"elementor-heading-title elementor-size-medium\">\u201cEl dia en qu\u00e8 es va cremar el meu restaurant, el meu cor es va encongir tant que no podia ni plorar. Me'n vaig refer gr\u00e0cies al suport dels meus fills, dels companys i amics del sector i, sobre tot, de l'afecte i l'\u00e0nim dels clients que des del minut u em van donar suport\u201d. - Viri del Llar -\n<\/h3>\t\t\t\t<\/div>\n\t\t\t\t<\/div>\n\t\t\t\t\t<\/div>\n\t\t<\/div>\n\t\t\t\t\t<\/div>\n\t\t<\/section>\n\t\t\t\t\t<\/div>\n\t\t<\/div>\n\t\t\t\t<div class=\"elementor-column elementor-col-50 elementor-top-column elementor-element elementor-element-1e0704b\" data-id=\"1e0704b\" data-element_type=\"column\" data-settings=\"{&quot;background_background&quot;:&quot;classic&quot;}\">\n\t\t\t<div class=\"elementor-widget-wrap elementor-element-populated\">\n\t\t\t\t\t<div class=\"elementor-background-overlay\"><\/div>\n\t\t\t\t\t\t<div class=\"elementor-element elementor-element-c64669d elementor-widget elementor-widget-video\" data-id=\"c64669d\" data-element_type=\"widget\" data-settings=\"{&quot;youtube_url&quot;:&quot;https:\\\/\\\/www.youtube.com\\\/watch?v=r546GEjA9Pg&quot;,&quot;video_type&quot;:&quot;youtube&quot;,&quot;controls&quot;:&quot;yes&quot;}\" data-widget_type=\"video.default\">\n\t\t\t\t<div class=\"elementor-widget-container\">\n\t\t\t\t\t\t\t<div class=\"elementor-wrapper elementor-open-inline\">\n\t\t\t<div class=\"elementor-video\"><\/div>\t\t<\/div>\n\t\t\t\t\t\t<\/div>\n\t\t\t\t<\/div>\n\t\t\t\t\t<\/div>\n\t\t<\/div>\n\t\t\t\t\t<\/div>\n\t\t<\/section>\n\t\t\t\t<section class=\"elementor-section elementor-top-section elementor-element elementor-element-5351234f elementor-section-content-bottom elementor-section-full_width elementor-section-height-default elementor-section-height-default\" data-id=\"5351234f\" data-element_type=\"section\" data-settings=\"{&quot;background_background&quot;:&quot;classic&quot;}\">\n\t\t\t\t\t\t<div class=\"elementor-container elementor-column-gap-no\">\n\t\t\t\t\t<div class=\"elementor-column elementor-col-50 elementor-top-column elementor-element elementor-element-102f4f8d\" data-id=\"102f4f8d\" data-element_type=\"column\" data-settings=\"{&quot;background_background&quot;:&quot;classic&quot;}\">\n\t\t\t<div class=\"elementor-widget-wrap elementor-element-populated\">\n\t\t\t\t\t<div class=\"elementor-background-overlay\"><\/div>\n\t\t\t\t\t\t<div class=\"elementor-element elementor-element-7f5dee86 elementor-widget elementor-widget-spacer\" data-id=\"7f5dee86\" data-element_type=\"widget\" data-widget_type=\"spacer.default\">\n\t\t\t\t<div class=\"elementor-widget-container\">\n\t\t\t\t\t\t\t<div class=\"elementor-spacer\">\n\t\t\t<div class=\"elementor-spacer-inner\"><\/div>\n\t\t<\/div>\n\t\t\t\t\t\t<\/div>\n\t\t\t\t<\/div>\n\t\t\t\t\t<\/div>\n\t\t<\/div>\n\t\t\t\t<div class=\"elementor-column elementor-col-50 elementor-top-column elementor-element elementor-element-256fd74d\" data-id=\"256fd74d\" data-element_type=\"column\" data-settings=\"{&quot;background_background&quot;:&quot;classic&quot;}\">\n\t\t\t<div class=\"elementor-widget-wrap elementor-element-populated\">\n\t\t\t\t\t\t<section class=\"elementor-section elementor-inner-section elementor-element elementor-element-50637e13 elementor-reverse-tablet elementor-reverse-mobile elementor-section-boxed elementor-section-height-default elementor-section-height-default\" data-id=\"50637e13\" data-element_type=\"section\">\n\t\t\t\t\t\t<div class=\"elementor-container elementor-column-gap-default\">\n\t\t\t\t\t<div class=\"elementor-column elementor-col-100 elementor-inner-column elementor-element elementor-element-3dd12ef7\" data-id=\"3dd12ef7\" data-element_type=\"column\">\n\t\t\t<div class=\"elementor-widget-wrap elementor-element-populated\">\n\t\t\t\t\t\t<div class=\"elementor-element elementor-element-3d248a38 elementor-widget elementor-widget-text-editor\" data-id=\"3d248a38\" data-element_type=\"widget\" data-widget_type=\"text-editor.default\">\n\t\t\t\t<div class=\"elementor-widget-container\">\n\t\t\t\t\t\t\t\t\t<p class=\"p1\"><span class=\"s1\">Una aposta de <strong>fonda que va sorgir de l&#8217;\u00e0nima<\/strong> amb venda en l\u00ednia de <strong>productes naturals<\/strong> com la fabada i les melmelades artesanes.<\/span><\/p>\n<p class=\"p1\"><span class=\"s1\"><strong>Confio i treballo <\/strong>amb el <strong>producte asturi\u00e0<\/strong> de tota la vida, amb el qual m&#8217;he criat, el que sempre ha estat all\u00e0 a costa de les modes, el que <strong>desperta la mem\u00f2ria del paladar<\/strong>.<\/span><\/p>\n<p class=\"p1\"><span class=\"s1\">\u201c<strong>A casa teva les coses fan gust a all\u00f2 que s\u00f3n, m&#8217;has transportat a la inf\u00e0ncia\u201d<\/strong>, una floreta d&#8217;un client de 103 anys \u00e9s una de les coses m\u00e9s boniques que he escoltat durant la meva traject\u00f2ria.<\/span><\/p>\n\t\t\t\t\t\t\t\t<\/div>\n\t\t\t\t<\/div>\n\t\t\t\t\t<\/div>\n\t\t<\/div>\n\t\t\t\t\t<\/div>\n\t\t<\/section>\n\t\t\t\t\t<\/div>\n\t\t<\/div>\n\t\t\t\t\t<\/div>\n\t\t<\/section>\n\t\t\t\t<section class=\"elementor-section elementor-top-section elementor-element elementor-element-134328e6 elementor-section-content-bottom elementor-section-full_width elementor-reverse-mobile elementor-section-height-default elementor-section-height-default\" data-id=\"134328e6\" data-element_type=\"section\" data-settings=\"{&quot;background_background&quot;:&quot;classic&quot;}\">\n\t\t\t\t\t\t<div class=\"elementor-container elementor-column-gap-no\">\n\t\t\t\t\t<div class=\"elementor-column elementor-col-50 elementor-top-column elementor-element elementor-element-29840638\" data-id=\"29840638\" data-element_type=\"column\" data-settings=\"{&quot;background_background&quot;:&quot;classic&quot;}\">\n\t\t\t<div class=\"elementor-widget-wrap elementor-element-populated\">\n\t\t\t\t\t\t<section class=\"elementor-section elementor-inner-section elementor-element elementor-element-f371892 elementor-reverse-tablet elementor-reverse-mobile elementor-section-boxed elementor-section-height-default elementor-section-height-default\" data-id=\"f371892\" data-element_type=\"section\">\n\t\t\t\t\t\t<div class=\"elementor-container elementor-column-gap-default\">\n\t\t\t\t\t<div class=\"elementor-column elementor-col-100 elementor-inner-column elementor-element elementor-element-b3b84d1\" data-id=\"b3b84d1\" data-element_type=\"column\">\n\t\t\t<div class=\"elementor-widget-wrap elementor-element-populated\">\n\t\t\t\t\t\t<div class=\"elementor-element elementor-element-106405cd elementor-widget elementor-widget-text-editor\" data-id=\"106405cd\" data-element_type=\"widget\" data-widget_type=\"text-editor.default\">\n\t\t\t\t<div class=\"elementor-widget-container\">\n\t\t\t\t\t\t\t\t\t<p class=\"p1\"><span class=\"s1\">Comarca d&#8217;hortes modelades per la humitat dels rius Narcea i Nal\u00f3n. <strong>Els aromes caracter\u00edstics de boscs aut\u00f2ctons<\/strong> generen un dels bressols de la <strong>millor fabada asturiana;<\/strong>\u00a0<strong>mantegosa, de bona mida i sense pell<\/strong>,\u00a0permetent l&#8217;absorci\u00f3 del brou i que es faci amb el gust del companatge. <strong>La fabada Asturiana,<\/strong> el producte per excel\u00b7l\u00e8ncia a les taules del territori asturi\u00e0 des de fa m\u00e9s de 100 anys.<\/span><\/p>\n\t\t\t\t\t\t\t\t<\/div>\n\t\t\t\t<\/div>\n\t\t\t\t<div class=\"elementor-element elementor-element-33b4d03c animated-fast elementor-invisible elementor-widget elementor-widget-heading\" data-id=\"33b4d03c\" data-element_type=\"widget\" data-settings=\"{&quot;_animation&quot;:&quot;fadeIn&quot;}\" data-widget_type=\"heading.default\">\n\t\t\t\t<div class=\"elementor-widget-container\">\n\t\t\t\t\t<h2 class=\"elementor-heading-title elementor-size-default\">+ INFO<\/h2>\t\t\t\t<\/div>\n\t\t\t\t<\/div>\n\t\t\t\t<div class=\"elementor-element elementor-element-462a6c05 elementor-align-left elementor-widget elementor-widget-button\" data-id=\"462a6c05\" data-element_type=\"widget\" data-widget_type=\"button.default\">\n\t\t\t\t<div class=\"elementor-widget-container\">\n\t\t\t\t\t\t\t\t\t<div class=\"elementor-button-wrapper\">\n\t\t\t\t\t<a class=\"elementor-button elementor-button-link elementor-size-lg\" href=\"https:\/\/www.llardeviri.eu\/\" target=\"_blank\">\n\t\t\t\t\t\t<span class=\"elementor-button-content-wrapper\">\n\t\t\t\t\t\t<span class=\"elementor-button-icon\">\n\t\t\t\t<i aria-hidden=\"true\" class=\"fas fa-caret-right\"><\/i>\t\t\t<\/span>\n\t\t\t\t\t\t\t\t\t<span class=\"elementor-button-text\">Web<\/span>\n\t\t\t\t\t<\/span>\n\t\t\t\t\t<\/a>\n\t\t\t\t<\/div>\n\t\t\t\t\t\t\t\t<\/div>\n\t\t\t\t<\/div>\n\t\t\t\t<div class=\"elementor-element elementor-element-19c61a0a elementor-shape-circle e-grid-align-left elementor-grid-3 elementor-widget elementor-widget-social-icons\" data-id=\"19c61a0a\" data-element_type=\"widget\" data-widget_type=\"social-icons.default\">\n\t\t\t\t<div class=\"elementor-widget-container\">\n\t\t\t\t\t\t\t<div class=\"elementor-social-icons-wrapper elementor-grid\" role=\"list\">\n\t\t\t\t\t\t\t<span class=\"elementor-grid-item\" role=\"listitem\">\n\t\t\t\t\t<a class=\"elementor-icon elementor-social-icon elementor-social-icon-facebook-f elementor-repeater-item-36dbf78\" href=\"https:\/\/www.facebook.com\/llardeviri\" target=\"_blank\">\n\t\t\t\t\t\t<span class=\"elementor-screen-only\">Facebook-f<\/span>\n\t\t\t\t\t\t<i class=\"fab fa-facebook-f\"><\/i>\t\t\t\t\t<\/a>\n\t\t\t\t<\/span>\n\t\t\t\t\t\t\t<span class=\"elementor-grid-item\" role=\"listitem\">\n\t\t\t\t\t<a class=\"elementor-icon elementor-social-icon elementor-social-icon-instagram elementor-repeater-item-e75f641\" href=\"https:\/\/www.instagram.com\/llardeviri\/\" target=\"_blank\">\n\t\t\t\t\t\t<span class=\"elementor-screen-only\">Instagram<\/span>\n\t\t\t\t\t\t<i class=\"fab fa-instagram\"><\/i>\t\t\t\t\t<\/a>\n\t\t\t\t<\/span>\n\t\t\t\t\t\t\t<span class=\"elementor-grid-item\" role=\"listitem\">\n\t\t\t\t\t<a class=\"elementor-icon elementor-social-icon elementor-social-icon-youtube elementor-repeater-item-60dd2f6\" href=\"https:\/\/www.youtube.com\/user\/llardeviri\/featured\" target=\"_blank\">\n\t\t\t\t\t\t<span class=\"elementor-screen-only\">Youtube<\/span>\n\t\t\t\t\t\t<i class=\"fab fa-youtube\"><\/i>\t\t\t\t\t<\/a>\n\t\t\t\t<\/span>\n\t\t\t\t\t<\/div>\n\t\t\t\t\t\t<\/div>\n\t\t\t\t<\/div>\n\t\t\t\t\t<\/div>\n\t\t<\/div>\n\t\t\t\t\t<\/div>\n\t\t<\/section>\n\t\t\t\t\t<\/div>\n\t\t<\/div>\n\t\t\t\t<div class=\"elementor-column elementor-col-50 elementor-top-column elementor-element elementor-element-6ec8dcab\" data-id=\"6ec8dcab\" data-element_type=\"column\" data-settings=\"{&quot;background_background&quot;:&quot;classic&quot;}\">\n\t\t\t<div class=\"elementor-widget-wrap elementor-element-populated\">\n\t\t\t\t\t<div class=\"elementor-background-overlay\"><\/div>\n\t\t\t\t\t\t<div class=\"elementor-element elementor-element-2f5bb951 elementor-widget elementor-widget-spacer\" data-id=\"2f5bb951\" data-element_type=\"widget\" data-widget_type=\"spacer.default\">\n\t\t\t\t<div class=\"elementor-widget-container\">\n\t\t\t\t\t\t\t<div class=\"elementor-spacer\">\n\t\t\t<div class=\"elementor-spacer-inner\"><\/div>\n\t\t<\/div>\n\t\t\t\t\t\t<\/div>\n\t\t\t\t<\/div>\n\t\t\t\t\t<\/div>\n\t\t<\/div>\n\t\t\t\t\t<\/div>\n\t\t<\/section>\n\t\t\t\t<section class=\"elementor-section elementor-top-section elementor-element elementor-element-6e2ce599 elementor-section-boxed elementor-section-height-default elementor-section-height-default\" data-id=\"6e2ce599\" data-element_type=\"section\">\n\t\t\t\t\t\t<div class=\"elementor-container elementor-column-gap-default\">\n\t\t\t\t\t<div class=\"elementor-column elementor-col-100 elementor-top-column elementor-element elementor-element-4a56cc41\" data-id=\"4a56cc41\" data-element_type=\"column\">\n\t\t\t<div class=\"elementor-widget-wrap elementor-element-populated\">\n\t\t\t\t\t\t<div class=\"elementor-element elementor-element-10efbb06 elementor-widget elementor-widget-heading\" data-id=\"10efbb06\" data-element_type=\"widget\" data-widget_type=\"heading.default\">\n\t\t\t\t<div class=\"elementor-widget-container\">\n\t\t\t\t\t<h2 class=\"elementor-heading-title elementor-size-default\">Descobreix m\u00e9s protagonistes<\/h2>\t\t\t\t<\/div>\n\t\t\t\t<\/div>\n\t\t\t\t<div class=\"elementor-element elementor-element-6a1f4503 elementor-arrows-position-outside elementor-pagination-position-outside elementor-widget elementor-widget-image-carousel\" data-id=\"6a1f4503\" data-element_type=\"widget\" data-settings=\"{&quot;slides_to_show&quot;:&quot;3&quot;,&quot;slides_to_scroll&quot;:&quot;1&quot;,&quot;slides_to_show_tablet&quot;:&quot;4&quot;,&quot;slides_to_show_mobile&quot;:&quot;1&quot;,&quot;navigation&quot;:&quot;both&quot;,&quot;autoplay&quot;:&quot;yes&quot;,&quot;pause_on_hover&quot;:&quot;yes&quot;,&quot;pause_on_interaction&quot;:&quot;yes&quot;,&quot;autoplay_speed&quot;:5000,&quot;infinite&quot;:&quot;yes&quot;,&quot;speed&quot;:500}\" data-widget_type=\"image-carousel.default\">\n\t\t\t\t<div class=\"elementor-widget-container\">\n\t\t\t\t\t\t\t<div class=\"elementor-image-carousel-wrapper swiper\" role=\"region\" aria-roledescription=\"carousel\" aria-label=\"Carrusel d&#039;imatges\" dir=\"ltr\">\n\t\t\t<div class=\"elementor-image-carousel swiper-wrapper\" aria-live=\"off\">\n\t\t\t\t\t\t\t\t<div class=\"swiper-slide\" role=\"group\" aria-roledescription=\"slide\" aria-label=\"1 de 11\"><a data-elementor-open-lightbox=\"yes\" data-elementor-lightbox-slideshow=\"6a1f4503\" data-elementor-lightbox-title=\"Carlos Piernas - Protagonista - ori\u0301Genes Festival gastron\u00f2mic\" data-e-action-hash=\"#elementor-action%3Aaction%3Dlightbox%26settings%3DeyJpZCI6MzUxMywidXJsIjoiaHR0cHM6XC9cL2Zlc3RpdmFsb3JpZ2VuZXMuY29tXC93cC1jb250ZW50XC91cGxvYWRzXC8yMDIwXC8xMVwvRmVzdGl2YWwtR2FzdHJvbm9cdTAzMDFtaWNvLW9yaVx1MDMwMUdlbmVzLUNhcmxvcy1QaWVybmFzLmpwZyIsInNsaWRlc2hvdyI6IjZhMWY0NTAzIn0%3D\" href=\"https:\/\/festivalorigenes.com\/ca\/protagonistes\/carlos-piernas\/,https:\/\/festivalorigenes.com\/ca\/protagonistes\/nacho-gomara\/,https:\/\/festivalorigenes.com\/ca\/protagonistes\/daniel-jorda\/,https:\/\/festivalorigenes.com\/ca\/protagonistes\/edu-torres\/,https:\/\/festivalorigenes.com\/ca\/protagonistes\/juan-angel-rodrigalvarez\/,https:\/\/festivalorigenes.com\/ca\/protagonistes\/anselmo-perez\/,https:\/\/festivalorigenes.com\/ca\/protagonistes\/gorka-rodriguez\/,https:\/\/festivalorigenes.com\/ca\/protagonistes\/eva-vila\/,https:\/\/festivalorigenes.com\/ca\/protagonistes\/albert-roca\/,https:\/\/festivalorigenes.com\/ca\/protagonistes\/jose-luis-dominguez\/,https:\/\/festivalorigenes.com\/ca\/protagonistes\/barbara-sanfilippo\/\"><figure class=\"swiper-slide-inner\"><img decoding=\"async\" class=\"swiper-slide-image\" src=\"https:\/\/festivalorigenes.com\/wp-content\/uploads\/elementor\/thumbs\/Festival-Gastrono\u0301mico-ori\u0301Genes-Carlos-Piernas-oy9s0mwskvyxw66a9recrhywbigt9gvg9ethdfiy0o.jpg\" alt=\"Carlos Piernas - Protagonista - ori\u0301Genes Festival gastron\u00f2mic\" \/><figcaption class=\"elementor-image-carousel-caption\">Carlos Piernas<\/figcaption><\/figure><\/a><\/div><div class=\"swiper-slide\" role=\"group\" aria-roledescription=\"slide\" aria-label=\"2 de 11\"><a data-elementor-open-lightbox=\"yes\" data-elementor-lightbox-slideshow=\"6a1f4503\" data-elementor-lightbox-title=\"Nacho G\u00f3mara - Protagonista - ori\u0301Genes Festival gastron\u00f2mic\" data-e-action-hash=\"#elementor-action%3Aaction%3Dlightbox%26settings%3DeyJpZCI6MzUxNiwidXJsIjoiaHR0cHM6XC9cL2Zlc3RpdmFsb3JpZ2VuZXMuY29tXC93cC1jb250ZW50XC91cGxvYWRzXC8yMDIwXC8xMVwvRmVzdGl2YWwtR2FzdHJvbm9cdTAzMDFtaWNvLW9yaVx1MDMwMUdlbmVzLU5hY2hvLUdvXHUwMzAxbWFyYS5qcGciLCJzbGlkZXNob3ciOiI2YTFmNDUwMyJ9\" href=\"https:\/\/festivalorigenes.com\/ca\/protagonistes\/carlos-piernas\/,https:\/\/festivalorigenes.com\/ca\/protagonistes\/nacho-gomara\/,https:\/\/festivalorigenes.com\/ca\/protagonistes\/daniel-jorda\/,https:\/\/festivalorigenes.com\/ca\/protagonistes\/edu-torres\/,https:\/\/festivalorigenes.com\/ca\/protagonistes\/juan-angel-rodrigalvarez\/,https:\/\/festivalorigenes.com\/ca\/protagonistes\/anselmo-perez\/,https:\/\/festivalorigenes.com\/ca\/protagonistes\/gorka-rodriguez\/,https:\/\/festivalorigenes.com\/ca\/protagonistes\/eva-vila\/,https:\/\/festivalorigenes.com\/ca\/protagonistes\/albert-roca\/,https:\/\/festivalorigenes.com\/ca\/protagonistes\/jose-luis-dominguez\/,https:\/\/festivalorigenes.com\/ca\/protagonistes\/barbara-sanfilippo\/\"><figure class=\"swiper-slide-inner\"><img decoding=\"async\" class=\"swiper-slide-image\" src=\"https:\/\/festivalorigenes.com\/wp-content\/uploads\/elementor\/thumbs\/Festival-Gastrono\u0301mico-ori\u0301Genes-Nacho-Go\u0301mara-oy9scdw60c1z0p3vnu8gxj8bmwjzh9invkdzby3s8o.jpg\" alt=\"Nacho G\u00f3mara - Protagonista - ori\u0301Genes Festival gastron\u00f2mic\" \/><figcaption class=\"elementor-image-carousel-caption\">Nacho G\u00f3mara<\/figcaption><\/figure><\/a><\/div><div class=\"swiper-slide\" role=\"group\" aria-roledescription=\"slide\" aria-label=\"3 de 11\"><a data-elementor-open-lightbox=\"yes\" data-elementor-lightbox-slideshow=\"6a1f4503\" data-elementor-lightbox-title=\"Daniel Jord\u00e0 - Protagonista - ori\u0301Genes Festival gastron\u00f2mic\" data-e-action-hash=\"#elementor-action%3Aaction%3Dlightbox%26settings%3DeyJpZCI6MzUyMywidXJsIjoiaHR0cHM6XC9cL2Zlc3RpdmFsb3JpZ2VuZXMuY29tXC93cC1jb250ZW50XC91cGxvYWRzXC8yMDIwXC8xMVwvRmVzdGl2YWwtR2FzdHJvbm9cdTAzMDFtaWNvLW9yaVx1MDMwMUdlbmVzLURhbmllbC1Kb3JkYVx1MDMwMC5qcGciLCJzbGlkZXNob3ciOiI2YTFmNDUwMyJ9\" href=\"https:\/\/festivalorigenes.com\/ca\/protagonistes\/carlos-piernas\/,https:\/\/festivalorigenes.com\/ca\/protagonistes\/nacho-gomara\/,https:\/\/festivalorigenes.com\/ca\/protagonistes\/daniel-jorda\/,https:\/\/festivalorigenes.com\/ca\/protagonistes\/edu-torres\/,https:\/\/festivalorigenes.com\/ca\/protagonistes\/juan-angel-rodrigalvarez\/,https:\/\/festivalorigenes.com\/ca\/protagonistes\/anselmo-perez\/,https:\/\/festivalorigenes.com\/ca\/protagonistes\/gorka-rodriguez\/,https:\/\/festivalorigenes.com\/ca\/protagonistes\/eva-vila\/,https:\/\/festivalorigenes.com\/ca\/protagonistes\/albert-roca\/,https:\/\/festivalorigenes.com\/ca\/protagonistes\/jose-luis-dominguez\/,https:\/\/festivalorigenes.com\/ca\/protagonistes\/barbara-sanfilippo\/\"><figure class=\"swiper-slide-inner\"><img decoding=\"async\" class=\"swiper-slide-image\" src=\"https:\/\/festivalorigenes.com\/wp-content\/uploads\/elementor\/thumbs\/Festival-Gastrono\u0301mico-ori\u0301Genes-Daniel-Jorda\u0300-oy9sjq0tcs3jn4g7tiemw6kuk6e4k7n8jvpf6p85o8.jpg\" alt=\"Daniel Jord\u00e0 - Protagonista - ori\u0301Genes Festival gastron\u00f2mic\" \/><figcaption class=\"elementor-image-carousel-caption\">Daniel Jord\u00e0<\/figcaption><\/figure><\/a><\/div><div class=\"swiper-slide\" role=\"group\" aria-roledescription=\"slide\" aria-label=\"4 de 11\"><a data-elementor-open-lightbox=\"yes\" data-elementor-lightbox-slideshow=\"6a1f4503\" data-elementor-lightbox-title=\"Edu Torres - Protagonista - ori\u0301Genes Festival gastron\u00f2mic\" data-e-action-hash=\"#elementor-action%3Aaction%3Dlightbox%26settings%3DeyJpZCI6MzQ5OSwidXJsIjoiaHR0cHM6XC9cL2Zlc3RpdmFsb3JpZ2VuZXMuY29tXC93cC1jb250ZW50XC91cGxvYWRzXC8yMDIwXC8xMVwvRmVzdGl2YWwtR2FzdHJvbm9cdTAzMDFtaWNvLW9yaVx1MDMwMUdlbmVzLUVkdS1Ub3JyZXMtMS5qcGciLCJzbGlkZXNob3ciOiI2YTFmNDUwMyJ9\" href=\"https:\/\/festivalorigenes.com\/ca\/protagonistes\/carlos-piernas\/,https:\/\/festivalorigenes.com\/ca\/protagonistes\/nacho-gomara\/,https:\/\/festivalorigenes.com\/ca\/protagonistes\/daniel-jorda\/,https:\/\/festivalorigenes.com\/ca\/protagonistes\/edu-torres\/,https:\/\/festivalorigenes.com\/ca\/protagonistes\/juan-angel-rodrigalvarez\/,https:\/\/festivalorigenes.com\/ca\/protagonistes\/anselmo-perez\/,https:\/\/festivalorigenes.com\/ca\/protagonistes\/gorka-rodriguez\/,https:\/\/festivalorigenes.com\/ca\/protagonistes\/eva-vila\/,https:\/\/festivalorigenes.com\/ca\/protagonistes\/albert-roca\/,https:\/\/festivalorigenes.com\/ca\/protagonistes\/jose-luis-dominguez\/,https:\/\/festivalorigenes.com\/ca\/protagonistes\/barbara-sanfilippo\/\"><figure class=\"swiper-slide-inner\"><img decoding=\"async\" class=\"swiper-slide-image\" src=\"https:\/\/festivalorigenes.com\/wp-content\/uploads\/elementor\/thumbs\/Festival-Gastrono\u0301mico-ori\u0301Genes-Edu-Torres-1-oy9h2z44br2tjbzlz3k80c6814rskx2egyxssl7lx4.jpg\" alt=\"Edu Torres - Protagonista - ori\u0301Genes Festival gastron\u00f2mic\" \/><figcaption class=\"elementor-image-carousel-caption\">Edu Torres<\/figcaption><\/figure><\/a><\/div><div class=\"swiper-slide\" role=\"group\" aria-roledescription=\"slide\" aria-label=\"5 de 11\"><a data-elementor-open-lightbox=\"yes\" data-elementor-lightbox-slideshow=\"6a1f4503\" data-elementor-lightbox-title=\"Juan \u00c1ngel Rodrig\u00e1lvarez - Protagonista - ori\u0301Genes Festival gastron\u00f2mic\" data-e-action-hash=\"#elementor-action%3Aaction%3Dlightbox%26settings%3DeyJpZCI6MzUyNSwidXJsIjoiaHR0cHM6XC9cL2Zlc3RpdmFsb3JpZ2VuZXMuY29tXC93cC1jb250ZW50XC91cGxvYWRzXC8yMDIwXC8xMVwvRmVzdGl2YWwtR2FzdHJvbm9cdTAzMDFtaWNvLW9yaVx1MDMwMUdlbmVzLUp1YW4tQVx1MDMwMW5nZWwtUm9kcmlcdTAzMDFndWV6LmpwZyIsInNsaWRlc2hvdyI6IjZhMWY0NTAzIn0%3D\" href=\"https:\/\/festivalorigenes.com\/ca\/protagonistes\/carlos-piernas\/,https:\/\/festivalorigenes.com\/ca\/protagonistes\/nacho-gomara\/,https:\/\/festivalorigenes.com\/ca\/protagonistes\/daniel-jorda\/,https:\/\/festivalorigenes.com\/ca\/protagonistes\/edu-torres\/,https:\/\/festivalorigenes.com\/ca\/protagonistes\/juan-angel-rodrigalvarez\/,https:\/\/festivalorigenes.com\/ca\/protagonistes\/anselmo-perez\/,https:\/\/festivalorigenes.com\/ca\/protagonistes\/gorka-rodriguez\/,https:\/\/festivalorigenes.com\/ca\/protagonistes\/eva-vila\/,https:\/\/festivalorigenes.com\/ca\/protagonistes\/albert-roca\/,https:\/\/festivalorigenes.com\/ca\/protagonistes\/jose-luis-dominguez\/,https:\/\/festivalorigenes.com\/ca\/protagonistes\/barbara-sanfilippo\/\"><figure class=\"swiper-slide-inner\"><img decoding=\"async\" class=\"swiper-slide-image\" src=\"https:\/\/festivalorigenes.com\/wp-content\/uploads\/elementor\/thumbs\/Festival-Gastrono\u0301mico-ori\u0301Genes-Juan-A\u0301ngel-Rodri\u0301guez-oy9stqyu95tnhdvx9ufdhnhuo4z2nzg5xi7vgyczaw.jpg\" alt=\"Juan \u00c1ngel Rodrig\u00e1lvarez - Protagonista - ori\u0301Genes Festival gastron\u00f2mic\" \/><figcaption class=\"elementor-image-carousel-caption\">Juan \u00c1ngel Rodrig\u00e1lvarez<\/figcaption><\/figure><\/a><\/div><div class=\"swiper-slide\" role=\"group\" aria-roledescription=\"slide\" aria-label=\"6 de 11\"><a data-elementor-open-lightbox=\"yes\" data-elementor-lightbox-slideshow=\"6a1f4503\" data-elementor-lightbox-title=\"Anselmo_Perez_Festival_oriGenes4\" data-e-action-hash=\"#elementor-action%3Aaction%3Dlightbox%26settings%3DeyJpZCI6MzU0MywidXJsIjoiaHR0cHM6XC9cL2Zlc3RpdmFsb3JpZ2VuZXMuY29tXC93cC1jb250ZW50XC91cGxvYWRzXC8yMDIwXC8xMlwvQW5zZWxtb19QZXJlel9GZXN0aXZhbF9vcmlHZW5lczQuanBnIiwic2xpZGVzaG93IjoiNmExZjQ1MDMifQ%3D%3D\" href=\"https:\/\/festivalorigenes.com\/ca\/protagonistes\/carlos-piernas\/,https:\/\/festivalorigenes.com\/ca\/protagonistes\/nacho-gomara\/,https:\/\/festivalorigenes.com\/ca\/protagonistes\/daniel-jorda\/,https:\/\/festivalorigenes.com\/ca\/protagonistes\/edu-torres\/,https:\/\/festivalorigenes.com\/ca\/protagonistes\/juan-angel-rodrigalvarez\/,https:\/\/festivalorigenes.com\/ca\/protagonistes\/anselmo-perez\/,https:\/\/festivalorigenes.com\/ca\/protagonistes\/gorka-rodriguez\/,https:\/\/festivalorigenes.com\/ca\/protagonistes\/eva-vila\/,https:\/\/festivalorigenes.com\/ca\/protagonistes\/albert-roca\/,https:\/\/festivalorigenes.com\/ca\/protagonistes\/jose-luis-dominguez\/,https:\/\/festivalorigenes.com\/ca\/protagonistes\/barbara-sanfilippo\/\"><figure class=\"swiper-slide-inner\"><img decoding=\"async\" class=\"swiper-slide-image\" src=\"https:\/\/festivalorigenes.com\/wp-content\/uploads\/elementor\/thumbs\/Anselmo_Perez_Festival_oriGenes4-ozngu9tepzh9wl0jazrrpza0dupq6l0xg48ikkibp4.jpg\" alt=\"Anselmo P\u00e9rez - or\u00edGenes Festival Gastron\u00f3mico\" \/><figcaption class=\"elementor-image-carousel-caption\">Anselmo P\u00e9rez<\/figcaption><\/figure><\/a><\/div><div class=\"swiper-slide\" role=\"group\" aria-roledescription=\"slide\" aria-label=\"7 de 11\"><a data-elementor-open-lightbox=\"yes\" data-elementor-lightbox-slideshow=\"6a1f4503\" data-elementor-lightbox-title=\"Gorka Rodri\u0301guez - Protagonista - ori\u0301Genes Festival Gastron\u00f2mic\" data-e-action-hash=\"#elementor-action%3Aaction%3Dlightbox%26settings%3DeyJpZCI6Mzg5NiwidXJsIjoiaHR0cHM6XC9cL2Zlc3RpdmFsb3JpZ2VuZXMuY29tXC93cC1jb250ZW50XC91cGxvYWRzXC8yMDIxXC8wMVwvR29ya2EtUm9kcmlcdTAzMDFndWV6LVByb3RhZ29uaXN0YS1vcmlcdTAzMDFHZW5lcy1GZXN0aXZhbC1HYXN0cm9ub1x1MDMwMW1pY28uanBnIiwic2xpZGVzaG93IjoiNmExZjQ1MDMifQ%3D%3D\" href=\"https:\/\/festivalorigenes.com\/ca\/protagonistes\/carlos-piernas\/,https:\/\/festivalorigenes.com\/ca\/protagonistes\/nacho-gomara\/,https:\/\/festivalorigenes.com\/ca\/protagonistes\/daniel-jorda\/,https:\/\/festivalorigenes.com\/ca\/protagonistes\/edu-torres\/,https:\/\/festivalorigenes.com\/ca\/protagonistes\/juan-angel-rodrigalvarez\/,https:\/\/festivalorigenes.com\/ca\/protagonistes\/anselmo-perez\/,https:\/\/festivalorigenes.com\/ca\/protagonistes\/gorka-rodriguez\/,https:\/\/festivalorigenes.com\/ca\/protagonistes\/eva-vila\/,https:\/\/festivalorigenes.com\/ca\/protagonistes\/albert-roca\/,https:\/\/festivalorigenes.com\/ca\/protagonistes\/jose-luis-dominguez\/,https:\/\/festivalorigenes.com\/ca\/protagonistes\/barbara-sanfilippo\/\"><figure class=\"swiper-slide-inner\"><img decoding=\"async\" class=\"swiper-slide-image\" src=\"https:\/\/festivalorigenes.com\/wp-content\/uploads\/elementor\/thumbs\/Gorka-Rodri\u0301guez-Protagonista-ori\u0301Genes-Festival-Gastrono\u0301mico-p24gmls0y28210k24ra4g9aoiom31c9q1ykkl26gmw.jpg\" alt=\"Gorka Rodri\u0301guez - Protagonista - ori\u0301Genes Festival Gastrono\u0301mico\" \/><figcaption class=\"elementor-image-carousel-caption\">Gorka Rodr\u00edguez<\/figcaption><\/figure><\/a><\/div><div class=\"swiper-slide\" role=\"group\" aria-roledescription=\"slide\" aria-label=\"8 de 11\"><a data-elementor-open-lightbox=\"yes\" data-elementor-lightbox-slideshow=\"6a1f4503\" data-elementor-lightbox-title=\"Eva Vila - Protagonista - ori\u0301Genes Festival Gastrono\u0301mico\" data-e-action-hash=\"#elementor-action%3Aaction%3Dlightbox%26settings%3DeyJpZCI6NDAzNCwidXJsIjoiaHR0cHM6XC9cL2Zlc3RpdmFsb3JpZ2VuZXMuY29tXC93cC1jb250ZW50XC91cGxvYWRzXC8yMDIxXC8wMlwvRXZhLVZpbGEtUHJvdGFnb25pc3RhLW9yaVx1MDMwMUdlbmVzLUZlc3RpdmFsLUdhc3Ryb25vXHUwMzAxbWljby5qcGciLCJzbGlkZXNob3ciOiI2YTFmNDUwMyJ9\" href=\"https:\/\/festivalorigenes.com\/ca\/protagonistes\/carlos-piernas\/,https:\/\/festivalorigenes.com\/ca\/protagonistes\/nacho-gomara\/,https:\/\/festivalorigenes.com\/ca\/protagonistes\/daniel-jorda\/,https:\/\/festivalorigenes.com\/ca\/protagonistes\/edu-torres\/,https:\/\/festivalorigenes.com\/ca\/protagonistes\/juan-angel-rodrigalvarez\/,https:\/\/festivalorigenes.com\/ca\/protagonistes\/anselmo-perez\/,https:\/\/festivalorigenes.com\/ca\/protagonistes\/gorka-rodriguez\/,https:\/\/festivalorigenes.com\/ca\/protagonistes\/eva-vila\/,https:\/\/festivalorigenes.com\/ca\/protagonistes\/albert-roca\/,https:\/\/festivalorigenes.com\/ca\/protagonistes\/jose-luis-dominguez\/,https:\/\/festivalorigenes.com\/ca\/protagonistes\/barbara-sanfilippo\/\"><figure class=\"swiper-slide-inner\"><img decoding=\"async\" class=\"swiper-slide-image\" src=\"https:\/\/festivalorigenes.com\/wp-content\/uploads\/elementor\/thumbs\/Eva-Vila-Protagonista-ori\u0301Genes-Festival-Gastrono\u0301mico-p2acpp9enq3fy25ij2j7vkgco86yor2p46hzedjmwo.jpg\" alt=\"Eva Vila - ori\u0301Genes Festival Gastrono\u0301mico\" \/><figcaption class=\"elementor-image-carousel-caption\">Eva Vila<\/figcaption><\/figure><\/a><\/div><div class=\"swiper-slide\" role=\"group\" aria-roledescription=\"slide\" aria-label=\"9 de 11\"><a data-elementor-open-lightbox=\"yes\" data-elementor-lightbox-slideshow=\"6a1f4503\" data-elementor-lightbox-title=\"Festival gastron\u00f2mic ori\u0301Genes - Albert Roca\" data-e-action-hash=\"#elementor-action%3Aaction%3Dlightbox%26settings%3DeyJpZCI6MzUwOSwidXJsIjoiaHR0cHM6XC9cL2Zlc3RpdmFsb3JpZ2VuZXMuY29tXC93cC1jb250ZW50XC91cGxvYWRzXC8yMDIwXC8xMVwvRmVzdGl2YWwtR2FzdHJvbm9cdTAzMDFtaWNvLW9yaVx1MDMwMUdlbmVzLUFsYmVydC1Sb2NhLmpwZyIsInNsaWRlc2hvdyI6IjZhMWY0NTAzIn0%3D\" href=\"https:\/\/festivalorigenes.com\/ca\/protagonistes\/carlos-piernas\/,https:\/\/festivalorigenes.com\/ca\/protagonistes\/nacho-gomara\/,https:\/\/festivalorigenes.com\/ca\/protagonistes\/daniel-jorda\/,https:\/\/festivalorigenes.com\/ca\/protagonistes\/edu-torres\/,https:\/\/festivalorigenes.com\/ca\/protagonistes\/juan-angel-rodrigalvarez\/,https:\/\/festivalorigenes.com\/ca\/protagonistes\/anselmo-perez\/,https:\/\/festivalorigenes.com\/ca\/protagonistes\/gorka-rodriguez\/,https:\/\/festivalorigenes.com\/ca\/protagonistes\/eva-vila\/,https:\/\/festivalorigenes.com\/ca\/protagonistes\/albert-roca\/,https:\/\/festivalorigenes.com\/ca\/protagonistes\/jose-luis-dominguez\/,https:\/\/festivalorigenes.com\/ca\/protagonistes\/barbara-sanfilippo\/\"><figure class=\"swiper-slide-inner\"><img decoding=\"async\" class=\"swiper-slide-image\" src=\"https:\/\/festivalorigenes.com\/wp-content\/uploads\/elementor\/thumbs\/Festival-Gastrono\u0301mico-ori\u0301Genes-Albert-Roca-oy9rd32dcbqazwdtskwvafx4hyjqehdkcudihug1x4.jpg\" alt=\"Festival Gastrono\u0301mico ori\u0301Genes - Albert Roca - Producto\" \/><figcaption class=\"elementor-image-carousel-caption\">Albert Roca<\/figcaption><\/figure><\/a><\/div><div class=\"swiper-slide\" role=\"group\" aria-roledescription=\"slide\" aria-label=\"10 de 11\"><a data-elementor-open-lightbox=\"yes\" data-elementor-lightbox-slideshow=\"6a1f4503\" data-elementor-lightbox-title=\"Jos\u00e9 Luis Dominguez - Protagonista - ori\u0301Genes Festival Gastron\u00f2mic\" data-e-action-hash=\"#elementor-action%3Aaction%3Dlightbox%26settings%3DeyJpZCI6NDI2NiwidXJsIjoiaHR0cHM6XC9cL2Zlc3RpdmFsb3JpZ2VuZXMuY29tXC93cC1jb250ZW50XC91cGxvYWRzXC8yMDIxXC8wM1wvb3JpZ2VuZXNfZmVzdGl2YWxfZ2FzdHJvbm9taWNvX2pvc2VfbHVpc19kb21pbmd1ZXouanBnIiwic2xpZGVzaG93IjoiNmExZjQ1MDMifQ%3D%3D\" href=\"https:\/\/festivalorigenes.com\/ca\/protagonistes\/carlos-piernas\/,https:\/\/festivalorigenes.com\/ca\/protagonistes\/nacho-gomara\/,https:\/\/festivalorigenes.com\/ca\/protagonistes\/daniel-jorda\/,https:\/\/festivalorigenes.com\/ca\/protagonistes\/edu-torres\/,https:\/\/festivalorigenes.com\/ca\/protagonistes\/juan-angel-rodrigalvarez\/,https:\/\/festivalorigenes.com\/ca\/protagonistes\/anselmo-perez\/,https:\/\/festivalorigenes.com\/ca\/protagonistes\/gorka-rodriguez\/,https:\/\/festivalorigenes.com\/ca\/protagonistes\/eva-vila\/,https:\/\/festivalorigenes.com\/ca\/protagonistes\/albert-roca\/,https:\/\/festivalorigenes.com\/ca\/protagonistes\/jose-luis-dominguez\/,https:\/\/festivalorigenes.com\/ca\/protagonistes\/barbara-sanfilippo\/\"><figure class=\"swiper-slide-inner\"><img decoding=\"async\" class=\"swiper-slide-image\" src=\"https:\/\/festivalorigenes.com\/wp-content\/uploads\/elementor\/thumbs\/origenes_festival_gastronomico_jose_luis_dominguez-p4pdi5cneg0wpk9exjem6bcj61q4g6mqnkcqnquoxk.jpg\" alt=\"Jos\u00e9 Luis Dominguez - Protagonista - ori\u0301Genes Festival Gastron\u00f2mic\" \/><figcaption class=\"elementor-image-carousel-caption\">Jos\u00e9 Luis Dom\u00ednguez<\/figcaption><\/figure><\/a><\/div><div class=\"swiper-slide\" role=\"group\" aria-roledescription=\"slide\" aria-label=\"11 de 11\"><a data-elementor-open-lightbox=\"yes\" data-elementor-lightbox-slideshow=\"6a1f4503\" data-elementor-lightbox-title=\"origenes_festival_gastronomico_barbara_sanfilippo_protagonista\" data-e-action-hash=\"#elementor-action%3Aaction%3Dlightbox%26settings%3DeyJpZCI6NTE4MywidXJsIjoiaHR0cHM6XC9cL2Zlc3RpdmFsb3JpZ2VuZXMuY29tXC93cC1jb250ZW50XC91cGxvYWRzXC8yMDIxXC8wNVwvb3JpZ2VuZXNfZmVzdGl2YWxfZ2FzdHJvbm9taWNvX2JhcmJhcmFfc2FuZmlsaXBwb19wcm90YWdvbmlzdGEuanBnIiwic2xpZGVzaG93IjoiNmExZjQ1MDMifQ%3D%3D\" href=\"https:\/\/festivalorigenes.com\/ca\/protagonistes\/carlos-piernas\/,https:\/\/festivalorigenes.com\/ca\/protagonistes\/nacho-gomara\/,https:\/\/festivalorigenes.com\/ca\/protagonistes\/daniel-jorda\/,https:\/\/festivalorigenes.com\/ca\/protagonistes\/edu-torres\/,https:\/\/festivalorigenes.com\/ca\/protagonistes\/juan-angel-rodrigalvarez\/,https:\/\/festivalorigenes.com\/ca\/protagonistes\/anselmo-perez\/,https:\/\/festivalorigenes.com\/ca\/protagonistes\/gorka-rodriguez\/,https:\/\/festivalorigenes.com\/ca\/protagonistes\/eva-vila\/,https:\/\/festivalorigenes.com\/ca\/protagonistes\/albert-roca\/,https:\/\/festivalorigenes.com\/ca\/protagonistes\/jose-luis-dominguez\/,https:\/\/festivalorigenes.com\/ca\/protagonistes\/barbara-sanfilippo\/\"><figure class=\"swiper-slide-inner\"><img decoding=\"async\" class=\"swiper-slide-image\" src=\"https:\/\/festivalorigenes.com\/wp-content\/uploads\/elementor\/thumbs\/origenes_festival_gastronomico_barbara_sanfilippo_protagonista-p74ek986dv6gssc4x6lz3mh9gfn3bmjgurl5hhu308.jpg\" alt=\"origenes_feB\u00e1rbara Sanfilippo - Protagonista - ori\u0301Genes Festival Gastrono\u0301micostival_gastronomico_barbara_sanfilippo_protagonista\" \/><figcaption class=\"elementor-image-carousel-caption\">B\u00e1rbara Sanfilippo<\/figcaption><\/figure><\/a><\/div>\t\t\t<\/div>\n\t\t\t\t\t\t\t\t\t\t\t\t<div class=\"elementor-swiper-button elementor-swiper-button-prev\" role=\"button\" tabindex=\"0\">\n\t\t\t\t\t\t<i aria-hidden=\"true\" class=\"eicon-chevron-left\"><\/i>\t\t\t\t\t<\/div>\n\t\t\t\t\t<div class=\"elementor-swiper-button elementor-swiper-button-next\" role=\"button\" tabindex=\"0\">\n\t\t\t\t\t\t<i aria-hidden=\"true\" class=\"eicon-chevron-right\"><\/i>\t\t\t\t\t<\/div>\n\t\t\t\t\n\t\t\t\t\t\t\t\t\t<div class=\"swiper-pagination\"><\/div>\n\t\t\t\t\t\t\t\t\t<\/div>\n\t\t\t\t\t\t<\/div>\n\t\t\t\t<\/div>\n\t\t\t\t\t<\/div>\n\t\t<\/div>\n\t\t\t\t\t<\/div>\n\t\t<\/section>\n\t\t\t\t<\/div>\n\t\t","protected":false},"excerpt":{"rendered":"<p>Viri FErn\u00e1NDEZ San Rom\u00e1n de Candamo, Asturias \u201cViri del Llar\u201d o una de las grans dames de la gastronomia asturiana des de fa m\u00e9s de 25 anys. El seu projecte de vida \u00e9s una fonda amb identitat pr\u00f2pia, amb l&#8217;objectiu de divulgar la gastronomia de la terra, gaudir i compartir en una vall amb un [&hellip;]<\/p>\n","protected":false},"author":1,"featured_media":0,"parent":5656,"menu_order":0,"comment_status":"closed","ping_status":"closed","template":"","meta":{"site-sidebar-layout":"no-sidebar","site-content-layout":"page-builder","ast-site-content-layout":"default","site-content-style":"default","site-sidebar-style":"default","ast-global-header-display":"","ast-banner-title-visibility":"","ast-main-header-display":"","ast-hfb-above-header-display":"","ast-hfb-below-header-display":"","ast-hfb-mobile-header-display":"","site-post-title":"disabled","ast-breadcrumbs-content":"","ast-featured-img":"disabled","footer-sml-layout":"","theme-transparent-header-meta":"disabled","adv-header-id-meta":"","stick-header-meta":"default","header-above-stick-meta":"","header-main-stick-meta":"","header-below-stick-meta":null,"astra-migrate-meta-layouts":"default","ast-page-background-enabled":"default","ast-page-background-meta":{"desktop":{"background-color":"","background-image":"","background-repeat":"repeat","background-position":"center center","background-size":"auto","background-attachment":"scroll","background-type":"","background-media":"","overlay-type":"","overlay-color":"","overlay-opacity":"","overlay-gradient":""},"tablet":{"background-color":"","background-image":"","background-repeat":"repeat","background-position":"center center","background-size":"auto","background-attachment":"scroll","background-type":"","background-media":"","overlay-type":"","overlay-color":"","overlay-opacity":"","overlay-gradient":""},"mobile":{"background-color":"","background-image":"","background-repeat":"repeat","background-position":"center center","background-size":"auto","background-attachment":"scroll","background-type":"","background-media":"","overlay-type":"","overlay-color":"","overlay-opacity":"","overlay-gradient":""}},"ast-content-background-meta":{"desktop":{"background-color":"var(--ast-global-color-5)","background-image":"","background-repeat":"repeat","background-position":"center center","background-size":"auto","background-attachment":"scroll","background-type":"","background-media":"","overlay-type":"","overlay-color":"","overlay-opacity":"","overlay-gradient":""},"tablet":{"background-color":"var(--ast-global-color-5)","background-image":"","background-repeat":"repeat","background-position":"center center","background-size":"auto","background-attachment":"scroll","background-type":"","background-media":"","overlay-type":"","overlay-color":"","overlay-opacity":"","overlay-gradient":""},"mobile":{"background-color":"var(--ast-global-color-5)","background-image":"","background-repeat":"repeat","background-position":"center center","background-size":"auto","background-attachment":"scroll","background-type":"","background-media":"","overlay-type":"","overlay-color":"","overlay-opacity":"","overlay-gradient":""}},"footnotes":""},"class_list":["post-3658","page","type-page","status-publish","hentry"],"yoast_head":"<!-- This site is optimized with the Yoast SEO plugin v25.7 - https:\/\/yoast.com\/wordpress\/plugins\/seo\/ -->\n<title>Viri Fern\u00e1ndez - or\u00edGenes - Festival Gastron\u00f2mic<\/title>\n<meta name=\"description\" content=\"San Rom\u00e1n de Candamo, Asturias. Dama de la gastronomia asturiana. El seu projecte: La Llar de Viri, una fonda. El seu objectiu: divulgar la gastronomia de la terra.\" \/>\n<meta name=\"robots\" content=\"index, follow, max-snippet:-1, max-image-preview:large, max-video-preview:-1\" \/>\n<link rel=\"canonical\" href=\"https:\/\/festivalorigenes.com\/ca\/protagonistes-2021\/viri-fernandez\/\" \/>\n<meta property=\"og:locale\" content=\"ca_ES\" \/>\n<meta property=\"og:type\" content=\"article\" \/>\n<meta property=\"og:title\" content=\"Viri Fern\u00e1ndez - or\u00edGenes - Festival Gastron\u00f2mic\" \/>\n<meta property=\"og:description\" content=\"San Rom\u00e1n de Candamo, Asturias. Dama de la gastronomia asturiana. El seu projecte: La Llar de Viri, una fonda. El seu objectiu: divulgar la gastronomia de la terra.\" \/>\n<meta property=\"og:url\" content=\"https:\/\/festivalorigenes.com\/ca\/protagonistes-2021\/viri-fernandez\/\" \/>\n<meta property=\"og:site_name\" content=\"or\u00edGenes - Festival Gastron\u00f2mic\" \/>\n<meta property=\"article:publisher\" content=\"https:\/\/www.facebook.com\/origenesfestivalgastronomico\/\" \/>\n<meta property=\"article:modified_time\" content=\"2021-11-17T22:51:36+00:00\" \/>\n<meta property=\"og:image\" content=\"https:\/\/festivalorigenes.com\/wp-content\/uploads\/2020\/11\/Festival-Gastrono\u0301mico-ori\u0301Genes-Viri-Ferna\u0301ndez-Cocina-683x1024.jpg\" \/>\n<meta name=\"twitter:card\" content=\"summary_large_image\" \/>\n<meta name=\"twitter:site\" content=\"@origenesfest\" \/>\n<meta name=\"twitter:label1\" content=\"Temps estimat de lectura\" \/>\n\t<meta name=\"twitter:data1\" content=\"6 minuts\" \/>\n<script type=\"application\/ld+json\" class=\"yoast-schema-graph\">{\"@context\":\"https:\/\/schema.org\",\"@graph\":[{\"@type\":\"WebPage\",\"@id\":\"https:\/\/festivalorigenes.com\/ca\/protagonistes-2021\/viri-fernandez\/\",\"url\":\"https:\/\/festivalorigenes.com\/ca\/protagonistes-2021\/viri-fernandez\/\",\"name\":\"Viri Fern\u00e1ndez - or\u00edGenes - Festival Gastron\u00f2mic\",\"isPartOf\":{\"@id\":\"https:\/\/festivalorigenes.com\/ca\/#website\"},\"primaryImageOfPage\":{\"@id\":\"https:\/\/festivalorigenes.com\/ca\/protagonistes-2021\/viri-fernandez\/#primaryimage\"},\"image\":{\"@id\":\"https:\/\/festivalorigenes.com\/ca\/protagonistes-2021\/viri-fernandez\/#primaryimage\"},\"thumbnailUrl\":\"https:\/\/festivalorigenes.com\/wp-content\/uploads\/2020\/09\/quote-1.png\",\"datePublished\":\"2020-12-22T15:49:05+00:00\",\"dateModified\":\"2021-11-17T22:51:36+00:00\",\"description\":\"San Rom\u00e1n de Candamo, Asturias. Dama de la gastronomia asturiana. El seu projecte: La Llar de Viri, una fonda. El seu objectiu: divulgar la gastronomia de la terra.\",\"breadcrumb\":{\"@id\":\"https:\/\/festivalorigenes.com\/ca\/protagonistes-2021\/viri-fernandez\/#breadcrumb\"},\"inLanguage\":\"ca\",\"potentialAction\":[{\"@type\":\"ReadAction\",\"target\":[\"https:\/\/festivalorigenes.com\/ca\/protagonistes-2021\/viri-fernandez\/\"]}]},{\"@type\":\"ImageObject\",\"inLanguage\":\"ca\",\"@id\":\"https:\/\/festivalorigenes.com\/ca\/protagonistes-2021\/viri-fernandez\/#primaryimage\",\"url\":\"https:\/\/festivalorigenes.com\/wp-content\/uploads\/2020\/09\/quote-1.png\",\"contentUrl\":\"https:\/\/festivalorigenes.com\/wp-content\/uploads\/2020\/09\/quote-1.png\"},{\"@type\":\"BreadcrumbList\",\"@id\":\"https:\/\/festivalorigenes.com\/ca\/protagonistes-2021\/viri-fernandez\/#breadcrumb\",\"itemListElement\":[{\"@type\":\"ListItem\",\"position\":1,\"name\":\"Portada\",\"item\":\"https:\/\/festivalorigenes.com\/ca\/\"},{\"@type\":\"ListItem\",\"position\":2,\"name\":\"Protagonistes 2021\",\"item\":\"https:\/\/festivalorigenes.com\/ca\/protagonistes-2021\/\"},{\"@type\":\"ListItem\",\"position\":3,\"name\":\"Viri Fern\u00e1ndez\"}]},{\"@type\":\"WebSite\",\"@id\":\"https:\/\/festivalorigenes.com\/ca\/#website\",\"url\":\"https:\/\/festivalorigenes.com\/ca\/\",\"name\":\"or\u00edGenes - Festival Gastron\u00f2mic\",\"description\":\"\",\"publisher\":{\"@id\":\"https:\/\/festivalorigenes.com\/ca\/#organization\"},\"potentialAction\":[{\"@type\":\"SearchAction\",\"target\":{\"@type\":\"EntryPoint\",\"urlTemplate\":\"https:\/\/festivalorigenes.com\/ca\/?s={search_term_string}\"},\"query-input\":{\"@type\":\"PropertyValueSpecification\",\"valueRequired\":true,\"valueName\":\"search_term_string\"}}],\"inLanguage\":\"ca\"},{\"@type\":\"Organization\",\"@id\":\"https:\/\/festivalorigenes.com\/ca\/#organization\",\"name\":\"or\u00edGenes Festival Gastron\u00f2mic\",\"url\":\"https:\/\/festivalorigenes.com\/ca\/\",\"logo\":{\"@type\":\"ImageObject\",\"inLanguage\":\"ca\",\"@id\":\"https:\/\/festivalorigenes.com\/ca\/#\/schema\/logo\/image\/\",\"url\":\"https:\/\/festivalorigenes.com\/wp-content\/uploads\/2020\/11\/124151422_123321709577698_694323274832345559_n.png\",\"contentUrl\":\"https:\/\/festivalorigenes.com\/wp-content\/uploads\/2020\/11\/124151422_123321709577698_694323274832345559_n.png\",\"width\":401,\"height\":401,\"caption\":\"or\u00edGenes Festival Gastron\u00f2mic\"},\"image\":{\"@id\":\"https:\/\/festivalorigenes.com\/ca\/#\/schema\/logo\/image\/\"},\"sameAs\":[\"https:\/\/www.facebook.com\/origenesfestivalgastronomico\/\",\"https:\/\/x.com\/origenesfest\",\"https:\/\/www.instagram.com\/origenesfestivalgastronomico\/\",\"https:\/\/www.linkedin.com\/company\/or\u00edgenes-festival-gastron\u00f3mico\"]}]}<\/script>\n<!-- \/ Yoast SEO plugin. -->","yoast_head_json":{"title":"Viri Fern\u00e1ndez - or\u00edGenes - Festival Gastron\u00f2mic","description":"San Rom\u00e1n de Candamo, Asturias. Dama de la gastronomia asturiana. El seu projecte: La Llar de Viri, una fonda. El seu objectiu: divulgar la gastronomia de la terra.","robots":{"index":"index","follow":"follow","max-snippet":"max-snippet:-1","max-image-preview":"max-image-preview:large","max-video-preview":"max-video-preview:-1"},"canonical":"https:\/\/festivalorigenes.com\/ca\/protagonistes-2021\/viri-fernandez\/","og_locale":"ca_ES","og_type":"article","og_title":"Viri Fern\u00e1ndez - or\u00edGenes - Festival Gastron\u00f2mic","og_description":"San Rom\u00e1n de Candamo, Asturias. Dama de la gastronomia asturiana. El seu projecte: La Llar de Viri, una fonda. El seu objectiu: divulgar la gastronomia de la terra.","og_url":"https:\/\/festivalorigenes.com\/ca\/protagonistes-2021\/viri-fernandez\/","og_site_name":"or\u00edGenes - Festival Gastron\u00f2mic","article_publisher":"https:\/\/www.facebook.com\/origenesfestivalgastronomico\/","article_modified_time":"2021-11-17T22:51:36+00:00","og_image":[{"url":"https:\/\/festivalorigenes.com\/wp-content\/uploads\/2020\/11\/Festival-Gastrono\u0301mico-ori\u0301Genes-Viri-Ferna\u0301ndez-Cocina-683x1024.jpg","type":"","width":"","height":""}],"twitter_card":"summary_large_image","twitter_site":"@origenesfest","twitter_misc":{"Temps estimat de lectura":"6 minuts"},"schema":{"@context":"https:\/\/schema.org","@graph":[{"@type":"WebPage","@id":"https:\/\/festivalorigenes.com\/ca\/protagonistes-2021\/viri-fernandez\/","url":"https:\/\/festivalorigenes.com\/ca\/protagonistes-2021\/viri-fernandez\/","name":"Viri Fern\u00e1ndez - or\u00edGenes - Festival Gastron\u00f2mic","isPartOf":{"@id":"https:\/\/festivalorigenes.com\/ca\/#website"},"primaryImageOfPage":{"@id":"https:\/\/festivalorigenes.com\/ca\/protagonistes-2021\/viri-fernandez\/#primaryimage"},"image":{"@id":"https:\/\/festivalorigenes.com\/ca\/protagonistes-2021\/viri-fernandez\/#primaryimage"},"thumbnailUrl":"https:\/\/festivalorigenes.com\/wp-content\/uploads\/2020\/09\/quote-1.png","datePublished":"2020-12-22T15:49:05+00:00","dateModified":"2021-11-17T22:51:36+00:00","description":"San Rom\u00e1n de Candamo, Asturias. Dama de la gastronomia asturiana. El seu projecte: La Llar de Viri, una fonda. El seu objectiu: divulgar la gastronomia de la terra.","breadcrumb":{"@id":"https:\/\/festivalorigenes.com\/ca\/protagonistes-2021\/viri-fernandez\/#breadcrumb"},"inLanguage":"ca","potentialAction":[{"@type":"ReadAction","target":["https:\/\/festivalorigenes.com\/ca\/protagonistes-2021\/viri-fernandez\/"]}]},{"@type":"ImageObject","inLanguage":"ca","@id":"https:\/\/festivalorigenes.com\/ca\/protagonistes-2021\/viri-fernandez\/#primaryimage","url":"https:\/\/festivalorigenes.com\/wp-content\/uploads\/2020\/09\/quote-1.png","contentUrl":"https:\/\/festivalorigenes.com\/wp-content\/uploads\/2020\/09\/quote-1.png"},{"@type":"BreadcrumbList","@id":"https:\/\/festivalorigenes.com\/ca\/protagonistes-2021\/viri-fernandez\/#breadcrumb","itemListElement":[{"@type":"ListItem","position":1,"name":"Portada","item":"https:\/\/festivalorigenes.com\/ca\/"},{"@type":"ListItem","position":2,"name":"Protagonistes 2021","item":"https:\/\/festivalorigenes.com\/ca\/protagonistes-2021\/"},{"@type":"ListItem","position":3,"name":"Viri Fern\u00e1ndez"}]},{"@type":"WebSite","@id":"https:\/\/festivalorigenes.com\/ca\/#website","url":"https:\/\/festivalorigenes.com\/ca\/","name":"or\u00edGenes - Festival Gastron\u00f2mic","description":"","publisher":{"@id":"https:\/\/festivalorigenes.com\/ca\/#organization"},"potentialAction":[{"@type":"SearchAction","target":{"@type":"EntryPoint","urlTemplate":"https:\/\/festivalorigenes.com\/ca\/?s={search_term_string}"},"query-input":{"@type":"PropertyValueSpecification","valueRequired":true,"valueName":"search_term_string"}}],"inLanguage":"ca"},{"@type":"Organization","@id":"https:\/\/festivalorigenes.com\/ca\/#organization","name":"or\u00edGenes Festival Gastron\u00f2mic","url":"https:\/\/festivalorigenes.com\/ca\/","logo":{"@type":"ImageObject","inLanguage":"ca","@id":"https:\/\/festivalorigenes.com\/ca\/#\/schema\/logo\/image\/","url":"https:\/\/festivalorigenes.com\/wp-content\/uploads\/2020\/11\/124151422_123321709577698_694323274832345559_n.png","contentUrl":"https:\/\/festivalorigenes.com\/wp-content\/uploads\/2020\/11\/124151422_123321709577698_694323274832345559_n.png","width":401,"height":401,"caption":"or\u00edGenes Festival Gastron\u00f2mic"},"image":{"@id":"https:\/\/festivalorigenes.com\/ca\/#\/schema\/logo\/image\/"},"sameAs":["https:\/\/www.facebook.com\/origenesfestivalgastronomico\/","https:\/\/x.com\/origenesfest","https:\/\/www.instagram.com\/origenesfestivalgastronomico\/","https:\/\/www.linkedin.com\/company\/or\u00edgenes-festival-gastron\u00f3mico"]}]}},"_links":{"self":[{"href":"https:\/\/festivalorigenes.com\/ca\/wp-json\/wp\/v2\/pages\/3658","targetHints":{"allow":["GET"]}}],"collection":[{"href":"https:\/\/festivalorigenes.com\/ca\/wp-json\/wp\/v2\/pages"}],"about":[{"href":"https:\/\/festivalorigenes.com\/ca\/wp-json\/wp\/v2\/types\/page"}],"author":[{"embeddable":true,"href":"https:\/\/festivalorigenes.com\/ca\/wp-json\/wp\/v2\/users\/1"}],"replies":[{"embeddable":true,"href":"https:\/\/festivalorigenes.com\/ca\/wp-json\/wp\/v2\/comments?post=3658"}],"version-history":[{"count":22,"href":"https:\/\/festivalorigenes.com\/ca\/wp-json\/wp\/v2\/pages\/3658\/revisions"}],"predecessor-version":[{"id":6194,"href":"https:\/\/festivalorigenes.com\/ca\/wp-json\/wp\/v2\/pages\/3658\/revisions\/6194"}],"up":[{"embeddable":true,"href":"https:\/\/festivalorigenes.com\/ca\/wp-json\/wp\/v2\/pages\/5656"}],"wp:attachment":[{"href":"https:\/\/festivalorigenes.com\/ca\/wp-json\/wp\/v2\/media?parent=3658"}],"curies":[{"name":"wp","href":"https:\/\/api.w.org\/{rel}","templated":true}]}}