{"id":3660,"date":"2020-12-22T15:49:15","date_gmt":"2020-12-22T15:49:15","guid":{"rendered":"https:\/\/festivalorigenes.com\/protagonistes\/juan-angel-rodrigalvarez\/"},"modified":"2021-11-17T22:50:39","modified_gmt":"2021-11-17T22:50:39","slug":"juan-angel-rodrigalvarez","status":"publish","type":"page","link":"https:\/\/festivalorigenes.com\/ca\/protagonistes-2021\/juan-angel-rodrigalvarez\/","title":{"rendered":"Juan \u00c1ngel Rodrig\u00e1lvarez"},"content":{"rendered":"\t\t<div data-elementor-type=\"wp-page\" data-elementor-id=\"3660\" class=\"elementor elementor-3660 elementor-1288\" data-elementor-post-type=\"page\">\n\t\t\t\t\t\t<section class=\"elementor-section elementor-top-section elementor-element elementor-element-3a8e3405 elementor-section-content-middle elementor-section-boxed elementor-section-height-default elementor-section-height-default\" data-id=\"3a8e3405\" data-element_type=\"section\" data-settings=\"{&quot;background_background&quot;:&quot;classic&quot;}\">\n\t\t\t\t\t\t<div class=\"elementor-container elementor-column-gap-no\">\n\t\t\t\t\t<div class=\"elementor-column elementor-col-50 elementor-top-column elementor-element elementor-element-734d30db\" data-id=\"734d30db\" data-element_type=\"column\" data-settings=\"{&quot;background_background&quot;:&quot;classic&quot;}\">\n\t\t\t<div class=\"elementor-widget-wrap elementor-element-populated\">\n\t\t\t\t\t\t<div class=\"elementor-element elementor-element-1fb49645 elementor-widget elementor-widget-image\" data-id=\"1fb49645\" data-element_type=\"widget\" data-widget_type=\"image.default\">\n\t\t\t\t<div class=\"elementor-widget-container\">\n\t\t\t\t\t\t\t\t\t\t\t\t\t\t\t<img fetchpriority=\"high\" decoding=\"async\" width=\"1000\" height=\"809\" src=\"https:\/\/festivalorigenes.com\/wp-content\/uploads\/2020\/11\/Festival-Gastrono\u0301mico-ori\u0301Genes-Juan-A\u0301ngel-Rodri\u0301guez-Chocolate_1.jpg\" class=\"attachment-large size-large wp-image-3528\" alt=\"Festival Gastrono\u0301mico ori\u0301Genes - Juan A\u0301ngel Rodri\u0301guez - Chocolate_1\" srcset=\"https:\/\/festivalorigenes.com\/wp-content\/uploads\/2020\/11\/Festival-Gastrono\u0301mico-ori\u0301Genes-Juan-A\u0301ngel-Rodri\u0301guez-Chocolate_1.jpg 1000w, https:\/\/festivalorigenes.com\/wp-content\/uploads\/2020\/11\/Festival-Gastrono\u0301mico-ori\u0301Genes-Juan-A\u0301ngel-Rodri\u0301guez-Chocolate_1-300x243.jpg 300w, https:\/\/festivalorigenes.com\/wp-content\/uploads\/2020\/11\/Festival-Gastrono\u0301mico-ori\u0301Genes-Juan-A\u0301ngel-Rodri\u0301guez-Chocolate_1-768x621.jpg 768w\" sizes=\"(max-width: 1000px) 100vw, 1000px\" \/>\t\t\t\t\t\t\t\t\t\t\t\t\t\t\t<\/div>\n\t\t\t\t<\/div>\n\t\t\t\t\t<\/div>\n\t\t<\/div>\n\t\t\t\t<div class=\"elementor-column elementor-col-50 elementor-top-column elementor-element elementor-element-7898371b\" data-id=\"7898371b\" data-element_type=\"column\" data-settings=\"{&quot;background_background&quot;:&quot;classic&quot;}\">\n\t\t\t<div class=\"elementor-widget-wrap elementor-element-populated\">\n\t\t\t\t\t<div class=\"elementor-background-overlay\"><\/div>\n\t\t\t\t\t\t<div class=\"elementor-element elementor-element-4090e1e animated-fast elementor-invisible elementor-widget elementor-widget-heading\" data-id=\"4090e1e\" data-element_type=\"widget\" data-settings=\"{&quot;_animation&quot;:&quot;fadeIn&quot;}\" data-widget_type=\"heading.default\">\n\t\t\t\t<div class=\"elementor-widget-container\">\n\t\t\t\t\t<h2 class=\"elementor-heading-title elementor-size-default\">JUAN \u00c1NGEL Rodrig\u00e1lvarez<\/h2>\t\t\t\t<\/div>\n\t\t\t\t<\/div>\n\t\t\t\t<div class=\"elementor-element elementor-element-7bcbc3e8 animated-fast elementor-invisible elementor-widget elementor-widget-heading\" data-id=\"7bcbc3e8\" data-element_type=\"widget\" data-settings=\"{&quot;_animation&quot;:&quot;fadeIn&quot;}\" data-widget_type=\"heading.default\">\n\t\t\t\t<div class=\"elementor-widget-container\">\n\t\t\t\t\t<p class=\"elementor-heading-title elementor-size-default\">Logro\u00f1o, La Rioja <\/p>\t\t\t\t<\/div>\n\t\t\t\t<\/div>\n\t\t\t\t<div class=\"elementor-element elementor-element-72415203 elementor-invisible elementor-widget elementor-widget-text-editor\" data-id=\"72415203\" data-element_type=\"widget\" data-settings=\"{&quot;_animation&quot;:&quot;fadeIn&quot;}\" data-widget_type=\"text-editor.default\">\n\t\t\t\t<div class=\"elementor-widget-container\">\n\t\t\t\t\t\t\t\t\t<p class=\"p1\"><span class=\"s1\">Fundador de Kankel Cacao i pioner del moviment \u00abBean to Bar\u00bb a Espanya. Pret\u00e9n generar una cadena sostenible de confian\u00e7a que controli tots els processos del cacau; des dels petits productors locals en origen fins a l&#8217;entrega al consumidor. Tot aix\u00f2 des de la divulgaci\u00f3 i el respecte pel producte.<\/span><\/p>\n\t\t\t\t\t\t\t\t<\/div>\n\t\t\t\t<\/div>\n\t\t\t\t<div class=\"elementor-element elementor-element-376c21e elementor-align-left elementor-icon-list--layout-traditional elementor-list-item-link-full_width elementor-widget elementor-widget-icon-list\" data-id=\"376c21e\" data-element_type=\"widget\" data-widget_type=\"icon-list.default\">\n\t\t\t\t<div class=\"elementor-widget-container\">\n\t\t\t\t\t\t\t<ul class=\"elementor-icon-list-items\">\n\t\t\t\t\t\t\t<li class=\"elementor-icon-list-item\">\n\t\t\t\t\t\t\t\t\t\t\t<span class=\"elementor-icon-list-icon\">\n\t\t\t\t\t\t\t<i aria-hidden=\"true\" class=\"fas fa-trophy\"><\/i>\t\t\t\t\t\t<\/span>\n\t\t\t\t\t\t\t\t\t\t<span class=\"elementor-icon-list-text\">Forma part de la comunitat per al foment de la xocolata \"Bean to Bar\" a Espanya<\/span>\n\t\t\t\t\t\t\t\t\t<\/li>\n\t\t\t\t\t\t\t\t<li class=\"elementor-icon-list-item\">\n\t\t\t\t\t\t\t\t\t\t\t<span class=\"elementor-icon-list-icon\">\n\t\t\t\t\t\t\t<i aria-hidden=\"true\" class=\"fas fa-trophy\"><\/i>\t\t\t\t\t\t<\/span>\n\t\t\t\t\t\t\t\t\t\t<span class=\"elementor-icon-list-text\">Premi nacional de gastronomia 2010<\/span>\n\t\t\t\t\t\t\t\t\t<\/li>\n\t\t\t\t\t\t\t\t<li class=\"elementor-icon-list-item\">\n\t\t\t\t\t\t\t\t\t\t\t<span class=\"elementor-icon-list-icon\">\n\t\t\t\t\t\t\t<i aria-hidden=\"true\" class=\"fas fa-trophy\"><\/i>\t\t\t\t\t\t<\/span>\n\t\t\t\t\t\t\t\t\t\t<span class=\"elementor-icon-list-text\">Equip guanyador de la copa del m\u00f3n del gelat 2007 <\/span>\n\t\t\t\t\t\t\t\t\t<\/li>\n\t\t\t\t\t\t<\/ul>\n\t\t\t\t\t\t<\/div>\n\t\t\t\t<\/div>\n\t\t\t\t\t<\/div>\n\t\t<\/div>\n\t\t\t\t\t<\/div>\n\t\t<\/section>\n\t\t\t\t<section class=\"elementor-section elementor-top-section elementor-element elementor-element-6b44a24a elementor-section-full_width elementor-section-content-bottom elementor-reverse-mobile elementor-section-height-default elementor-section-height-default\" data-id=\"6b44a24a\" data-element_type=\"section\" data-settings=\"{&quot;background_background&quot;:&quot;classic&quot;}\">\n\t\t\t\t\t\t<div class=\"elementor-container elementor-column-gap-no\">\n\t\t\t\t\t<div class=\"elementor-column elementor-col-50 elementor-top-column elementor-element elementor-element-10befae8\" data-id=\"10befae8\" data-element_type=\"column\" data-settings=\"{&quot;background_background&quot;:&quot;classic&quot;}\">\n\t\t\t<div class=\"elementor-widget-wrap elementor-element-populated\">\n\t\t\t\t\t\t<section class=\"elementor-section elementor-inner-section elementor-element elementor-element-1dd84829 elementor-reverse-tablet elementor-reverse-mobile elementor-section-boxed elementor-section-height-default elementor-section-height-default\" data-id=\"1dd84829\" data-element_type=\"section\">\n\t\t\t\t\t\t<div class=\"elementor-container elementor-column-gap-default\">\n\t\t\t\t\t<div class=\"elementor-column elementor-col-100 elementor-inner-column elementor-element elementor-element-5b32df89\" data-id=\"5b32df89\" data-element_type=\"column\">\n\t\t\t<div class=\"elementor-widget-wrap elementor-element-populated\">\n\t\t\t\t\t\t<div class=\"elementor-element elementor-element-291509f8 elementor-widget elementor-widget-image\" data-id=\"291509f8\" data-element_type=\"widget\" data-widget_type=\"image.default\">\n\t\t\t\t<div class=\"elementor-widget-container\">\n\t\t\t\t\t\t\t\t\t\t\t\t\t\t\t<img decoding=\"async\" width=\"200\" height=\"154\" src=\"https:\/\/festivalorigenes.com\/wp-content\/uploads\/2020\/09\/quote-1.png\" class=\"attachment-medium size-medium wp-image-3454\" alt=\"\" \/>\t\t\t\t\t\t\t\t\t\t\t\t\t\t\t<\/div>\n\t\t\t\t<\/div>\n\t\t\t\t<div class=\"elementor-element elementor-element-18891c75 elementor-widget elementor-widget-heading\" data-id=\"18891c75\" data-element_type=\"widget\" data-widget_type=\"heading.default\">\n\t\t\t\t<div class=\"elementor-widget-container\">\n\t\t\t\t\t<h3 class=\"elementor-heading-title elementor-size-medium\">Des dels 15 anys, concebo la xocolata como la millor manera d'expressar-me; un producte estrella i diferenciador, un producte que \u00e9s un gran desconegut i que et recorda que el l\u00edmit el poses tu. - Juan \u00c1ngel Rodrig\u00e1lvarez -<\/h3>\t\t\t\t<\/div>\n\t\t\t\t<\/div>\n\t\t\t\t\t<\/div>\n\t\t<\/div>\n\t\t\t\t\t<\/div>\n\t\t<\/section>\n\t\t\t\t\t<\/div>\n\t\t<\/div>\n\t\t\t\t<div class=\"elementor-column elementor-col-50 elementor-top-column elementor-element elementor-element-56c3416\" data-id=\"56c3416\" data-element_type=\"column\" data-settings=\"{&quot;background_background&quot;:&quot;classic&quot;}\">\n\t\t\t<div class=\"elementor-widget-wrap elementor-element-populated\">\n\t\t\t\t\t<div class=\"elementor-background-overlay\"><\/div>\n\t\t\t\t\t\t<div class=\"elementor-element elementor-element-b350688 elementor-widget elementor-widget-video\" data-id=\"b350688\" data-element_type=\"widget\" data-settings=\"{&quot;youtube_url&quot;:&quot;https:\\\/\\\/www.youtube.com\\\/watch?v=fEF8ZF25CAM&quot;,&quot;video_type&quot;:&quot;youtube&quot;,&quot;controls&quot;:&quot;yes&quot;}\" data-widget_type=\"video.default\">\n\t\t\t\t<div class=\"elementor-widget-container\">\n\t\t\t\t\t\t\t<div class=\"elementor-wrapper elementor-open-inline\">\n\t\t\t<div class=\"elementor-video\"><\/div>\t\t<\/div>\n\t\t\t\t\t\t<\/div>\n\t\t\t\t<\/div>\n\t\t\t\t\t<\/div>\n\t\t<\/div>\n\t\t\t\t\t<\/div>\n\t\t<\/section>\n\t\t\t\t<section class=\"elementor-section elementor-top-section elementor-element elementor-element-6fffea86 elementor-section-content-bottom elementor-section-full_width elementor-section-height-default elementor-section-height-default\" data-id=\"6fffea86\" data-element_type=\"section\" data-settings=\"{&quot;background_background&quot;:&quot;classic&quot;}\">\n\t\t\t\t\t\t<div class=\"elementor-container elementor-column-gap-no\">\n\t\t\t\t\t<div class=\"elementor-column elementor-col-50 elementor-top-column elementor-element elementor-element-7bc46648\" data-id=\"7bc46648\" data-element_type=\"column\" data-settings=\"{&quot;background_background&quot;:&quot;classic&quot;}\">\n\t\t\t<div class=\"elementor-widget-wrap elementor-element-populated\">\n\t\t\t\t\t<div class=\"elementor-background-overlay\"><\/div>\n\t\t\t\t\t\t<div class=\"elementor-element elementor-element-57e3eb5b elementor-widget elementor-widget-spacer\" data-id=\"57e3eb5b\" data-element_type=\"widget\" data-widget_type=\"spacer.default\">\n\t\t\t\t<div class=\"elementor-widget-container\">\n\t\t\t\t\t\t\t<div class=\"elementor-spacer\">\n\t\t\t<div class=\"elementor-spacer-inner\"><\/div>\n\t\t<\/div>\n\t\t\t\t\t\t<\/div>\n\t\t\t\t<\/div>\n\t\t\t\t\t<\/div>\n\t\t<\/div>\n\t\t\t\t<div class=\"elementor-column elementor-col-50 elementor-top-column elementor-element elementor-element-27df48a7\" data-id=\"27df48a7\" data-element_type=\"column\" data-settings=\"{&quot;background_background&quot;:&quot;classic&quot;}\">\n\t\t\t<div class=\"elementor-widget-wrap elementor-element-populated\">\n\t\t\t\t\t\t<section class=\"elementor-section elementor-inner-section elementor-element elementor-element-5413be0a elementor-reverse-tablet elementor-reverse-mobile elementor-section-boxed elementor-section-height-default elementor-section-height-default\" data-id=\"5413be0a\" data-element_type=\"section\">\n\t\t\t\t\t\t<div class=\"elementor-container elementor-column-gap-default\">\n\t\t\t\t\t<div class=\"elementor-column elementor-col-100 elementor-inner-column elementor-element elementor-element-3a14481\" data-id=\"3a14481\" data-element_type=\"column\">\n\t\t\t<div class=\"elementor-widget-wrap elementor-element-populated\">\n\t\t\t\t\t\t<div class=\"elementor-element elementor-element-196d1868 elementor-widget elementor-widget-text-editor\" data-id=\"196d1868\" data-element_type=\"widget\" data-widget_type=\"text-editor.default\">\n\t\t\t\t<div class=\"elementor-widget-container\">\n\t\t\t\t\t\t\t\t\t<p class=\"p1\"><span class=\"s1\">La nostra xocolata comen\u00e7a aconseguint les <strong>faves en origen<\/strong> des de diferents pa\u00efsos del tr\u00f2pic i des de la seva recepci\u00f3 controlem tot el proc\u00e9s de <strong>producci\u00f3 d&#8217;una manera artesana.<\/strong><\/span><\/p>\n<p class=\"p1\"><span class=\"s1\">El meu objectiu \u00e9s la <strong>recerca i la cura de la fava de cacau<\/strong> perfecta per a cada xocolata. Experimentar els torrats, els percentatges de sucre per buscar l&#8217;equilibri perfecte i les cobertures que expressen la difer\u00e8ncia en la percepci\u00f3 des del meu m\u00f3n, un petit obrador d&#8217;Albelda de Iregua.<\/span><\/p>\n\t\t\t\t\t\t\t\t<\/div>\n\t\t\t\t<\/div>\n\t\t\t\t\t<\/div>\n\t\t<\/div>\n\t\t\t\t\t<\/div>\n\t\t<\/section>\n\t\t\t\t\t<\/div>\n\t\t<\/div>\n\t\t\t\t\t<\/div>\n\t\t<\/section>\n\t\t\t\t<section class=\"elementor-section elementor-top-section elementor-element elementor-element-7d3ed8be elementor-section-content-bottom elementor-section-full_width elementor-reverse-mobile elementor-section-height-default elementor-section-height-default\" data-id=\"7d3ed8be\" data-element_type=\"section\" data-settings=\"{&quot;background_background&quot;:&quot;classic&quot;}\">\n\t\t\t\t\t\t<div class=\"elementor-container elementor-column-gap-no\">\n\t\t\t\t\t<div class=\"elementor-column elementor-col-50 elementor-top-column elementor-element elementor-element-518c231e\" data-id=\"518c231e\" data-element_type=\"column\" data-settings=\"{&quot;background_background&quot;:&quot;classic&quot;}\">\n\t\t\t<div class=\"elementor-widget-wrap elementor-element-populated\">\n\t\t\t\t\t\t<section class=\"elementor-section elementor-inner-section elementor-element elementor-element-162076c4 elementor-reverse-tablet elementor-reverse-mobile elementor-section-boxed elementor-section-height-default elementor-section-height-default\" data-id=\"162076c4\" data-element_type=\"section\">\n\t\t\t\t\t\t<div class=\"elementor-container elementor-column-gap-default\">\n\t\t\t\t\t<div class=\"elementor-column elementor-col-100 elementor-inner-column elementor-element elementor-element-bd0e004\" data-id=\"bd0e004\" data-element_type=\"column\">\n\t\t\t<div class=\"elementor-widget-wrap elementor-element-populated\">\n\t\t\t\t\t\t<div class=\"elementor-element elementor-element-1dfaddeb elementor-widget elementor-widget-text-editor\" data-id=\"1dfaddeb\" data-element_type=\"widget\" data-widget_type=\"text-editor.default\">\n\t\t\t\t<div class=\"elementor-widget-container\">\n\t\t\t\t\t\t\t\t\t<p class=\"p1\"><span class=\"s1\">El \u00abBean to Bar\u00bb expressa i aporta <strong>un concepte totalment diferent<\/strong> al de la ind\u00fastria actual que generar\u00e0 <strong>diversi\u00f3<\/strong>, <strong>creativitat<\/strong> i <strong>coneixement<\/strong> creant gurmets de la xocolata.<\/span><\/p>\n\t\t\t\t\t\t\t\t<\/div>\n\t\t\t\t<\/div>\n\t\t\t\t<div class=\"elementor-element elementor-element-7c150eef animated-fast elementor-invisible elementor-widget elementor-widget-heading\" data-id=\"7c150eef\" data-element_type=\"widget\" data-settings=\"{&quot;_animation&quot;:&quot;fadeIn&quot;}\" data-widget_type=\"heading.default\">\n\t\t\t\t<div class=\"elementor-widget-container\">\n\t\t\t\t\t<h2 class=\"elementor-heading-title elementor-size-default\">+ INFO<\/h2>\t\t\t\t<\/div>\n\t\t\t\t<\/div>\n\t\t\t\t<div class=\"elementor-element elementor-element-3159e84e elementor-align-left elementor-widget elementor-widget-button\" data-id=\"3159e84e\" data-element_type=\"widget\" data-widget_type=\"button.default\">\n\t\t\t\t<div class=\"elementor-widget-container\">\n\t\t\t\t\t\t\t\t\t<div class=\"elementor-button-wrapper\">\n\t\t\t\t\t<a class=\"elementor-button elementor-button-link elementor-size-lg\" href=\"https:\/\/www.kankelcacao.com\/inicio\" target=\"_blank\">\n\t\t\t\t\t\t<span class=\"elementor-button-content-wrapper\">\n\t\t\t\t\t\t<span class=\"elementor-button-icon\">\n\t\t\t\t<i aria-hidden=\"true\" class=\"fas fa-caret-right\"><\/i>\t\t\t<\/span>\n\t\t\t\t\t\t\t\t\t<span class=\"elementor-button-text\">Web<\/span>\n\t\t\t\t\t<\/span>\n\t\t\t\t\t<\/a>\n\t\t\t\t<\/div>\n\t\t\t\t\t\t\t\t<\/div>\n\t\t\t\t<\/div>\n\t\t\t\t<div class=\"elementor-element elementor-element-53d047d5 elementor-shape-circle e-grid-align-left elementor-grid-2 elementor-widget elementor-widget-social-icons\" data-id=\"53d047d5\" data-element_type=\"widget\" data-widget_type=\"social-icons.default\">\n\t\t\t\t<div class=\"elementor-widget-container\">\n\t\t\t\t\t\t\t<div class=\"elementor-social-icons-wrapper elementor-grid\" role=\"list\">\n\t\t\t\t\t\t\t<span class=\"elementor-grid-item\" role=\"listitem\">\n\t\t\t\t\t<a class=\"elementor-icon elementor-social-icon elementor-social-icon-twitter elementor-repeater-item-e75f641\" href=\"https:\/\/twitter.com\/CacaoKankel\" target=\"_blank\">\n\t\t\t\t\t\t<span class=\"elementor-screen-only\">Twitter<\/span>\n\t\t\t\t\t\t<i class=\"fab fa-twitter\"><\/i>\t\t\t\t\t<\/a>\n\t\t\t\t<\/span>\n\t\t\t\t\t\t\t<span class=\"elementor-grid-item\" role=\"listitem\">\n\t\t\t\t\t<a class=\"elementor-icon elementor-social-icon elementor-social-icon-instagram elementor-repeater-item-60dd2f6\" href=\"https:\/\/www.instagram.com\/cacaokankel\/\" target=\"_blank\">\n\t\t\t\t\t\t<span class=\"elementor-screen-only\">Instagram<\/span>\n\t\t\t\t\t\t<i class=\"fab fa-instagram\"><\/i>\t\t\t\t\t<\/a>\n\t\t\t\t<\/span>\n\t\t\t\t\t<\/div>\n\t\t\t\t\t\t<\/div>\n\t\t\t\t<\/div>\n\t\t\t\t\t<\/div>\n\t\t<\/div>\n\t\t\t\t\t<\/div>\n\t\t<\/section>\n\t\t\t\t\t<\/div>\n\t\t<\/div>\n\t\t\t\t<div class=\"elementor-column elementor-col-50 elementor-top-column elementor-element elementor-element-3fae8082\" data-id=\"3fae8082\" data-element_type=\"column\" data-settings=\"{&quot;background_background&quot;:&quot;classic&quot;}\">\n\t\t\t<div class=\"elementor-widget-wrap elementor-element-populated\">\n\t\t\t\t\t<div class=\"elementor-background-overlay\"><\/div>\n\t\t\t\t\t\t<div class=\"elementor-element elementor-element-11ae7a50 elementor-widget elementor-widget-spacer\" data-id=\"11ae7a50\" data-element_type=\"widget\" data-widget_type=\"spacer.default\">\n\t\t\t\t<div class=\"elementor-widget-container\">\n\t\t\t\t\t\t\t<div class=\"elementor-spacer\">\n\t\t\t<div class=\"elementor-spacer-inner\"><\/div>\n\t\t<\/div>\n\t\t\t\t\t\t<\/div>\n\t\t\t\t<\/div>\n\t\t\t\t\t<\/div>\n\t\t<\/div>\n\t\t\t\t\t<\/div>\n\t\t<\/section>\n\t\t\t\t<section class=\"elementor-section elementor-top-section elementor-element elementor-element-58d84303 elementor-section-boxed elementor-section-height-default elementor-section-height-default\" data-id=\"58d84303\" data-element_type=\"section\">\n\t\t\t\t\t\t<div class=\"elementor-container elementor-column-gap-default\">\n\t\t\t\t\t<div class=\"elementor-column elementor-col-100 elementor-top-column elementor-element elementor-element-6279a226\" data-id=\"6279a226\" data-element_type=\"column\">\n\t\t\t<div class=\"elementor-widget-wrap elementor-element-populated\">\n\t\t\t\t\t\t<div class=\"elementor-element elementor-element-d7bc516 elementor-widget elementor-widget-heading\" data-id=\"d7bc516\" data-element_type=\"widget\" data-widget_type=\"heading.default\">\n\t\t\t\t<div class=\"elementor-widget-container\">\n\t\t\t\t\t<h2 class=\"elementor-heading-title elementor-size-default\">Descobreix m\u00e9s protagonistes<\/h2>\t\t\t\t<\/div>\n\t\t\t\t<\/div>\n\t\t\t\t<div class=\"elementor-element elementor-element-296193dd elementor-arrows-position-outside elementor-pagination-position-outside elementor-widget elementor-widget-image-carousel\" data-id=\"296193dd\" data-element_type=\"widget\" data-settings=\"{&quot;slides_to_show&quot;:&quot;3&quot;,&quot;slides_to_scroll&quot;:&quot;1&quot;,&quot;slides_to_show_tablet&quot;:&quot;4&quot;,&quot;slides_to_show_mobile&quot;:&quot;1&quot;,&quot;navigation&quot;:&quot;both&quot;,&quot;autoplay&quot;:&quot;yes&quot;,&quot;pause_on_hover&quot;:&quot;yes&quot;,&quot;pause_on_interaction&quot;:&quot;yes&quot;,&quot;autoplay_speed&quot;:5000,&quot;infinite&quot;:&quot;yes&quot;,&quot;speed&quot;:500}\" data-widget_type=\"image-carousel.default\">\n\t\t\t\t<div class=\"elementor-widget-container\">\n\t\t\t\t\t\t\t<div class=\"elementor-image-carousel-wrapper swiper\" role=\"region\" aria-roledescription=\"carousel\" aria-label=\"Carrusel d&#039;imatges\" dir=\"ltr\">\n\t\t\t<div class=\"elementor-image-carousel swiper-wrapper\" aria-live=\"off\">\n\t\t\t\t\t\t\t\t<div class=\"swiper-slide\" role=\"group\" aria-roledescription=\"slide\" aria-label=\"1 de 11\"><a data-elementor-open-lightbox=\"yes\" data-elementor-lightbox-slideshow=\"296193dd\" data-elementor-lightbox-title=\"Carlos Piernas - Protagonista - ori\u0301Genes Festival gastron\u00f2mic\" data-e-action-hash=\"#elementor-action%3Aaction%3Dlightbox%26settings%3DeyJpZCI6MzUxMywidXJsIjoiaHR0cHM6XC9cL2Zlc3RpdmFsb3JpZ2VuZXMuY29tXC93cC1jb250ZW50XC91cGxvYWRzXC8yMDIwXC8xMVwvRmVzdGl2YWwtR2FzdHJvbm9cdTAzMDFtaWNvLW9yaVx1MDMwMUdlbmVzLUNhcmxvcy1QaWVybmFzLmpwZyIsInNsaWRlc2hvdyI6IjI5NjE5M2RkIn0%3D\" href=\"https:\/\/festivalorigenes.com\/ca\/protagonistes\/carlos-piernas\/,https:\/\/festivalorigenes.com\/ca\/protagonistes\/viri-fernandez\/,https:\/\/festivalorigenes.com\/ca\/protagonistes\/nacho-gomara\/,https:\/\/festivalorigenes.com\/ca\/protagonistes\/daniel-jorda\/,https:\/\/festivalorigenes.com\/ca\/protagonistes\/edu-torres\/,https:\/\/festivalorigenes.com\/ca\/protagonistes\/anselmo-perez\/,https:\/\/festivalorigenes.com\/ca\/protagonistes\/gorka-rodriguez\/,https:\/\/festivalorigenes.com\/ca\/protagonistes\/eva-vila\/,https:\/\/festivalorigenes.com\/ca\/protagonistes\/albert-roca\/,https:\/\/festivalorigenes.com\/ca\/protagonistes\/jose-luis-dominguez\/,https:\/\/festivalorigenes.com\/ca\/protagonistes\/barbara-sanfilippo\/\"><figure class=\"swiper-slide-inner\"><img decoding=\"async\" class=\"swiper-slide-image\" src=\"https:\/\/festivalorigenes.com\/wp-content\/uploads\/elementor\/thumbs\/Festival-Gastrono\u0301mico-ori\u0301Genes-Carlos-Piernas-oy9s0mwskvyxw66a9recrhywbigt9gvg9ethdfiy0o.jpg\" alt=\"Carlos Piernas - Protagonista - ori\u0301Genes Festival gastron\u00f2mic\" \/><figcaption class=\"elementor-image-carousel-caption\">Carlos Piernas<\/figcaption><\/figure><\/a><\/div><div class=\"swiper-slide\" role=\"group\" aria-roledescription=\"slide\" aria-label=\"2 de 11\"><a data-elementor-open-lightbox=\"yes\" data-elementor-lightbox-slideshow=\"296193dd\" data-elementor-lightbox-title=\"Festival Gastrono\u0301mico ori\u0301Genes - Viri Ferna\u0301ndez\" data-e-action-hash=\"#elementor-action%3Aaction%3Dlightbox%26settings%3DeyJpZCI6MzUwNiwidXJsIjoiaHR0cHM6XC9cL2Zlc3RpdmFsb3JpZ2VuZXMuY29tXC93cC1jb250ZW50XC91cGxvYWRzXC8yMDIwXC8xMVwvRmVzdGl2YWwtR2FzdHJvbm9cdTAzMDFtaWNvLW9yaVx1MDMwMUdlbmVzLVZpcmktRmVybmFcdTAzMDFuZGV6LmpwZyIsInNsaWRlc2hvdyI6IjI5NjE5M2RkIn0%3D\" href=\"https:\/\/festivalorigenes.com\/ca\/protagonistes\/carlos-piernas\/,https:\/\/festivalorigenes.com\/ca\/protagonistes\/viri-fernandez\/,https:\/\/festivalorigenes.com\/ca\/protagonistes\/nacho-gomara\/,https:\/\/festivalorigenes.com\/ca\/protagonistes\/daniel-jorda\/,https:\/\/festivalorigenes.com\/ca\/protagonistes\/edu-torres\/,https:\/\/festivalorigenes.com\/ca\/protagonistes\/anselmo-perez\/,https:\/\/festivalorigenes.com\/ca\/protagonistes\/gorka-rodriguez\/,https:\/\/festivalorigenes.com\/ca\/protagonistes\/eva-vila\/,https:\/\/festivalorigenes.com\/ca\/protagonistes\/albert-roca\/,https:\/\/festivalorigenes.com\/ca\/protagonistes\/jose-luis-dominguez\/,https:\/\/festivalorigenes.com\/ca\/protagonistes\/barbara-sanfilippo\/\"><figure class=\"swiper-slide-inner\"><img decoding=\"async\" class=\"swiper-slide-image\" src=\"https:\/\/festivalorigenes.com\/wp-content\/uploads\/elementor\/thumbs\/Festival-Gastrono\u0301mico-ori\u0301Genes-Viri-Ferna\u0301ndez-oy9r28zck2wb5q4g2eap1octz1yeo3cyj7n0c0ifnc.jpg\" alt=\"Viri Fern\u00e1ndez - Protagonista - or\u00edGenes Festival Gastrono\u0301mico\" \/><figcaption class=\"elementor-image-carousel-caption\">Viri Fern\u00e1ndez<\/figcaption><\/figure><\/a><\/div><div class=\"swiper-slide\" role=\"group\" aria-roledescription=\"slide\" aria-label=\"3 de 11\"><a data-elementor-open-lightbox=\"yes\" data-elementor-lightbox-slideshow=\"296193dd\" data-elementor-lightbox-title=\"Nacho G\u00f3mara - Protagonista - ori\u0301Genes Festival gastron\u00f2mic\" data-e-action-hash=\"#elementor-action%3Aaction%3Dlightbox%26settings%3DeyJpZCI6MzUxNiwidXJsIjoiaHR0cHM6XC9cL2Zlc3RpdmFsb3JpZ2VuZXMuY29tXC93cC1jb250ZW50XC91cGxvYWRzXC8yMDIwXC8xMVwvRmVzdGl2YWwtR2FzdHJvbm9cdTAzMDFtaWNvLW9yaVx1MDMwMUdlbmVzLU5hY2hvLUdvXHUwMzAxbWFyYS5qcGciLCJzbGlkZXNob3ciOiIyOTYxOTNkZCJ9\" href=\"https:\/\/festivalorigenes.com\/ca\/protagonistes\/carlos-piernas\/,https:\/\/festivalorigenes.com\/ca\/protagonistes\/viri-fernandez\/,https:\/\/festivalorigenes.com\/ca\/protagonistes\/nacho-gomara\/,https:\/\/festivalorigenes.com\/ca\/protagonistes\/daniel-jorda\/,https:\/\/festivalorigenes.com\/ca\/protagonistes\/edu-torres\/,https:\/\/festivalorigenes.com\/ca\/protagonistes\/anselmo-perez\/,https:\/\/festivalorigenes.com\/ca\/protagonistes\/gorka-rodriguez\/,https:\/\/festivalorigenes.com\/ca\/protagonistes\/eva-vila\/,https:\/\/festivalorigenes.com\/ca\/protagonistes\/albert-roca\/,https:\/\/festivalorigenes.com\/ca\/protagonistes\/jose-luis-dominguez\/,https:\/\/festivalorigenes.com\/ca\/protagonistes\/barbara-sanfilippo\/\"><figure class=\"swiper-slide-inner\"><img decoding=\"async\" class=\"swiper-slide-image\" src=\"https:\/\/festivalorigenes.com\/wp-content\/uploads\/elementor\/thumbs\/Festival-Gastrono\u0301mico-ori\u0301Genes-Nacho-Go\u0301mara-oy9scdw60c1z0p3vnu8gxj8bmwjzh9invkdzby3s8o.jpg\" alt=\"Nacho G\u00f3mara - Protagonista - ori\u0301Genes Festival gastron\u00f2mic\" \/><figcaption class=\"elementor-image-carousel-caption\">Nacho G\u00f3mara<\/figcaption><\/figure><\/a><\/div><div class=\"swiper-slide\" role=\"group\" aria-roledescription=\"slide\" aria-label=\"4 de 11\"><a data-elementor-open-lightbox=\"yes\" data-elementor-lightbox-slideshow=\"296193dd\" data-elementor-lightbox-title=\"Daniel Jord\u00e0 - Protagonista - ori\u0301Genes Festival gastron\u00f2mic\" data-e-action-hash=\"#elementor-action%3Aaction%3Dlightbox%26settings%3DeyJpZCI6MzUyMywidXJsIjoiaHR0cHM6XC9cL2Zlc3RpdmFsb3JpZ2VuZXMuY29tXC93cC1jb250ZW50XC91cGxvYWRzXC8yMDIwXC8xMVwvRmVzdGl2YWwtR2FzdHJvbm9cdTAzMDFtaWNvLW9yaVx1MDMwMUdlbmVzLURhbmllbC1Kb3JkYVx1MDMwMC5qcGciLCJzbGlkZXNob3ciOiIyOTYxOTNkZCJ9\" href=\"https:\/\/festivalorigenes.com\/ca\/protagonistes\/carlos-piernas\/,https:\/\/festivalorigenes.com\/ca\/protagonistes\/viri-fernandez\/,https:\/\/festivalorigenes.com\/ca\/protagonistes\/nacho-gomara\/,https:\/\/festivalorigenes.com\/ca\/protagonistes\/daniel-jorda\/,https:\/\/festivalorigenes.com\/ca\/protagonistes\/edu-torres\/,https:\/\/festivalorigenes.com\/ca\/protagonistes\/anselmo-perez\/,https:\/\/festivalorigenes.com\/ca\/protagonistes\/gorka-rodriguez\/,https:\/\/festivalorigenes.com\/ca\/protagonistes\/eva-vila\/,https:\/\/festivalorigenes.com\/ca\/protagonistes\/albert-roca\/,https:\/\/festivalorigenes.com\/ca\/protagonistes\/jose-luis-dominguez\/,https:\/\/festivalorigenes.com\/ca\/protagonistes\/barbara-sanfilippo\/\"><figure class=\"swiper-slide-inner\"><img decoding=\"async\" class=\"swiper-slide-image\" src=\"https:\/\/festivalorigenes.com\/wp-content\/uploads\/elementor\/thumbs\/Festival-Gastrono\u0301mico-ori\u0301Genes-Daniel-Jorda\u0300-oy9sjq0tcs3jn4g7tiemw6kuk6e4k7n8jvpf6p85o8.jpg\" alt=\"Daniel Jord\u00e0 - Protagonista - ori\u0301Genes Festival gastron\u00f2mic\" \/><figcaption class=\"elementor-image-carousel-caption\">Daniel Jord\u00e0<\/figcaption><\/figure><\/a><\/div><div class=\"swiper-slide\" role=\"group\" aria-roledescription=\"slide\" aria-label=\"5 de 11\"><a data-elementor-open-lightbox=\"yes\" data-elementor-lightbox-slideshow=\"296193dd\" data-elementor-lightbox-title=\"Edu Torres - Protagonista - ori\u0301Genes Festival gastron\u00f2mic\" data-e-action-hash=\"#elementor-action%3Aaction%3Dlightbox%26settings%3DeyJpZCI6MzQ5OSwidXJsIjoiaHR0cHM6XC9cL2Zlc3RpdmFsb3JpZ2VuZXMuY29tXC93cC1jb250ZW50XC91cGxvYWRzXC8yMDIwXC8xMVwvRmVzdGl2YWwtR2FzdHJvbm9cdTAzMDFtaWNvLW9yaVx1MDMwMUdlbmVzLUVkdS1Ub3JyZXMtMS5qcGciLCJzbGlkZXNob3ciOiIyOTYxOTNkZCJ9\" href=\"https:\/\/festivalorigenes.com\/ca\/protagonistes\/carlos-piernas\/,https:\/\/festivalorigenes.com\/ca\/protagonistes\/viri-fernandez\/,https:\/\/festivalorigenes.com\/ca\/protagonistes\/nacho-gomara\/,https:\/\/festivalorigenes.com\/ca\/protagonistes\/daniel-jorda\/,https:\/\/festivalorigenes.com\/ca\/protagonistes\/edu-torres\/,https:\/\/festivalorigenes.com\/ca\/protagonistes\/anselmo-perez\/,https:\/\/festivalorigenes.com\/ca\/protagonistes\/gorka-rodriguez\/,https:\/\/festivalorigenes.com\/ca\/protagonistes\/eva-vila\/,https:\/\/festivalorigenes.com\/ca\/protagonistes\/albert-roca\/,https:\/\/festivalorigenes.com\/ca\/protagonistes\/jose-luis-dominguez\/,https:\/\/festivalorigenes.com\/ca\/protagonistes\/barbara-sanfilippo\/\"><figure class=\"swiper-slide-inner\"><img decoding=\"async\" class=\"swiper-slide-image\" src=\"https:\/\/festivalorigenes.com\/wp-content\/uploads\/elementor\/thumbs\/Festival-Gastrono\u0301mico-ori\u0301Genes-Edu-Torres-1-oy9h2z44br2tjbzlz3k80c6814rskx2egyxssl7lx4.jpg\" alt=\"Edu Torres - Protagonista - ori\u0301Genes Festival gastron\u00f2mic\" \/><figcaption class=\"elementor-image-carousel-caption\">Edu Torres<\/figcaption><\/figure><\/a><\/div><div class=\"swiper-slide\" role=\"group\" aria-roledescription=\"slide\" aria-label=\"6 de 11\"><a data-elementor-open-lightbox=\"yes\" data-elementor-lightbox-slideshow=\"296193dd\" data-elementor-lightbox-title=\"Anselmo_Perez_Festival_oriGenes4\" data-e-action-hash=\"#elementor-action%3Aaction%3Dlightbox%26settings%3DeyJpZCI6MzU0MywidXJsIjoiaHR0cHM6XC9cL2Zlc3RpdmFsb3JpZ2VuZXMuY29tXC93cC1jb250ZW50XC91cGxvYWRzXC8yMDIwXC8xMlwvQW5zZWxtb19QZXJlel9GZXN0aXZhbF9vcmlHZW5lczQuanBnIiwic2xpZGVzaG93IjoiMjk2MTkzZGQifQ%3D%3D\" href=\"https:\/\/festivalorigenes.com\/ca\/protagonistes\/carlos-piernas\/,https:\/\/festivalorigenes.com\/ca\/protagonistes\/viri-fernandez\/,https:\/\/festivalorigenes.com\/ca\/protagonistes\/nacho-gomara\/,https:\/\/festivalorigenes.com\/ca\/protagonistes\/daniel-jorda\/,https:\/\/festivalorigenes.com\/ca\/protagonistes\/edu-torres\/,https:\/\/festivalorigenes.com\/ca\/protagonistes\/anselmo-perez\/,https:\/\/festivalorigenes.com\/ca\/protagonistes\/gorka-rodriguez\/,https:\/\/festivalorigenes.com\/ca\/protagonistes\/eva-vila\/,https:\/\/festivalorigenes.com\/ca\/protagonistes\/albert-roca\/,https:\/\/festivalorigenes.com\/ca\/protagonistes\/jose-luis-dominguez\/,https:\/\/festivalorigenes.com\/ca\/protagonistes\/barbara-sanfilippo\/\"><figure class=\"swiper-slide-inner\"><img decoding=\"async\" class=\"swiper-slide-image\" src=\"https:\/\/festivalorigenes.com\/wp-content\/uploads\/elementor\/thumbs\/Anselmo_Perez_Festival_oriGenes4-ozngu9tepzh9wl0jazrrpza0dupq6l0xg48ikkibp4.jpg\" alt=\"Anselmo P\u00e9rez - or\u00edGenes Festival Gastron\u00f3mico\" \/><figcaption class=\"elementor-image-carousel-caption\">Anselmo P\u00e9rez<\/figcaption><\/figure><\/a><\/div><div class=\"swiper-slide\" role=\"group\" aria-roledescription=\"slide\" aria-label=\"7 de 11\"><a data-elementor-open-lightbox=\"yes\" data-elementor-lightbox-slideshow=\"296193dd\" data-elementor-lightbox-title=\"Gorka Rodri\u0301guez - Protagonista - ori\u0301Genes Festival Gastron\u00f2mic\" data-e-action-hash=\"#elementor-action%3Aaction%3Dlightbox%26settings%3DeyJpZCI6Mzg5NiwidXJsIjoiaHR0cHM6XC9cL2Zlc3RpdmFsb3JpZ2VuZXMuY29tXC93cC1jb250ZW50XC91cGxvYWRzXC8yMDIxXC8wMVwvR29ya2EtUm9kcmlcdTAzMDFndWV6LVByb3RhZ29uaXN0YS1vcmlcdTAzMDFHZW5lcy1GZXN0aXZhbC1HYXN0cm9ub1x1MDMwMW1pY28uanBnIiwic2xpZGVzaG93IjoiMjk2MTkzZGQifQ%3D%3D\" href=\"https:\/\/festivalorigenes.com\/ca\/protagonistes\/carlos-piernas\/,https:\/\/festivalorigenes.com\/ca\/protagonistes\/viri-fernandez\/,https:\/\/festivalorigenes.com\/ca\/protagonistes\/nacho-gomara\/,https:\/\/festivalorigenes.com\/ca\/protagonistes\/daniel-jorda\/,https:\/\/festivalorigenes.com\/ca\/protagonistes\/edu-torres\/,https:\/\/festivalorigenes.com\/ca\/protagonistes\/anselmo-perez\/,https:\/\/festivalorigenes.com\/ca\/protagonistes\/gorka-rodriguez\/,https:\/\/festivalorigenes.com\/ca\/protagonistes\/eva-vila\/,https:\/\/festivalorigenes.com\/ca\/protagonistes\/albert-roca\/,https:\/\/festivalorigenes.com\/ca\/protagonistes\/jose-luis-dominguez\/,https:\/\/festivalorigenes.com\/ca\/protagonistes\/barbara-sanfilippo\/\"><figure class=\"swiper-slide-inner\"><img decoding=\"async\" class=\"swiper-slide-image\" src=\"https:\/\/festivalorigenes.com\/wp-content\/uploads\/elementor\/thumbs\/Gorka-Rodri\u0301guez-Protagonista-ori\u0301Genes-Festival-Gastrono\u0301mico-p24gmls0y28210k24ra4g9aoiom31c9q1ykkl26gmw.jpg\" alt=\"Gorka Rodri\u0301guez - Protagonista - ori\u0301Genes Festival Gastrono\u0301mico\" \/><figcaption class=\"elementor-image-carousel-caption\">Gorka Rodr\u00edguez<\/figcaption><\/figure><\/a><\/div><div class=\"swiper-slide\" role=\"group\" aria-roledescription=\"slide\" aria-label=\"8 de 11\"><a data-elementor-open-lightbox=\"yes\" data-elementor-lightbox-slideshow=\"296193dd\" data-elementor-lightbox-title=\"Eva Vila - Protagonista - ori\u0301Genes Festival Gastrono\u0301mico\" data-e-action-hash=\"#elementor-action%3Aaction%3Dlightbox%26settings%3DeyJpZCI6NDAzNCwidXJsIjoiaHR0cHM6XC9cL2Zlc3RpdmFsb3JpZ2VuZXMuY29tXC93cC1jb250ZW50XC91cGxvYWRzXC8yMDIxXC8wMlwvRXZhLVZpbGEtUHJvdGFnb25pc3RhLW9yaVx1MDMwMUdlbmVzLUZlc3RpdmFsLUdhc3Ryb25vXHUwMzAxbWljby5qcGciLCJzbGlkZXNob3ciOiIyOTYxOTNkZCJ9\" href=\"https:\/\/festivalorigenes.com\/ca\/protagonistes\/carlos-piernas\/,https:\/\/festivalorigenes.com\/ca\/protagonistes\/viri-fernandez\/,https:\/\/festivalorigenes.com\/ca\/protagonistes\/nacho-gomara\/,https:\/\/festivalorigenes.com\/ca\/protagonistes\/daniel-jorda\/,https:\/\/festivalorigenes.com\/ca\/protagonistes\/edu-torres\/,https:\/\/festivalorigenes.com\/ca\/protagonistes\/anselmo-perez\/,https:\/\/festivalorigenes.com\/ca\/protagonistes\/gorka-rodriguez\/,https:\/\/festivalorigenes.com\/ca\/protagonistes\/eva-vila\/,https:\/\/festivalorigenes.com\/ca\/protagonistes\/albert-roca\/,https:\/\/festivalorigenes.com\/ca\/protagonistes\/jose-luis-dominguez\/,https:\/\/festivalorigenes.com\/ca\/protagonistes\/barbara-sanfilippo\/\"><figure class=\"swiper-slide-inner\"><img decoding=\"async\" class=\"swiper-slide-image\" src=\"https:\/\/festivalorigenes.com\/wp-content\/uploads\/elementor\/thumbs\/Eva-Vila-Protagonista-ori\u0301Genes-Festival-Gastrono\u0301mico-p2acpp9enq3fy25ij2j7vkgco86yor2p46hzedjmwo.jpg\" alt=\"Eva Vila - ori\u0301Genes Festival Gastrono\u0301mico\" \/><figcaption class=\"elementor-image-carousel-caption\">Eva Vila<\/figcaption><\/figure><\/a><\/div><div class=\"swiper-slide\" role=\"group\" aria-roledescription=\"slide\" aria-label=\"9 de 11\"><a data-elementor-open-lightbox=\"yes\" data-elementor-lightbox-slideshow=\"296193dd\" data-elementor-lightbox-title=\"Festival gastron\u00f2mic ori\u0301Genes - Albert Roca\" data-e-action-hash=\"#elementor-action%3Aaction%3Dlightbox%26settings%3DeyJpZCI6MzUwOSwidXJsIjoiaHR0cHM6XC9cL2Zlc3RpdmFsb3JpZ2VuZXMuY29tXC93cC1jb250ZW50XC91cGxvYWRzXC8yMDIwXC8xMVwvRmVzdGl2YWwtR2FzdHJvbm9cdTAzMDFtaWNvLW9yaVx1MDMwMUdlbmVzLUFsYmVydC1Sb2NhLmpwZyIsInNsaWRlc2hvdyI6IjI5NjE5M2RkIn0%3D\" href=\"https:\/\/festivalorigenes.com\/ca\/protagonistes\/carlos-piernas\/,https:\/\/festivalorigenes.com\/ca\/protagonistes\/viri-fernandez\/,https:\/\/festivalorigenes.com\/ca\/protagonistes\/nacho-gomara\/,https:\/\/festivalorigenes.com\/ca\/protagonistes\/daniel-jorda\/,https:\/\/festivalorigenes.com\/ca\/protagonistes\/edu-torres\/,https:\/\/festivalorigenes.com\/ca\/protagonistes\/anselmo-perez\/,https:\/\/festivalorigenes.com\/ca\/protagonistes\/gorka-rodriguez\/,https:\/\/festivalorigenes.com\/ca\/protagonistes\/eva-vila\/,https:\/\/festivalorigenes.com\/ca\/protagonistes\/albert-roca\/,https:\/\/festivalorigenes.com\/ca\/protagonistes\/jose-luis-dominguez\/,https:\/\/festivalorigenes.com\/ca\/protagonistes\/barbara-sanfilippo\/\"><figure class=\"swiper-slide-inner\"><img decoding=\"async\" class=\"swiper-slide-image\" src=\"https:\/\/festivalorigenes.com\/wp-content\/uploads\/elementor\/thumbs\/Festival-Gastrono\u0301mico-ori\u0301Genes-Albert-Roca-oy9rd32dcbqazwdtskwvafx4hyjqehdkcudihug1x4.jpg\" alt=\"Festival Gastrono\u0301mico ori\u0301Genes - Albert Roca - Producto\" \/><figcaption class=\"elementor-image-carousel-caption\">Albert Roca<\/figcaption><\/figure><\/a><\/div><div class=\"swiper-slide\" role=\"group\" aria-roledescription=\"slide\" aria-label=\"10 de 11\"><a data-elementor-open-lightbox=\"yes\" data-elementor-lightbox-slideshow=\"296193dd\" data-elementor-lightbox-title=\"Jos\u00e9 Luis Dominguez - Protagonista - ori\u0301Genes Festival Gastron\u00f2mic\" data-e-action-hash=\"#elementor-action%3Aaction%3Dlightbox%26settings%3DeyJpZCI6NDI2NiwidXJsIjoiaHR0cHM6XC9cL2Zlc3RpdmFsb3JpZ2VuZXMuY29tXC93cC1jb250ZW50XC91cGxvYWRzXC8yMDIxXC8wM1wvb3JpZ2VuZXNfZmVzdGl2YWxfZ2FzdHJvbm9taWNvX2pvc2VfbHVpc19kb21pbmd1ZXouanBnIiwic2xpZGVzaG93IjoiMjk2MTkzZGQifQ%3D%3D\" href=\"https:\/\/festivalorigenes.com\/ca\/protagonistes\/carlos-piernas\/,https:\/\/festivalorigenes.com\/ca\/protagonistes\/viri-fernandez\/,https:\/\/festivalorigenes.com\/ca\/protagonistes\/nacho-gomara\/,https:\/\/festivalorigenes.com\/ca\/protagonistes\/daniel-jorda\/,https:\/\/festivalorigenes.com\/ca\/protagonistes\/edu-torres\/,https:\/\/festivalorigenes.com\/ca\/protagonistes\/anselmo-perez\/,https:\/\/festivalorigenes.com\/ca\/protagonistes\/gorka-rodriguez\/,https:\/\/festivalorigenes.com\/ca\/protagonistes\/eva-vila\/,https:\/\/festivalorigenes.com\/ca\/protagonistes\/albert-roca\/,https:\/\/festivalorigenes.com\/ca\/protagonistes\/jose-luis-dominguez\/,https:\/\/festivalorigenes.com\/ca\/protagonistes\/barbara-sanfilippo\/\"><figure class=\"swiper-slide-inner\"><img decoding=\"async\" class=\"swiper-slide-image\" src=\"https:\/\/festivalorigenes.com\/wp-content\/uploads\/elementor\/thumbs\/origenes_festival_gastronomico_jose_luis_dominguez-p4pdi5cneg0wpk9exjem6bcj61q4g6mqnkcqnquoxk.jpg\" alt=\"Jos\u00e9 Luis Dominguez - Protagonista - ori\u0301Genes Festival Gastron\u00f2mic\" \/><figcaption class=\"elementor-image-carousel-caption\">Jos\u00e9 Luis Dom\u00ednguez<\/figcaption><\/figure><\/a><\/div><div class=\"swiper-slide\" role=\"group\" aria-roledescription=\"slide\" aria-label=\"11 de 11\"><a data-elementor-open-lightbox=\"yes\" data-elementor-lightbox-slideshow=\"296193dd\" data-elementor-lightbox-title=\"origenes_festival_gastronomico_barbara_sanfilippo_protagonista\" data-e-action-hash=\"#elementor-action%3Aaction%3Dlightbox%26settings%3DeyJpZCI6NTE4MywidXJsIjoiaHR0cHM6XC9cL2Zlc3RpdmFsb3JpZ2VuZXMuY29tXC93cC1jb250ZW50XC91cGxvYWRzXC8yMDIxXC8wNVwvb3JpZ2VuZXNfZmVzdGl2YWxfZ2FzdHJvbm9taWNvX2JhcmJhcmFfc2FuZmlsaXBwb19wcm90YWdvbmlzdGEuanBnIiwic2xpZGVzaG93IjoiMjk2MTkzZGQifQ%3D%3D\" href=\"https:\/\/festivalorigenes.com\/ca\/protagonistes\/carlos-piernas\/,https:\/\/festivalorigenes.com\/ca\/protagonistes\/viri-fernandez\/,https:\/\/festivalorigenes.com\/ca\/protagonistes\/nacho-gomara\/,https:\/\/festivalorigenes.com\/ca\/protagonistes\/daniel-jorda\/,https:\/\/festivalorigenes.com\/ca\/protagonistes\/edu-torres\/,https:\/\/festivalorigenes.com\/ca\/protagonistes\/anselmo-perez\/,https:\/\/festivalorigenes.com\/ca\/protagonistes\/gorka-rodriguez\/,https:\/\/festivalorigenes.com\/ca\/protagonistes\/eva-vila\/,https:\/\/festivalorigenes.com\/ca\/protagonistes\/albert-roca\/,https:\/\/festivalorigenes.com\/ca\/protagonistes\/jose-luis-dominguez\/,https:\/\/festivalorigenes.com\/ca\/protagonistes\/barbara-sanfilippo\/\"><figure class=\"swiper-slide-inner\"><img decoding=\"async\" class=\"swiper-slide-image\" src=\"https:\/\/festivalorigenes.com\/wp-content\/uploads\/elementor\/thumbs\/origenes_festival_gastronomico_barbara_sanfilippo_protagonista-p74ek986dv6gssc4x6lz3mh9gfn3bmjgurl5hhu308.jpg\" alt=\"origenes_feB\u00e1rbara Sanfilippo - Protagonista - ori\u0301Genes Festival Gastrono\u0301micostival_gastronomico_barbara_sanfilippo_protagonista\" \/><figcaption class=\"elementor-image-carousel-caption\">B\u00e1rbara Sanfilippo<\/figcaption><\/figure><\/a><\/div>\t\t\t<\/div>\n\t\t\t\t\t\t\t\t\t\t\t\t<div class=\"elementor-swiper-button elementor-swiper-button-prev\" role=\"button\" tabindex=\"0\">\n\t\t\t\t\t\t<i aria-hidden=\"true\" class=\"eicon-chevron-left\"><\/i>\t\t\t\t\t<\/div>\n\t\t\t\t\t<div class=\"elementor-swiper-button elementor-swiper-button-next\" role=\"button\" tabindex=\"0\">\n\t\t\t\t\t\t<i aria-hidden=\"true\" class=\"eicon-chevron-right\"><\/i>\t\t\t\t\t<\/div>\n\t\t\t\t\n\t\t\t\t\t\t\t\t\t<div class=\"swiper-pagination\"><\/div>\n\t\t\t\t\t\t\t\t\t<\/div>\n\t\t\t\t\t\t<\/div>\n\t\t\t\t<\/div>\n\t\t\t\t\t<\/div>\n\t\t<\/div>\n\t\t\t\t\t<\/div>\n\t\t<\/section>\n\t\t\t\t<\/div>\n\t\t","protected":false},"excerpt":{"rendered":"<p>JUAN \u00c1NGEL Rodrig\u00e1lvarez Logro\u00f1o, La Rioja Fundador de Kankel Cacao i pioner del moviment \u00abBean to Bar\u00bb a Espanya. Pret\u00e9n generar una cadena sostenible de confian\u00e7a que controli tots els processos del cacau; des dels petits productors locals en origen fins a l&#8217;entrega al consumidor. Tot aix\u00f2 des de la divulgaci\u00f3 i el respecte pel [&hellip;]<\/p>\n","protected":false},"author":1,"featured_media":0,"parent":5656,"menu_order":0,"comment_status":"closed","ping_status":"closed","template":"","meta":{"site-sidebar-layout":"no-sidebar","site-content-layout":"page-builder","ast-site-content-layout":"default","site-content-style":"default","site-sidebar-style":"default","ast-global-header-display":"","ast-banner-title-visibility":"","ast-main-header-display":"","ast-hfb-above-header-display":"","ast-hfb-below-header-display":"","ast-hfb-mobile-header-display":"","site-post-title":"disabled","ast-breadcrumbs-content":"","ast-featured-img":"disabled","footer-sml-layout":"","theme-transparent-header-meta":"disabled","adv-header-id-meta":"","stick-header-meta":"default","header-above-stick-meta":"","header-main-stick-meta":"","header-below-stick-meta":null,"astra-migrate-meta-layouts":"default","ast-page-background-enabled":"default","ast-page-background-meta":{"desktop":{"background-color":"","background-image":"","background-repeat":"repeat","background-position":"center center","background-size":"auto","background-attachment":"scroll","background-type":"","background-media":"","overlay-type":"","overlay-color":"","overlay-opacity":"","overlay-gradient":""},"tablet":{"background-color":"","background-image":"","background-repeat":"repeat","background-position":"center center","background-size":"auto","background-attachment":"scroll","background-type":"","background-media":"","overlay-type":"","overlay-color":"","overlay-opacity":"","overlay-gradient":""},"mobile":{"background-color":"","background-image":"","background-repeat":"repeat","background-position":"center center","background-size":"auto","background-attachment":"scroll","background-type":"","background-media":"","overlay-type":"","overlay-color":"","overlay-opacity":"","overlay-gradient":""}},"ast-content-background-meta":{"desktop":{"background-color":"var(--ast-global-color-5)","background-image":"","background-repeat":"repeat","background-position":"center center","background-size":"auto","background-attachment":"scroll","background-type":"","background-media":"","overlay-type":"","overlay-color":"","overlay-opacity":"","overlay-gradient":""},"tablet":{"background-color":"var(--ast-global-color-5)","background-image":"","background-repeat":"repeat","background-position":"center center","background-size":"auto","background-attachment":"scroll","background-type":"","background-media":"","overlay-type":"","overlay-color":"","overlay-opacity":"","overlay-gradient":""},"mobile":{"background-color":"var(--ast-global-color-5)","background-image":"","background-repeat":"repeat","background-position":"center center","background-size":"auto","background-attachment":"scroll","background-type":"","background-media":"","overlay-type":"","overlay-color":"","overlay-opacity":"","overlay-gradient":""}},"footnotes":""},"class_list":["post-3660","page","type-page","status-publish","hentry"],"yoast_head":"<!-- This site is optimized with the Yoast SEO plugin v25.7 - https:\/\/yoast.com\/wordpress\/plugins\/seo\/ -->\n<title>Juan \u00c1ngel Rodrig\u00e1lvarez - or\u00edGenes - Festival Gastron\u00f2mic<\/title>\n<meta name=\"description\" content=\"Logro\u00f1o, La Rioja. Fundador Kankel Cacao, pioner del \u00abBean to Bar\u00bb. Pret\u00e9n generar una cadena sostenible de confian\u00e7a que controli tots els processos del cacau.\" \/>\n<meta name=\"robots\" content=\"index, follow, max-snippet:-1, max-image-preview:large, max-video-preview:-1\" \/>\n<link rel=\"canonical\" href=\"https:\/\/festivalorigenes.com\/ca\/protagonistes-2021\/juan-angel-rodrigalvarez\/\" \/>\n<meta property=\"og:locale\" content=\"ca_ES\" \/>\n<meta property=\"og:type\" content=\"article\" \/>\n<meta property=\"og:title\" content=\"Juan \u00c1ngel Rodrig\u00e1lvarez - or\u00edGenes - Festival Gastron\u00f2mic\" \/>\n<meta property=\"og:description\" content=\"Logro\u00f1o, La Rioja. Fundador Kankel Cacao, pioner del \u00abBean to Bar\u00bb. Pret\u00e9n generar una cadena sostenible de confian\u00e7a que controli tots els processos del cacau.\" \/>\n<meta property=\"og:url\" content=\"https:\/\/festivalorigenes.com\/ca\/protagonistes-2021\/juan-angel-rodrigalvarez\/\" \/>\n<meta property=\"og:site_name\" content=\"or\u00edGenes - Festival Gastron\u00f2mic\" \/>\n<meta property=\"article:publisher\" content=\"https:\/\/www.facebook.com\/origenesfestivalgastronomico\/\" \/>\n<meta property=\"article:modified_time\" content=\"2021-11-17T22:50:39+00:00\" \/>\n<meta property=\"og:image\" content=\"https:\/\/festivalorigenes.com\/wp-content\/uploads\/2020\/11\/Festival-Gastrono\u0301mico-ori\u0301Genes-Juan-A\u0301ngel-Rodri\u0301guez-Chocolate_1.jpg\" \/>\n<meta name=\"twitter:card\" content=\"summary_large_image\" \/>\n<meta name=\"twitter:site\" content=\"@origenesfest\" \/>\n<meta name=\"twitter:label1\" content=\"Temps estimat de lectura\" \/>\n\t<meta name=\"twitter:data1\" content=\"6 minuts\" \/>\n<script type=\"application\/ld+json\" class=\"yoast-schema-graph\">{\"@context\":\"https:\/\/schema.org\",\"@graph\":[{\"@type\":\"WebPage\",\"@id\":\"https:\/\/festivalorigenes.com\/ca\/protagonistes-2021\/juan-angel-rodrigalvarez\/\",\"url\":\"https:\/\/festivalorigenes.com\/ca\/protagonistes-2021\/juan-angel-rodrigalvarez\/\",\"name\":\"Juan \u00c1ngel Rodrig\u00e1lvarez - or\u00edGenes - Festival Gastron\u00f2mic\",\"isPartOf\":{\"@id\":\"https:\/\/festivalorigenes.com\/ca\/#website\"},\"primaryImageOfPage\":{\"@id\":\"https:\/\/festivalorigenes.com\/ca\/protagonistes-2021\/juan-angel-rodrigalvarez\/#primaryimage\"},\"image\":{\"@id\":\"https:\/\/festivalorigenes.com\/ca\/protagonistes-2021\/juan-angel-rodrigalvarez\/#primaryimage\"},\"thumbnailUrl\":\"https:\/\/festivalorigenes.com\/wp-content\/uploads\/2020\/09\/quote-1.png\",\"datePublished\":\"2020-12-22T15:49:15+00:00\",\"dateModified\":\"2021-11-17T22:50:39+00:00\",\"description\":\"Logro\u00f1o, La Rioja. Fundador Kankel Cacao, pioner del \u00abBean to Bar\u00bb. Pret\u00e9n generar una cadena sostenible de confian\u00e7a que controli tots els processos del cacau.\",\"breadcrumb\":{\"@id\":\"https:\/\/festivalorigenes.com\/ca\/protagonistes-2021\/juan-angel-rodrigalvarez\/#breadcrumb\"},\"inLanguage\":\"ca\",\"potentialAction\":[{\"@type\":\"ReadAction\",\"target\":[\"https:\/\/festivalorigenes.com\/ca\/protagonistes-2021\/juan-angel-rodrigalvarez\/\"]}]},{\"@type\":\"ImageObject\",\"inLanguage\":\"ca\",\"@id\":\"https:\/\/festivalorigenes.com\/ca\/protagonistes-2021\/juan-angel-rodrigalvarez\/#primaryimage\",\"url\":\"https:\/\/festivalorigenes.com\/wp-content\/uploads\/2020\/09\/quote-1.png\",\"contentUrl\":\"https:\/\/festivalorigenes.com\/wp-content\/uploads\/2020\/09\/quote-1.png\"},{\"@type\":\"BreadcrumbList\",\"@id\":\"https:\/\/festivalorigenes.com\/ca\/protagonistes-2021\/juan-angel-rodrigalvarez\/#breadcrumb\",\"itemListElement\":[{\"@type\":\"ListItem\",\"position\":1,\"name\":\"Portada\",\"item\":\"https:\/\/festivalorigenes.com\/ca\/\"},{\"@type\":\"ListItem\",\"position\":2,\"name\":\"Protagonistes 2021\",\"item\":\"https:\/\/festivalorigenes.com\/ca\/protagonistes-2021\/\"},{\"@type\":\"ListItem\",\"position\":3,\"name\":\"Juan \u00c1ngel Rodrig\u00e1lvarez\"}]},{\"@type\":\"WebSite\",\"@id\":\"https:\/\/festivalorigenes.com\/ca\/#website\",\"url\":\"https:\/\/festivalorigenes.com\/ca\/\",\"name\":\"or\u00edGenes - Festival Gastron\u00f2mic\",\"description\":\"\",\"publisher\":{\"@id\":\"https:\/\/festivalorigenes.com\/ca\/#organization\"},\"potentialAction\":[{\"@type\":\"SearchAction\",\"target\":{\"@type\":\"EntryPoint\",\"urlTemplate\":\"https:\/\/festivalorigenes.com\/ca\/?s={search_term_string}\"},\"query-input\":{\"@type\":\"PropertyValueSpecification\",\"valueRequired\":true,\"valueName\":\"search_term_string\"}}],\"inLanguage\":\"ca\"},{\"@type\":\"Organization\",\"@id\":\"https:\/\/festivalorigenes.com\/ca\/#organization\",\"name\":\"or\u00edGenes Festival Gastron\u00f2mic\",\"url\":\"https:\/\/festivalorigenes.com\/ca\/\",\"logo\":{\"@type\":\"ImageObject\",\"inLanguage\":\"ca\",\"@id\":\"https:\/\/festivalorigenes.com\/ca\/#\/schema\/logo\/image\/\",\"url\":\"https:\/\/festivalorigenes.com\/wp-content\/uploads\/2020\/11\/124151422_123321709577698_694323274832345559_n.png\",\"contentUrl\":\"https:\/\/festivalorigenes.com\/wp-content\/uploads\/2020\/11\/124151422_123321709577698_694323274832345559_n.png\",\"width\":401,\"height\":401,\"caption\":\"or\u00edGenes Festival Gastron\u00f2mic\"},\"image\":{\"@id\":\"https:\/\/festivalorigenes.com\/ca\/#\/schema\/logo\/image\/\"},\"sameAs\":[\"https:\/\/www.facebook.com\/origenesfestivalgastronomico\/\",\"https:\/\/x.com\/origenesfest\",\"https:\/\/www.instagram.com\/origenesfestivalgastronomico\/\",\"https:\/\/www.linkedin.com\/company\/or\u00edgenes-festival-gastron\u00f3mico\"]}]}<\/script>\n<!-- \/ Yoast SEO plugin. -->","yoast_head_json":{"title":"Juan \u00c1ngel Rodrig\u00e1lvarez - or\u00edGenes - Festival Gastron\u00f2mic","description":"Logro\u00f1o, La Rioja. Fundador Kankel Cacao, pioner del \u00abBean to Bar\u00bb. Pret\u00e9n generar una cadena sostenible de confian\u00e7a que controli tots els processos del cacau.","robots":{"index":"index","follow":"follow","max-snippet":"max-snippet:-1","max-image-preview":"max-image-preview:large","max-video-preview":"max-video-preview:-1"},"canonical":"https:\/\/festivalorigenes.com\/ca\/protagonistes-2021\/juan-angel-rodrigalvarez\/","og_locale":"ca_ES","og_type":"article","og_title":"Juan \u00c1ngel Rodrig\u00e1lvarez - or\u00edGenes - Festival Gastron\u00f2mic","og_description":"Logro\u00f1o, La Rioja. Fundador Kankel Cacao, pioner del \u00abBean to Bar\u00bb. Pret\u00e9n generar una cadena sostenible de confian\u00e7a que controli tots els processos del cacau.","og_url":"https:\/\/festivalorigenes.com\/ca\/protagonistes-2021\/juan-angel-rodrigalvarez\/","og_site_name":"or\u00edGenes - Festival Gastron\u00f2mic","article_publisher":"https:\/\/www.facebook.com\/origenesfestivalgastronomico\/","article_modified_time":"2021-11-17T22:50:39+00:00","og_image":[{"url":"https:\/\/festivalorigenes.com\/wp-content\/uploads\/2020\/11\/Festival-Gastrono\u0301mico-ori\u0301Genes-Juan-A\u0301ngel-Rodri\u0301guez-Chocolate_1.jpg","type":"","width":"","height":""}],"twitter_card":"summary_large_image","twitter_site":"@origenesfest","twitter_misc":{"Temps estimat de lectura":"6 minuts"},"schema":{"@context":"https:\/\/schema.org","@graph":[{"@type":"WebPage","@id":"https:\/\/festivalorigenes.com\/ca\/protagonistes-2021\/juan-angel-rodrigalvarez\/","url":"https:\/\/festivalorigenes.com\/ca\/protagonistes-2021\/juan-angel-rodrigalvarez\/","name":"Juan \u00c1ngel Rodrig\u00e1lvarez - or\u00edGenes - Festival Gastron\u00f2mic","isPartOf":{"@id":"https:\/\/festivalorigenes.com\/ca\/#website"},"primaryImageOfPage":{"@id":"https:\/\/festivalorigenes.com\/ca\/protagonistes-2021\/juan-angel-rodrigalvarez\/#primaryimage"},"image":{"@id":"https:\/\/festivalorigenes.com\/ca\/protagonistes-2021\/juan-angel-rodrigalvarez\/#primaryimage"},"thumbnailUrl":"https:\/\/festivalorigenes.com\/wp-content\/uploads\/2020\/09\/quote-1.png","datePublished":"2020-12-22T15:49:15+00:00","dateModified":"2021-11-17T22:50:39+00:00","description":"Logro\u00f1o, La Rioja. Fundador Kankel Cacao, pioner del \u00abBean to Bar\u00bb. Pret\u00e9n generar una cadena sostenible de confian\u00e7a que controli tots els processos del cacau.","breadcrumb":{"@id":"https:\/\/festivalorigenes.com\/ca\/protagonistes-2021\/juan-angel-rodrigalvarez\/#breadcrumb"},"inLanguage":"ca","potentialAction":[{"@type":"ReadAction","target":["https:\/\/festivalorigenes.com\/ca\/protagonistes-2021\/juan-angel-rodrigalvarez\/"]}]},{"@type":"ImageObject","inLanguage":"ca","@id":"https:\/\/festivalorigenes.com\/ca\/protagonistes-2021\/juan-angel-rodrigalvarez\/#primaryimage","url":"https:\/\/festivalorigenes.com\/wp-content\/uploads\/2020\/09\/quote-1.png","contentUrl":"https:\/\/festivalorigenes.com\/wp-content\/uploads\/2020\/09\/quote-1.png"},{"@type":"BreadcrumbList","@id":"https:\/\/festivalorigenes.com\/ca\/protagonistes-2021\/juan-angel-rodrigalvarez\/#breadcrumb","itemListElement":[{"@type":"ListItem","position":1,"name":"Portada","item":"https:\/\/festivalorigenes.com\/ca\/"},{"@type":"ListItem","position":2,"name":"Protagonistes 2021","item":"https:\/\/festivalorigenes.com\/ca\/protagonistes-2021\/"},{"@type":"ListItem","position":3,"name":"Juan \u00c1ngel Rodrig\u00e1lvarez"}]},{"@type":"WebSite","@id":"https:\/\/festivalorigenes.com\/ca\/#website","url":"https:\/\/festivalorigenes.com\/ca\/","name":"or\u00edGenes - Festival Gastron\u00f2mic","description":"","publisher":{"@id":"https:\/\/festivalorigenes.com\/ca\/#organization"},"potentialAction":[{"@type":"SearchAction","target":{"@type":"EntryPoint","urlTemplate":"https:\/\/festivalorigenes.com\/ca\/?s={search_term_string}"},"query-input":{"@type":"PropertyValueSpecification","valueRequired":true,"valueName":"search_term_string"}}],"inLanguage":"ca"},{"@type":"Organization","@id":"https:\/\/festivalorigenes.com\/ca\/#organization","name":"or\u00edGenes Festival Gastron\u00f2mic","url":"https:\/\/festivalorigenes.com\/ca\/","logo":{"@type":"ImageObject","inLanguage":"ca","@id":"https:\/\/festivalorigenes.com\/ca\/#\/schema\/logo\/image\/","url":"https:\/\/festivalorigenes.com\/wp-content\/uploads\/2020\/11\/124151422_123321709577698_694323274832345559_n.png","contentUrl":"https:\/\/festivalorigenes.com\/wp-content\/uploads\/2020\/11\/124151422_123321709577698_694323274832345559_n.png","width":401,"height":401,"caption":"or\u00edGenes Festival Gastron\u00f2mic"},"image":{"@id":"https:\/\/festivalorigenes.com\/ca\/#\/schema\/logo\/image\/"},"sameAs":["https:\/\/www.facebook.com\/origenesfestivalgastronomico\/","https:\/\/x.com\/origenesfest","https:\/\/www.instagram.com\/origenesfestivalgastronomico\/","https:\/\/www.linkedin.com\/company\/or\u00edgenes-festival-gastron\u00f3mico"]}]}},"_links":{"self":[{"href":"https:\/\/festivalorigenes.com\/ca\/wp-json\/wp\/v2\/pages\/3660","targetHints":{"allow":["GET"]}}],"collection":[{"href":"https:\/\/festivalorigenes.com\/ca\/wp-json\/wp\/v2\/pages"}],"about":[{"href":"https:\/\/festivalorigenes.com\/ca\/wp-json\/wp\/v2\/types\/page"}],"author":[{"embeddable":true,"href":"https:\/\/festivalorigenes.com\/ca\/wp-json\/wp\/v2\/users\/1"}],"replies":[{"embeddable":true,"href":"https:\/\/festivalorigenes.com\/ca\/wp-json\/wp\/v2\/comments?post=3660"}],"version-history":[{"count":24,"href":"https:\/\/festivalorigenes.com\/ca\/wp-json\/wp\/v2\/pages\/3660\/revisions"}],"predecessor-version":[{"id":6191,"href":"https:\/\/festivalorigenes.com\/ca\/wp-json\/wp\/v2\/pages\/3660\/revisions\/6191"}],"up":[{"embeddable":true,"href":"https:\/\/festivalorigenes.com\/ca\/wp-json\/wp\/v2\/pages\/5656"}],"wp:attachment":[{"href":"https:\/\/festivalorigenes.com\/ca\/wp-json\/wp\/v2\/media?parent=3660"}],"curies":[{"name":"wp","href":"https:\/\/api.w.org\/{rel}","templated":true}]}}