{"id":3662,"date":"2020-12-22T15:49:24","date_gmt":"2020-12-22T15:49:24","guid":{"rendered":"https:\/\/festivalorigenes.com\/politica-de-privacitat\/"},"modified":"2023-10-18T16:59:17","modified_gmt":"2023-10-18T16:59:17","slug":"politica-de-privacitat","status":"publish","type":"page","link":"https:\/\/festivalorigenes.com\/ca\/politica-de-privacitat\/","title":{"rendered":"Pol\u00edtica de privacitat"},"content":{"rendered":"\t\t<div data-elementor-type=\"wp-page\" data-elementor-id=\"3662\" class=\"elementor elementor-3662 elementor-1913\" data-elementor-post-type=\"page\">\n\t\t\t\t\t\t<section class=\"elementor-section elementor-top-section elementor-element elementor-element-2a633ed0 elementor-section-boxed elementor-section-height-default elementor-section-height-default\" data-id=\"2a633ed0\" data-element_type=\"section\" data-settings=\"{&quot;background_background&quot;:&quot;classic&quot;}\">\n\t\t\t\t\t\t<div class=\"elementor-container elementor-column-gap-no\">\n\t\t\t\t\t<div class=\"elementor-column elementor-col-100 elementor-top-column elementor-element elementor-element-34e193e4\" data-id=\"34e193e4\" data-element_type=\"column\">\n\t\t\t<div class=\"elementor-widget-wrap elementor-element-populated\">\n\t\t\t\t\t\t<div class=\"elementor-element elementor-element-176b61f3 elementor-widget elementor-widget-heading\" data-id=\"176b61f3\" data-element_type=\"widget\" data-widget_type=\"heading.default\">\n\t\t\t\t<div class=\"elementor-widget-container\">\n\t\t\t\t\t<h1 class=\"elementor-heading-title elementor-size-xl\">POL\u00cdTICA DE PRIVACITAT<\/h1>\t\t\t\t<\/div>\n\t\t\t\t<\/div>\n\t\t\t\t<div class=\"elementor-element elementor-element-52f5d379 elementor-widget elementor-widget-text-editor\" data-id=\"52f5d379\" data-element_type=\"widget\" data-widget_type=\"text-editor.default\">\n\t\t\t\t<div class=\"elementor-widget-container\">\n\t\t\t\t\t\t\t\t\t<p style=\"text-align: justify;\"><b>\u00daLTIMA ACTUALITZACI\u00d3: 6 DE NOVEMBRE DE 2020<\/b><\/p>\n<p style=\"text-align: justify;\">\n<\/p><p style=\"text-align: justify;\">Les bases jur\u00eddiques que legitimen el tractament de les vostres dades personals s\u00f3n:<\/p>\n<ul style=\"text-align: justify;\">\n<li><span>El compliment d&#8217;un contracte i\/o relaci\u00f3 comercial.<\/span><\/li>\n<li><span>El consentiment informat que ens atorgueu de manera expressa, lliure i inequ\u00edvoca quan accepteu la present POL\u00cdTICA DE PRIVACITAT en enviar el formulari corresponent.<\/span><\/li>\n<li><span>Per al compliment de diferents obligacions legals que s\u00f3n de compliment obligatori de part de la Companyia.<\/span><\/li>\n<li><span>Per inter\u00e8s leg\u00edtim derivat de tota mena de motius de seguretat, millora dels nostres productes i serveis, gesti\u00f3 de les vostres sol\u00b7licituds d&#8217;informaci\u00f3, reclamacions i gesti\u00f3 del frau.<\/span><\/li>\n<\/ul>\n<p style=\"text-align: justify;\">Les dades que us sol\u00b7licitem s\u00f3n adequades, pertinents i estrictament necess\u00e0ries per a les finalitats descrites. Teniu dret a retirar el consentiment en qualsevol moment, sense que afecti la licitud del tractament en base al consentiment previ a la retirada. Tamb\u00e9 ens garantiu l&#8217;autenticitat, exactitud i veracitat de tota la informaci\u00f3 que ens faciliteu, comprometent-vos a mantenir actualitzades les dades que ens faciliteu de forma que responguin, en tot moment, a la vostra situaci\u00f3 real; sereu aix\u00ed mateix l&#8217;\u00fanic responsable de les manifestacions falses o inexactes i dels perjudicis que aquestes puguin causar.<\/p>\n<p style=\"text-align: justify;\">Conservarem les dades mentre existeixi una relaci\u00f3 contractual o comercial amb v\u00f3s, o mentre no exerciu el vostre dret de supressi\u00f3, cancel\u00b7laci\u00f3 i\/o limitaci\u00f3 del tractament de dades; finalitzat aquest termini de conservaci\u00f3, la Companyia eliminar\u00e0, destruir\u00e0, bloquejar\u00e0 o anonimitzar\u00e0 les vostres dades personals. En cas de bloqueig, sempre es conservar\u00e0 la vostra informaci\u00f3 sense utilitzar-la per a cap finalitat ni efectuar cap tractament, mentre pugui ser necess\u00e0ria la informaci\u00f3 per a l&#8217;exercici de reclamacions o pugui derivar-se alguna mena de responsabilitat judicial, legal, o contractual del seu tractament que s&#8217;hagi d&#8217;atendre i per motiu de la qual sigui necessari procedir a la seva recuperaci\u00f3.<\/p>\n<p style=\"text-align: justify;\"><b>CESSIONS DE DADES:<\/b><\/p>\n<p style=\"text-align: justify;\">Les dades que ens faciliteu podran cedir-se a les seg\u00fcents societats del grup CINTAS AGV EVENTOS SL per a la correcta gesti\u00f3 dels serveis esmentats, aix\u00ed com per informar-vos dels productes i serveis que puguin oferir-se en un futur:<\/p>\n<ol style=\"text-align: justify;\">\n<li><span>CINTAS AGV EVENTOS SL<\/span><\/li>\n<li><span>A m\u00e9s de a qualsevol altra entitat integrada igualment en el grup CINTAS AGV EVENTOS SL, i\/o que substitueixi a qualsevol de les anteriors.<\/span><\/li>\n<\/ol>\n<p style=\"text-align: justify;\">Aix\u00ed mateix, s&#8217;informa els usuaris que les seves dades se cediran a la mercantil GINY S. L. \u00fanicament per a la prestaci\u00f3 del servei de&nbsp;<i>butllet\u00ed<\/i>&nbsp;a trav\u00e9s de&nbsp;<i>Mailchimp<\/i>.<\/p>\n<p style=\"text-align: justify;\">Si pagueu amb targeta de cr\u00e8dit, les dades es codificaran i transferiran als nostres socis de gesti\u00f3 de pagaments. Qualsevol dada personal sobre v\u00f3s s&#8217;utilitzar\u00e0 \u00fanicament de manera interna dins el grup CINTAS AGV EVENTOS SL i no se cedir\u00e0 a companyies i entitats terceres, excepte les aqu\u00ed esmentades.<\/p>\n<p style=\"text-align: justify;\">Per acabar, en cas que ens remeteu un&nbsp;<i>curriculum vitae<\/i>&nbsp;per sol\u00b7licitar feina, aquest passar\u00e0 a formar part d&#8217;un fitxer la titularitat del qual correspondr\u00e0 a la Companyia. La finalitat del fitxer \u00e9s la selecci\u00f3 de personal i, en enviar-nos de manera espont\u00e0nia aquesta informaci\u00f3, ens atorgueu el vostre consentiment expr\u00e9s perqu\u00e8 les vostres dades estiguin disponibles a futurs processos de contractaci\u00f3 o selecci\u00f3 de personal. A m\u00e9s, aquestes dades es podran cedir a CINTAS AGV EVENTOS SL amb la mateixa finalitat.<\/p>\n<p style=\"text-align: justify;\"><b>EXERCICI DE DRETS:<\/b><\/p>\n<p style=\"text-align: justify;\">Podreu exercir els drets d&#8217;acc\u00e9s, rectificaci\u00f3 o supressi\u00f3, limitaci\u00f3 al tractament, cancel\u00b7laci\u00f3 o oposici\u00f3, aix\u00ed com el vostre dret de portabilitat, a la Companyia, Avinguda Diagonal 618, planta8, porta 8 (08021) Barcelona. Aix\u00ed mateix, tindreu dret de presentar una reclamaci\u00f3 davant l&#8217;Ag\u00e8ncia Espanyola de Protecci\u00f3 de Dades. L&#8217;exercici dels vostres drets contemplats a la legislaci\u00f3 de protecci\u00f3 de dades podr\u00e0 dur-se a terme en \u00e8uscar, castell\u00e0 i angl\u00e8s.<\/p>\n<p style=\"text-align: justify;\"><b>MESURES DE SEGURETAT:<\/b><\/p>\n<p style=\"text-align: justify;\">Amb l&#8217;objectiu de salvaguardar la seguretat de les vostres dades personals, informem que la Companyia ha adoptat totes les mesures de caire t\u00e8cnic i organitzatiu necess\u00e0ries per garantir la seguretat inform\u00e0tica de les dades personals subministrades, incloses (entre altres):<\/p>\n<ol>\n<li style=\"text-align: justify;\"><span>L&#8217;anonimitzaci\u00f3 i el xifrat de dades personals quan correspongui.<\/span><\/li>\n<li style=\"text-align: justify;\"><span>La capacitat de garantir la confidencialitat, integritat, disponibilitat i resili\u00e8ncia permanents dels sistemes i serveis de tractament.<\/span><\/li>\n<li style=\"text-align: justify;\"><span>La capacitat de restaurar la disponibilitat i l&#8217;acc\u00e9s a les dades personals de manera r\u00e0pida, en cas d&#8217;incident f\u00edsic o t\u00e8cnic.<\/span><\/li>\n<li style=\"text-align: justify;\"><span>Un proc\u00e9s de verificaci\u00f3, avaluaci\u00f3 i valoraci\u00f3 regulars de l&#8217;efic\u00e0cia de les mesures t\u00e8cniques i organitzatives per garantir la seguretat del tractament.<\/span><\/li>\n<\/ol>\t\t\t\t\t\t\t\t<\/div>\n\t\t\t\t<\/div>\n\t\t\t\t\t<\/div>\n\t\t<\/div>\n\t\t\t\t\t<\/div>\n\t\t<\/section>\n\t\t\t\t<\/div>\n\t\t","protected":false},"excerpt":{"rendered":"<p>POL\u00cdTICA DE PRIVACITAT \u00daLTIMA ACTUALITZACI\u00d3: 6 DE NOVEMBRE DE 2020 Les bases jur\u00eddiques que legitimen el tractament de les vostres dades personals s\u00f3n: El compliment d&#8217;un contracte i\/o relaci\u00f3 comercial. El consentiment informat que ens atorgueu de manera expressa, lliure i inequ\u00edvoca quan accepteu la present POL\u00cdTICA DE PRIVACITAT en enviar el formulari corresponent. Per [&hellip;]<\/p>\n","protected":false},"author":1,"featured_media":0,"parent":0,"menu_order":0,"comment_status":"closed","ping_status":"closed","template":"","meta":{"site-sidebar-layout":"no-sidebar","site-content-layout":"page-builder","ast-site-content-layout":"default","site-content-style":"default","site-sidebar-style":"default","ast-global-header-display":"","ast-banner-title-visibility":"","ast-main-header-display":"","ast-hfb-above-header-display":"","ast-hfb-below-header-display":"","ast-hfb-mobile-header-display":"","site-post-title":"disabled","ast-breadcrumbs-content":"","ast-featured-img":"disabled","footer-sml-layout":"","theme-transparent-header-meta":"disabled","adv-header-id-meta":"","stick-header-meta":"default","header-above-stick-meta":"","header-main-stick-meta":"","header-below-stick-meta":"","astra-migrate-meta-layouts":"default","ast-page-background-enabled":"default","ast-page-background-meta":{"desktop":{"background-color":"","background-image":"","background-repeat":"repeat","background-position":"center center","background-size":"auto","background-attachment":"scroll","background-type":"","background-media":"","overlay-type":"","overlay-color":"","overlay-opacity":"","overlay-gradient":""},"tablet":{"background-color":"","background-image":"","background-repeat":"repeat","background-position":"center center","background-size":"auto","background-attachment":"scroll","background-type":"","background-media":"","overlay-type":"","overlay-color":"","overlay-opacity":"","overlay-gradient":""},"mobile":{"background-color":"","background-image":"","background-repeat":"repeat","background-position":"center center","background-size":"auto","background-attachment":"scroll","background-type":"","background-media":"","overlay-type":"","overlay-color":"","overlay-opacity":"","overlay-gradient":""}},"ast-content-background-meta":{"desktop":{"background-color":"var(--ast-global-color-5)","background-image":"","background-repeat":"repeat","background-position":"center center","background-size":"auto","background-attachment":"scroll","background-type":"","background-media":"","overlay-type":"","overlay-color":"","overlay-opacity":"","overlay-gradient":""},"tablet":{"background-color":"var(--ast-global-color-5)","background-image":"","background-repeat":"repeat","background-position":"center center","background-size":"auto","background-attachment":"scroll","background-type":"","background-media":"","overlay-type":"","overlay-color":"","overlay-opacity":"","overlay-gradient":""},"mobile":{"background-color":"var(--ast-global-color-5)","background-image":"","background-repeat":"repeat","background-position":"center center","background-size":"auto","background-attachment":"scroll","background-type":"","background-media":"","overlay-type":"","overlay-color":"","overlay-opacity":"","overlay-gradient":""}},"footnotes":""},"class_list":["post-3662","page","type-page","status-publish","hentry"],"yoast_head":"<!-- This site is optimized with the Yoast SEO plugin v25.7 - https:\/\/yoast.com\/wordpress\/plugins\/seo\/ -->\n<title>Pol\u00edtica de privacitat - or\u00edGenes - Festival Gastron\u00f2mic<\/title>\n<meta name=\"robots\" content=\"noindex, follow\" \/>\n<meta property=\"og:locale\" content=\"ca_ES\" \/>\n<meta property=\"og:type\" content=\"article\" \/>\n<meta property=\"og:title\" content=\"Pol\u00edtica de privacitat - or\u00edGenes - Festival Gastron\u00f2mic\" \/>\n<meta property=\"og:description\" content=\"POL\u00cdTICA DE PRIVACITAT \u00daLTIMA ACTUALITZACI\u00d3: 6 DE NOVEMBRE DE 2020 Les bases jur\u00eddiques que legitimen el tractament de les vostres dades personals s\u00f3n: El compliment d&#8217;un contracte i\/o relaci\u00f3 comercial. El consentiment informat que ens atorgueu de manera expressa, lliure i inequ\u00edvoca quan accepteu la present POL\u00cdTICA DE PRIVACITAT en enviar el formulari corresponent. Per [&hellip;]\" \/>\n<meta property=\"og:url\" content=\"https:\/\/festivalorigenes.com\/ca\/politica-de-privacitat\/\" \/>\n<meta property=\"og:site_name\" content=\"or\u00edGenes - Festival Gastron\u00f2mic\" \/>\n<meta property=\"article:publisher\" content=\"https:\/\/www.facebook.com\/origenesfestivalgastronomico\/\" \/>\n<meta property=\"article:modified_time\" content=\"2023-10-18T16:59:17+00:00\" \/>\n<meta name=\"twitter:card\" content=\"summary_large_image\" \/>\n<meta name=\"twitter:site\" content=\"@origenesfest\" \/>\n<meta name=\"twitter:label1\" content=\"Temps estimat de lectura\" \/>\n\t<meta name=\"twitter:data1\" content=\"4 minuts\" \/>\n<script type=\"application\/ld+json\" class=\"yoast-schema-graph\">{\"@context\":\"https:\/\/schema.org\",\"@graph\":[{\"@type\":\"WebPage\",\"@id\":\"https:\/\/festivalorigenes.com\/ca\/politica-de-privacitat\/\",\"url\":\"https:\/\/festivalorigenes.com\/ca\/politica-de-privacitat\/\",\"name\":\"Pol\u00edtica de privacitat - or\u00edGenes - Festival Gastron\u00f2mic\",\"isPartOf\":{\"@id\":\"https:\/\/festivalorigenes.com\/ca\/#website\"},\"datePublished\":\"2020-12-22T15:49:24+00:00\",\"dateModified\":\"2023-10-18T16:59:17+00:00\",\"breadcrumb\":{\"@id\":\"https:\/\/festivalorigenes.com\/ca\/politica-de-privacitat\/#breadcrumb\"},\"inLanguage\":\"ca\",\"potentialAction\":[{\"@type\":\"ReadAction\",\"target\":[\"https:\/\/festivalorigenes.com\/ca\/politica-de-privacitat\/\"]}]},{\"@type\":\"BreadcrumbList\",\"@id\":\"https:\/\/festivalorigenes.com\/ca\/politica-de-privacitat\/#breadcrumb\",\"itemListElement\":[{\"@type\":\"ListItem\",\"position\":1,\"name\":\"Portada\",\"item\":\"https:\/\/festivalorigenes.com\/ca\/\"},{\"@type\":\"ListItem\",\"position\":2,\"name\":\"Pol\u00edtica de privacitat\"}]},{\"@type\":\"WebSite\",\"@id\":\"https:\/\/festivalorigenes.com\/ca\/#website\",\"url\":\"https:\/\/festivalorigenes.com\/ca\/\",\"name\":\"or\u00edGenes - Festival Gastron\u00f2mic\",\"description\":\"\",\"publisher\":{\"@id\":\"https:\/\/festivalorigenes.com\/ca\/#organization\"},\"potentialAction\":[{\"@type\":\"SearchAction\",\"target\":{\"@type\":\"EntryPoint\",\"urlTemplate\":\"https:\/\/festivalorigenes.com\/ca\/?s={search_term_string}\"},\"query-input\":{\"@type\":\"PropertyValueSpecification\",\"valueRequired\":true,\"valueName\":\"search_term_string\"}}],\"inLanguage\":\"ca\"},{\"@type\":\"Organization\",\"@id\":\"https:\/\/festivalorigenes.com\/ca\/#organization\",\"name\":\"or\u00edGenes Festival Gastron\u00f2mic\",\"url\":\"https:\/\/festivalorigenes.com\/ca\/\",\"logo\":{\"@type\":\"ImageObject\",\"inLanguage\":\"ca\",\"@id\":\"https:\/\/festivalorigenes.com\/ca\/#\/schema\/logo\/image\/\",\"url\":\"https:\/\/festivalorigenes.com\/wp-content\/uploads\/2020\/11\/124151422_123321709577698_694323274832345559_n.png\",\"contentUrl\":\"https:\/\/festivalorigenes.com\/wp-content\/uploads\/2020\/11\/124151422_123321709577698_694323274832345559_n.png\",\"width\":401,\"height\":401,\"caption\":\"or\u00edGenes Festival Gastron\u00f2mic\"},\"image\":{\"@id\":\"https:\/\/festivalorigenes.com\/ca\/#\/schema\/logo\/image\/\"},\"sameAs\":[\"https:\/\/www.facebook.com\/origenesfestivalgastronomico\/\",\"https:\/\/x.com\/origenesfest\",\"https:\/\/www.instagram.com\/origenesfestivalgastronomico\/\",\"https:\/\/www.linkedin.com\/company\/or\u00edgenes-festival-gastron\u00f3mico\"]}]}<\/script>\n<!-- \/ Yoast SEO plugin. -->","yoast_head_json":{"title":"Pol\u00edtica de privacitat - or\u00edGenes - Festival Gastron\u00f2mic","robots":{"index":"noindex","follow":"follow"},"og_locale":"ca_ES","og_type":"article","og_title":"Pol\u00edtica de privacitat - or\u00edGenes - Festival Gastron\u00f2mic","og_description":"POL\u00cdTICA DE PRIVACITAT \u00daLTIMA ACTUALITZACI\u00d3: 6 DE NOVEMBRE DE 2020 Les bases jur\u00eddiques que legitimen el tractament de les vostres dades personals s\u00f3n: El compliment d&#8217;un contracte i\/o relaci\u00f3 comercial. El consentiment informat que ens atorgueu de manera expressa, lliure i inequ\u00edvoca quan accepteu la present POL\u00cdTICA DE PRIVACITAT en enviar el formulari corresponent. Per [&hellip;]","og_url":"https:\/\/festivalorigenes.com\/ca\/politica-de-privacitat\/","og_site_name":"or\u00edGenes - Festival Gastron\u00f2mic","article_publisher":"https:\/\/www.facebook.com\/origenesfestivalgastronomico\/","article_modified_time":"2023-10-18T16:59:17+00:00","twitter_card":"summary_large_image","twitter_site":"@origenesfest","twitter_misc":{"Temps estimat de lectura":"4 minuts"},"schema":{"@context":"https:\/\/schema.org","@graph":[{"@type":"WebPage","@id":"https:\/\/festivalorigenes.com\/ca\/politica-de-privacitat\/","url":"https:\/\/festivalorigenes.com\/ca\/politica-de-privacitat\/","name":"Pol\u00edtica de privacitat - or\u00edGenes - Festival Gastron\u00f2mic","isPartOf":{"@id":"https:\/\/festivalorigenes.com\/ca\/#website"},"datePublished":"2020-12-22T15:49:24+00:00","dateModified":"2023-10-18T16:59:17+00:00","breadcrumb":{"@id":"https:\/\/festivalorigenes.com\/ca\/politica-de-privacitat\/#breadcrumb"},"inLanguage":"ca","potentialAction":[{"@type":"ReadAction","target":["https:\/\/festivalorigenes.com\/ca\/politica-de-privacitat\/"]}]},{"@type":"BreadcrumbList","@id":"https:\/\/festivalorigenes.com\/ca\/politica-de-privacitat\/#breadcrumb","itemListElement":[{"@type":"ListItem","position":1,"name":"Portada","item":"https:\/\/festivalorigenes.com\/ca\/"},{"@type":"ListItem","position":2,"name":"Pol\u00edtica de privacitat"}]},{"@type":"WebSite","@id":"https:\/\/festivalorigenes.com\/ca\/#website","url":"https:\/\/festivalorigenes.com\/ca\/","name":"or\u00edGenes - Festival Gastron\u00f2mic","description":"","publisher":{"@id":"https:\/\/festivalorigenes.com\/ca\/#organization"},"potentialAction":[{"@type":"SearchAction","target":{"@type":"EntryPoint","urlTemplate":"https:\/\/festivalorigenes.com\/ca\/?s={search_term_string}"},"query-input":{"@type":"PropertyValueSpecification","valueRequired":true,"valueName":"search_term_string"}}],"inLanguage":"ca"},{"@type":"Organization","@id":"https:\/\/festivalorigenes.com\/ca\/#organization","name":"or\u00edGenes Festival Gastron\u00f2mic","url":"https:\/\/festivalorigenes.com\/ca\/","logo":{"@type":"ImageObject","inLanguage":"ca","@id":"https:\/\/festivalorigenes.com\/ca\/#\/schema\/logo\/image\/","url":"https:\/\/festivalorigenes.com\/wp-content\/uploads\/2020\/11\/124151422_123321709577698_694323274832345559_n.png","contentUrl":"https:\/\/festivalorigenes.com\/wp-content\/uploads\/2020\/11\/124151422_123321709577698_694323274832345559_n.png","width":401,"height":401,"caption":"or\u00edGenes Festival Gastron\u00f2mic"},"image":{"@id":"https:\/\/festivalorigenes.com\/ca\/#\/schema\/logo\/image\/"},"sameAs":["https:\/\/www.facebook.com\/origenesfestivalgastronomico\/","https:\/\/x.com\/origenesfest","https:\/\/www.instagram.com\/origenesfestivalgastronomico\/","https:\/\/www.linkedin.com\/company\/or\u00edgenes-festival-gastron\u00f3mico"]}]}},"_links":{"self":[{"href":"https:\/\/festivalorigenes.com\/ca\/wp-json\/wp\/v2\/pages\/3662","targetHints":{"allow":["GET"]}}],"collection":[{"href":"https:\/\/festivalorigenes.com\/ca\/wp-json\/wp\/v2\/pages"}],"about":[{"href":"https:\/\/festivalorigenes.com\/ca\/wp-json\/wp\/v2\/types\/page"}],"author":[{"embeddable":true,"href":"https:\/\/festivalorigenes.com\/ca\/wp-json\/wp\/v2\/users\/1"}],"replies":[{"embeddable":true,"href":"https:\/\/festivalorigenes.com\/ca\/wp-json\/wp\/v2\/comments?post=3662"}],"version-history":[{"count":10,"href":"https:\/\/festivalorigenes.com\/ca\/wp-json\/wp\/v2\/pages\/3662\/revisions"}],"predecessor-version":[{"id":10350,"href":"https:\/\/festivalorigenes.com\/ca\/wp-json\/wp\/v2\/pages\/3662\/revisions\/10350"}],"wp:attachment":[{"href":"https:\/\/festivalorigenes.com\/ca\/wp-json\/wp\/v2\/media?parent=3662"}],"curies":[{"name":"wp","href":"https:\/\/api.w.org\/{rel}","templated":true}]}}