{"id":3664,"date":"2020-12-22T15:49:50","date_gmt":"2020-12-22T15:49:50","guid":{"rendered":"https:\/\/festivalorigenes.com\/politica-de-galetes\/"},"modified":"2021-03-24T16:04:13","modified_gmt":"2021-03-24T16:04:13","slug":"politica-de-galetes","status":"publish","type":"page","link":"https:\/\/festivalorigenes.com\/ca\/politica-de-galetes\/","title":{"rendered":"Pol\u00edtica de galetes"},"content":{"rendered":"\t\t<div data-elementor-type=\"wp-page\" data-elementor-id=\"3664\" class=\"elementor elementor-3664 elementor-1918\" data-elementor-post-type=\"page\">\n\t\t\t\t\t\t<section class=\"elementor-section elementor-top-section elementor-element elementor-element-76996ff1 elementor-section-boxed elementor-section-height-default elementor-section-height-default\" data-id=\"76996ff1\" data-element_type=\"section\" data-settings=\"{&quot;background_background&quot;:&quot;classic&quot;}\">\n\t\t\t\t\t\t<div class=\"elementor-container elementor-column-gap-no\">\n\t\t\t\t\t<div class=\"elementor-column elementor-col-100 elementor-top-column elementor-element elementor-element-9ccf501\" data-id=\"9ccf501\" data-element_type=\"column\">\n\t\t\t<div class=\"elementor-widget-wrap elementor-element-populated\">\n\t\t\t\t\t\t<div class=\"elementor-element elementor-element-45c87ede elementor-widget elementor-widget-heading\" data-id=\"45c87ede\" data-element_type=\"widget\" data-widget_type=\"heading.default\">\n\t\t\t\t<div class=\"elementor-widget-container\">\n\t\t\t\t\t<h1 class=\"elementor-heading-title elementor-size-xl\">POL\u00cdTICA DE GALETES<\/h1>\t\t\t\t<\/div>\n\t\t\t\t<\/div>\n\t\t\t\t<div class=\"elementor-element elementor-element-6afe9f9a elementor-widget elementor-widget-text-editor\" data-id=\"6afe9f9a\" data-element_type=\"widget\" data-widget_type=\"text-editor.default\">\n\t\t\t\t<div class=\"elementor-widget-container\">\n\t\t\t\t\t\t\t\t\t<p class=\"p1\" style=\"text-align: justify;\">Aquesta\u00a0<i>pol\u00edtica de cookies<\/i>\u00a0forma part de les condicions d&#8217;\u00fas del lloc web <b><a href=\"https:\/\/festivalorigenes.com\/ca\/\">https:\/\/festivalorigenes.com\/.<\/a> <\/b>La navegaci\u00f3 pel lloc web implica l&#8217;acceptaci\u00f3 d&#8217;aquestes condicions generals, inclosa la\u00a0present\u00a0<i>pol\u00edtica de galetes<\/i>. Una\u00a0<i>galeta<\/i>\u00a0\u00e9s un fitxer que es descarrega en el disc dur de l&#8217;usuari en accedir a determinats llocs web.\u00a0Les\u00a0<i>galetes<\/i>, entre altres coses, permeten emmagatzemar i recuperar informaci\u00f3 sobre els h\u00e0bits de navegaci\u00f3 del dispositiu des del qual es navega i,\u00a0en ocasions,\u00a0recon\u00e8ixer l&#8217;usuari.<\/p>\n<p class=\"p1\" style=\"text-align: justify;\">El lloc web\u00a0utilitza\u00a0<i>galetes<\/i>\u00a0de tercers per con\u00e8ixer l&#8217;activitat dels usuaris de les seves p\u00e0gines, a m\u00e9s de millorar i personalitzar la seva experi\u00e8ncia.<\/p>\n<p class=\"p1\" style=\"text-align: justify;\">S&#8217;utilitza el servei Google\u00a0Analytics, que presta Google, Inc. Google\u00a0Analytics\u00a0utilitza\u00a0<i>galetes<\/i>\u00a0per facilitar-nos l&#8217;an\u00e0lisi de l&#8217;\u00fas que es fa d&#8217;aquest lloc web. La informaci\u00f3 que genera la\u00a0<i>galeta<\/i>\u00a0sobre l&#8217;\u00fas del lloc web (inclosa l&#8217;adre\u00e7a IP) ser\u00e0 transmesa i arxivada directament per Google als seus servidors dels Estats Units. Google utilitzar\u00e0 aquesta informaci\u00f3 pel nostre compte amb la finalitat de seguir la pista del vostre \u00fas del lloc web, recopilant informes de l&#8217;activitat del lloc i oferint altres serveis relacionats amb l&#8217;activitat del lloc i l&#8217;\u00fas d&#8217;Internet. Google podr\u00e0 transmetre aquesta informaci\u00f3 a tercers quan aix\u00ed ho requereixi la legislaci\u00f3 o quan els tercers esmentats processin la informaci\u00f3 per compte de Google. En aquests casos, Google no associar\u00e0 la vostra adre\u00e7a IP amb cap altra dada de la qual disposi Google.<\/p>\n<p class=\"p1\" style=\"text-align: justify;\">En utilitzar aquest lloc, autoritzeu el tractament de la informaci\u00f3 generada per Google en la forma i amb les finalitats esmentades anteriorment.<\/p>\n<p class=\"p1\" style=\"text-align: justify;\">D&#8217;aquesta manera, les\u00a0<i>galetes<\/i>\u00a0d&#8217;an\u00e0lisi poden utilitzar-se per recon\u00e8ixer-vos en visites successives, per obtenir informaci\u00f3 sobre la data i hora de la vostra \u00faltima visita, mesurar alguns par\u00e0metres de tr\u00e0nsit dins el propi lloc web, i estimar el nombre de visites realitzades, de manera que puguem enfocar i ajustar els serveis de forma m\u00e9s efectiva.<\/p>\n<p class=\"p1\" style=\"text-align: justify;\">Si desitgeu impedir la generaci\u00f3 o desc\u00e0rrega de\u00a0<i>galetes<\/i>\u00a0a trav\u00e9s del seu navegador, ho pot realitzar a trav\u00e9s dels seg\u00fcents enlla\u00e7os:<\/p>\n<ul class=\"ul1\">\n<li class=\"li2\" style=\"text-align: justify;\"><span class=\"s2\">Internet Explorer: Eines -> Opcions d&#8217;Internet -> Privacitat -> Configuraci\u00f3. Per a m\u00e9s informaci\u00f3, podeu consultar el suport de Microsoft o l&#8217;ajuda del navegador.<\/span><\/li>\n<li class=\"li2\" style=\"text-align: justify;\"><span class=\"s2\">Firefox: Eines -> Opcions -> Privacitat -> Historial -> Configuraci\u00f3 personalitzada. Per a m\u00e9s informaci\u00f3, podeu consultar el suport de Mozilla o l&#8217;ajuda del navegador.<\/span><\/li>\n<li class=\"li3\" style=\"text-align: justify;\"><span class=\"s2\">Chrome: Configuraci\u00f3 -> Mostrar opcions avan\u00e7ades -> Privacitat -> Configuraci\u00f3 del contingut. Per a m\u00e9s informaci\u00f3, podeu consultar el suport de Google o l&#8217;ajuda del navegador.<\/span><\/li>\n<li class=\"li3\" style=\"text-align: justify;\"><span class=\"s2\">Safari: Prefer\u00e8ncies -> Seguretat. Per a m\u00e9s informaci\u00f3, podeu consultar el suport d&#8217;Apple o l&#8217;ajuda del navegador.<\/span><\/li>\n<\/ul>\n\t\t\t\t\t\t\t\t<\/div>\n\t\t\t\t<\/div>\n\t\t\t\t\t<\/div>\n\t\t<\/div>\n\t\t\t\t\t<\/div>\n\t\t<\/section>\n\t\t\t\t<\/div>\n\t\t","protected":false},"excerpt":{"rendered":"<p>POL\u00cdTICA DE GALETES Aquesta\u00a0pol\u00edtica de cookies\u00a0forma part de les condicions d&#8217;\u00fas del lloc web https:\/\/festivalorigenes.com\/. La navegaci\u00f3 pel lloc web implica l&#8217;acceptaci\u00f3 d&#8217;aquestes condicions generals, inclosa la\u00a0present\u00a0pol\u00edtica de galetes. Una\u00a0galeta\u00a0\u00e9s un fitxer que es descarrega en el disc dur de l&#8217;usuari en accedir a determinats llocs web.\u00a0Les\u00a0galetes, entre altres coses, permeten emmagatzemar i recuperar informaci\u00f3 [&hellip;]<\/p>\n","protected":false},"author":1,"featured_media":0,"parent":0,"menu_order":0,"comment_status":"closed","ping_status":"closed","template":"","meta":{"site-sidebar-layout":"no-sidebar","site-content-layout":"page-builder","ast-site-content-layout":"default","site-content-style":"default","site-sidebar-style":"default","ast-global-header-display":"","ast-banner-title-visibility":"","ast-main-header-display":"","ast-hfb-above-header-display":"","ast-hfb-below-header-display":"","ast-hfb-mobile-header-display":"","site-post-title":"disabled","ast-breadcrumbs-content":"","ast-featured-img":"disabled","footer-sml-layout":"","theme-transparent-header-meta":"disabled","adv-header-id-meta":"","stick-header-meta":"default","header-above-stick-meta":"","header-main-stick-meta":"","header-below-stick-meta":"","astra-migrate-meta-layouts":"default","ast-page-background-enabled":"default","ast-page-background-meta":{"desktop":{"background-color":"","background-image":"","background-repeat":"repeat","background-position":"center center","background-size":"auto","background-attachment":"scroll","background-type":"","background-media":"","overlay-type":"","overlay-color":"","overlay-opacity":"","overlay-gradient":""},"tablet":{"background-color":"","background-image":"","background-repeat":"repeat","background-position":"center center","background-size":"auto","background-attachment":"scroll","background-type":"","background-media":"","overlay-type":"","overlay-color":"","overlay-opacity":"","overlay-gradient":""},"mobile":{"background-color":"","background-image":"","background-repeat":"repeat","background-position":"center center","background-size":"auto","background-attachment":"scroll","background-type":"","background-media":"","overlay-type":"","overlay-color":"","overlay-opacity":"","overlay-gradient":""}},"ast-content-background-meta":{"desktop":{"background-color":"var(--ast-global-color-5)","background-image":"","background-repeat":"repeat","background-position":"center center","background-size":"auto","background-attachment":"scroll","background-type":"","background-media":"","overlay-type":"","overlay-color":"","overlay-opacity":"","overlay-gradient":""},"tablet":{"background-color":"var(--ast-global-color-5)","background-image":"","background-repeat":"repeat","background-position":"center center","background-size":"auto","background-attachment":"scroll","background-type":"","background-media":"","overlay-type":"","overlay-color":"","overlay-opacity":"","overlay-gradient":""},"mobile":{"background-color":"var(--ast-global-color-5)","background-image":"","background-repeat":"repeat","background-position":"center center","background-size":"auto","background-attachment":"scroll","background-type":"","background-media":"","overlay-type":"","overlay-color":"","overlay-opacity":"","overlay-gradient":""}},"footnotes":""},"class_list":["post-3664","page","type-page","status-publish","hentry"],"yoast_head":"<!-- This site is optimized with the Yoast SEO plugin v25.7 - https:\/\/yoast.com\/wordpress\/plugins\/seo\/ -->\n<title>Pol\u00edtica de galetes - or\u00edGenes - Festival Gastron\u00f2mic<\/title>\n<meta name=\"robots\" content=\"noindex, follow\" \/>\n<meta property=\"og:locale\" content=\"ca_ES\" \/>\n<meta property=\"og:type\" content=\"article\" \/>\n<meta property=\"og:title\" content=\"Pol\u00edtica de galetes - or\u00edGenes - Festival Gastron\u00f2mic\" \/>\n<meta property=\"og:description\" content=\"POL\u00cdTICA DE GALETES Aquesta\u00a0pol\u00edtica de cookies\u00a0forma part de les condicions d&#8217;\u00fas del lloc web https:\/\/festivalorigenes.com\/. La navegaci\u00f3 pel lloc web implica l&#8217;acceptaci\u00f3 d&#8217;aquestes condicions generals, inclosa la\u00a0present\u00a0pol\u00edtica de galetes. Una\u00a0galeta\u00a0\u00e9s un fitxer que es descarrega en el disc dur de l&#8217;usuari en accedir a determinats llocs web.\u00a0Les\u00a0galetes, entre altres coses, permeten emmagatzemar i recuperar informaci\u00f3 [&hellip;]\" \/>\n<meta property=\"og:url\" content=\"https:\/\/festivalorigenes.com\/ca\/politica-de-galetes\/\" \/>\n<meta property=\"og:site_name\" content=\"or\u00edGenes - Festival Gastron\u00f2mic\" \/>\n<meta property=\"article:publisher\" content=\"https:\/\/www.facebook.com\/origenesfestivalgastronomico\/\" \/>\n<meta property=\"article:modified_time\" content=\"2021-03-24T16:04:13+00:00\" \/>\n<meta name=\"twitter:card\" content=\"summary_large_image\" \/>\n<meta name=\"twitter:site\" content=\"@origenesfest\" \/>\n<meta name=\"twitter:label1\" content=\"Temps estimat de lectura\" \/>\n\t<meta name=\"twitter:data1\" content=\"2 minuts\" \/>\n<script type=\"application\/ld+json\" class=\"yoast-schema-graph\">{\"@context\":\"https:\/\/schema.org\",\"@graph\":[{\"@type\":\"WebPage\",\"@id\":\"https:\/\/festivalorigenes.com\/ca\/politica-de-galetes\/\",\"url\":\"https:\/\/festivalorigenes.com\/ca\/politica-de-galetes\/\",\"name\":\"Pol\u00edtica de galetes - or\u00edGenes - Festival Gastron\u00f2mic\",\"isPartOf\":{\"@id\":\"https:\/\/festivalorigenes.com\/ca\/#website\"},\"datePublished\":\"2020-12-22T15:49:50+00:00\",\"dateModified\":\"2021-03-24T16:04:13+00:00\",\"breadcrumb\":{\"@id\":\"https:\/\/festivalorigenes.com\/ca\/politica-de-galetes\/#breadcrumb\"},\"inLanguage\":\"ca\",\"potentialAction\":[{\"@type\":\"ReadAction\",\"target\":[\"https:\/\/festivalorigenes.com\/ca\/politica-de-galetes\/\"]}]},{\"@type\":\"BreadcrumbList\",\"@id\":\"https:\/\/festivalorigenes.com\/ca\/politica-de-galetes\/#breadcrumb\",\"itemListElement\":[{\"@type\":\"ListItem\",\"position\":1,\"name\":\"Portada\",\"item\":\"https:\/\/festivalorigenes.com\/ca\/\"},{\"@type\":\"ListItem\",\"position\":2,\"name\":\"Pol\u00edtica de galetes\"}]},{\"@type\":\"WebSite\",\"@id\":\"https:\/\/festivalorigenes.com\/ca\/#website\",\"url\":\"https:\/\/festivalorigenes.com\/ca\/\",\"name\":\"or\u00edGenes - Festival Gastron\u00f2mic\",\"description\":\"\",\"publisher\":{\"@id\":\"https:\/\/festivalorigenes.com\/ca\/#organization\"},\"potentialAction\":[{\"@type\":\"SearchAction\",\"target\":{\"@type\":\"EntryPoint\",\"urlTemplate\":\"https:\/\/festivalorigenes.com\/ca\/?s={search_term_string}\"},\"query-input\":{\"@type\":\"PropertyValueSpecification\",\"valueRequired\":true,\"valueName\":\"search_term_string\"}}],\"inLanguage\":\"ca\"},{\"@type\":\"Organization\",\"@id\":\"https:\/\/festivalorigenes.com\/ca\/#organization\",\"name\":\"or\u00edGenes Festival Gastron\u00f2mic\",\"url\":\"https:\/\/festivalorigenes.com\/ca\/\",\"logo\":{\"@type\":\"ImageObject\",\"inLanguage\":\"ca\",\"@id\":\"https:\/\/festivalorigenes.com\/ca\/#\/schema\/logo\/image\/\",\"url\":\"https:\/\/festivalorigenes.com\/wp-content\/uploads\/2020\/11\/124151422_123321709577698_694323274832345559_n.png\",\"contentUrl\":\"https:\/\/festivalorigenes.com\/wp-content\/uploads\/2020\/11\/124151422_123321709577698_694323274832345559_n.png\",\"width\":401,\"height\":401,\"caption\":\"or\u00edGenes Festival Gastron\u00f2mic\"},\"image\":{\"@id\":\"https:\/\/festivalorigenes.com\/ca\/#\/schema\/logo\/image\/\"},\"sameAs\":[\"https:\/\/www.facebook.com\/origenesfestivalgastronomico\/\",\"https:\/\/x.com\/origenesfest\",\"https:\/\/www.instagram.com\/origenesfestivalgastronomico\/\",\"https:\/\/www.linkedin.com\/company\/or\u00edgenes-festival-gastron\u00f3mico\"]}]}<\/script>\n<!-- \/ Yoast SEO plugin. -->","yoast_head_json":{"title":"Pol\u00edtica de galetes - or\u00edGenes - Festival Gastron\u00f2mic","robots":{"index":"noindex","follow":"follow"},"og_locale":"ca_ES","og_type":"article","og_title":"Pol\u00edtica de galetes - or\u00edGenes - Festival Gastron\u00f2mic","og_description":"POL\u00cdTICA DE GALETES Aquesta\u00a0pol\u00edtica de cookies\u00a0forma part de les condicions d&#8217;\u00fas del lloc web https:\/\/festivalorigenes.com\/. La navegaci\u00f3 pel lloc web implica l&#8217;acceptaci\u00f3 d&#8217;aquestes condicions generals, inclosa la\u00a0present\u00a0pol\u00edtica de galetes. Una\u00a0galeta\u00a0\u00e9s un fitxer que es descarrega en el disc dur de l&#8217;usuari en accedir a determinats llocs web.\u00a0Les\u00a0galetes, entre altres coses, permeten emmagatzemar i recuperar informaci\u00f3 [&hellip;]","og_url":"https:\/\/festivalorigenes.com\/ca\/politica-de-galetes\/","og_site_name":"or\u00edGenes - Festival Gastron\u00f2mic","article_publisher":"https:\/\/www.facebook.com\/origenesfestivalgastronomico\/","article_modified_time":"2021-03-24T16:04:13+00:00","twitter_card":"summary_large_image","twitter_site":"@origenesfest","twitter_misc":{"Temps estimat de lectura":"2 minuts"},"schema":{"@context":"https:\/\/schema.org","@graph":[{"@type":"WebPage","@id":"https:\/\/festivalorigenes.com\/ca\/politica-de-galetes\/","url":"https:\/\/festivalorigenes.com\/ca\/politica-de-galetes\/","name":"Pol\u00edtica de galetes - or\u00edGenes - Festival Gastron\u00f2mic","isPartOf":{"@id":"https:\/\/festivalorigenes.com\/ca\/#website"},"datePublished":"2020-12-22T15:49:50+00:00","dateModified":"2021-03-24T16:04:13+00:00","breadcrumb":{"@id":"https:\/\/festivalorigenes.com\/ca\/politica-de-galetes\/#breadcrumb"},"inLanguage":"ca","potentialAction":[{"@type":"ReadAction","target":["https:\/\/festivalorigenes.com\/ca\/politica-de-galetes\/"]}]},{"@type":"BreadcrumbList","@id":"https:\/\/festivalorigenes.com\/ca\/politica-de-galetes\/#breadcrumb","itemListElement":[{"@type":"ListItem","position":1,"name":"Portada","item":"https:\/\/festivalorigenes.com\/ca\/"},{"@type":"ListItem","position":2,"name":"Pol\u00edtica de galetes"}]},{"@type":"WebSite","@id":"https:\/\/festivalorigenes.com\/ca\/#website","url":"https:\/\/festivalorigenes.com\/ca\/","name":"or\u00edGenes - Festival Gastron\u00f2mic","description":"","publisher":{"@id":"https:\/\/festivalorigenes.com\/ca\/#organization"},"potentialAction":[{"@type":"SearchAction","target":{"@type":"EntryPoint","urlTemplate":"https:\/\/festivalorigenes.com\/ca\/?s={search_term_string}"},"query-input":{"@type":"PropertyValueSpecification","valueRequired":true,"valueName":"search_term_string"}}],"inLanguage":"ca"},{"@type":"Organization","@id":"https:\/\/festivalorigenes.com\/ca\/#organization","name":"or\u00edGenes Festival Gastron\u00f2mic","url":"https:\/\/festivalorigenes.com\/ca\/","logo":{"@type":"ImageObject","inLanguage":"ca","@id":"https:\/\/festivalorigenes.com\/ca\/#\/schema\/logo\/image\/","url":"https:\/\/festivalorigenes.com\/wp-content\/uploads\/2020\/11\/124151422_123321709577698_694323274832345559_n.png","contentUrl":"https:\/\/festivalorigenes.com\/wp-content\/uploads\/2020\/11\/124151422_123321709577698_694323274832345559_n.png","width":401,"height":401,"caption":"or\u00edGenes Festival Gastron\u00f2mic"},"image":{"@id":"https:\/\/festivalorigenes.com\/ca\/#\/schema\/logo\/image\/"},"sameAs":["https:\/\/www.facebook.com\/origenesfestivalgastronomico\/","https:\/\/x.com\/origenesfest","https:\/\/www.instagram.com\/origenesfestivalgastronomico\/","https:\/\/www.linkedin.com\/company\/or\u00edgenes-festival-gastron\u00f3mico"]}]}},"_links":{"self":[{"href":"https:\/\/festivalorigenes.com\/ca\/wp-json\/wp\/v2\/pages\/3664","targetHints":{"allow":["GET"]}}],"collection":[{"href":"https:\/\/festivalorigenes.com\/ca\/wp-json\/wp\/v2\/pages"}],"about":[{"href":"https:\/\/festivalorigenes.com\/ca\/wp-json\/wp\/v2\/types\/page"}],"author":[{"embeddable":true,"href":"https:\/\/festivalorigenes.com\/ca\/wp-json\/wp\/v2\/users\/1"}],"replies":[{"embeddable":true,"href":"https:\/\/festivalorigenes.com\/ca\/wp-json\/wp\/v2\/comments?post=3664"}],"version-history":[{"count":5,"href":"https:\/\/festivalorigenes.com\/ca\/wp-json\/wp\/v2\/pages\/3664\/revisions"}],"predecessor-version":[{"id":4264,"href":"https:\/\/festivalorigenes.com\/ca\/wp-json\/wp\/v2\/pages\/3664\/revisions\/4264"}],"wp:attachment":[{"href":"https:\/\/festivalorigenes.com\/ca\/wp-json\/wp\/v2\/media?parent=3664"}],"curies":[{"name":"wp","href":"https:\/\/api.w.org\/{rel}","templated":true}]}}