{"id":4143,"date":"2021-02-19T15:41:18","date_gmt":"2021-02-19T15:41:18","guid":{"rendered":"https:\/\/festivalorigenes.com\/protagonistes\/gorka-rodriguez\/"},"modified":"2021-11-17T22:50:18","modified_gmt":"2021-11-17T22:50:18","slug":"gorka-rodriguez","status":"publish","type":"page","link":"https:\/\/festivalorigenes.com\/ca\/protagonistes-2021\/gorka-rodriguez\/","title":{"rendered":"Gorka Rodr\u00edguez"},"content":{"rendered":"\t\t<div data-elementor-type=\"wp-page\" data-elementor-id=\"4143\" class=\"elementor elementor-4143 elementor-3884\" data-elementor-post-type=\"page\">\n\t\t\t\t\t\t<section class=\"elementor-section elementor-top-section elementor-element elementor-element-1bd065cb elementor-section-content-middle elementor-section-boxed elementor-section-height-default elementor-section-height-default\" data-id=\"1bd065cb\" data-element_type=\"section\" data-settings=\"{&quot;background_background&quot;:&quot;classic&quot;}\">\n\t\t\t\t\t\t<div class=\"elementor-container elementor-column-gap-no\">\n\t\t\t\t\t<div class=\"elementor-column elementor-col-50 elementor-top-column elementor-element elementor-element-7dc28e64\" data-id=\"7dc28e64\" data-element_type=\"column\" data-settings=\"{&quot;background_background&quot;:&quot;classic&quot;}\">\n\t\t\t<div class=\"elementor-widget-wrap elementor-element-populated\">\n\t\t\t\t\t\t<div class=\"elementor-element elementor-element-699ec857 elementor-widget elementor-widget-image\" data-id=\"699ec857\" data-element_type=\"widget\" data-widget_type=\"image.default\">\n\t\t\t\t<div class=\"elementor-widget-container\">\n\t\t\t\t\t\t\t\t\t\t\t\t\t\t\t<img fetchpriority=\"high\" decoding=\"async\" width=\"683\" height=\"1024\" src=\"https:\/\/festivalorigenes.com\/wp-content\/uploads\/2021\/01\/Gorka-Rodri\u0301guez-Te\u0301cnica-ori\u0301Genes-Festival-Gastrono\u0301mico-683x1024.jpg\" class=\"attachment-large size-large wp-image-3900\" alt=\"Gorka Rodri\u0301guez - Te\u0301cnica - ori\u0301Genes Festival Gastrono\u0301mico\" srcset=\"https:\/\/festivalorigenes.com\/wp-content\/uploads\/2021\/01\/Gorka-Rodri\u0301guez-Te\u0301cnica-ori\u0301Genes-Festival-Gastrono\u0301mico-683x1024.jpg 683w, https:\/\/festivalorigenes.com\/wp-content\/uploads\/2021\/01\/Gorka-Rodri\u0301guez-Te\u0301cnica-ori\u0301Genes-Festival-Gastrono\u0301mico-200x300.jpg 200w, https:\/\/festivalorigenes.com\/wp-content\/uploads\/2021\/01\/Gorka-Rodri\u0301guez-Te\u0301cnica-ori\u0301Genes-Festival-Gastrono\u0301mico-768x1152.jpg 768w, https:\/\/festivalorigenes.com\/wp-content\/uploads\/2021\/01\/Gorka-Rodri\u0301guez-Te\u0301cnica-ori\u0301Genes-Festival-Gastrono\u0301mico.jpg 1000w\" sizes=\"(max-width: 683px) 100vw, 683px\" \/>\t\t\t\t\t\t\t\t\t\t\t\t\t\t\t<\/div>\n\t\t\t\t<\/div>\n\t\t\t\t\t<\/div>\n\t\t<\/div>\n\t\t\t\t<div class=\"elementor-column elementor-col-50 elementor-top-column elementor-element elementor-element-1bd6cb37\" data-id=\"1bd6cb37\" data-element_type=\"column\" data-settings=\"{&quot;background_background&quot;:&quot;classic&quot;}\">\n\t\t\t<div class=\"elementor-widget-wrap elementor-element-populated\">\n\t\t\t\t\t<div class=\"elementor-background-overlay\"><\/div>\n\t\t\t\t\t\t<div class=\"elementor-element elementor-element-5ce7c58d animated-fast elementor-invisible elementor-widget elementor-widget-heading\" data-id=\"5ce7c58d\" data-element_type=\"widget\" data-settings=\"{&quot;_animation&quot;:&quot;fadeIn&quot;}\" data-widget_type=\"heading.default\">\n\t\t\t\t<div class=\"elementor-widget-container\">\n\t\t\t\t\t<h2 class=\"elementor-heading-title elementor-size-default\">Gorka Rodr\u00edguez<\/h2>\t\t\t\t<\/div>\n\t\t\t\t<\/div>\n\t\t\t\t<div class=\"elementor-element elementor-element-5c323573 animated-fast elementor-invisible elementor-widget elementor-widget-heading\" data-id=\"5c323573\" data-element_type=\"widget\" data-settings=\"{&quot;_animation&quot;:&quot;fadeIn&quot;}\" data-widget_type=\"heading.default\">\n\t\t\t\t<div class=\"elementor-widget-container\">\n\t\t\t\t\t<p class=\"elementor-heading-title elementor-size-default\">La Corunya, Gal\u00edcia \n<\/p>\t\t\t\t<\/div>\n\t\t\t\t<\/div>\n\t\t\t\t<div class=\"elementor-element elementor-element-1e8f2ae8 elementor-invisible elementor-widget elementor-widget-text-editor\" data-id=\"1e8f2ae8\" data-element_type=\"widget\" data-settings=\"{&quot;_animation&quot;:&quot;fadeIn&quot;}\" data-widget_type=\"text-editor.default\">\n\t\t\t\t<div class=\"elementor-widget-container\">\n\t\t\t\t\t\t\t\t\t<p class=\"p1\"><span class=\"s1\">Xef i propietari del Pulpeira de Melide.<\/span><\/p>\n<p class=\"p1\"><span class=\"s1\">Representa la quarta generaci\u00f3 d&#8217;una saga de \u201cpulpeiros\u201d iniciada fa quasi 100 anys pel seu avi traginer i la seva bes\u00e0via fornera a Melide i, posteriorment, traslladada a la Corunya.<\/span><\/p>\n\t\t\t\t\t\t\t\t<\/div>\n\t\t\t\t<\/div>\n\t\t\t\t<div class=\"elementor-element elementor-element-d201fc1 elementor-align-left elementor-icon-list--layout-traditional elementor-list-item-link-full_width elementor-widget elementor-widget-icon-list\" data-id=\"d201fc1\" data-element_type=\"widget\" data-widget_type=\"icon-list.default\">\n\t\t\t\t<div class=\"elementor-widget-container\">\n\t\t\t\t\t\t\t<ul class=\"elementor-icon-list-items\">\n\t\t\t\t\t\t\t<li class=\"elementor-icon-list-item\">\n\t\t\t\t\t\t\t\t\t\t\t<span class=\"elementor-icon-list-icon\">\n\t\t\t\t\t\t\t<i aria-hidden=\"true\" class=\"fas fa-trophy\"><\/i>\t\t\t\t\t\t<\/span>\n\t\t\t\t\t\t\t\t\t\t<span class=\"elementor-icon-list-text\">Cuiner de l'any de Gal\u00edcia 2015<\/span>\n\t\t\t\t\t\t\t\t\t<\/li>\n\t\t\t\t\t\t\t\t<li class=\"elementor-icon-list-item\">\n\t\t\t\t\t\t\t\t\t\t\t<span class=\"elementor-icon-list-icon\">\n\t\t\t\t\t\t\t<i aria-hidden=\"true\" class=\"fas fa-trophy\"><\/i>\t\t\t\t\t\t<\/span>\n\t\t\t\t\t\t\t\t\t\t<span class=\"elementor-icon-list-text\">Format en restaurants reconeguts a escala mundial: Mugaritz (Pa\u00eds Basc), Noma (Dinamarca), El Celler de Can Roca (Catalunya) <\/span>\n\t\t\t\t\t\t\t\t\t<\/li>\n\t\t\t\t\t\t<\/ul>\n\t\t\t\t\t\t<\/div>\n\t\t\t\t<\/div>\n\t\t\t\t\t<\/div>\n\t\t<\/div>\n\t\t\t\t\t<\/div>\n\t\t<\/section>\n\t\t\t\t<section class=\"elementor-section elementor-top-section elementor-element elementor-element-31879cb4 elementor-section-full_width elementor-section-content-bottom elementor-reverse-mobile elementor-section-height-default elementor-section-height-default\" data-id=\"31879cb4\" data-element_type=\"section\" data-settings=\"{&quot;background_background&quot;:&quot;classic&quot;}\">\n\t\t\t\t\t\t<div class=\"elementor-container elementor-column-gap-no\">\n\t\t\t\t\t<div class=\"elementor-column elementor-col-50 elementor-top-column elementor-element elementor-element-6d8f28b7\" data-id=\"6d8f28b7\" data-element_type=\"column\" data-settings=\"{&quot;background_background&quot;:&quot;classic&quot;}\">\n\t\t\t<div class=\"elementor-widget-wrap elementor-element-populated\">\n\t\t\t\t\t\t<section class=\"elementor-section elementor-inner-section elementor-element elementor-element-698348ef elementor-reverse-tablet elementor-reverse-mobile elementor-section-boxed elementor-section-height-default elementor-section-height-default\" data-id=\"698348ef\" data-element_type=\"section\">\n\t\t\t\t\t\t<div class=\"elementor-container elementor-column-gap-default\">\n\t\t\t\t\t<div class=\"elementor-column elementor-col-100 elementor-inner-column elementor-element elementor-element-6a625a1f\" data-id=\"6a625a1f\" data-element_type=\"column\">\n\t\t\t<div class=\"elementor-widget-wrap elementor-element-populated\">\n\t\t\t\t\t\t<div class=\"elementor-element elementor-element-7ffa145 elementor-widget elementor-widget-image\" data-id=\"7ffa145\" data-element_type=\"widget\" data-widget_type=\"image.default\">\n\t\t\t\t<div class=\"elementor-widget-container\">\n\t\t\t\t\t\t\t\t\t\t\t\t\t\t\t<img decoding=\"async\" width=\"200\" height=\"154\" src=\"https:\/\/festivalorigenes.com\/wp-content\/uploads\/2020\/09\/quote-1.png\" class=\"attachment-medium size-medium wp-image-3454\" alt=\"\" \/>\t\t\t\t\t\t\t\t\t\t\t\t\t\t\t<\/div>\n\t\t\t\t<\/div>\n\t\t\t\t<div class=\"elementor-element elementor-element-6c9aa9aa elementor-widget elementor-widget-heading\" data-id=\"6c9aa9aa\" data-element_type=\"widget\" data-widget_type=\"heading.default\">\n\t\t\t\t<div class=\"elementor-widget-container\">\n\t\t\t\t\t<h3 class=\"elementor-heading-title elementor-size-medium\">Entenc la Pulpeira com la responsabilitat d'agafar el relleu i treballar en un negoci per a tota la vida. M'apassiona el negoci familiar, m'agrada en tots els seus \u00e0mbits.<br> - Gorka Rodr\u00edguez -<\/h3>\t\t\t\t<\/div>\n\t\t\t\t<\/div>\n\t\t\t\t\t<\/div>\n\t\t<\/div>\n\t\t\t\t\t<\/div>\n\t\t<\/section>\n\t\t\t\t\t<\/div>\n\t\t<\/div>\n\t\t\t\t<div class=\"elementor-column elementor-col-50 elementor-top-column elementor-element elementor-element-31db5b52\" data-id=\"31db5b52\" data-element_type=\"column\" data-settings=\"{&quot;background_background&quot;:&quot;classic&quot;}\">\n\t\t\t<div class=\"elementor-widget-wrap elementor-element-populated\">\n\t\t\t\t\t<div class=\"elementor-background-overlay\"><\/div>\n\t\t\t\t\t\t<div class=\"elementor-element elementor-element-46a8e27 elementor-widget elementor-widget-video\" data-id=\"46a8e27\" data-element_type=\"widget\" data-settings=\"{&quot;youtube_url&quot;:&quot;https:\\\/\\\/www.youtube.com\\\/watch?v=PityH-lgXFg&quot;,&quot;video_type&quot;:&quot;youtube&quot;,&quot;controls&quot;:&quot;yes&quot;}\" data-widget_type=\"video.default\">\n\t\t\t\t<div class=\"elementor-widget-container\">\n\t\t\t\t\t\t\t<div class=\"elementor-wrapper elementor-open-inline\">\n\t\t\t<div class=\"elementor-video\"><\/div>\t\t<\/div>\n\t\t\t\t\t\t<\/div>\n\t\t\t\t<\/div>\n\t\t\t\t\t<\/div>\n\t\t<\/div>\n\t\t\t\t\t<\/div>\n\t\t<\/section>\n\t\t\t\t<section class=\"elementor-section elementor-top-section elementor-element elementor-element-1792fae2 elementor-section-content-bottom elementor-section-full_width elementor-section-height-default elementor-section-height-default\" data-id=\"1792fae2\" data-element_type=\"section\" data-settings=\"{&quot;background_background&quot;:&quot;classic&quot;}\">\n\t\t\t\t\t\t<div class=\"elementor-container elementor-column-gap-no\">\n\t\t\t\t\t<div class=\"elementor-column elementor-col-50 elementor-top-column elementor-element elementor-element-24112954\" data-id=\"24112954\" data-element_type=\"column\" data-settings=\"{&quot;background_background&quot;:&quot;classic&quot;}\">\n\t\t\t<div class=\"elementor-widget-wrap elementor-element-populated\">\n\t\t\t\t\t<div class=\"elementor-background-overlay\"><\/div>\n\t\t\t\t\t\t<div class=\"elementor-element elementor-element-3be31476 elementor-widget elementor-widget-spacer\" data-id=\"3be31476\" data-element_type=\"widget\" data-widget_type=\"spacer.default\">\n\t\t\t\t<div class=\"elementor-widget-container\">\n\t\t\t\t\t\t\t<div class=\"elementor-spacer\">\n\t\t\t<div class=\"elementor-spacer-inner\"><\/div>\n\t\t<\/div>\n\t\t\t\t\t\t<\/div>\n\t\t\t\t<\/div>\n\t\t\t\t\t<\/div>\n\t\t<\/div>\n\t\t\t\t<div class=\"elementor-column elementor-col-50 elementor-top-column elementor-element elementor-element-6053ab3f\" data-id=\"6053ab3f\" data-element_type=\"column\" data-settings=\"{&quot;background_background&quot;:&quot;classic&quot;}\">\n\t\t\t<div class=\"elementor-widget-wrap elementor-element-populated\">\n\t\t\t\t\t\t<section class=\"elementor-section elementor-inner-section elementor-element elementor-element-673b2543 elementor-reverse-tablet elementor-reverse-mobile elementor-section-boxed elementor-section-height-default elementor-section-height-default\" data-id=\"673b2543\" data-element_type=\"section\">\n\t\t\t\t\t\t<div class=\"elementor-container elementor-column-gap-default\">\n\t\t\t\t\t<div class=\"elementor-column elementor-col-100 elementor-inner-column elementor-element elementor-element-103bf59a\" data-id=\"103bf59a\" data-element_type=\"column\">\n\t\t\t<div class=\"elementor-widget-wrap elementor-element-populated\">\n\t\t\t\t\t\t<div class=\"elementor-element elementor-element-236deb48 elementor-widget elementor-widget-text-editor\" data-id=\"236deb48\" data-element_type=\"widget\" data-widget_type=\"text-editor.default\">\n\t\t\t\t<div class=\"elementor-widget-container\">\n\t\t\t\t\t\t\t\t\t<p class=\"p1\"><span class=\"s1\"><strong>Gal\u00edcia<\/strong> d\u00f3na acc\u00e9s a un <strong>producte<\/strong> meravell\u00f3s. El factor m\u00e9s important \u00e9s l&#8217;elecci\u00f3 del producte; \u00e9s la part m\u00e9s important del <strong>proc\u00e9s<\/strong>: con\u00e8ixer el producte i saber comprar-lo.<\/span><\/p>\n<p class=\"p1\"><span class=\"s1\">El proc\u00e9s consisteix en un<b> <\/b><strong>rentatge<\/strong> exhaustiu i despr\u00e9s el <strong>congelem<\/strong> per trencar les fibres que afavoreixen que estigui tendre a l&#8217;hora de servir-lo.<\/span><\/p>\n<p class=\"p1\"><span class=\"s1\">La <strong>cocci\u00f3 \u00e9s tradicional<\/strong> a una olla d&#8217;acer inoxidable (la normativa ja no permet fer servir coure) amb un <strong>ganxo<\/strong>.<\/span><\/p>\n<p class=\"p2\"><span class=\"s1\">L&#8217;<strong>adob<\/strong><b> <\/b>de pebre vermell, sal i oli completen una manera de cuinar el <strong>pop<\/strong><b> <\/b>que considerem la millor.<\/span><\/p>\n<p class=\"p1\"><span class=\"s1\">L&#8217;<strong>\u00e8xit<\/strong> \u00e9s tenir un producte de molta <strong>qualitat<\/strong>: acaronar-lo, amanyagar-lo, no t\u00e9 m\u00e9s secret.<\/span><\/p>\n\t\t\t\t\t\t\t\t<\/div>\n\t\t\t\t<\/div>\n\t\t\t\t\t<\/div>\n\t\t<\/div>\n\t\t\t\t\t<\/div>\n\t\t<\/section>\n\t\t\t\t\t<\/div>\n\t\t<\/div>\n\t\t\t\t\t<\/div>\n\t\t<\/section>\n\t\t\t\t<section class=\"elementor-section elementor-top-section elementor-element elementor-element-47d849ce elementor-section-content-bottom elementor-section-full_width elementor-reverse-mobile elementor-section-height-default elementor-section-height-default\" data-id=\"47d849ce\" data-element_type=\"section\" data-settings=\"{&quot;background_background&quot;:&quot;classic&quot;}\">\n\t\t\t\t\t\t<div class=\"elementor-container elementor-column-gap-no\">\n\t\t\t\t\t<div class=\"elementor-column elementor-col-50 elementor-top-column elementor-element elementor-element-35b6afaf\" data-id=\"35b6afaf\" data-element_type=\"column\" data-settings=\"{&quot;background_background&quot;:&quot;classic&quot;}\">\n\t\t\t<div class=\"elementor-widget-wrap elementor-element-populated\">\n\t\t\t\t\t\t<section class=\"elementor-section elementor-inner-section elementor-element elementor-element-1ee9c0c6 elementor-reverse-tablet elementor-reverse-mobile elementor-section-boxed elementor-section-height-default elementor-section-height-default\" data-id=\"1ee9c0c6\" data-element_type=\"section\">\n\t\t\t\t\t\t<div class=\"elementor-container elementor-column-gap-default\">\n\t\t\t\t\t<div class=\"elementor-column elementor-col-100 elementor-inner-column elementor-element elementor-element-2ab1374\" data-id=\"2ab1374\" data-element_type=\"column\">\n\t\t\t<div class=\"elementor-widget-wrap elementor-element-populated\">\n\t\t\t\t\t\t<div class=\"elementor-element elementor-element-355d6e75 elementor-widget elementor-widget-text-editor\" data-id=\"355d6e75\" data-element_type=\"widget\" data-widget_type=\"text-editor.default\">\n\t\t\t\t<div class=\"elementor-widget-container\">\n\t\t\t\t\t\t\t\t\t<p class=\"p1\"><span class=\"s1\">Visc a la ciutat on sempre vaig voler viure, envoltat de la meva gent. Som el que som per l&#8217;<strong>entorn<\/strong>, ens marca la manera de treballar de la nostra gent, els seus <strong>costums<\/strong> i el seu estil de vida.<\/span><\/p>\n<p class=\"p1\"><span class=\"s1\">Com a <strong>ciutat marinera<\/strong>, el mar representa la base del meu negoci, aquest projecte a un altre lloc seria totalment <strong>diferent<\/strong>.<\/span><\/p>\n\t\t\t\t\t\t\t\t<\/div>\n\t\t\t\t<\/div>\n\t\t\t\t<div class=\"elementor-element elementor-element-46cbff9c animated-fast elementor-invisible elementor-widget elementor-widget-heading\" data-id=\"46cbff9c\" data-element_type=\"widget\" data-settings=\"{&quot;_animation&quot;:&quot;fadeIn&quot;}\" data-widget_type=\"heading.default\">\n\t\t\t\t<div class=\"elementor-widget-container\">\n\t\t\t\t\t<h2 class=\"elementor-heading-title elementor-size-default\">+ INFO<\/h2>\t\t\t\t<\/div>\n\t\t\t\t<\/div>\n\t\t\t\t<div class=\"elementor-element elementor-element-75c8f283 elementor-align-left elementor-widget elementor-widget-button\" data-id=\"75c8f283\" data-element_type=\"widget\" data-widget_type=\"button.default\">\n\t\t\t\t<div class=\"elementor-widget-container\">\n\t\t\t\t\t\t\t\t\t<div class=\"elementor-button-wrapper\">\n\t\t\t\t\t<a class=\"elementor-button elementor-button-link elementor-size-lg\" href=\"http:\/\/pulpeirademelide.com\/\" target=\"_blank\">\n\t\t\t\t\t\t<span class=\"elementor-button-content-wrapper\">\n\t\t\t\t\t\t<span class=\"elementor-button-icon\">\n\t\t\t\t<i aria-hidden=\"true\" class=\"fas fa-caret-right\"><\/i>\t\t\t<\/span>\n\t\t\t\t\t\t\t\t\t<span class=\"elementor-button-text\">Web<\/span>\n\t\t\t\t\t<\/span>\n\t\t\t\t\t<\/a>\n\t\t\t\t<\/div>\n\t\t\t\t\t\t\t\t<\/div>\n\t\t\t\t<\/div>\n\t\t\t\t\t<\/div>\n\t\t<\/div>\n\t\t\t\t\t<\/div>\n\t\t<\/section>\n\t\t\t\t<div class=\"elementor-element elementor-element-7d5654b7 elementor-shape-circle e-grid-align-left elementor-grid-0 elementor-widget elementor-widget-social-icons\" data-id=\"7d5654b7\" data-element_type=\"widget\" data-widget_type=\"social-icons.default\">\n\t\t\t\t<div class=\"elementor-widget-container\">\n\t\t\t\t\t\t\t<div class=\"elementor-social-icons-wrapper elementor-grid\" role=\"list\">\n\t\t\t\t\t\t\t<span class=\"elementor-grid-item\" role=\"listitem\">\n\t\t\t\t\t<a class=\"elementor-icon elementor-social-icon elementor-social-icon-facebook-f elementor-repeater-item-36dbf78\" href=\"https:\/\/www.facebook.com\/pulpeira.demelide\/\" target=\"_blank\">\n\t\t\t\t\t\t<span class=\"elementor-screen-only\">Facebook-f<\/span>\n\t\t\t\t\t\t<i class=\"fab fa-facebook-f\"><\/i>\t\t\t\t\t<\/a>\n\t\t\t\t<\/span>\n\t\t\t\t\t\t\t<span class=\"elementor-grid-item\" role=\"listitem\">\n\t\t\t\t\t<a class=\"elementor-icon elementor-social-icon elementor-social-icon-instagram elementor-repeater-item-60dd2f6\" href=\"https:\/\/www.instagram.com\/pulpeirademelide\/?hl=es\" target=\"_blank\">\n\t\t\t\t\t\t<span class=\"elementor-screen-only\">Instagram<\/span>\n\t\t\t\t\t\t<i class=\"fab fa-instagram\"><\/i>\t\t\t\t\t<\/a>\n\t\t\t\t<\/span>\n\t\t\t\t\t<\/div>\n\t\t\t\t\t\t<\/div>\n\t\t\t\t<\/div>\n\t\t\t\t\t<\/div>\n\t\t<\/div>\n\t\t\t\t<div class=\"elementor-column elementor-col-50 elementor-top-column elementor-element elementor-element-5752f854\" data-id=\"5752f854\" data-element_type=\"column\" data-settings=\"{&quot;background_background&quot;:&quot;classic&quot;}\">\n\t\t\t<div class=\"elementor-widget-wrap elementor-element-populated\">\n\t\t\t\t\t<div class=\"elementor-background-overlay\"><\/div>\n\t\t\t\t\t\t<div class=\"elementor-element elementor-element-385ce439 elementor-widget elementor-widget-spacer\" data-id=\"385ce439\" data-element_type=\"widget\" data-widget_type=\"spacer.default\">\n\t\t\t\t<div class=\"elementor-widget-container\">\n\t\t\t\t\t\t\t<div class=\"elementor-spacer\">\n\t\t\t<div class=\"elementor-spacer-inner\"><\/div>\n\t\t<\/div>\n\t\t\t\t\t\t<\/div>\n\t\t\t\t<\/div>\n\t\t\t\t\t<\/div>\n\t\t<\/div>\n\t\t\t\t\t<\/div>\n\t\t<\/section>\n\t\t\t\t<section class=\"elementor-section elementor-top-section elementor-element elementor-element-4908cc46 elementor-section-boxed elementor-section-height-default elementor-section-height-default\" data-id=\"4908cc46\" data-element_type=\"section\">\n\t\t\t\t\t\t<div class=\"elementor-container elementor-column-gap-default\">\n\t\t\t\t\t<div class=\"elementor-column elementor-col-100 elementor-top-column elementor-element elementor-element-7883129f\" data-id=\"7883129f\" data-element_type=\"column\">\n\t\t\t<div class=\"elementor-widget-wrap elementor-element-populated\">\n\t\t\t\t\t\t<div class=\"elementor-element elementor-element-11c163af elementor-widget elementor-widget-heading\" data-id=\"11c163af\" data-element_type=\"widget\" data-widget_type=\"heading.default\">\n\t\t\t\t<div class=\"elementor-widget-container\">\n\t\t\t\t\t<h2 class=\"elementor-heading-title elementor-size-default\">Descobreix m\u00e9s protagonistes<\/h2>\t\t\t\t<\/div>\n\t\t\t\t<\/div>\n\t\t\t\t<div class=\"elementor-element elementor-element-6021f6d6 elementor-arrows-position-outside elementor-pagination-position-outside elementor-widget elementor-widget-image-carousel\" data-id=\"6021f6d6\" data-element_type=\"widget\" data-settings=\"{&quot;slides_to_show&quot;:&quot;3&quot;,&quot;slides_to_scroll&quot;:&quot;1&quot;,&quot;slides_to_show_tablet&quot;:&quot;4&quot;,&quot;slides_to_show_mobile&quot;:&quot;1&quot;,&quot;navigation&quot;:&quot;both&quot;,&quot;autoplay&quot;:&quot;yes&quot;,&quot;pause_on_hover&quot;:&quot;yes&quot;,&quot;pause_on_interaction&quot;:&quot;yes&quot;,&quot;autoplay_speed&quot;:5000,&quot;infinite&quot;:&quot;yes&quot;,&quot;speed&quot;:500}\" data-widget_type=\"image-carousel.default\">\n\t\t\t\t<div class=\"elementor-widget-container\">\n\t\t\t\t\t\t\t<div class=\"elementor-image-carousel-wrapper swiper\" role=\"region\" aria-roledescription=\"carousel\" aria-label=\"Carrusel d&#039;imatges\" dir=\"ltr\">\n\t\t\t<div class=\"elementor-image-carousel swiper-wrapper\" aria-live=\"off\">\n\t\t\t\t\t\t\t\t<div class=\"swiper-slide\" role=\"group\" aria-roledescription=\"slide\" aria-label=\"1 de 11\"><a data-elementor-open-lightbox=\"yes\" data-elementor-lightbox-slideshow=\"6021f6d6\" data-elementor-lightbox-title=\"Carlos Piernas - Protagonista - ori\u0301Genes Festival gastron\u00f2mic\" data-e-action-hash=\"#elementor-action%3Aaction%3Dlightbox%26settings%3DeyJpZCI6MzUxMywidXJsIjoiaHR0cHM6XC9cL2Zlc3RpdmFsb3JpZ2VuZXMuY29tXC93cC1jb250ZW50XC91cGxvYWRzXC8yMDIwXC8xMVwvRmVzdGl2YWwtR2FzdHJvbm9cdTAzMDFtaWNvLW9yaVx1MDMwMUdlbmVzLUNhcmxvcy1QaWVybmFzLmpwZyIsInNsaWRlc2hvdyI6IjYwMjFmNmQ2In0%3D\" href=\"https:\/\/festivalorigenes.com\/ca\/protagonistes\/carlos-piernas\/,https:\/\/festivalorigenes.com\/ca\/protagonistes\/viri-fernandez\/,https:\/\/festivalorigenes.com\/ca\/protagonistes\/albert-roca\/,https:\/\/festivalorigenes.com\/ca\/protagonistes\/nacho-gomara\/,https:\/\/festivalorigenes.com\/ca\/protagonistes\/daniel-jorda\/,https:\/\/festivalorigenes.com\/ca\/protagonistes\/edu-torres\/,https:\/\/festivalorigenes.com\/ca\/protagonistes\/juan-angel-rodrigalvarez\/,https:\/\/festivalorigenes.com\/ca\/protagonistes\/anselmo-perez\/,https:\/\/festivalorigenes.com\/ca\/protagonistes\/eva-vila\/,https:\/\/festivalorigenes.com\/ca\/protagonistes\/jose-luis-dominguez\/,https:\/\/festivalorigenes.com\/ca\/protagonistes\/barbara-sanfilippo\/\"><figure class=\"swiper-slide-inner\"><img decoding=\"async\" class=\"swiper-slide-image\" src=\"https:\/\/festivalorigenes.com\/wp-content\/uploads\/elementor\/thumbs\/Festival-Gastrono\u0301mico-ori\u0301Genes-Carlos-Piernas-oy9s0mwskvyxw66a9recrhywbigt9gvg9ethdfiy0o.jpg\" alt=\"Carlos Piernas - Protagonista - ori\u0301Genes Festival gastron\u00f2mic\" \/><figcaption class=\"elementor-image-carousel-caption\">Carlos Piernas<\/figcaption><\/figure><\/a><\/div><div class=\"swiper-slide\" role=\"group\" aria-roledescription=\"slide\" aria-label=\"2 de 11\"><a data-elementor-open-lightbox=\"yes\" data-elementor-lightbox-slideshow=\"6021f6d6\" data-elementor-lightbox-title=\"Festival Gastrono\u0301mico ori\u0301Genes - Viri Ferna\u0301ndez\" data-e-action-hash=\"#elementor-action%3Aaction%3Dlightbox%26settings%3DeyJpZCI6MzUwNiwidXJsIjoiaHR0cHM6XC9cL2Zlc3RpdmFsb3JpZ2VuZXMuY29tXC93cC1jb250ZW50XC91cGxvYWRzXC8yMDIwXC8xMVwvRmVzdGl2YWwtR2FzdHJvbm9cdTAzMDFtaWNvLW9yaVx1MDMwMUdlbmVzLVZpcmktRmVybmFcdTAzMDFuZGV6LmpwZyIsInNsaWRlc2hvdyI6IjYwMjFmNmQ2In0%3D\" href=\"https:\/\/festivalorigenes.com\/ca\/protagonistes\/carlos-piernas\/,https:\/\/festivalorigenes.com\/ca\/protagonistes\/viri-fernandez\/,https:\/\/festivalorigenes.com\/ca\/protagonistes\/albert-roca\/,https:\/\/festivalorigenes.com\/ca\/protagonistes\/nacho-gomara\/,https:\/\/festivalorigenes.com\/ca\/protagonistes\/daniel-jorda\/,https:\/\/festivalorigenes.com\/ca\/protagonistes\/edu-torres\/,https:\/\/festivalorigenes.com\/ca\/protagonistes\/juan-angel-rodrigalvarez\/,https:\/\/festivalorigenes.com\/ca\/protagonistes\/anselmo-perez\/,https:\/\/festivalorigenes.com\/ca\/protagonistes\/eva-vila\/,https:\/\/festivalorigenes.com\/ca\/protagonistes\/jose-luis-dominguez\/,https:\/\/festivalorigenes.com\/ca\/protagonistes\/barbara-sanfilippo\/\"><figure class=\"swiper-slide-inner\"><img decoding=\"async\" class=\"swiper-slide-image\" src=\"https:\/\/festivalorigenes.com\/wp-content\/uploads\/elementor\/thumbs\/Festival-Gastrono\u0301mico-ori\u0301Genes-Viri-Ferna\u0301ndez-oy9r28zck2wb5q4g2eap1octz1yeo3cyj7n0c0ifnc.jpg\" alt=\"Viri Fern\u00e1ndez - Protagonista - or\u00edGenes Festival Gastrono\u0301mico\" \/><figcaption class=\"elementor-image-carousel-caption\">Viri Fern\u00e1ndez<\/figcaption><\/figure><\/a><\/div><div class=\"swiper-slide\" role=\"group\" aria-roledescription=\"slide\" aria-label=\"3 de 11\"><a data-elementor-open-lightbox=\"yes\" data-elementor-lightbox-slideshow=\"6021f6d6\" data-elementor-lightbox-title=\"Festival gastron\u00f2mic ori\u0301Genes - Albert Roca\" data-e-action-hash=\"#elementor-action%3Aaction%3Dlightbox%26settings%3DeyJpZCI6MzUwOSwidXJsIjoiaHR0cHM6XC9cL2Zlc3RpdmFsb3JpZ2VuZXMuY29tXC93cC1jb250ZW50XC91cGxvYWRzXC8yMDIwXC8xMVwvRmVzdGl2YWwtR2FzdHJvbm9cdTAzMDFtaWNvLW9yaVx1MDMwMUdlbmVzLUFsYmVydC1Sb2NhLmpwZyIsInNsaWRlc2hvdyI6IjYwMjFmNmQ2In0%3D\" href=\"https:\/\/festivalorigenes.com\/ca\/protagonistes\/carlos-piernas\/,https:\/\/festivalorigenes.com\/ca\/protagonistes\/viri-fernandez\/,https:\/\/festivalorigenes.com\/ca\/protagonistes\/albert-roca\/,https:\/\/festivalorigenes.com\/ca\/protagonistes\/nacho-gomara\/,https:\/\/festivalorigenes.com\/ca\/protagonistes\/daniel-jorda\/,https:\/\/festivalorigenes.com\/ca\/protagonistes\/edu-torres\/,https:\/\/festivalorigenes.com\/ca\/protagonistes\/juan-angel-rodrigalvarez\/,https:\/\/festivalorigenes.com\/ca\/protagonistes\/anselmo-perez\/,https:\/\/festivalorigenes.com\/ca\/protagonistes\/eva-vila\/,https:\/\/festivalorigenes.com\/ca\/protagonistes\/jose-luis-dominguez\/,https:\/\/festivalorigenes.com\/ca\/protagonistes\/barbara-sanfilippo\/\"><figure class=\"swiper-slide-inner\"><img decoding=\"async\" class=\"swiper-slide-image\" src=\"https:\/\/festivalorigenes.com\/wp-content\/uploads\/elementor\/thumbs\/Festival-Gastrono\u0301mico-ori\u0301Genes-Albert-Roca-oy9rd32dcbqazwdtskwvafx4hyjqehdkcudihug1x4.jpg\" alt=\"Festival Gastrono\u0301mico ori\u0301Genes - Albert Roca - Producto\" \/><figcaption class=\"elementor-image-carousel-caption\">Albert Roca<\/figcaption><\/figure><\/a><\/div><div class=\"swiper-slide\" role=\"group\" aria-roledescription=\"slide\" aria-label=\"4 de 11\"><a data-elementor-open-lightbox=\"yes\" data-elementor-lightbox-slideshow=\"6021f6d6\" data-elementor-lightbox-title=\"Nacho G\u00f3mara - Protagonista - ori\u0301Genes Festival gastron\u00f2mic\" data-e-action-hash=\"#elementor-action%3Aaction%3Dlightbox%26settings%3DeyJpZCI6MzUxNiwidXJsIjoiaHR0cHM6XC9cL2Zlc3RpdmFsb3JpZ2VuZXMuY29tXC93cC1jb250ZW50XC91cGxvYWRzXC8yMDIwXC8xMVwvRmVzdGl2YWwtR2FzdHJvbm9cdTAzMDFtaWNvLW9yaVx1MDMwMUdlbmVzLU5hY2hvLUdvXHUwMzAxbWFyYS5qcGciLCJzbGlkZXNob3ciOiI2MDIxZjZkNiJ9\" href=\"https:\/\/festivalorigenes.com\/ca\/protagonistes\/carlos-piernas\/,https:\/\/festivalorigenes.com\/ca\/protagonistes\/viri-fernandez\/,https:\/\/festivalorigenes.com\/ca\/protagonistes\/albert-roca\/,https:\/\/festivalorigenes.com\/ca\/protagonistes\/nacho-gomara\/,https:\/\/festivalorigenes.com\/ca\/protagonistes\/daniel-jorda\/,https:\/\/festivalorigenes.com\/ca\/protagonistes\/edu-torres\/,https:\/\/festivalorigenes.com\/ca\/protagonistes\/juan-angel-rodrigalvarez\/,https:\/\/festivalorigenes.com\/ca\/protagonistes\/anselmo-perez\/,https:\/\/festivalorigenes.com\/ca\/protagonistes\/eva-vila\/,https:\/\/festivalorigenes.com\/ca\/protagonistes\/jose-luis-dominguez\/,https:\/\/festivalorigenes.com\/ca\/protagonistes\/barbara-sanfilippo\/\"><figure class=\"swiper-slide-inner\"><img decoding=\"async\" class=\"swiper-slide-image\" src=\"https:\/\/festivalorigenes.com\/wp-content\/uploads\/elementor\/thumbs\/Festival-Gastrono\u0301mico-ori\u0301Genes-Nacho-Go\u0301mara-oy9scdw60c1z0p3vnu8gxj8bmwjzh9invkdzby3s8o.jpg\" alt=\"Nacho G\u00f3mara - Protagonista - ori\u0301Genes Festival gastron\u00f2mic\" \/><figcaption class=\"elementor-image-carousel-caption\">Nacho G\u00f3mara<\/figcaption><\/figure><\/a><\/div><div class=\"swiper-slide\" role=\"group\" aria-roledescription=\"slide\" aria-label=\"5 de 11\"><a data-elementor-open-lightbox=\"yes\" data-elementor-lightbox-slideshow=\"6021f6d6\" data-elementor-lightbox-title=\"Daniel Jord\u00e0 - Protagonista - ori\u0301Genes Festival gastron\u00f2mic\" data-e-action-hash=\"#elementor-action%3Aaction%3Dlightbox%26settings%3DeyJpZCI6MzUyMywidXJsIjoiaHR0cHM6XC9cL2Zlc3RpdmFsb3JpZ2VuZXMuY29tXC93cC1jb250ZW50XC91cGxvYWRzXC8yMDIwXC8xMVwvRmVzdGl2YWwtR2FzdHJvbm9cdTAzMDFtaWNvLW9yaVx1MDMwMUdlbmVzLURhbmllbC1Kb3JkYVx1MDMwMC5qcGciLCJzbGlkZXNob3ciOiI2MDIxZjZkNiJ9\" href=\"https:\/\/festivalorigenes.com\/ca\/protagonistes\/carlos-piernas\/,https:\/\/festivalorigenes.com\/ca\/protagonistes\/viri-fernandez\/,https:\/\/festivalorigenes.com\/ca\/protagonistes\/albert-roca\/,https:\/\/festivalorigenes.com\/ca\/protagonistes\/nacho-gomara\/,https:\/\/festivalorigenes.com\/ca\/protagonistes\/daniel-jorda\/,https:\/\/festivalorigenes.com\/ca\/protagonistes\/edu-torres\/,https:\/\/festivalorigenes.com\/ca\/protagonistes\/juan-angel-rodrigalvarez\/,https:\/\/festivalorigenes.com\/ca\/protagonistes\/anselmo-perez\/,https:\/\/festivalorigenes.com\/ca\/protagonistes\/eva-vila\/,https:\/\/festivalorigenes.com\/ca\/protagonistes\/jose-luis-dominguez\/,https:\/\/festivalorigenes.com\/ca\/protagonistes\/barbara-sanfilippo\/\"><figure class=\"swiper-slide-inner\"><img decoding=\"async\" class=\"swiper-slide-image\" src=\"https:\/\/festivalorigenes.com\/wp-content\/uploads\/elementor\/thumbs\/Festival-Gastrono\u0301mico-ori\u0301Genes-Daniel-Jorda\u0300-oy9sjq0tcs3jn4g7tiemw6kuk6e4k7n8jvpf6p85o8.jpg\" alt=\"Daniel Jord\u00e0 - Protagonista - ori\u0301Genes Festival gastron\u00f2mic\" \/><figcaption class=\"elementor-image-carousel-caption\">Daniel Jord\u00e0<\/figcaption><\/figure><\/a><\/div><div class=\"swiper-slide\" role=\"group\" aria-roledescription=\"slide\" aria-label=\"6 de 11\"><a data-elementor-open-lightbox=\"yes\" data-elementor-lightbox-slideshow=\"6021f6d6\" data-elementor-lightbox-title=\"Edu Torres - Protagonista - ori\u0301Genes Festival gastron\u00f2mic\" data-e-action-hash=\"#elementor-action%3Aaction%3Dlightbox%26settings%3DeyJpZCI6MzQ5OSwidXJsIjoiaHR0cHM6XC9cL2Zlc3RpdmFsb3JpZ2VuZXMuY29tXC93cC1jb250ZW50XC91cGxvYWRzXC8yMDIwXC8xMVwvRmVzdGl2YWwtR2FzdHJvbm9cdTAzMDFtaWNvLW9yaVx1MDMwMUdlbmVzLUVkdS1Ub3JyZXMtMS5qcGciLCJzbGlkZXNob3ciOiI2MDIxZjZkNiJ9\" href=\"https:\/\/festivalorigenes.com\/ca\/protagonistes\/carlos-piernas\/,https:\/\/festivalorigenes.com\/ca\/protagonistes\/viri-fernandez\/,https:\/\/festivalorigenes.com\/ca\/protagonistes\/albert-roca\/,https:\/\/festivalorigenes.com\/ca\/protagonistes\/nacho-gomara\/,https:\/\/festivalorigenes.com\/ca\/protagonistes\/daniel-jorda\/,https:\/\/festivalorigenes.com\/ca\/protagonistes\/edu-torres\/,https:\/\/festivalorigenes.com\/ca\/protagonistes\/juan-angel-rodrigalvarez\/,https:\/\/festivalorigenes.com\/ca\/protagonistes\/anselmo-perez\/,https:\/\/festivalorigenes.com\/ca\/protagonistes\/eva-vila\/,https:\/\/festivalorigenes.com\/ca\/protagonistes\/jose-luis-dominguez\/,https:\/\/festivalorigenes.com\/ca\/protagonistes\/barbara-sanfilippo\/\"><figure class=\"swiper-slide-inner\"><img decoding=\"async\" class=\"swiper-slide-image\" src=\"https:\/\/festivalorigenes.com\/wp-content\/uploads\/elementor\/thumbs\/Festival-Gastrono\u0301mico-ori\u0301Genes-Edu-Torres-1-oy9h2z44br2tjbzlz3k80c6814rskx2egyxssl7lx4.jpg\" alt=\"Edu Torres - Protagonista - ori\u0301Genes Festival gastron\u00f2mic\" \/><figcaption class=\"elementor-image-carousel-caption\">Edu Torres<\/figcaption><\/figure><\/a><\/div><div class=\"swiper-slide\" role=\"group\" aria-roledescription=\"slide\" aria-label=\"7 de 11\"><a data-elementor-open-lightbox=\"yes\" data-elementor-lightbox-slideshow=\"6021f6d6\" data-elementor-lightbox-title=\"Juan \u00c1ngel Rodrig\u00e1lvarez - Protagonista - ori\u0301Genes Festival gastron\u00f2mic\" data-e-action-hash=\"#elementor-action%3Aaction%3Dlightbox%26settings%3DeyJpZCI6MzUyNSwidXJsIjoiaHR0cHM6XC9cL2Zlc3RpdmFsb3JpZ2VuZXMuY29tXC93cC1jb250ZW50XC91cGxvYWRzXC8yMDIwXC8xMVwvRmVzdGl2YWwtR2FzdHJvbm9cdTAzMDFtaWNvLW9yaVx1MDMwMUdlbmVzLUp1YW4tQVx1MDMwMW5nZWwtUm9kcmlcdTAzMDFndWV6LmpwZyIsInNsaWRlc2hvdyI6IjYwMjFmNmQ2In0%3D\" href=\"https:\/\/festivalorigenes.com\/ca\/protagonistes\/carlos-piernas\/,https:\/\/festivalorigenes.com\/ca\/protagonistes\/viri-fernandez\/,https:\/\/festivalorigenes.com\/ca\/protagonistes\/albert-roca\/,https:\/\/festivalorigenes.com\/ca\/protagonistes\/nacho-gomara\/,https:\/\/festivalorigenes.com\/ca\/protagonistes\/daniel-jorda\/,https:\/\/festivalorigenes.com\/ca\/protagonistes\/edu-torres\/,https:\/\/festivalorigenes.com\/ca\/protagonistes\/juan-angel-rodrigalvarez\/,https:\/\/festivalorigenes.com\/ca\/protagonistes\/anselmo-perez\/,https:\/\/festivalorigenes.com\/ca\/protagonistes\/eva-vila\/,https:\/\/festivalorigenes.com\/ca\/protagonistes\/jose-luis-dominguez\/,https:\/\/festivalorigenes.com\/ca\/protagonistes\/barbara-sanfilippo\/\"><figure class=\"swiper-slide-inner\"><img decoding=\"async\" class=\"swiper-slide-image\" src=\"https:\/\/festivalorigenes.com\/wp-content\/uploads\/elementor\/thumbs\/Festival-Gastrono\u0301mico-ori\u0301Genes-Juan-A\u0301ngel-Rodri\u0301guez-oy9stqyu95tnhdvx9ufdhnhuo4z2nzg5xi7vgyczaw.jpg\" alt=\"Juan \u00c1ngel Rodrig\u00e1lvarez - Protagonista - ori\u0301Genes Festival gastron\u00f2mic\" \/><figcaption class=\"elementor-image-carousel-caption\">Juan \u00c1ngel Rodrig\u00e1lvarez<\/figcaption><\/figure><\/a><\/div><div class=\"swiper-slide\" role=\"group\" aria-roledescription=\"slide\" aria-label=\"8 de 11\"><a data-elementor-open-lightbox=\"yes\" data-elementor-lightbox-slideshow=\"6021f6d6\" data-elementor-lightbox-title=\"Anselmo_Perez_Festival_oriGenes4\" data-e-action-hash=\"#elementor-action%3Aaction%3Dlightbox%26settings%3DeyJpZCI6MzU0MywidXJsIjoiaHR0cHM6XC9cL2Zlc3RpdmFsb3JpZ2VuZXMuY29tXC93cC1jb250ZW50XC91cGxvYWRzXC8yMDIwXC8xMlwvQW5zZWxtb19QZXJlel9GZXN0aXZhbF9vcmlHZW5lczQuanBnIiwic2xpZGVzaG93IjoiNjAyMWY2ZDYifQ%3D%3D\" href=\"https:\/\/festivalorigenes.com\/ca\/protagonistes\/carlos-piernas\/,https:\/\/festivalorigenes.com\/ca\/protagonistes\/viri-fernandez\/,https:\/\/festivalorigenes.com\/ca\/protagonistes\/albert-roca\/,https:\/\/festivalorigenes.com\/ca\/protagonistes\/nacho-gomara\/,https:\/\/festivalorigenes.com\/ca\/protagonistes\/daniel-jorda\/,https:\/\/festivalorigenes.com\/ca\/protagonistes\/edu-torres\/,https:\/\/festivalorigenes.com\/ca\/protagonistes\/juan-angel-rodrigalvarez\/,https:\/\/festivalorigenes.com\/ca\/protagonistes\/anselmo-perez\/,https:\/\/festivalorigenes.com\/ca\/protagonistes\/eva-vila\/,https:\/\/festivalorigenes.com\/ca\/protagonistes\/jose-luis-dominguez\/,https:\/\/festivalorigenes.com\/ca\/protagonistes\/barbara-sanfilippo\/\"><figure class=\"swiper-slide-inner\"><img decoding=\"async\" class=\"swiper-slide-image\" src=\"https:\/\/festivalorigenes.com\/wp-content\/uploads\/elementor\/thumbs\/Anselmo_Perez_Festival_oriGenes4-ozngu9tepzh9wl0jazrrpza0dupq6l0xg48ikkibp4.jpg\" alt=\"Anselmo P\u00e9rez - or\u00edGenes Festival Gastron\u00f3mico\" \/><figcaption class=\"elementor-image-carousel-caption\">Anselmo P\u00e9rez<\/figcaption><\/figure><\/a><\/div><div class=\"swiper-slide\" role=\"group\" aria-roledescription=\"slide\" aria-label=\"9 de 11\"><a data-elementor-open-lightbox=\"yes\" data-elementor-lightbox-slideshow=\"6021f6d6\" data-elementor-lightbox-title=\"Eva Vila - Protagonista - ori\u0301Genes Festival Gastrono\u0301mico\" data-e-action-hash=\"#elementor-action%3Aaction%3Dlightbox%26settings%3DeyJpZCI6NDAzNCwidXJsIjoiaHR0cHM6XC9cL2Zlc3RpdmFsb3JpZ2VuZXMuY29tXC93cC1jb250ZW50XC91cGxvYWRzXC8yMDIxXC8wMlwvRXZhLVZpbGEtUHJvdGFnb25pc3RhLW9yaVx1MDMwMUdlbmVzLUZlc3RpdmFsLUdhc3Ryb25vXHUwMzAxbWljby5qcGciLCJzbGlkZXNob3ciOiI2MDIxZjZkNiJ9\" href=\"https:\/\/festivalorigenes.com\/ca\/protagonistes\/carlos-piernas\/,https:\/\/festivalorigenes.com\/ca\/protagonistes\/viri-fernandez\/,https:\/\/festivalorigenes.com\/ca\/protagonistes\/albert-roca\/,https:\/\/festivalorigenes.com\/ca\/protagonistes\/nacho-gomara\/,https:\/\/festivalorigenes.com\/ca\/protagonistes\/daniel-jorda\/,https:\/\/festivalorigenes.com\/ca\/protagonistes\/edu-torres\/,https:\/\/festivalorigenes.com\/ca\/protagonistes\/juan-angel-rodrigalvarez\/,https:\/\/festivalorigenes.com\/ca\/protagonistes\/anselmo-perez\/,https:\/\/festivalorigenes.com\/ca\/protagonistes\/eva-vila\/,https:\/\/festivalorigenes.com\/ca\/protagonistes\/jose-luis-dominguez\/,https:\/\/festivalorigenes.com\/ca\/protagonistes\/barbara-sanfilippo\/\"><figure class=\"swiper-slide-inner\"><img decoding=\"async\" class=\"swiper-slide-image\" src=\"https:\/\/festivalorigenes.com\/wp-content\/uploads\/elementor\/thumbs\/Eva-Vila-Protagonista-ori\u0301Genes-Festival-Gastrono\u0301mico-p2acpp9enq3fy25ij2j7vkgco86yor2p46hzedjmwo.jpg\" alt=\"Eva Vila - ori\u0301Genes Festival Gastrono\u0301mico\" \/><figcaption class=\"elementor-image-carousel-caption\">Eva Vila<\/figcaption><\/figure><\/a><\/div><div class=\"swiper-slide\" role=\"group\" aria-roledescription=\"slide\" aria-label=\"10 de 11\"><a data-elementor-open-lightbox=\"yes\" data-elementor-lightbox-slideshow=\"6021f6d6\" data-elementor-lightbox-title=\"Jos\u00e9 Luis Dominguez - Protagonista - ori\u0301Genes Festival Gastron\u00f2mic\" data-e-action-hash=\"#elementor-action%3Aaction%3Dlightbox%26settings%3DeyJpZCI6NDI2NiwidXJsIjoiaHR0cHM6XC9cL2Zlc3RpdmFsb3JpZ2VuZXMuY29tXC93cC1jb250ZW50XC91cGxvYWRzXC8yMDIxXC8wM1wvb3JpZ2VuZXNfZmVzdGl2YWxfZ2FzdHJvbm9taWNvX2pvc2VfbHVpc19kb21pbmd1ZXouanBnIiwic2xpZGVzaG93IjoiNjAyMWY2ZDYifQ%3D%3D\" href=\"https:\/\/festivalorigenes.com\/ca\/protagonistes\/carlos-piernas\/,https:\/\/festivalorigenes.com\/ca\/protagonistes\/viri-fernandez\/,https:\/\/festivalorigenes.com\/ca\/protagonistes\/albert-roca\/,https:\/\/festivalorigenes.com\/ca\/protagonistes\/nacho-gomara\/,https:\/\/festivalorigenes.com\/ca\/protagonistes\/daniel-jorda\/,https:\/\/festivalorigenes.com\/ca\/protagonistes\/edu-torres\/,https:\/\/festivalorigenes.com\/ca\/protagonistes\/juan-angel-rodrigalvarez\/,https:\/\/festivalorigenes.com\/ca\/protagonistes\/anselmo-perez\/,https:\/\/festivalorigenes.com\/ca\/protagonistes\/eva-vila\/,https:\/\/festivalorigenes.com\/ca\/protagonistes\/jose-luis-dominguez\/,https:\/\/festivalorigenes.com\/ca\/protagonistes\/barbara-sanfilippo\/\"><figure class=\"swiper-slide-inner\"><img decoding=\"async\" class=\"swiper-slide-image\" src=\"https:\/\/festivalorigenes.com\/wp-content\/uploads\/elementor\/thumbs\/origenes_festival_gastronomico_jose_luis_dominguez-p4pdi5cneg0wpk9exjem6bcj61q4g6mqnkcqnquoxk.jpg\" alt=\"Jos\u00e9 Luis Dominguez - Protagonista - ori\u0301Genes Festival Gastron\u00f2mic\" \/><figcaption class=\"elementor-image-carousel-caption\">Jos\u00e9 Luis Dom\u00ednguez<\/figcaption><\/figure><\/a><\/div><div class=\"swiper-slide\" role=\"group\" aria-roledescription=\"slide\" aria-label=\"11 de 11\"><a data-elementor-open-lightbox=\"yes\" data-elementor-lightbox-slideshow=\"6021f6d6\" data-elementor-lightbox-title=\"origenes_festival_gastronomico_barbara_sanfilippo_protagonista\" data-e-action-hash=\"#elementor-action%3Aaction%3Dlightbox%26settings%3DeyJpZCI6NTE4MywidXJsIjoiaHR0cHM6XC9cL2Zlc3RpdmFsb3JpZ2VuZXMuY29tXC93cC1jb250ZW50XC91cGxvYWRzXC8yMDIxXC8wNVwvb3JpZ2VuZXNfZmVzdGl2YWxfZ2FzdHJvbm9taWNvX2JhcmJhcmFfc2FuZmlsaXBwb19wcm90YWdvbmlzdGEuanBnIiwic2xpZGVzaG93IjoiNjAyMWY2ZDYifQ%3D%3D\" href=\"https:\/\/festivalorigenes.com\/ca\/protagonistes\/carlos-piernas\/,https:\/\/festivalorigenes.com\/ca\/protagonistes\/viri-fernandez\/,https:\/\/festivalorigenes.com\/ca\/protagonistes\/albert-roca\/,https:\/\/festivalorigenes.com\/ca\/protagonistes\/nacho-gomara\/,https:\/\/festivalorigenes.com\/ca\/protagonistes\/daniel-jorda\/,https:\/\/festivalorigenes.com\/ca\/protagonistes\/edu-torres\/,https:\/\/festivalorigenes.com\/ca\/protagonistes\/juan-angel-rodrigalvarez\/,https:\/\/festivalorigenes.com\/ca\/protagonistes\/anselmo-perez\/,https:\/\/festivalorigenes.com\/ca\/protagonistes\/eva-vila\/,https:\/\/festivalorigenes.com\/ca\/protagonistes\/jose-luis-dominguez\/,https:\/\/festivalorigenes.com\/ca\/protagonistes\/barbara-sanfilippo\/\"><figure class=\"swiper-slide-inner\"><img decoding=\"async\" class=\"swiper-slide-image\" src=\"https:\/\/festivalorigenes.com\/wp-content\/uploads\/elementor\/thumbs\/origenes_festival_gastronomico_barbara_sanfilippo_protagonista-p74ek986dv6gssc4x6lz3mh9gfn3bmjgurl5hhu308.jpg\" alt=\"origenes_feB\u00e1rbara Sanfilippo - Protagonista - ori\u0301Genes Festival Gastrono\u0301micostival_gastronomico_barbara_sanfilippo_protagonista\" \/><figcaption class=\"elementor-image-carousel-caption\">B\u00e1rbara Sanfilippo<\/figcaption><\/figure><\/a><\/div>\t\t\t<\/div>\n\t\t\t\t\t\t\t\t\t\t\t\t<div class=\"elementor-swiper-button elementor-swiper-button-prev\" role=\"button\" tabindex=\"0\">\n\t\t\t\t\t\t<i aria-hidden=\"true\" class=\"eicon-chevron-left\"><\/i>\t\t\t\t\t<\/div>\n\t\t\t\t\t<div class=\"elementor-swiper-button elementor-swiper-button-next\" role=\"button\" tabindex=\"0\">\n\t\t\t\t\t\t<i aria-hidden=\"true\" class=\"eicon-chevron-right\"><\/i>\t\t\t\t\t<\/div>\n\t\t\t\t\n\t\t\t\t\t\t\t\t\t<div class=\"swiper-pagination\"><\/div>\n\t\t\t\t\t\t\t\t\t<\/div>\n\t\t\t\t\t\t<\/div>\n\t\t\t\t<\/div>\n\t\t\t\t\t<\/div>\n\t\t<\/div>\n\t\t\t\t\t<\/div>\n\t\t<\/section>\n\t\t\t\t<\/div>\n\t\t","protected":false},"excerpt":{"rendered":"<p>Gorka Rodr\u00edguez La Corunya, Gal\u00edcia Xef i propietari del Pulpeira de Melide. Representa la quarta generaci\u00f3 d&#8217;una saga de \u201cpulpeiros\u201d iniciada fa quasi 100 anys pel seu avi traginer i la seva bes\u00e0via fornera a Melide i, posteriorment, traslladada a la Corunya. Cuiner de l&#8217;any de Gal\u00edcia 2015 Format en restaurants reconeguts a escala mundial: [&hellip;]<\/p>\n","protected":false},"author":1,"featured_media":0,"parent":5656,"menu_order":0,"comment_status":"closed","ping_status":"closed","template":"","meta":{"site-sidebar-layout":"no-sidebar","site-content-layout":"page-builder","ast-site-content-layout":"default","site-content-style":"default","site-sidebar-style":"default","ast-global-header-display":"","ast-banner-title-visibility":"","ast-main-header-display":"","ast-hfb-above-header-display":"","ast-hfb-below-header-display":"","ast-hfb-mobile-header-display":"","site-post-title":"disabled","ast-breadcrumbs-content":"","ast-featured-img":"disabled","footer-sml-layout":"","theme-transparent-header-meta":"disabled","adv-header-id-meta":"","stick-header-meta":"default","header-above-stick-meta":"","header-main-stick-meta":"","header-below-stick-meta":null,"astra-migrate-meta-layouts":"default","ast-page-background-enabled":"default","ast-page-background-meta":{"desktop":{"background-color":"","background-image":"","background-repeat":"repeat","background-position":"center center","background-size":"auto","background-attachment":"scroll","background-type":"","background-media":"","overlay-type":"","overlay-color":"","overlay-opacity":"","overlay-gradient":""},"tablet":{"background-color":"","background-image":"","background-repeat":"repeat","background-position":"center center","background-size":"auto","background-attachment":"scroll","background-type":"","background-media":"","overlay-type":"","overlay-color":"","overlay-opacity":"","overlay-gradient":""},"mobile":{"background-color":"","background-image":"","background-repeat":"repeat","background-position":"center center","background-size":"auto","background-attachment":"scroll","background-type":"","background-media":"","overlay-type":"","overlay-color":"","overlay-opacity":"","overlay-gradient":""}},"ast-content-background-meta":{"desktop":{"background-color":"var(--ast-global-color-5)","background-image":"","background-repeat":"repeat","background-position":"center center","background-size":"auto","background-attachment":"scroll","background-type":"","background-media":"","overlay-type":"","overlay-color":"","overlay-opacity":"","overlay-gradient":""},"tablet":{"background-color":"var(--ast-global-color-5)","background-image":"","background-repeat":"repeat","background-position":"center center","background-size":"auto","background-attachment":"scroll","background-type":"","background-media":"","overlay-type":"","overlay-color":"","overlay-opacity":"","overlay-gradient":""},"mobile":{"background-color":"var(--ast-global-color-5)","background-image":"","background-repeat":"repeat","background-position":"center center","background-size":"auto","background-attachment":"scroll","background-type":"","background-media":"","overlay-type":"","overlay-color":"","overlay-opacity":"","overlay-gradient":""}},"footnotes":""},"class_list":["post-4143","page","type-page","status-publish","hentry"],"yoast_head":"<!-- This site is optimized with the Yoast SEO plugin v25.7 - https:\/\/yoast.com\/wordpress\/plugins\/seo\/ -->\n<title>Gorka Rodr\u00edguez - or\u00edGenes - Festival Gastron\u00f2mic<\/title>\n<meta name=\"robots\" content=\"index, follow, max-snippet:-1, max-image-preview:large, max-video-preview:-1\" \/>\n<link rel=\"canonical\" href=\"https:\/\/festivalorigenes.com\/ca\/protagonistes-2021\/gorka-rodriguez\/\" \/>\n<meta property=\"og:locale\" content=\"ca_ES\" \/>\n<meta property=\"og:type\" content=\"article\" \/>\n<meta property=\"og:title\" content=\"Gorka Rodr\u00edguez - or\u00edGenes - Festival Gastron\u00f2mic\" \/>\n<meta property=\"og:description\" content=\"Gorka Rodr\u00edguez La Corunya, Gal\u00edcia Xef i propietari del Pulpeira de Melide. Representa la quarta generaci\u00f3 d&#8217;una saga de \u201cpulpeiros\u201d iniciada fa quasi 100 anys pel seu avi traginer i la seva bes\u00e0via fornera a Melide i, posteriorment, traslladada a la Corunya. Cuiner de l&#8217;any de Gal\u00edcia 2015 Format en restaurants reconeguts a escala mundial: [&hellip;]\" \/>\n<meta property=\"og:url\" content=\"https:\/\/festivalorigenes.com\/ca\/protagonistes-2021\/gorka-rodriguez\/\" \/>\n<meta property=\"og:site_name\" content=\"or\u00edGenes - Festival Gastron\u00f2mic\" \/>\n<meta property=\"article:publisher\" content=\"https:\/\/www.facebook.com\/origenesfestivalgastronomico\/\" \/>\n<meta property=\"article:modified_time\" content=\"2021-11-17T22:50:18+00:00\" \/>\n<meta property=\"og:image\" content=\"https:\/\/festivalorigenes.com\/wp-content\/uploads\/2021\/01\/Gorka-Rodri\u0301guez-Te\u0301cnica-ori\u0301Genes-Festival-Gastrono\u0301mico-683x1024.jpg\" \/>\n<meta name=\"twitter:card\" content=\"summary_large_image\" \/>\n<meta name=\"twitter:site\" content=\"@origenesfest\" \/>\n<meta name=\"twitter:label1\" content=\"Temps estimat de lectura\" \/>\n\t<meta name=\"twitter:data1\" content=\"6 minuts\" \/>\n<script type=\"application\/ld+json\" class=\"yoast-schema-graph\">{\"@context\":\"https:\/\/schema.org\",\"@graph\":[{\"@type\":\"WebPage\",\"@id\":\"https:\/\/festivalorigenes.com\/ca\/protagonistes-2021\/gorka-rodriguez\/\",\"url\":\"https:\/\/festivalorigenes.com\/ca\/protagonistes-2021\/gorka-rodriguez\/\",\"name\":\"Gorka Rodr\u00edguez - or\u00edGenes - Festival Gastron\u00f2mic\",\"isPartOf\":{\"@id\":\"https:\/\/festivalorigenes.com\/ca\/#website\"},\"primaryImageOfPage\":{\"@id\":\"https:\/\/festivalorigenes.com\/ca\/protagonistes-2021\/gorka-rodriguez\/#primaryimage\"},\"image\":{\"@id\":\"https:\/\/festivalorigenes.com\/ca\/protagonistes-2021\/gorka-rodriguez\/#primaryimage\"},\"thumbnailUrl\":\"https:\/\/festivalorigenes.com\/wp-content\/uploads\/2020\/09\/quote-1.png\",\"datePublished\":\"2021-02-19T15:41:18+00:00\",\"dateModified\":\"2021-11-17T22:50:18+00:00\",\"breadcrumb\":{\"@id\":\"https:\/\/festivalorigenes.com\/ca\/protagonistes-2021\/gorka-rodriguez\/#breadcrumb\"},\"inLanguage\":\"ca\",\"potentialAction\":[{\"@type\":\"ReadAction\",\"target\":[\"https:\/\/festivalorigenes.com\/ca\/protagonistes-2021\/gorka-rodriguez\/\"]}]},{\"@type\":\"ImageObject\",\"inLanguage\":\"ca\",\"@id\":\"https:\/\/festivalorigenes.com\/ca\/protagonistes-2021\/gorka-rodriguez\/#primaryimage\",\"url\":\"https:\/\/festivalorigenes.com\/wp-content\/uploads\/2020\/09\/quote-1.png\",\"contentUrl\":\"https:\/\/festivalorigenes.com\/wp-content\/uploads\/2020\/09\/quote-1.png\"},{\"@type\":\"BreadcrumbList\",\"@id\":\"https:\/\/festivalorigenes.com\/ca\/protagonistes-2021\/gorka-rodriguez\/#breadcrumb\",\"itemListElement\":[{\"@type\":\"ListItem\",\"position\":1,\"name\":\"Portada\",\"item\":\"https:\/\/festivalorigenes.com\/ca\/\"},{\"@type\":\"ListItem\",\"position\":2,\"name\":\"Protagonistes 2021\",\"item\":\"https:\/\/festivalorigenes.com\/ca\/protagonistes-2021\/\"},{\"@type\":\"ListItem\",\"position\":3,\"name\":\"Gorka Rodr\u00edguez\"}]},{\"@type\":\"WebSite\",\"@id\":\"https:\/\/festivalorigenes.com\/ca\/#website\",\"url\":\"https:\/\/festivalorigenes.com\/ca\/\",\"name\":\"or\u00edGenes - Festival Gastron\u00f2mic\",\"description\":\"\",\"publisher\":{\"@id\":\"https:\/\/festivalorigenes.com\/ca\/#organization\"},\"potentialAction\":[{\"@type\":\"SearchAction\",\"target\":{\"@type\":\"EntryPoint\",\"urlTemplate\":\"https:\/\/festivalorigenes.com\/ca\/?s={search_term_string}\"},\"query-input\":{\"@type\":\"PropertyValueSpecification\",\"valueRequired\":true,\"valueName\":\"search_term_string\"}}],\"inLanguage\":\"ca\"},{\"@type\":\"Organization\",\"@id\":\"https:\/\/festivalorigenes.com\/ca\/#organization\",\"name\":\"or\u00edGenes Festival Gastron\u00f2mic\",\"url\":\"https:\/\/festivalorigenes.com\/ca\/\",\"logo\":{\"@type\":\"ImageObject\",\"inLanguage\":\"ca\",\"@id\":\"https:\/\/festivalorigenes.com\/ca\/#\/schema\/logo\/image\/\",\"url\":\"https:\/\/festivalorigenes.com\/wp-content\/uploads\/2020\/11\/124151422_123321709577698_694323274832345559_n.png\",\"contentUrl\":\"https:\/\/festivalorigenes.com\/wp-content\/uploads\/2020\/11\/124151422_123321709577698_694323274832345559_n.png\",\"width\":401,\"height\":401,\"caption\":\"or\u00edGenes Festival Gastron\u00f2mic\"},\"image\":{\"@id\":\"https:\/\/festivalorigenes.com\/ca\/#\/schema\/logo\/image\/\"},\"sameAs\":[\"https:\/\/www.facebook.com\/origenesfestivalgastronomico\/\",\"https:\/\/x.com\/origenesfest\",\"https:\/\/www.instagram.com\/origenesfestivalgastronomico\/\",\"https:\/\/www.linkedin.com\/company\/or\u00edgenes-festival-gastron\u00f3mico\"]}]}<\/script>\n<!-- \/ Yoast SEO plugin. -->","yoast_head_json":{"title":"Gorka Rodr\u00edguez - or\u00edGenes - Festival Gastron\u00f2mic","robots":{"index":"index","follow":"follow","max-snippet":"max-snippet:-1","max-image-preview":"max-image-preview:large","max-video-preview":"max-video-preview:-1"},"canonical":"https:\/\/festivalorigenes.com\/ca\/protagonistes-2021\/gorka-rodriguez\/","og_locale":"ca_ES","og_type":"article","og_title":"Gorka Rodr\u00edguez - or\u00edGenes - Festival Gastron\u00f2mic","og_description":"Gorka Rodr\u00edguez La Corunya, Gal\u00edcia Xef i propietari del Pulpeira de Melide. Representa la quarta generaci\u00f3 d&#8217;una saga de \u201cpulpeiros\u201d iniciada fa quasi 100 anys pel seu avi traginer i la seva bes\u00e0via fornera a Melide i, posteriorment, traslladada a la Corunya. Cuiner de l&#8217;any de Gal\u00edcia 2015 Format en restaurants reconeguts a escala mundial: [&hellip;]","og_url":"https:\/\/festivalorigenes.com\/ca\/protagonistes-2021\/gorka-rodriguez\/","og_site_name":"or\u00edGenes - Festival Gastron\u00f2mic","article_publisher":"https:\/\/www.facebook.com\/origenesfestivalgastronomico\/","article_modified_time":"2021-11-17T22:50:18+00:00","og_image":[{"url":"https:\/\/festivalorigenes.com\/wp-content\/uploads\/2021\/01\/Gorka-Rodri\u0301guez-Te\u0301cnica-ori\u0301Genes-Festival-Gastrono\u0301mico-683x1024.jpg","type":"","width":"","height":""}],"twitter_card":"summary_large_image","twitter_site":"@origenesfest","twitter_misc":{"Temps estimat de lectura":"6 minuts"},"schema":{"@context":"https:\/\/schema.org","@graph":[{"@type":"WebPage","@id":"https:\/\/festivalorigenes.com\/ca\/protagonistes-2021\/gorka-rodriguez\/","url":"https:\/\/festivalorigenes.com\/ca\/protagonistes-2021\/gorka-rodriguez\/","name":"Gorka Rodr\u00edguez - or\u00edGenes - Festival Gastron\u00f2mic","isPartOf":{"@id":"https:\/\/festivalorigenes.com\/ca\/#website"},"primaryImageOfPage":{"@id":"https:\/\/festivalorigenes.com\/ca\/protagonistes-2021\/gorka-rodriguez\/#primaryimage"},"image":{"@id":"https:\/\/festivalorigenes.com\/ca\/protagonistes-2021\/gorka-rodriguez\/#primaryimage"},"thumbnailUrl":"https:\/\/festivalorigenes.com\/wp-content\/uploads\/2020\/09\/quote-1.png","datePublished":"2021-02-19T15:41:18+00:00","dateModified":"2021-11-17T22:50:18+00:00","breadcrumb":{"@id":"https:\/\/festivalorigenes.com\/ca\/protagonistes-2021\/gorka-rodriguez\/#breadcrumb"},"inLanguage":"ca","potentialAction":[{"@type":"ReadAction","target":["https:\/\/festivalorigenes.com\/ca\/protagonistes-2021\/gorka-rodriguez\/"]}]},{"@type":"ImageObject","inLanguage":"ca","@id":"https:\/\/festivalorigenes.com\/ca\/protagonistes-2021\/gorka-rodriguez\/#primaryimage","url":"https:\/\/festivalorigenes.com\/wp-content\/uploads\/2020\/09\/quote-1.png","contentUrl":"https:\/\/festivalorigenes.com\/wp-content\/uploads\/2020\/09\/quote-1.png"},{"@type":"BreadcrumbList","@id":"https:\/\/festivalorigenes.com\/ca\/protagonistes-2021\/gorka-rodriguez\/#breadcrumb","itemListElement":[{"@type":"ListItem","position":1,"name":"Portada","item":"https:\/\/festivalorigenes.com\/ca\/"},{"@type":"ListItem","position":2,"name":"Protagonistes 2021","item":"https:\/\/festivalorigenes.com\/ca\/protagonistes-2021\/"},{"@type":"ListItem","position":3,"name":"Gorka Rodr\u00edguez"}]},{"@type":"WebSite","@id":"https:\/\/festivalorigenes.com\/ca\/#website","url":"https:\/\/festivalorigenes.com\/ca\/","name":"or\u00edGenes - Festival Gastron\u00f2mic","description":"","publisher":{"@id":"https:\/\/festivalorigenes.com\/ca\/#organization"},"potentialAction":[{"@type":"SearchAction","target":{"@type":"EntryPoint","urlTemplate":"https:\/\/festivalorigenes.com\/ca\/?s={search_term_string}"},"query-input":{"@type":"PropertyValueSpecification","valueRequired":true,"valueName":"search_term_string"}}],"inLanguage":"ca"},{"@type":"Organization","@id":"https:\/\/festivalorigenes.com\/ca\/#organization","name":"or\u00edGenes Festival Gastron\u00f2mic","url":"https:\/\/festivalorigenes.com\/ca\/","logo":{"@type":"ImageObject","inLanguage":"ca","@id":"https:\/\/festivalorigenes.com\/ca\/#\/schema\/logo\/image\/","url":"https:\/\/festivalorigenes.com\/wp-content\/uploads\/2020\/11\/124151422_123321709577698_694323274832345559_n.png","contentUrl":"https:\/\/festivalorigenes.com\/wp-content\/uploads\/2020\/11\/124151422_123321709577698_694323274832345559_n.png","width":401,"height":401,"caption":"or\u00edGenes Festival Gastron\u00f2mic"},"image":{"@id":"https:\/\/festivalorigenes.com\/ca\/#\/schema\/logo\/image\/"},"sameAs":["https:\/\/www.facebook.com\/origenesfestivalgastronomico\/","https:\/\/x.com\/origenesfest","https:\/\/www.instagram.com\/origenesfestivalgastronomico\/","https:\/\/www.linkedin.com\/company\/or\u00edgenes-festival-gastron\u00f3mico"]}]}},"_links":{"self":[{"href":"https:\/\/festivalorigenes.com\/ca\/wp-json\/wp\/v2\/pages\/4143","targetHints":{"allow":["GET"]}}],"collection":[{"href":"https:\/\/festivalorigenes.com\/ca\/wp-json\/wp\/v2\/pages"}],"about":[{"href":"https:\/\/festivalorigenes.com\/ca\/wp-json\/wp\/v2\/types\/page"}],"author":[{"embeddable":true,"href":"https:\/\/festivalorigenes.com\/ca\/wp-json\/wp\/v2\/users\/1"}],"replies":[{"embeddable":true,"href":"https:\/\/festivalorigenes.com\/ca\/wp-json\/wp\/v2\/comments?post=4143"}],"version-history":[{"count":16,"href":"https:\/\/festivalorigenes.com\/ca\/wp-json\/wp\/v2\/pages\/4143\/revisions"}],"predecessor-version":[{"id":6185,"href":"https:\/\/festivalorigenes.com\/ca\/wp-json\/wp\/v2\/pages\/4143\/revisions\/6185"}],"up":[{"embeddable":true,"href":"https:\/\/festivalorigenes.com\/ca\/wp-json\/wp\/v2\/pages\/5656"}],"wp:attachment":[{"href":"https:\/\/festivalorigenes.com\/ca\/wp-json\/wp\/v2\/media?parent=4143"}],"curies":[{"name":"wp","href":"https:\/\/api.w.org\/{rel}","templated":true}]}}