{"id":5289,"date":"2021-05-18T15:03:56","date_gmt":"2021-05-18T15:03:56","guid":{"rendered":"https:\/\/festivalorigenes.com\/protagonistes\/barbara-sanfilippo\/"},"modified":"2022-02-11T09:55:25","modified_gmt":"2022-02-11T09:55:25","slug":"barbara-sanfilippo","status":"publish","type":"page","link":"https:\/\/festivalorigenes.com\/ca\/protagonistes-2021\/barbara-sanfilippo\/","title":{"rendered":"B\u00e1rbara Sanfilippo"},"content":{"rendered":"\t\t<div data-elementor-type=\"wp-page\" data-elementor-id=\"5289\" class=\"elementor elementor-5289 elementor-5139\" data-elementor-post-type=\"page\">\n\t\t\t\t\t\t<section class=\"elementor-section elementor-top-section elementor-element elementor-element-1edf4066 elementor-section-content-middle elementor-section-boxed elementor-section-height-default elementor-section-height-default\" data-id=\"1edf4066\" data-element_type=\"section\" data-settings=\"{&quot;background_background&quot;:&quot;classic&quot;}\">\n\t\t\t\t\t\t<div class=\"elementor-container elementor-column-gap-no\">\n\t\t\t\t\t<div class=\"elementor-column elementor-col-50 elementor-top-column elementor-element elementor-element-1e06a55f\" data-id=\"1e06a55f\" data-element_type=\"column\" data-settings=\"{&quot;background_background&quot;:&quot;classic&quot;}\">\n\t\t\t<div class=\"elementor-widget-wrap elementor-element-populated\">\n\t\t\t\t\t\t<div class=\"elementor-element elementor-element-7cb96252 elementor-widget elementor-widget-image\" data-id=\"7cb96252\" data-element_type=\"widget\" data-widget_type=\"image.default\">\n\t\t\t\t<div class=\"elementor-widget-container\">\n\t\t\t\t\t\t\t\t\t\t\t\t\t\t\t<img fetchpriority=\"high\" decoding=\"async\" width=\"1000\" height=\"619\" src=\"https:\/\/festivalorigenes.com\/wp-content\/uploads\/2021\/05\/origenes_festival_gastronomico_barbara_sanfilippo_producto.jpg\" class=\"attachment-large size-large wp-image-5181\" alt=\"B\u00e1rbara Sanfilippo - Producte - ori\u0301Genes Festival gastron\u00f2mic\" srcset=\"https:\/\/festivalorigenes.com\/wp-content\/uploads\/2021\/05\/origenes_festival_gastronomico_barbara_sanfilippo_producto.jpg 1000w, https:\/\/festivalorigenes.com\/wp-content\/uploads\/2021\/05\/origenes_festival_gastronomico_barbara_sanfilippo_producto-300x186.jpg 300w, https:\/\/festivalorigenes.com\/wp-content\/uploads\/2021\/05\/origenes_festival_gastronomico_barbara_sanfilippo_producto-768x475.jpg 768w\" sizes=\"(max-width: 1000px) 100vw, 1000px\" \/>\t\t\t\t\t\t\t\t\t\t\t\t\t\t\t<\/div>\n\t\t\t\t<\/div>\n\t\t\t\t\t<\/div>\n\t\t<\/div>\n\t\t\t\t<div class=\"elementor-column elementor-col-50 elementor-top-column elementor-element elementor-element-13e5feb2\" data-id=\"13e5feb2\" data-element_type=\"column\" data-settings=\"{&quot;background_background&quot;:&quot;classic&quot;}\">\n\t\t\t<div class=\"elementor-widget-wrap elementor-element-populated\">\n\t\t\t\t\t<div class=\"elementor-background-overlay\"><\/div>\n\t\t\t\t\t\t<div class=\"elementor-element elementor-element-7a5ae6ed animated-fast elementor-invisible elementor-widget elementor-widget-heading\" data-id=\"7a5ae6ed\" data-element_type=\"widget\" data-settings=\"{&quot;_animation&quot;:&quot;fadeIn&quot;}\" data-widget_type=\"heading.default\">\n\t\t\t\t<div class=\"elementor-widget-container\">\n\t\t\t\t\t<h2 class=\"elementor-heading-title elementor-size-default\">B\u00c1RBARA SANFILIPPO<\/h2>\t\t\t\t<\/div>\n\t\t\t\t<\/div>\n\t\t\t\t<div class=\"elementor-element elementor-element-31583c78 animated-fast elementor-invisible elementor-widget elementor-widget-heading\" data-id=\"31583c78\" data-element_type=\"widget\" data-settings=\"{&quot;_animation&quot;:&quot;fadeIn&quot;}\" data-widget_type=\"heading.default\">\n\t\t\t\t<div class=\"elementor-widget-container\">\n\t\t\t\t\t<p class=\"elementor-heading-title elementor-size-default\">Santo\u00f1a, Cant\u00e0bria <\/p>\t\t\t\t<\/div>\n\t\t\t\t<\/div>\n\t\t\t\t<div class=\"elementor-element elementor-element-603e7cb1 elementor-invisible elementor-widget elementor-widget-text-editor\" data-id=\"603e7cb1\" data-element_type=\"widget\" data-settings=\"{&quot;_animation&quot;:&quot;fadeIn&quot;}\" data-widget_type=\"text-editor.default\">\n\t\t\t\t<div class=\"elementor-widget-container\">\n\t\t\t\t\t\t\t\t\t<div class=\"page\" title=\"Page 7\">\n<div class=\"layoutArea\">\n<div class=\"column\">\n<p>M\u00e9s de 120 anys d&#8217;hist\u00f2ria familiar dedicada a l&#8217;elaboracio\u0301 d&#8217;anxova en sala\u00f3.<\/p>\n<\/div>\n<\/div>\n<\/div>\n\t\t\t\t\t\t\t\t<\/div>\n\t\t\t\t<\/div>\n\t\t\t\t\t<\/div>\n\t\t<\/div>\n\t\t\t\t\t<\/div>\n\t\t<\/section>\n\t\t\t\t<section class=\"elementor-section elementor-top-section elementor-element elementor-element-7c08a49f elementor-section-full_width elementor-section-content-bottom elementor-reverse-mobile elementor-section-height-default elementor-section-height-default\" data-id=\"7c08a49f\" data-element_type=\"section\" data-settings=\"{&quot;background_background&quot;:&quot;classic&quot;}\">\n\t\t\t\t\t\t<div class=\"elementor-container elementor-column-gap-no\">\n\t\t\t\t\t<div class=\"elementor-column elementor-col-50 elementor-top-column elementor-element elementor-element-624c5142\" data-id=\"624c5142\" data-element_type=\"column\" data-settings=\"{&quot;background_background&quot;:&quot;classic&quot;}\">\n\t\t\t<div class=\"elementor-widget-wrap elementor-element-populated\">\n\t\t\t\t\t\t<section class=\"elementor-section elementor-inner-section elementor-element elementor-element-6a2ac6f3 elementor-reverse-tablet elementor-reverse-mobile elementor-section-boxed elementor-section-height-default elementor-section-height-default\" data-id=\"6a2ac6f3\" data-element_type=\"section\">\n\t\t\t\t\t\t<div class=\"elementor-container elementor-column-gap-default\">\n\t\t\t\t\t<div class=\"elementor-column elementor-col-100 elementor-inner-column elementor-element elementor-element-56ca3e94\" data-id=\"56ca3e94\" data-element_type=\"column\">\n\t\t\t<div class=\"elementor-widget-wrap elementor-element-populated\">\n\t\t\t\t\t\t<div class=\"elementor-element elementor-element-46169a7e elementor-widget elementor-widget-image\" data-id=\"46169a7e\" data-element_type=\"widget\" data-widget_type=\"image.default\">\n\t\t\t\t<div class=\"elementor-widget-container\">\n\t\t\t\t\t\t\t\t\t\t\t\t\t\t\t<img decoding=\"async\" width=\"200\" height=\"154\" src=\"https:\/\/festivalorigenes.com\/wp-content\/uploads\/2020\/09\/quote-1.png\" class=\"attachment-medium size-medium wp-image-3454\" alt=\"\" \/>\t\t\t\t\t\t\t\t\t\t\t\t\t\t\t<\/div>\n\t\t\t\t<\/div>\n\t\t\t\t<div class=\"elementor-element elementor-element-e45cdf7 elementor-widget elementor-widget-heading\" data-id=\"e45cdf7\" data-element_type=\"widget\" data-widget_type=\"heading.default\">\n\t\t\t\t<div class=\"elementor-widget-container\">\n\t\t\t\t\t<h3 class=\"elementor-heading-title elementor-size-medium\">Adoro l'ambient i la subhasta a la baixa de la llonja, el pesatge, l'adrenalina de la licitaci\u00f3, \u00e9s una sensaci\u00f3 incomparable a la meva feina. - B\u00e1rbara Sanfilippo -<\/h3>\t\t\t\t<\/div>\n\t\t\t\t<\/div>\n\t\t\t\t\t<\/div>\n\t\t<\/div>\n\t\t\t\t\t<\/div>\n\t\t<\/section>\n\t\t\t\t\t<\/div>\n\t\t<\/div>\n\t\t\t\t<div class=\"elementor-column elementor-col-50 elementor-top-column elementor-element elementor-element-339b5c55\" data-id=\"339b5c55\" data-element_type=\"column\" data-settings=\"{&quot;background_background&quot;:&quot;classic&quot;}\">\n\t\t\t<div class=\"elementor-widget-wrap elementor-element-populated\">\n\t\t\t\t\t<div class=\"elementor-background-overlay\"><\/div>\n\t\t\t\t\t\t<div class=\"elementor-element elementor-element-505027c elementor-widget elementor-widget-video\" data-id=\"505027c\" data-element_type=\"widget\" data-settings=\"{&quot;youtube_url&quot;:&quot;https:\\\/\\\/www.youtube.com\\\/watch?v=d7P3hKE0isM&quot;,&quot;video_type&quot;:&quot;youtube&quot;,&quot;controls&quot;:&quot;yes&quot;}\" data-widget_type=\"video.default\">\n\t\t\t\t<div class=\"elementor-widget-container\">\n\t\t\t\t\t\t\t<div class=\"elementor-wrapper elementor-open-inline\">\n\t\t\t<div class=\"elementor-video\"><\/div>\t\t<\/div>\n\t\t\t\t\t\t<\/div>\n\t\t\t\t<\/div>\n\t\t\t\t\t<\/div>\n\t\t<\/div>\n\t\t\t\t\t<\/div>\n\t\t<\/section>\n\t\t\t\t<section class=\"elementor-section elementor-top-section elementor-element elementor-element-3b59c789 elementor-section-content-bottom elementor-section-full_width elementor-section-height-default elementor-section-height-default\" data-id=\"3b59c789\" data-element_type=\"section\" data-settings=\"{&quot;background_background&quot;:&quot;classic&quot;}\">\n\t\t\t\t\t\t<div class=\"elementor-container elementor-column-gap-no\">\n\t\t\t\t\t<div class=\"elementor-column elementor-col-50 elementor-top-column elementor-element elementor-element-604b24b5\" data-id=\"604b24b5\" data-element_type=\"column\" data-settings=\"{&quot;background_background&quot;:&quot;classic&quot;}\">\n\t\t\t<div class=\"elementor-widget-wrap elementor-element-populated\">\n\t\t\t\t\t<div class=\"elementor-background-overlay\"><\/div>\n\t\t\t\t\t\t<div class=\"elementor-element elementor-element-4c58a02d elementor-widget elementor-widget-spacer\" data-id=\"4c58a02d\" data-element_type=\"widget\" data-widget_type=\"spacer.default\">\n\t\t\t\t<div class=\"elementor-widget-container\">\n\t\t\t\t\t\t\t<div class=\"elementor-spacer\">\n\t\t\t<div class=\"elementor-spacer-inner\"><\/div>\n\t\t<\/div>\n\t\t\t\t\t\t<\/div>\n\t\t\t\t<\/div>\n\t\t\t\t\t<\/div>\n\t\t<\/div>\n\t\t\t\t<div class=\"elementor-column elementor-col-50 elementor-top-column elementor-element elementor-element-2c85ec5c\" data-id=\"2c85ec5c\" data-element_type=\"column\" data-settings=\"{&quot;background_background&quot;:&quot;classic&quot;}\">\n\t\t\t<div class=\"elementor-widget-wrap elementor-element-populated\">\n\t\t\t\t\t\t<section class=\"elementor-section elementor-inner-section elementor-element elementor-element-1fcf2d28 elementor-reverse-tablet elementor-reverse-mobile elementor-section-boxed elementor-section-height-default elementor-section-height-default\" data-id=\"1fcf2d28\" data-element_type=\"section\">\n\t\t\t\t\t\t<div class=\"elementor-container elementor-column-gap-default\">\n\t\t\t\t\t<div class=\"elementor-column elementor-col-100 elementor-inner-column elementor-element elementor-element-36a2877b\" data-id=\"36a2877b\" data-element_type=\"column\">\n\t\t\t<div class=\"elementor-widget-wrap elementor-element-populated\">\n\t\t\t\t\t\t<div class=\"elementor-element elementor-element-70f51f49 elementor-widget elementor-widget-text-editor\" data-id=\"70f51f49\" data-element_type=\"widget\" data-widget_type=\"text-editor.default\">\n\t\t\t\t<div class=\"elementor-widget-container\">\n\t\t\t\t\t\t\t\t\t<p class=\"p1\"><span class=\"s1\">Treballem la <strong>t\u00e8cnica de sala\u00f3 tradicional<\/strong> a la \u201cvera carne\u201d itali\u00e0 (m\u00e8tode d&#8217;elaboraci\u00f3 fidel a l&#8217;ess\u00e8ncia familiar durant 5 generacions).\u00a0<\/span><\/p>\n<p class=\"p1\"><span class=\"s1\">Nom\u00e9s treballem l&#8217;anxova en primavera, que \u00e9s l&#8217;\u00e8poca de la <strong>costera<\/strong>. El <strong>bocarte<\/strong>, reconegut com el millor a escala mundial, fresa a la mar Cant\u00e0brica amb aigua temperada, t\u00e9 poca grassa (molt proteica), l&#8217;espina no molesta, \u00e9s molt suau i destaca perqu\u00e8 t\u00e9 poca grassa i est\u00e0 focalitzada als ous. Els matisos per a l&#8217;elaboraci\u00f3 en sala\u00f3 el fan \u00fanic i reconeixible pels paladars de tot el m\u00f3n.<\/span><\/p>\n<p class=\"p1\"><span class=\"s1\">Per als puristes, s&#8217;ha de consumir l&#8217;<strong>anxova en sala\u00f3<\/strong> i netejar-se en el moment per no perdre mat\u00eds i aroma. <\/span><\/p>\n<p class=\"p1\"><span class=\"s1\">El mercat, avui dia, demana rapidesa i no es domina l&#8217;art de netejar l&#8217;anxova, evolucionem i llancem la l\u00ednia d&#8217;<strong>anxova en oli<\/strong>.<\/span><\/p>\n\t\t\t\t\t\t\t\t<\/div>\n\t\t\t\t<\/div>\n\t\t\t\t\t<\/div>\n\t\t<\/div>\n\t\t\t\t\t<\/div>\n\t\t<\/section>\n\t\t\t\t\t<\/div>\n\t\t<\/div>\n\t\t\t\t\t<\/div>\n\t\t<\/section>\n\t\t\t\t<section class=\"elementor-section elementor-top-section elementor-element elementor-element-686e5159 elementor-section-content-bottom elementor-section-full_width elementor-reverse-mobile elementor-section-height-default elementor-section-height-default\" data-id=\"686e5159\" data-element_type=\"section\" data-settings=\"{&quot;background_background&quot;:&quot;classic&quot;}\">\n\t\t\t\t\t\t<div class=\"elementor-container elementor-column-gap-no\">\n\t\t\t\t\t<div class=\"elementor-column elementor-col-50 elementor-top-column elementor-element elementor-element-1fdd0d42\" data-id=\"1fdd0d42\" data-element_type=\"column\" data-settings=\"{&quot;background_background&quot;:&quot;classic&quot;}\">\n\t\t\t<div class=\"elementor-widget-wrap elementor-element-populated\">\n\t\t\t\t\t\t<section class=\"elementor-section elementor-inner-section elementor-element elementor-element-1f1651c3 elementor-reverse-tablet elementor-reverse-mobile elementor-section-boxed elementor-section-height-default elementor-section-height-default\" data-id=\"1f1651c3\" data-element_type=\"section\">\n\t\t\t\t\t\t<div class=\"elementor-container elementor-column-gap-default\">\n\t\t\t\t\t<div class=\"elementor-column elementor-col-100 elementor-inner-column elementor-element elementor-element-59dd20b4\" data-id=\"59dd20b4\" data-element_type=\"column\">\n\t\t\t<div class=\"elementor-widget-wrap elementor-element-populated\">\n\t\t\t\t\t\t<div class=\"elementor-element elementor-element-1c3cbcef elementor-widget elementor-widget-text-editor\" data-id=\"1c3cbcef\" data-element_type=\"widget\" data-widget_type=\"text-editor.default\">\n\t\t\t\t<div class=\"elementor-widget-container\">\n\t\t\t\t\t\t\t\t\t<p><span class=\"s1\">&#8220;Hi ha una tradici\u00f3 familiar d&#8217;anar a la f\u00e0brica des de nen, vas <strong>aprenent a degustar<\/strong> i elaborar l&#8217;anxova des del m\u00e8tode tradicional i els secrets de la fam\u00edlia des de la inf\u00e0ncia&#8221;.<\/span><\/p>\n<p class=\"p1\"><span class=\"s1\"><strong>Santo\u00f1a<\/strong>, hist\u00f2ricament, ha estat el port on m\u00e9s captures arribaven d&#8217;<strong>anxova en fresc<\/strong>, m\u00e9s d&#8217;un mili\u00f3 de quilos diaris va ser el r\u00e8cord hist\u00f2ric. Les f\u00e0briques s&#8217;establiren aqu\u00ed com lloc estrat\u00e8gic per treballar un producte fresc com m\u00e9s aviat millor, com correspon al primer proc\u00e9s d&#8217;elaboraci\u00f3.<\/span><\/p>\n\t\t\t\t\t\t\t\t<\/div>\n\t\t\t\t<\/div>\n\t\t\t\t<div class=\"elementor-element elementor-element-1e61aca6 animated-fast elementor-invisible elementor-widget elementor-widget-heading\" data-id=\"1e61aca6\" data-element_type=\"widget\" data-settings=\"{&quot;_animation&quot;:&quot;fadeIn&quot;}\" data-widget_type=\"heading.default\">\n\t\t\t\t<div class=\"elementor-widget-container\">\n\t\t\t\t\t<h2 class=\"elementor-heading-title elementor-size-default\">+ INFO<\/h2>\t\t\t\t<\/div>\n\t\t\t\t<\/div>\n\t\t\t\t<div class=\"elementor-element elementor-element-2d8f3bf3 elementor-align-left elementor-widget elementor-widget-button\" data-id=\"2d8f3bf3\" data-element_type=\"widget\" data-widget_type=\"button.default\">\n\t\t\t\t<div class=\"elementor-widget-container\">\n\t\t\t\t\t\t\t\t\t<div class=\"elementor-button-wrapper\">\n\t\t\t\t\t<a class=\"elementor-button elementor-button-link elementor-size-lg\" href=\"https:\/\/www.anchoasanfilippo.com\/\" target=\"_blank\">\n\t\t\t\t\t\t<span class=\"elementor-button-content-wrapper\">\n\t\t\t\t\t\t<span class=\"elementor-button-icon\">\n\t\t\t\t<i aria-hidden=\"true\" class=\"fas fa-caret-right\"><\/i>\t\t\t<\/span>\n\t\t\t\t\t\t\t\t\t<span class=\"elementor-button-text\">Web<\/span>\n\t\t\t\t\t<\/span>\n\t\t\t\t\t<\/a>\n\t\t\t\t<\/div>\n\t\t\t\t\t\t\t\t<\/div>\n\t\t\t\t<\/div>\n\t\t\t\t\t<\/div>\n\t\t<\/div>\n\t\t\t\t\t<\/div>\n\t\t<\/section>\n\t\t\t\t<div class=\"elementor-element elementor-element-60bde129 elementor-shape-circle e-grid-align-left elementor-grid-0 elementor-widget elementor-widget-social-icons\" data-id=\"60bde129\" data-element_type=\"widget\" data-widget_type=\"social-icons.default\">\n\t\t\t\t<div class=\"elementor-widget-container\">\n\t\t\t\t\t\t\t<div class=\"elementor-social-icons-wrapper elementor-grid\" role=\"list\">\n\t\t\t\t\t\t\t<span class=\"elementor-grid-item\" role=\"listitem\">\n\t\t\t\t\t<a class=\"elementor-icon elementor-social-icon elementor-social-icon-facebook-f elementor-repeater-item-36dbf78\" href=\"https:\/\/www.facebook.com\/anchoasanfilippo\" target=\"_blank\">\n\t\t\t\t\t\t<span class=\"elementor-screen-only\">Facebook-f<\/span>\n\t\t\t\t\t\t<i class=\"fab fa-facebook-f\"><\/i>\t\t\t\t\t<\/a>\n\t\t\t\t<\/span>\n\t\t\t\t\t\t\t<span class=\"elementor-grid-item\" role=\"listitem\">\n\t\t\t\t\t<a class=\"elementor-icon elementor-social-icon elementor-social-icon-instagram elementor-repeater-item-e75f641\" href=\"https:\/\/www.instagram.com\/anchoasanfilippo\/\" target=\"_blank\">\n\t\t\t\t\t\t<span class=\"elementor-screen-only\">Instagram<\/span>\n\t\t\t\t\t\t<i class=\"fab fa-instagram\"><\/i>\t\t\t\t\t<\/a>\n\t\t\t\t<\/span>\n\t\t\t\t\t<\/div>\n\t\t\t\t\t\t<\/div>\n\t\t\t\t<\/div>\n\t\t\t\t\t<\/div>\n\t\t<\/div>\n\t\t\t\t<div class=\"elementor-column elementor-col-50 elementor-top-column elementor-element elementor-element-afebbea\" data-id=\"afebbea\" data-element_type=\"column\" data-settings=\"{&quot;background_background&quot;:&quot;classic&quot;}\">\n\t\t\t<div class=\"elementor-widget-wrap elementor-element-populated\">\n\t\t\t\t\t<div class=\"elementor-background-overlay\"><\/div>\n\t\t\t\t\t\t<div class=\"elementor-element elementor-element-54120d1f elementor-widget elementor-widget-spacer\" data-id=\"54120d1f\" data-element_type=\"widget\" data-widget_type=\"spacer.default\">\n\t\t\t\t<div class=\"elementor-widget-container\">\n\t\t\t\t\t\t\t<div class=\"elementor-spacer\">\n\t\t\t<div class=\"elementor-spacer-inner\"><\/div>\n\t\t<\/div>\n\t\t\t\t\t\t<\/div>\n\t\t\t\t<\/div>\n\t\t\t\t\t<\/div>\n\t\t<\/div>\n\t\t\t\t\t<\/div>\n\t\t<\/section>\n\t\t\t\t<section class=\"elementor-section elementor-top-section elementor-element elementor-element-28e1dfd7 elementor-section-boxed elementor-section-height-default elementor-section-height-default\" data-id=\"28e1dfd7\" data-element_type=\"section\">\n\t\t\t\t\t\t<div class=\"elementor-container elementor-column-gap-default\">\n\t\t\t\t\t<div class=\"elementor-column elementor-col-100 elementor-top-column elementor-element elementor-element-443858f0\" data-id=\"443858f0\" data-element_type=\"column\">\n\t\t\t<div class=\"elementor-widget-wrap elementor-element-populated\">\n\t\t\t\t\t\t<div class=\"elementor-element elementor-element-6e45d159 elementor-widget elementor-widget-heading\" data-id=\"6e45d159\" data-element_type=\"widget\" data-widget_type=\"heading.default\">\n\t\t\t\t<div class=\"elementor-widget-container\">\n\t\t\t\t\t<h2 class=\"elementor-heading-title elementor-size-default\">Descobreix m\u00e9s protagonistes<\/h2>\t\t\t\t<\/div>\n\t\t\t\t<\/div>\n\t\t\t\t<div class=\"elementor-element elementor-element-69ebfdc6 elementor-arrows-position-outside elementor-pagination-position-outside elementor-widget elementor-widget-image-carousel\" data-id=\"69ebfdc6\" data-element_type=\"widget\" data-settings=\"{&quot;slides_to_show&quot;:&quot;3&quot;,&quot;slides_to_scroll&quot;:&quot;1&quot;,&quot;slides_to_show_tablet&quot;:&quot;4&quot;,&quot;slides_to_show_mobile&quot;:&quot;1&quot;,&quot;navigation&quot;:&quot;both&quot;,&quot;autoplay&quot;:&quot;yes&quot;,&quot;pause_on_hover&quot;:&quot;yes&quot;,&quot;pause_on_interaction&quot;:&quot;yes&quot;,&quot;autoplay_speed&quot;:5000,&quot;infinite&quot;:&quot;yes&quot;,&quot;speed&quot;:500}\" data-widget_type=\"image-carousel.default\">\n\t\t\t\t<div class=\"elementor-widget-container\">\n\t\t\t\t\t\t\t<div class=\"elementor-image-carousel-wrapper swiper\" role=\"region\" aria-roledescription=\"carousel\" aria-label=\"Carrusel d&#039;imatges\" dir=\"ltr\">\n\t\t\t<div class=\"elementor-image-carousel swiper-wrapper\" aria-live=\"off\">\n\t\t\t\t\t\t\t\t<div class=\"swiper-slide\" role=\"group\" aria-roledescription=\"slide\" aria-label=\"1 de 11\"><a data-elementor-open-lightbox=\"yes\" data-elementor-lightbox-slideshow=\"69ebfdc6\" data-elementor-lightbox-title=\"Carlos Piernas - Protagonista - ori\u0301Genes Festival gastron\u00f2mic\" data-e-action-hash=\"#elementor-action%3Aaction%3Dlightbox%26settings%3DeyJpZCI6MzUxMywidXJsIjoiaHR0cHM6XC9cL2Zlc3RpdmFsb3JpZ2VuZXMuY29tXC93cC1jb250ZW50XC91cGxvYWRzXC8yMDIwXC8xMVwvRmVzdGl2YWwtR2FzdHJvbm9cdTAzMDFtaWNvLW9yaVx1MDMwMUdlbmVzLUNhcmxvcy1QaWVybmFzLmpwZyIsInNsaWRlc2hvdyI6IjY5ZWJmZGM2In0%3D\" href=\"https:\/\/festivalorigenes.com\/protagonistas\/carlos-piernas\/,https:\/\/festivalorigenes.com\/protagonistas\/viri-fernandez\/,https:\/\/festivalorigenes.com\/protagonistas\/nacho-gomara\/,https:\/\/festivalorigenes.com\/protagonistas\/daniel-jorda\/,https:\/\/festivalorigenes.com\/protagonistas\/edu-torres\/,https:\/\/festivalorigenes.com\/protagonistas\/juan-angel-rodrigalvarez\/,https:\/\/festivalorigenes.com\/anselmo-perez\/,https:\/\/festivalorigenes.com\/protagonistas\/gorka-rodriguez\/,https:\/\/festivalorigenes.com\/protagonistas\/eva-vila\/,https:\/\/festivalorigenes.com\/protagonistas\/jose-luis-dominguez\/,https:\/\/festivalorigenes.com\/protagonistas\/albert-roca\/\"><figure class=\"swiper-slide-inner\"><img decoding=\"async\" class=\"swiper-slide-image\" src=\"https:\/\/festivalorigenes.com\/wp-content\/uploads\/elementor\/thumbs\/Festival-Gastrono\u0301mico-ori\u0301Genes-Carlos-Piernas-oy9s0mwskvyxw66a9recrhywbigt9gvg9ethdfiy0o.jpg\" alt=\"Carlos Piernas - Protagonista - ori\u0301Genes Festival gastron\u00f2mic\" \/><figcaption class=\"elementor-image-carousel-caption\">Carlos Piernas<\/figcaption><\/figure><\/a><\/div><div class=\"swiper-slide\" role=\"group\" aria-roledescription=\"slide\" aria-label=\"2 de 11\"><a data-elementor-open-lightbox=\"yes\" data-elementor-lightbox-slideshow=\"69ebfdc6\" data-elementor-lightbox-title=\"Festival Gastrono\u0301mico ori\u0301Genes - Viri Ferna\u0301ndez\" data-e-action-hash=\"#elementor-action%3Aaction%3Dlightbox%26settings%3DeyJpZCI6MzUwNiwidXJsIjoiaHR0cHM6XC9cL2Zlc3RpdmFsb3JpZ2VuZXMuY29tXC93cC1jb250ZW50XC91cGxvYWRzXC8yMDIwXC8xMVwvRmVzdGl2YWwtR2FzdHJvbm9cdTAzMDFtaWNvLW9yaVx1MDMwMUdlbmVzLVZpcmktRmVybmFcdTAzMDFuZGV6LmpwZyIsInNsaWRlc2hvdyI6IjY5ZWJmZGM2In0%3D\" href=\"https:\/\/festivalorigenes.com\/protagonistas\/carlos-piernas\/,https:\/\/festivalorigenes.com\/protagonistas\/viri-fernandez\/,https:\/\/festivalorigenes.com\/protagonistas\/nacho-gomara\/,https:\/\/festivalorigenes.com\/protagonistas\/daniel-jorda\/,https:\/\/festivalorigenes.com\/protagonistas\/edu-torres\/,https:\/\/festivalorigenes.com\/protagonistas\/juan-angel-rodrigalvarez\/,https:\/\/festivalorigenes.com\/anselmo-perez\/,https:\/\/festivalorigenes.com\/protagonistas\/gorka-rodriguez\/,https:\/\/festivalorigenes.com\/protagonistas\/eva-vila\/,https:\/\/festivalorigenes.com\/protagonistas\/jose-luis-dominguez\/,https:\/\/festivalorigenes.com\/protagonistas\/albert-roca\/\"><figure class=\"swiper-slide-inner\"><img decoding=\"async\" class=\"swiper-slide-image\" src=\"https:\/\/festivalorigenes.com\/wp-content\/uploads\/elementor\/thumbs\/Festival-Gastrono\u0301mico-ori\u0301Genes-Viri-Ferna\u0301ndez-oy9r28zck2wb5q4g2eap1octz1yeo3cyj7n0c0ifnc.jpg\" alt=\"Viri Fern\u00e1ndez - Protagonista - or\u00edGenes Festival Gastrono\u0301mico\" \/><figcaption class=\"elementor-image-carousel-caption\">Viri Fern\u00e1ndez<\/figcaption><\/figure><\/a><\/div><div class=\"swiper-slide\" role=\"group\" aria-roledescription=\"slide\" aria-label=\"3 de 11\"><a data-elementor-open-lightbox=\"yes\" data-elementor-lightbox-slideshow=\"69ebfdc6\" data-elementor-lightbox-title=\"Nacho G\u00f3mara - Protagonista - ori\u0301Genes Festival gastron\u00f2mic\" data-e-action-hash=\"#elementor-action%3Aaction%3Dlightbox%26settings%3DeyJpZCI6MzUxNiwidXJsIjoiaHR0cHM6XC9cL2Zlc3RpdmFsb3JpZ2VuZXMuY29tXC93cC1jb250ZW50XC91cGxvYWRzXC8yMDIwXC8xMVwvRmVzdGl2YWwtR2FzdHJvbm9cdTAzMDFtaWNvLW9yaVx1MDMwMUdlbmVzLU5hY2hvLUdvXHUwMzAxbWFyYS5qcGciLCJzbGlkZXNob3ciOiI2OWViZmRjNiJ9\" href=\"https:\/\/festivalorigenes.com\/protagonistas\/carlos-piernas\/,https:\/\/festivalorigenes.com\/protagonistas\/viri-fernandez\/,https:\/\/festivalorigenes.com\/protagonistas\/nacho-gomara\/,https:\/\/festivalorigenes.com\/protagonistas\/daniel-jorda\/,https:\/\/festivalorigenes.com\/protagonistas\/edu-torres\/,https:\/\/festivalorigenes.com\/protagonistas\/juan-angel-rodrigalvarez\/,https:\/\/festivalorigenes.com\/anselmo-perez\/,https:\/\/festivalorigenes.com\/protagonistas\/gorka-rodriguez\/,https:\/\/festivalorigenes.com\/protagonistas\/eva-vila\/,https:\/\/festivalorigenes.com\/protagonistas\/jose-luis-dominguez\/,https:\/\/festivalorigenes.com\/protagonistas\/albert-roca\/\"><figure class=\"swiper-slide-inner\"><img decoding=\"async\" class=\"swiper-slide-image\" src=\"https:\/\/festivalorigenes.com\/wp-content\/uploads\/elementor\/thumbs\/Festival-Gastrono\u0301mico-ori\u0301Genes-Nacho-Go\u0301mara-oy9scdw60c1z0p3vnu8gxj8bmwjzh9invkdzby3s8o.jpg\" alt=\"Nacho G\u00f3mara - Protagonista - ori\u0301Genes Festival gastron\u00f2mic\" \/><figcaption class=\"elementor-image-carousel-caption\">Nacho G\u00f3mara<\/figcaption><\/figure><\/a><\/div><div class=\"swiper-slide\" role=\"group\" aria-roledescription=\"slide\" aria-label=\"4 de 11\"><a data-elementor-open-lightbox=\"yes\" data-elementor-lightbox-slideshow=\"69ebfdc6\" data-elementor-lightbox-title=\"Daniel Jord\u00e0 - Protagonista - ori\u0301Genes Festival gastron\u00f2mic\" data-e-action-hash=\"#elementor-action%3Aaction%3Dlightbox%26settings%3DeyJpZCI6MzUyMywidXJsIjoiaHR0cHM6XC9cL2Zlc3RpdmFsb3JpZ2VuZXMuY29tXC93cC1jb250ZW50XC91cGxvYWRzXC8yMDIwXC8xMVwvRmVzdGl2YWwtR2FzdHJvbm9cdTAzMDFtaWNvLW9yaVx1MDMwMUdlbmVzLURhbmllbC1Kb3JkYVx1MDMwMC5qcGciLCJzbGlkZXNob3ciOiI2OWViZmRjNiJ9\" href=\"https:\/\/festivalorigenes.com\/protagonistas\/carlos-piernas\/,https:\/\/festivalorigenes.com\/protagonistas\/viri-fernandez\/,https:\/\/festivalorigenes.com\/protagonistas\/nacho-gomara\/,https:\/\/festivalorigenes.com\/protagonistas\/daniel-jorda\/,https:\/\/festivalorigenes.com\/protagonistas\/edu-torres\/,https:\/\/festivalorigenes.com\/protagonistas\/juan-angel-rodrigalvarez\/,https:\/\/festivalorigenes.com\/anselmo-perez\/,https:\/\/festivalorigenes.com\/protagonistas\/gorka-rodriguez\/,https:\/\/festivalorigenes.com\/protagonistas\/eva-vila\/,https:\/\/festivalorigenes.com\/protagonistas\/jose-luis-dominguez\/,https:\/\/festivalorigenes.com\/protagonistas\/albert-roca\/\"><figure class=\"swiper-slide-inner\"><img decoding=\"async\" class=\"swiper-slide-image\" src=\"https:\/\/festivalorigenes.com\/wp-content\/uploads\/elementor\/thumbs\/Festival-Gastrono\u0301mico-ori\u0301Genes-Daniel-Jorda\u0300-oy9sjq0tcs3jn4g7tiemw6kuk6e4k7n8jvpf6p85o8.jpg\" alt=\"Daniel Jord\u00e0 - Protagonista - ori\u0301Genes Festival gastron\u00f2mic\" \/><figcaption class=\"elementor-image-carousel-caption\">Daniel Jord\u00e0<\/figcaption><\/figure><\/a><\/div><div class=\"swiper-slide\" role=\"group\" aria-roledescription=\"slide\" aria-label=\"5 de 11\"><a data-elementor-open-lightbox=\"yes\" data-elementor-lightbox-slideshow=\"69ebfdc6\" data-elementor-lightbox-title=\"Edu Torres - Protagonista - ori\u0301Genes Festival gastron\u00f2mic\" data-e-action-hash=\"#elementor-action%3Aaction%3Dlightbox%26settings%3DeyJpZCI6MzQ5OSwidXJsIjoiaHR0cHM6XC9cL2Zlc3RpdmFsb3JpZ2VuZXMuY29tXC93cC1jb250ZW50XC91cGxvYWRzXC8yMDIwXC8xMVwvRmVzdGl2YWwtR2FzdHJvbm9cdTAzMDFtaWNvLW9yaVx1MDMwMUdlbmVzLUVkdS1Ub3JyZXMtMS5qcGciLCJzbGlkZXNob3ciOiI2OWViZmRjNiJ9\" href=\"https:\/\/festivalorigenes.com\/protagonistas\/carlos-piernas\/,https:\/\/festivalorigenes.com\/protagonistas\/viri-fernandez\/,https:\/\/festivalorigenes.com\/protagonistas\/nacho-gomara\/,https:\/\/festivalorigenes.com\/protagonistas\/daniel-jorda\/,https:\/\/festivalorigenes.com\/protagonistas\/edu-torres\/,https:\/\/festivalorigenes.com\/protagonistas\/juan-angel-rodrigalvarez\/,https:\/\/festivalorigenes.com\/anselmo-perez\/,https:\/\/festivalorigenes.com\/protagonistas\/gorka-rodriguez\/,https:\/\/festivalorigenes.com\/protagonistas\/eva-vila\/,https:\/\/festivalorigenes.com\/protagonistas\/jose-luis-dominguez\/,https:\/\/festivalorigenes.com\/protagonistas\/albert-roca\/\"><figure class=\"swiper-slide-inner\"><img decoding=\"async\" class=\"swiper-slide-image\" src=\"https:\/\/festivalorigenes.com\/wp-content\/uploads\/elementor\/thumbs\/Festival-Gastrono\u0301mico-ori\u0301Genes-Edu-Torres-1-oy9h2z44br2tjbzlz3k80c6814rskx2egyxssl7lx4.jpg\" alt=\"Edu Torres - Protagonista - ori\u0301Genes Festival gastron\u00f2mic\" \/><figcaption class=\"elementor-image-carousel-caption\">Edu Torres<\/figcaption><\/figure><\/a><\/div><div class=\"swiper-slide\" role=\"group\" aria-roledescription=\"slide\" aria-label=\"6 de 11\"><a data-elementor-open-lightbox=\"yes\" data-elementor-lightbox-slideshow=\"69ebfdc6\" data-elementor-lightbox-title=\"Juan \u00c1ngel Rodrig\u00e1lvarez - Protagonista - ori\u0301Genes Festival gastron\u00f2mic\" data-e-action-hash=\"#elementor-action%3Aaction%3Dlightbox%26settings%3DeyJpZCI6MzUyNSwidXJsIjoiaHR0cHM6XC9cL2Zlc3RpdmFsb3JpZ2VuZXMuY29tXC93cC1jb250ZW50XC91cGxvYWRzXC8yMDIwXC8xMVwvRmVzdGl2YWwtR2FzdHJvbm9cdTAzMDFtaWNvLW9yaVx1MDMwMUdlbmVzLUp1YW4tQVx1MDMwMW5nZWwtUm9kcmlcdTAzMDFndWV6LmpwZyIsInNsaWRlc2hvdyI6IjY5ZWJmZGM2In0%3D\" href=\"https:\/\/festivalorigenes.com\/protagonistas\/carlos-piernas\/,https:\/\/festivalorigenes.com\/protagonistas\/viri-fernandez\/,https:\/\/festivalorigenes.com\/protagonistas\/nacho-gomara\/,https:\/\/festivalorigenes.com\/protagonistas\/daniel-jorda\/,https:\/\/festivalorigenes.com\/protagonistas\/edu-torres\/,https:\/\/festivalorigenes.com\/protagonistas\/juan-angel-rodrigalvarez\/,https:\/\/festivalorigenes.com\/anselmo-perez\/,https:\/\/festivalorigenes.com\/protagonistas\/gorka-rodriguez\/,https:\/\/festivalorigenes.com\/protagonistas\/eva-vila\/,https:\/\/festivalorigenes.com\/protagonistas\/jose-luis-dominguez\/,https:\/\/festivalorigenes.com\/protagonistas\/albert-roca\/\"><figure class=\"swiper-slide-inner\"><img decoding=\"async\" class=\"swiper-slide-image\" src=\"https:\/\/festivalorigenes.com\/wp-content\/uploads\/elementor\/thumbs\/Festival-Gastrono\u0301mico-ori\u0301Genes-Juan-A\u0301ngel-Rodri\u0301guez-oy9stqyu95tnhdvx9ufdhnhuo4z2nzg5xi7vgyczaw.jpg\" alt=\"Juan \u00c1ngel Rodrig\u00e1lvarez - Protagonista - ori\u0301Genes Festival gastron\u00f2mic\" \/><figcaption class=\"elementor-image-carousel-caption\">Juan \u00c1ngel Rodrig\u00e1lvarez<\/figcaption><\/figure><\/a><\/div><div class=\"swiper-slide\" role=\"group\" aria-roledescription=\"slide\" aria-label=\"7 de 11\"><a data-elementor-open-lightbox=\"yes\" data-elementor-lightbox-slideshow=\"69ebfdc6\" data-elementor-lightbox-title=\"Anselmo_Perez_Festival_oriGenes4\" data-e-action-hash=\"#elementor-action%3Aaction%3Dlightbox%26settings%3DeyJpZCI6MzU0MywidXJsIjoiaHR0cHM6XC9cL2Zlc3RpdmFsb3JpZ2VuZXMuY29tXC93cC1jb250ZW50XC91cGxvYWRzXC8yMDIwXC8xMlwvQW5zZWxtb19QZXJlel9GZXN0aXZhbF9vcmlHZW5lczQuanBnIiwic2xpZGVzaG93IjoiNjllYmZkYzYifQ%3D%3D\" href=\"https:\/\/festivalorigenes.com\/protagonistas\/carlos-piernas\/,https:\/\/festivalorigenes.com\/protagonistas\/viri-fernandez\/,https:\/\/festivalorigenes.com\/protagonistas\/nacho-gomara\/,https:\/\/festivalorigenes.com\/protagonistas\/daniel-jorda\/,https:\/\/festivalorigenes.com\/protagonistas\/edu-torres\/,https:\/\/festivalorigenes.com\/protagonistas\/juan-angel-rodrigalvarez\/,https:\/\/festivalorigenes.com\/anselmo-perez\/,https:\/\/festivalorigenes.com\/protagonistas\/gorka-rodriguez\/,https:\/\/festivalorigenes.com\/protagonistas\/eva-vila\/,https:\/\/festivalorigenes.com\/protagonistas\/jose-luis-dominguez\/,https:\/\/festivalorigenes.com\/protagonistas\/albert-roca\/\"><figure class=\"swiper-slide-inner\"><img decoding=\"async\" class=\"swiper-slide-image\" src=\"https:\/\/festivalorigenes.com\/wp-content\/uploads\/elementor\/thumbs\/Anselmo_Perez_Festival_oriGenes4-ozngu9tepzh9wl0jazrrpza0dupq6l0xg48ikkibp4.jpg\" alt=\"Anselmo P\u00e9rez - or\u00edGenes Festival Gastron\u00f3mico\" \/><figcaption class=\"elementor-image-carousel-caption\">Anselmo P\u00e9rez<\/figcaption><\/figure><\/a><\/div><div class=\"swiper-slide\" role=\"group\" aria-roledescription=\"slide\" aria-label=\"8 de 11\"><a data-elementor-open-lightbox=\"yes\" data-elementor-lightbox-slideshow=\"69ebfdc6\" data-elementor-lightbox-title=\"Gorka Rodri\u0301guez - Protagonista - ori\u0301Genes Festival Gastron\u00f2mic\" data-e-action-hash=\"#elementor-action%3Aaction%3Dlightbox%26settings%3DeyJpZCI6Mzg5NiwidXJsIjoiaHR0cHM6XC9cL2Zlc3RpdmFsb3JpZ2VuZXMuY29tXC93cC1jb250ZW50XC91cGxvYWRzXC8yMDIxXC8wMVwvR29ya2EtUm9kcmlcdTAzMDFndWV6LVByb3RhZ29uaXN0YS1vcmlcdTAzMDFHZW5lcy1GZXN0aXZhbC1HYXN0cm9ub1x1MDMwMW1pY28uanBnIiwic2xpZGVzaG93IjoiNjllYmZkYzYifQ%3D%3D\" href=\"https:\/\/festivalorigenes.com\/protagonistas\/carlos-piernas\/,https:\/\/festivalorigenes.com\/protagonistas\/viri-fernandez\/,https:\/\/festivalorigenes.com\/protagonistas\/nacho-gomara\/,https:\/\/festivalorigenes.com\/protagonistas\/daniel-jorda\/,https:\/\/festivalorigenes.com\/protagonistas\/edu-torres\/,https:\/\/festivalorigenes.com\/protagonistas\/juan-angel-rodrigalvarez\/,https:\/\/festivalorigenes.com\/anselmo-perez\/,https:\/\/festivalorigenes.com\/protagonistas\/gorka-rodriguez\/,https:\/\/festivalorigenes.com\/protagonistas\/eva-vila\/,https:\/\/festivalorigenes.com\/protagonistas\/jose-luis-dominguez\/,https:\/\/festivalorigenes.com\/protagonistas\/albert-roca\/\"><figure class=\"swiper-slide-inner\"><img decoding=\"async\" class=\"swiper-slide-image\" src=\"https:\/\/festivalorigenes.com\/wp-content\/uploads\/elementor\/thumbs\/Gorka-Rodri\u0301guez-Protagonista-ori\u0301Genes-Festival-Gastrono\u0301mico-p24gmls0y28210k24ra4g9aoiom31c9q1ykkl26gmw.jpg\" alt=\"Gorka Rodri\u0301guez - Protagonista - ori\u0301Genes Festival Gastrono\u0301mico\" \/><figcaption class=\"elementor-image-carousel-caption\">Gorka Rodr\u00edguez<\/figcaption><\/figure><\/a><\/div><div class=\"swiper-slide\" role=\"group\" aria-roledescription=\"slide\" aria-label=\"9 de 11\"><a data-elementor-open-lightbox=\"yes\" data-elementor-lightbox-slideshow=\"69ebfdc6\" data-elementor-lightbox-title=\"Eva Vila - Protagonista - ori\u0301Genes Festival Gastrono\u0301mico\" data-e-action-hash=\"#elementor-action%3Aaction%3Dlightbox%26settings%3DeyJpZCI6NDAzNCwidXJsIjoiaHR0cHM6XC9cL2Zlc3RpdmFsb3JpZ2VuZXMuY29tXC93cC1jb250ZW50XC91cGxvYWRzXC8yMDIxXC8wMlwvRXZhLVZpbGEtUHJvdGFnb25pc3RhLW9yaVx1MDMwMUdlbmVzLUZlc3RpdmFsLUdhc3Ryb25vXHUwMzAxbWljby5qcGciLCJzbGlkZXNob3ciOiI2OWViZmRjNiJ9\" href=\"https:\/\/festivalorigenes.com\/protagonistas\/carlos-piernas\/,https:\/\/festivalorigenes.com\/protagonistas\/viri-fernandez\/,https:\/\/festivalorigenes.com\/protagonistas\/nacho-gomara\/,https:\/\/festivalorigenes.com\/protagonistas\/daniel-jorda\/,https:\/\/festivalorigenes.com\/protagonistas\/edu-torres\/,https:\/\/festivalorigenes.com\/protagonistas\/juan-angel-rodrigalvarez\/,https:\/\/festivalorigenes.com\/anselmo-perez\/,https:\/\/festivalorigenes.com\/protagonistas\/gorka-rodriguez\/,https:\/\/festivalorigenes.com\/protagonistas\/eva-vila\/,https:\/\/festivalorigenes.com\/protagonistas\/jose-luis-dominguez\/,https:\/\/festivalorigenes.com\/protagonistas\/albert-roca\/\"><figure class=\"swiper-slide-inner\"><img decoding=\"async\" class=\"swiper-slide-image\" src=\"https:\/\/festivalorigenes.com\/wp-content\/uploads\/elementor\/thumbs\/Eva-Vila-Protagonista-ori\u0301Genes-Festival-Gastrono\u0301mico-p2acpp9enq3fy25ij2j7vkgco86yor2p46hzedjmwo.jpg\" alt=\"Eva Vila - ori\u0301Genes Festival Gastrono\u0301mico\" \/><figcaption class=\"elementor-image-carousel-caption\">Eva Vila<\/figcaption><\/figure><\/a><\/div><div class=\"swiper-slide\" role=\"group\" aria-roledescription=\"slide\" aria-label=\"10 de 11\"><a data-elementor-open-lightbox=\"yes\" data-elementor-lightbox-slideshow=\"69ebfdc6\" data-elementor-lightbox-title=\"Jos\u00e9 Luis Dominguez - Protagonista - ori\u0301Genes Festival Gastron\u00f2mic\" data-e-action-hash=\"#elementor-action%3Aaction%3Dlightbox%26settings%3DeyJpZCI6NDI2NiwidXJsIjoiaHR0cHM6XC9cL2Zlc3RpdmFsb3JpZ2VuZXMuY29tXC93cC1jb250ZW50XC91cGxvYWRzXC8yMDIxXC8wM1wvb3JpZ2VuZXNfZmVzdGl2YWxfZ2FzdHJvbm9taWNvX2pvc2VfbHVpc19kb21pbmd1ZXouanBnIiwic2xpZGVzaG93IjoiNjllYmZkYzYifQ%3D%3D\" href=\"https:\/\/festivalorigenes.com\/protagonistas\/carlos-piernas\/,https:\/\/festivalorigenes.com\/protagonistas\/viri-fernandez\/,https:\/\/festivalorigenes.com\/protagonistas\/nacho-gomara\/,https:\/\/festivalorigenes.com\/protagonistas\/daniel-jorda\/,https:\/\/festivalorigenes.com\/protagonistas\/edu-torres\/,https:\/\/festivalorigenes.com\/protagonistas\/juan-angel-rodrigalvarez\/,https:\/\/festivalorigenes.com\/anselmo-perez\/,https:\/\/festivalorigenes.com\/protagonistas\/gorka-rodriguez\/,https:\/\/festivalorigenes.com\/protagonistas\/eva-vila\/,https:\/\/festivalorigenes.com\/protagonistas\/jose-luis-dominguez\/,https:\/\/festivalorigenes.com\/protagonistas\/albert-roca\/\"><figure class=\"swiper-slide-inner\"><img decoding=\"async\" class=\"swiper-slide-image\" src=\"https:\/\/festivalorigenes.com\/wp-content\/uploads\/elementor\/thumbs\/origenes_festival_gastronomico_jose_luis_dominguez-p4pdi5cneg0wpk9exjem6bcj61q4g6mqnkcqnquoxk.jpg\" alt=\"Jos\u00e9 Luis Dominguez - Protagonista - ori\u0301Genes Festival Gastron\u00f2mic\" \/><figcaption class=\"elementor-image-carousel-caption\">Jos\u00e9 Luis Dom\u00ednguez<\/figcaption><\/figure><\/a><\/div><div class=\"swiper-slide\" role=\"group\" aria-roledescription=\"slide\" aria-label=\"11 de 11\"><a data-elementor-open-lightbox=\"yes\" data-elementor-lightbox-slideshow=\"69ebfdc6\" data-elementor-lightbox-title=\"Festival Gastrono\u0301mico ori\u0301Genes - Albert Roca\" data-e-action-hash=\"#elementor-action%3Aaction%3Dlightbox%26settings%3DeyJpZCI6MzUzNywidXJsIjoiaHR0cHM6XC9cL2Zlc3RpdmFsb3JpZ2VuZXMuY29tXC93cC1jb250ZW50XC91cGxvYWRzXC8yMDIwXC8xMVwvRmVzdGl2YWwtR2FzdHJvbm9cdTAzMDFtaWNvLW9yaVx1MDMwMUdlbmVzLUFsYmVydC1Sb2NhLTEuanBnIiwic2xpZGVzaG93IjoiNjllYmZkYzYifQ%3D%3D\" href=\"https:\/\/festivalorigenes.com\/protagonistas\/carlos-piernas\/,https:\/\/festivalorigenes.com\/protagonistas\/viri-fernandez\/,https:\/\/festivalorigenes.com\/protagonistas\/nacho-gomara\/,https:\/\/festivalorigenes.com\/protagonistas\/daniel-jorda\/,https:\/\/festivalorigenes.com\/protagonistas\/edu-torres\/,https:\/\/festivalorigenes.com\/protagonistas\/juan-angel-rodrigalvarez\/,https:\/\/festivalorigenes.com\/anselmo-perez\/,https:\/\/festivalorigenes.com\/protagonistas\/gorka-rodriguez\/,https:\/\/festivalorigenes.com\/protagonistas\/eva-vila\/,https:\/\/festivalorigenes.com\/protagonistas\/jose-luis-dominguez\/,https:\/\/festivalorigenes.com\/protagonistas\/albert-roca\/\"><figure class=\"swiper-slide-inner\"><img decoding=\"async\" class=\"swiper-slide-image\" src=\"https:\/\/festivalorigenes.com\/wp-content\/uploads\/elementor\/thumbs\/Festival-Gastrono\u0301mico-ori\u0301Genes-Albert-Roca-1-oyznxe8qvroxvkqa2waa734986wid24egcp272g2pk.jpg\" alt=\"Albert Roca - Protagonista - or\u00edGenes Festival Gastrono\u0301mico\" \/><figcaption class=\"elementor-image-carousel-caption\">Albert Roca<\/figcaption><\/figure><\/a><\/div>\t\t\t<\/div>\n\t\t\t\t\t\t\t\t\t\t\t\t<div class=\"elementor-swiper-button elementor-swiper-button-prev\" role=\"button\" tabindex=\"0\">\n\t\t\t\t\t\t<i aria-hidden=\"true\" class=\"eicon-chevron-left\"><\/i>\t\t\t\t\t<\/div>\n\t\t\t\t\t<div class=\"elementor-swiper-button elementor-swiper-button-next\" role=\"button\" tabindex=\"0\">\n\t\t\t\t\t\t<i aria-hidden=\"true\" class=\"eicon-chevron-right\"><\/i>\t\t\t\t\t<\/div>\n\t\t\t\t\n\t\t\t\t\t\t\t\t\t<div class=\"swiper-pagination\"><\/div>\n\t\t\t\t\t\t\t\t\t<\/div>\n\t\t\t\t\t\t<\/div>\n\t\t\t\t<\/div>\n\t\t\t\t\t<\/div>\n\t\t<\/div>\n\t\t\t\t\t<\/div>\n\t\t<\/section>\n\t\t\t\t<\/div>\n\t\t","protected":false},"excerpt":{"rendered":"<p>B\u00c1RBARA SANFILIPPO Santo\u00f1a, Cant\u00e0bria M\u00e9s de 120 anys d&#8217;hist\u00f2ria familiar dedicada a l&#8217;elaboracio\u0301 d&#8217;anxova en sala\u00f3. Adoro l&#8217;ambient i la subhasta a la baixa de la llonja, el pesatge, l&#8217;adrenalina de la licitaci\u00f3, \u00e9s una sensaci\u00f3 incomparable a la meva feina. &#8211; B\u00e1rbara Sanfilippo &#8211; Treballem la t\u00e8cnica de sala\u00f3 tradicional a la \u201cvera carne\u201d [&hellip;]<\/p>\n","protected":false},"author":1,"featured_media":0,"parent":5656,"menu_order":0,"comment_status":"closed","ping_status":"closed","template":"","meta":{"site-sidebar-layout":"no-sidebar","site-content-layout":"page-builder","ast-site-content-layout":"default","site-content-style":"default","site-sidebar-style":"default","ast-global-header-display":"","ast-banner-title-visibility":"","ast-main-header-display":"","ast-hfb-above-header-display":"","ast-hfb-below-header-display":"","ast-hfb-mobile-header-display":"","site-post-title":"disabled","ast-breadcrumbs-content":"","ast-featured-img":"disabled","footer-sml-layout":"","theme-transparent-header-meta":"disabled","adv-header-id-meta":"","stick-header-meta":"default","header-above-stick-meta":"","header-main-stick-meta":"","header-below-stick-meta":null,"astra-migrate-meta-layouts":"default","ast-page-background-enabled":"default","ast-page-background-meta":{"desktop":{"background-color":"","background-image":"","background-repeat":"repeat","background-position":"center center","background-size":"auto","background-attachment":"scroll","background-type":"","background-media":"","overlay-type":"","overlay-color":"","overlay-opacity":"","overlay-gradient":""},"tablet":{"background-color":"","background-image":"","background-repeat":"repeat","background-position":"center center","background-size":"auto","background-attachment":"scroll","background-type":"","background-media":"","overlay-type":"","overlay-color":"","overlay-opacity":"","overlay-gradient":""},"mobile":{"background-color":"","background-image":"","background-repeat":"repeat","background-position":"center center","background-size":"auto","background-attachment":"scroll","background-type":"","background-media":"","overlay-type":"","overlay-color":"","overlay-opacity":"","overlay-gradient":""}},"ast-content-background-meta":{"desktop":{"background-color":"var(--ast-global-color-5)","background-image":"","background-repeat":"repeat","background-position":"center center","background-size":"auto","background-attachment":"scroll","background-type":"","background-media":"","overlay-type":"","overlay-color":"","overlay-opacity":"","overlay-gradient":""},"tablet":{"background-color":"var(--ast-global-color-5)","background-image":"","background-repeat":"repeat","background-position":"center center","background-size":"auto","background-attachment":"scroll","background-type":"","background-media":"","overlay-type":"","overlay-color":"","overlay-opacity":"","overlay-gradient":""},"mobile":{"background-color":"var(--ast-global-color-5)","background-image":"","background-repeat":"repeat","background-position":"center center","background-size":"auto","background-attachment":"scroll","background-type":"","background-media":"","overlay-type":"","overlay-color":"","overlay-opacity":"","overlay-gradient":""}},"footnotes":""},"class_list":["post-5289","page","type-page","status-publish","hentry"],"yoast_head":"<!-- This site is optimized with the Yoast SEO plugin v25.7 - https:\/\/yoast.com\/wordpress\/plugins\/seo\/ -->\n<title>B\u00e1rbara Sanfilippo - or\u00edGenes - Festival Gastron\u00f2mic<\/title>\n<meta name=\"robots\" content=\"index, follow, max-snippet:-1, max-image-preview:large, max-video-preview:-1\" \/>\n<link rel=\"canonical\" href=\"https:\/\/festivalorigenes.com\/ca\/protagonistes-2021\/barbara-sanfilippo\/\" \/>\n<meta property=\"og:locale\" content=\"ca_ES\" \/>\n<meta property=\"og:type\" content=\"article\" \/>\n<meta property=\"og:title\" content=\"B\u00e1rbara Sanfilippo - or\u00edGenes - Festival Gastron\u00f2mic\" \/>\n<meta property=\"og:description\" content=\"B\u00c1RBARA SANFILIPPO Santo\u00f1a, Cant\u00e0bria M\u00e9s de 120 anys d&#8217;hist\u00f2ria familiar dedicada a l&#8217;elaboracio\u0301 d&#8217;anxova en sala\u00f3. Adoro l&#8217;ambient i la subhasta a la baixa de la llonja, el pesatge, l&#8217;adrenalina de la licitaci\u00f3, \u00e9s una sensaci\u00f3 incomparable a la meva feina. &#8211; B\u00e1rbara Sanfilippo &#8211; Treballem la t\u00e8cnica de sala\u00f3 tradicional a la \u201cvera carne\u201d [&hellip;]\" \/>\n<meta property=\"og:url\" content=\"https:\/\/festivalorigenes.com\/ca\/protagonistes-2021\/barbara-sanfilippo\/\" \/>\n<meta property=\"og:site_name\" content=\"or\u00edGenes - Festival Gastron\u00f2mic\" \/>\n<meta property=\"article:publisher\" content=\"https:\/\/www.facebook.com\/origenesfestivalgastronomico\/\" \/>\n<meta property=\"article:modified_time\" content=\"2022-02-11T09:55:25+00:00\" \/>\n<meta property=\"og:image\" content=\"https:\/\/festivalorigenes.com\/wp-content\/uploads\/2021\/05\/origenes_festival_gastronomico_barbara_sanfilippo_producto.jpg\" \/>\n<meta name=\"twitter:card\" content=\"summary_large_image\" \/>\n<meta name=\"twitter:site\" content=\"@origenesfest\" \/>\n<meta name=\"twitter:label1\" content=\"Temps estimat de lectura\" \/>\n\t<meta name=\"twitter:data1\" content=\"6 minuts\" \/>\n<script type=\"application\/ld+json\" class=\"yoast-schema-graph\">{\"@context\":\"https:\/\/schema.org\",\"@graph\":[{\"@type\":\"WebPage\",\"@id\":\"https:\/\/festivalorigenes.com\/ca\/protagonistes-2021\/barbara-sanfilippo\/\",\"url\":\"https:\/\/festivalorigenes.com\/ca\/protagonistes-2021\/barbara-sanfilippo\/\",\"name\":\"B\u00e1rbara Sanfilippo - or\u00edGenes - Festival Gastron\u00f2mic\",\"isPartOf\":{\"@id\":\"https:\/\/festivalorigenes.com\/ca\/#website\"},\"primaryImageOfPage\":{\"@id\":\"https:\/\/festivalorigenes.com\/ca\/protagonistes-2021\/barbara-sanfilippo\/#primaryimage\"},\"image\":{\"@id\":\"https:\/\/festivalorigenes.com\/ca\/protagonistes-2021\/barbara-sanfilippo\/#primaryimage\"},\"thumbnailUrl\":\"https:\/\/festivalorigenes.com\/wp-content\/uploads\/2021\/05\/origenes_festival_gastronomico_barbara_sanfilippo_producto.jpg\",\"datePublished\":\"2021-05-18T15:03:56+00:00\",\"dateModified\":\"2022-02-11T09:55:25+00:00\",\"breadcrumb\":{\"@id\":\"https:\/\/festivalorigenes.com\/ca\/protagonistes-2021\/barbara-sanfilippo\/#breadcrumb\"},\"inLanguage\":\"ca\",\"potentialAction\":[{\"@type\":\"ReadAction\",\"target\":[\"https:\/\/festivalorigenes.com\/ca\/protagonistes-2021\/barbara-sanfilippo\/\"]}]},{\"@type\":\"ImageObject\",\"inLanguage\":\"ca\",\"@id\":\"https:\/\/festivalorigenes.com\/ca\/protagonistes-2021\/barbara-sanfilippo\/#primaryimage\",\"url\":\"https:\/\/festivalorigenes.com\/wp-content\/uploads\/2021\/05\/origenes_festival_gastronomico_barbara_sanfilippo_producto.jpg\",\"contentUrl\":\"https:\/\/festivalorigenes.com\/wp-content\/uploads\/2021\/05\/origenes_festival_gastronomico_barbara_sanfilippo_producto.jpg\"},{\"@type\":\"BreadcrumbList\",\"@id\":\"https:\/\/festivalorigenes.com\/ca\/protagonistes-2021\/barbara-sanfilippo\/#breadcrumb\",\"itemListElement\":[{\"@type\":\"ListItem\",\"position\":1,\"name\":\"Portada\",\"item\":\"https:\/\/festivalorigenes.com\/ca\/\"},{\"@type\":\"ListItem\",\"position\":2,\"name\":\"Protagonistes 2021\",\"item\":\"https:\/\/festivalorigenes.com\/ca\/protagonistes-2021\/\"},{\"@type\":\"ListItem\",\"position\":3,\"name\":\"B\u00e1rbara Sanfilippo\"}]},{\"@type\":\"WebSite\",\"@id\":\"https:\/\/festivalorigenes.com\/ca\/#website\",\"url\":\"https:\/\/festivalorigenes.com\/ca\/\",\"name\":\"or\u00edGenes - Festival Gastron\u00f2mic\",\"description\":\"\",\"publisher\":{\"@id\":\"https:\/\/festivalorigenes.com\/ca\/#organization\"},\"potentialAction\":[{\"@type\":\"SearchAction\",\"target\":{\"@type\":\"EntryPoint\",\"urlTemplate\":\"https:\/\/festivalorigenes.com\/ca\/?s={search_term_string}\"},\"query-input\":{\"@type\":\"PropertyValueSpecification\",\"valueRequired\":true,\"valueName\":\"search_term_string\"}}],\"inLanguage\":\"ca\"},{\"@type\":\"Organization\",\"@id\":\"https:\/\/festivalorigenes.com\/ca\/#organization\",\"name\":\"or\u00edGenes Festival Gastron\u00f2mic\",\"url\":\"https:\/\/festivalorigenes.com\/ca\/\",\"logo\":{\"@type\":\"ImageObject\",\"inLanguage\":\"ca\",\"@id\":\"https:\/\/festivalorigenes.com\/ca\/#\/schema\/logo\/image\/\",\"url\":\"https:\/\/festivalorigenes.com\/wp-content\/uploads\/2020\/11\/124151422_123321709577698_694323274832345559_n.png\",\"contentUrl\":\"https:\/\/festivalorigenes.com\/wp-content\/uploads\/2020\/11\/124151422_123321709577698_694323274832345559_n.png\",\"width\":401,\"height\":401,\"caption\":\"or\u00edGenes Festival Gastron\u00f2mic\"},\"image\":{\"@id\":\"https:\/\/festivalorigenes.com\/ca\/#\/schema\/logo\/image\/\"},\"sameAs\":[\"https:\/\/www.facebook.com\/origenesfestivalgastronomico\/\",\"https:\/\/x.com\/origenesfest\",\"https:\/\/www.instagram.com\/origenesfestivalgastronomico\/\",\"https:\/\/www.linkedin.com\/company\/or\u00edgenes-festival-gastron\u00f3mico\"]}]}<\/script>\n<!-- \/ Yoast SEO plugin. -->","yoast_head_json":{"title":"B\u00e1rbara Sanfilippo - or\u00edGenes - Festival Gastron\u00f2mic","robots":{"index":"index","follow":"follow","max-snippet":"max-snippet:-1","max-image-preview":"max-image-preview:large","max-video-preview":"max-video-preview:-1"},"canonical":"https:\/\/festivalorigenes.com\/ca\/protagonistes-2021\/barbara-sanfilippo\/","og_locale":"ca_ES","og_type":"article","og_title":"B\u00e1rbara Sanfilippo - or\u00edGenes - Festival Gastron\u00f2mic","og_description":"B\u00c1RBARA SANFILIPPO Santo\u00f1a, Cant\u00e0bria M\u00e9s de 120 anys d&#8217;hist\u00f2ria familiar dedicada a l&#8217;elaboracio\u0301 d&#8217;anxova en sala\u00f3. Adoro l&#8217;ambient i la subhasta a la baixa de la llonja, el pesatge, l&#8217;adrenalina de la licitaci\u00f3, \u00e9s una sensaci\u00f3 incomparable a la meva feina. &#8211; B\u00e1rbara Sanfilippo &#8211; Treballem la t\u00e8cnica de sala\u00f3 tradicional a la \u201cvera carne\u201d [&hellip;]","og_url":"https:\/\/festivalorigenes.com\/ca\/protagonistes-2021\/barbara-sanfilippo\/","og_site_name":"or\u00edGenes - Festival Gastron\u00f2mic","article_publisher":"https:\/\/www.facebook.com\/origenesfestivalgastronomico\/","article_modified_time":"2022-02-11T09:55:25+00:00","og_image":[{"url":"https:\/\/festivalorigenes.com\/wp-content\/uploads\/2021\/05\/origenes_festival_gastronomico_barbara_sanfilippo_producto.jpg","type":"","width":"","height":""}],"twitter_card":"summary_large_image","twitter_site":"@origenesfest","twitter_misc":{"Temps estimat de lectura":"6 minuts"},"schema":{"@context":"https:\/\/schema.org","@graph":[{"@type":"WebPage","@id":"https:\/\/festivalorigenes.com\/ca\/protagonistes-2021\/barbara-sanfilippo\/","url":"https:\/\/festivalorigenes.com\/ca\/protagonistes-2021\/barbara-sanfilippo\/","name":"B\u00e1rbara Sanfilippo - or\u00edGenes - Festival Gastron\u00f2mic","isPartOf":{"@id":"https:\/\/festivalorigenes.com\/ca\/#website"},"primaryImageOfPage":{"@id":"https:\/\/festivalorigenes.com\/ca\/protagonistes-2021\/barbara-sanfilippo\/#primaryimage"},"image":{"@id":"https:\/\/festivalorigenes.com\/ca\/protagonistes-2021\/barbara-sanfilippo\/#primaryimage"},"thumbnailUrl":"https:\/\/festivalorigenes.com\/wp-content\/uploads\/2021\/05\/origenes_festival_gastronomico_barbara_sanfilippo_producto.jpg","datePublished":"2021-05-18T15:03:56+00:00","dateModified":"2022-02-11T09:55:25+00:00","breadcrumb":{"@id":"https:\/\/festivalorigenes.com\/ca\/protagonistes-2021\/barbara-sanfilippo\/#breadcrumb"},"inLanguage":"ca","potentialAction":[{"@type":"ReadAction","target":["https:\/\/festivalorigenes.com\/ca\/protagonistes-2021\/barbara-sanfilippo\/"]}]},{"@type":"ImageObject","inLanguage":"ca","@id":"https:\/\/festivalorigenes.com\/ca\/protagonistes-2021\/barbara-sanfilippo\/#primaryimage","url":"https:\/\/festivalorigenes.com\/wp-content\/uploads\/2021\/05\/origenes_festival_gastronomico_barbara_sanfilippo_producto.jpg","contentUrl":"https:\/\/festivalorigenes.com\/wp-content\/uploads\/2021\/05\/origenes_festival_gastronomico_barbara_sanfilippo_producto.jpg"},{"@type":"BreadcrumbList","@id":"https:\/\/festivalorigenes.com\/ca\/protagonistes-2021\/barbara-sanfilippo\/#breadcrumb","itemListElement":[{"@type":"ListItem","position":1,"name":"Portada","item":"https:\/\/festivalorigenes.com\/ca\/"},{"@type":"ListItem","position":2,"name":"Protagonistes 2021","item":"https:\/\/festivalorigenes.com\/ca\/protagonistes-2021\/"},{"@type":"ListItem","position":3,"name":"B\u00e1rbara Sanfilippo"}]},{"@type":"WebSite","@id":"https:\/\/festivalorigenes.com\/ca\/#website","url":"https:\/\/festivalorigenes.com\/ca\/","name":"or\u00edGenes - Festival Gastron\u00f2mic","description":"","publisher":{"@id":"https:\/\/festivalorigenes.com\/ca\/#organization"},"potentialAction":[{"@type":"SearchAction","target":{"@type":"EntryPoint","urlTemplate":"https:\/\/festivalorigenes.com\/ca\/?s={search_term_string}"},"query-input":{"@type":"PropertyValueSpecification","valueRequired":true,"valueName":"search_term_string"}}],"inLanguage":"ca"},{"@type":"Organization","@id":"https:\/\/festivalorigenes.com\/ca\/#organization","name":"or\u00edGenes Festival Gastron\u00f2mic","url":"https:\/\/festivalorigenes.com\/ca\/","logo":{"@type":"ImageObject","inLanguage":"ca","@id":"https:\/\/festivalorigenes.com\/ca\/#\/schema\/logo\/image\/","url":"https:\/\/festivalorigenes.com\/wp-content\/uploads\/2020\/11\/124151422_123321709577698_694323274832345559_n.png","contentUrl":"https:\/\/festivalorigenes.com\/wp-content\/uploads\/2020\/11\/124151422_123321709577698_694323274832345559_n.png","width":401,"height":401,"caption":"or\u00edGenes Festival Gastron\u00f2mic"},"image":{"@id":"https:\/\/festivalorigenes.com\/ca\/#\/schema\/logo\/image\/"},"sameAs":["https:\/\/www.facebook.com\/origenesfestivalgastronomico\/","https:\/\/x.com\/origenesfest","https:\/\/www.instagram.com\/origenesfestivalgastronomico\/","https:\/\/www.linkedin.com\/company\/or\u00edgenes-festival-gastron\u00f3mico"]}]}},"_links":{"self":[{"href":"https:\/\/festivalorigenes.com\/ca\/wp-json\/wp\/v2\/pages\/5289","targetHints":{"allow":["GET"]}}],"collection":[{"href":"https:\/\/festivalorigenes.com\/ca\/wp-json\/wp\/v2\/pages"}],"about":[{"href":"https:\/\/festivalorigenes.com\/ca\/wp-json\/wp\/v2\/types\/page"}],"author":[{"embeddable":true,"href":"https:\/\/festivalorigenes.com\/ca\/wp-json\/wp\/v2\/users\/1"}],"replies":[{"embeddable":true,"href":"https:\/\/festivalorigenes.com\/ca\/wp-json\/wp\/v2\/comments?post=5289"}],"version-history":[{"count":8,"href":"https:\/\/festivalorigenes.com\/ca\/wp-json\/wp\/v2\/pages\/5289\/revisions"}],"predecessor-version":[{"id":6585,"href":"https:\/\/festivalorigenes.com\/ca\/wp-json\/wp\/v2\/pages\/5289\/revisions\/6585"}],"up":[{"embeddable":true,"href":"https:\/\/festivalorigenes.com\/ca\/wp-json\/wp\/v2\/pages\/5656"}],"wp:attachment":[{"href":"https:\/\/festivalorigenes.com\/ca\/wp-json\/wp\/v2\/media?parent=5289"}],"curies":[{"name":"wp","href":"https:\/\/api.w.org\/{rel}","templated":true}]}}