{"id":5880,"date":"2021-10-31T12:10:24","date_gmt":"2021-10-31T12:10:24","guid":{"rendered":"https:\/\/festivalorigenes.com\/edicio-2021\/"},"modified":"2023-10-04T17:31:25","modified_gmt":"2023-10-04T17:31:25","slug":"edicio-2021","status":"publish","type":"page","link":"https:\/\/festivalorigenes.com\/ca\/edicio-2021\/","title":{"rendered":"Edici\u00f3 2021"},"content":{"rendered":"\t\t<div data-elementor-type=\"wp-page\" data-elementor-id=\"5880\" class=\"elementor elementor-5880 elementor-5536\" data-elementor-post-type=\"page\">\n\t\t\t\t\t\t<section class=\"elementor-section elementor-top-section elementor-element elementor-element-b887e72 elementor-section-full_width elementor-section-height-min-height elementor-section-height-default elementor-section-items-middle\" data-id=\"b887e72\" data-element_type=\"section\">\n\t\t\t\t\t\t\t<div class=\"elementor-background-overlay\"><\/div>\n\t\t\t\t\t\t\t<div class=\"elementor-container elementor-column-gap-default\">\n\t\t\t\t\t<div class=\"elementor-column elementor-col-100 elementor-top-column elementor-element elementor-element-520464d\" data-id=\"520464d\" data-element_type=\"column\">\n\t\t\t<div class=\"elementor-widget-wrap elementor-element-populated\">\n\t\t\t\t\t\t<div class=\"elementor-element elementor-element-bfbdd2a elementor-widget elementor-widget-heading\" data-id=\"bfbdd2a\" data-element_type=\"widget\" data-widget_type=\"heading.default\">\n\t\t\t\t<div class=\"elementor-widget-container\">\n\t\t\t\t\t<h2 class=\"elementor-heading-title elementor-size-default\">EDICI\u00d3 2021<\/h2>\t\t\t\t<\/div>\n\t\t\t\t<\/div>\n\t\t\t\t\t<\/div>\n\t\t<\/div>\n\t\t\t\t\t<\/div>\n\t\t<\/section>\n\t\t\t\t<section class=\"elementor-section elementor-top-section elementor-element elementor-element-674c19d5 elementor-section-boxed elementor-section-height-default elementor-section-height-default\" data-id=\"674c19d5\" data-element_type=\"section\">\n\t\t\t\t\t\t<div class=\"elementor-container elementor-column-gap-default\">\n\t\t\t\t\t<div class=\"elementor-column elementor-col-100 elementor-top-column elementor-element elementor-element-17faa44e\" data-id=\"17faa44e\" data-element_type=\"column\">\n\t\t\t<div class=\"elementor-widget-wrap elementor-element-populated\">\n\t\t\t\t\t\t<div class=\"elementor-element elementor-element-16ce3fdf elementor-widget elementor-widget-heading\" data-id=\"16ce3fdf\" data-element_type=\"widget\" data-widget_type=\"heading.default\">\n\t\t\t\t<div class=\"elementor-widget-container\">\n\t\t\t\t\t<h2 class=\"elementor-heading-title elementor-size-default\">Un homenatge als <b>or\u00edGens<\/b> Gastron\u00f2mics<br> amb una mirada i comprom\u00eds amb el <b>futur<\/b><br> per una vida <b>saludable<\/b> i <b>sostenible<\/b>.<\/h2>\t\t\t\t<\/div>\n\t\t\t\t<\/div>\n\t\t\t\t\t<\/div>\n\t\t<\/div>\n\t\t\t\t\t<\/div>\n\t\t<\/section>\n\t\t\t\t<section class=\"elementor-section elementor-top-section elementor-element elementor-element-54802f53 elementor-section-boxed elementor-section-height-default elementor-section-height-default\" data-id=\"54802f53\" data-element_type=\"section\" data-settings=\"{&quot;background_background&quot;:&quot;classic&quot;}\">\n\t\t\t\t\t\t<div class=\"elementor-container elementor-column-gap-default\">\n\t\t\t\t\t<div class=\"elementor-column elementor-col-50 elementor-top-column elementor-element elementor-element-6846dcf0 elementor-invisible\" data-id=\"6846dcf0\" data-element_type=\"column\" data-settings=\"{&quot;background_background&quot;:&quot;classic&quot;,&quot;animation&quot;:&quot;slideInLeft&quot;}\">\n\t\t\t<div class=\"elementor-widget-wrap elementor-element-populated\">\n\t\t\t\t\t<div class=\"elementor-background-overlay\"><\/div>\n\t\t\t\t\t\t<div class=\"elementor-element elementor-element-79ad5973 elementor-widget elementor-widget-text-editor\" data-id=\"79ad5973\" data-element_type=\"widget\" data-widget_type=\"text-editor.default\">\n\t\t\t\t<div class=\"elementor-widget-container\">\n\t\t\t\t\t\t\t\t\t<p style=\"text-align: justify;\"><strong>or\u00edGenes<\/strong> \u00e9s un projecte de <strong>comunicaci\u00f3 gastron\u00f2mic<\/strong> pioner en el seu contingut format per una <strong>comunitat<\/strong> innovadora.<\/p>\n<p style=\"text-align: justify;\">Creat el 2020, enmig d&#8217;una pand\u00e8mia mundial, t\u00e9 com a prop\u00f2sit deixar una <strong>empremta positiva<\/strong> a la societat, economia i medi ambient divulgant <strong>productes<\/strong> locals (cultura) i <strong>talent<\/strong> artes\u00e0 amb esperit emprenedor (innovaci\u00f3) compromesos amb el <strong>territori<\/strong> (sostenibilitat).<\/p>\n<p style=\"text-align: justify;\">Durant el mes de juny 2021 va tenir lloc la primera edici\u00f3 del festival gastron\u00f2mic a Barcelona, \u200b\u200bes van crear 12 documentals, 13 episodis de podcast i un llibre entorn de 12 hist\u00f2ries de productes sostenibles i artesans aut\u00e8ntics.<\/p>\n\t\t\t\t\t\t\t\t<\/div>\n\t\t\t\t<\/div>\n\t\t\t\t\t<\/div>\n\t\t<\/div>\n\t\t\t\t<div class=\"elementor-column elementor-col-50 elementor-top-column elementor-element elementor-element-c8f3ea4 elementor-invisible\" data-id=\"c8f3ea4\" data-element_type=\"column\" data-settings=\"{&quot;background_background&quot;:&quot;classic&quot;,&quot;animation&quot;:&quot;slideInRight&quot;}\">\n\t\t\t<div class=\"elementor-widget-wrap elementor-element-populated\">\n\t\t\t\t\t<div class=\"elementor-background-overlay\"><\/div>\n\t\t\t\t\t\t<div class=\"elementor-element elementor-element-6b14ffd elementor-widget elementor-widget-html\" data-id=\"6b14ffd\" data-element_type=\"widget\" data-widget_type=\"html.default\">\n\t\t\t\t<div class=\"elementor-widget-container\">\n\t\t\t\t\t<div class=\"cq-hotspot-container\"><div class=\"hotspot-container\" data-slideshow=\"false\" data-slideshowdelay=\"5\" data-maxwidth=\"0\" data-triggerby=\"mouseover\"  data-dropinease=\"true\"  data-animation=\"grow\" data-tooltipstyle=\"shadow\"><span class=\"cq-hotspot-tooltip cq-pulse-white\" data-cqtooltip=\"\" data-top=\"20.04236594993746%\" data-left=\"87.41217798594847%\" data-link=\"\" data-direction=\"top\" data-target=\"_self\" data-isdisplay=\"no\"  data-islightbox=\"no\" href=\"\" style=\"left:87.41217798594847%;top:20.04236594993746%;\"><i class=\"cq-hotspot-icon icon-info-circled\" style=\"background-color:#e83c5f;color:#e83c5f;\"><\/i><br \/><span class=\"cq-hotspot-label\" style=\"visibility:hidden;\"><\/span><div class=\"cq-hotspot-tooltipcontent\"><div style=\"margin-top:10px; margin-right:10px; margin-left:10px; padding-left:0px; margin-bottom:0px; padding-bottom:0px;\">\r\n<ul style=\"list-style-type:none; margin-bottom:5px; padding-bottom:0px; margin-left:0px; padding-left:0px; margin-bottom:0px; padding-bottom:0px;\">\r\n<li><span style=\"font-family:'Josefin Sans',sans-serif; color: #4C3C43;\"><strong>Artes\u00e0:<\/strong><\/span> <span style=\"font-family:'PT Serif', Sans-serif; color: #4c3c43;\">Carlos Piernas<\/span><\/li>\r\n<li><span style=\"font-family:'Josefin Sans',sans-serif; color: #4C3C43;\"><strong>Producte:<\/strong><\/span> <span style=\"font-family:'PT Serif', Sans-serif; color: #4c3c43;\">Salm\u00f3 tallat a m\u00e0 en sis parts<\/span><\/li>\r\n<li><span style=\"font-family:'Josefin Sans',sans-serif; color: #4C3C43;\"><strong>T\u00e8cnica:<\/strong><\/span> <span style=\"font-family:'PT Serif', Sans-serif; color: #4c3c43;\">Fumat en fred amb pinyes del Maresme<\/span><\/li>\r\n<li><span style=\"font-family:'Josefin Sans',sans-serif; color: #4C3C43;\"><strong>Entorn:<\/strong><\/span> <span style=\"font-family:'PT Serif', Sans-serif; color: #4c3c43;\">Vallgorguina, Catalunya<\/span><\/li>\r\n<br>\r\n<\/ul>\r\n<p style=\"font-family:'Josefin Sans',sans-serif; color: #4C3C43; text-align: center; margin-bottom:0px; padding-bottom:10px;\"><strong><a href=\"https:\/\/festivalorigenes.com\/ca\/protagonistas\/carlos-piernas\/\">DESCOBRIR-NE M\u00c9S<\/strong><\/span><\/a><\/p>\r\n\r\n<\/div>\r\n\r\n\r\n<\/div><\/span><span class=\"cq-hotspot-tooltip cq-pulse-white\" data-cqtooltip=\"\" data-top=\"23.958903045754894%\" data-left=\"84.30913348946136%\" data-link=\"\" data-direction=\"top\" data-target=\"_self\" data-isdisplay=\"no\"  data-islightbox=\"no\" href=\"\" style=\"left:84.30913348946136%;top:23.958903045754894%;\"><i class=\"cq-hotspot-icon icon-info-circled\" style=\"background-color:#e83c5f;color:#e83c5f;\"><\/i><br \/><span class=\"cq-hotspot-label\" style=\"visibility:hidden;\"><\/span><div class=\"cq-hotspot-tooltipcontent\"><div style=\"margin-top:10px; margin-right:10px; margin-left:10px; padding-left:0px; margin-bottom:0px; padding-bottom:0px;\">\r\n<ul style=\"list-style-type:none; margin-bottom:5px; padding-bottom:0px; margin-left:0px; padding-left:0px; margin-bottom:0px; padding-bottom:0px;\">\r\n<li><span style=\"font-family:'Josefin Sans',sans-serif; color: #4C3C43;\"><strong>Artes\u00e0:<\/strong><\/span> <span style=\"font-family:'PT Serif', Sans-serif; color: #4c3c43;\">Daniel Jord\u00e0<\/span><\/li>\r\n<li><span style=\"font-family:'Josefin Sans',sans-serif; color: #4C3C43;\"><strong>Producte:<\/strong><\/span> <span style=\"font-family:'PT Serif', Sans-serif; color: #4c3c43;\">Pans gastron\u00f2mics<\/span><\/li>\r\n<li><span style=\"font-family:'Josefin Sans',sans-serif; color: #4C3C43;\"><strong>T\u00e8cnica:<\/strong><\/span> <span style=\"font-family:'PT Serif', Sans-serif; color: #4c3c43;\">Forn de pedra i fang<\/span><\/li>\r\n<li><span style=\"font-family:'Josefin Sans',sans-serif; color: #4C3C43;\"><strong>Entorn:<\/strong><\/span> <span style=\"font-family:'PT Serif', Sans-serif; color: #4c3c43;\">Trinitat Nova, Barcelona, Catalunya<\/span><\/li>\r\n<br>\r\n<\/ul>\r\n<p style=\"font-family:'Josefin Sans',sans-serif; color: #4C3C43; text-align: center; margin-bottom:0px; padding-bottom:10px;\"><strong><a href=\"https:\/\/festivalorigenes.com\/ca\/protagonistes\/daniel-jorda\/\">DESCOBRIR-NE M\u00c9S<\/strong><\/span><\/a><\/p>\r\n\r\n<\/div>\r\n\r\n\r\n<\/div><\/span><span class=\"cq-hotspot-tooltip cq-pulse-white\" data-cqtooltip=\"\" data-top=\"26.933111699710675%\" data-left=\"80.6791569086651%\" data-link=\"\" data-direction=\"top\" data-target=\"_self\" data-isdisplay=\"no\"  data-islightbox=\"no\" href=\"\" style=\"left:80.6791569086651%;top:26.933111699710675%;\"><i class=\"cq-hotspot-icon icon-info-circled\" style=\"background-color:#e83c5f;color:#e83c5f;\"><\/i><br \/><span class=\"cq-hotspot-label\" style=\"visibility:hidden;\"><\/span><div class=\"cq-hotspot-tooltipcontent\"><div style=\"margin-top:10px; margin-right:10px; margin-left:10px; padding-left:0px; margin-bottom:0px; padding-bottom:0px;\">\r\n<ul style=\"list-style-type:none; margin-bottom:5px; padding-bottom:0px; margin-left:0px; padding-left:0px; margin-bottom:0px; padding-bottom:0px;\">\r\n<li><span style=\"font-family:'Josefin Sans',sans-serif; color: #4C3C43;\"><strong>Artes\u00e0:<\/strong><\/span> <span style=\"font-family:'PT Serif', Sans-serif; color: #4c3c43;\">Albert Roca<\/span><\/li>\r\n<li><span style=\"font-family:'Josefin Sans',sans-serif; color: #4C3C43;\"><strong>Producte:<\/strong><\/span> <span style=\"font-family:'PT Serif', Sans-serif; color: #4c3c43;\">Gelats d'alf\u00e0brega, maduixa & lavanda<\/span><\/li>\r\n<li><span style=\"font-family:'Josefin Sans',sans-serif; color: #4C3C43;\"><strong>T\u00e8cnica:<\/strong><\/span> <span style=\"font-family:'PT Serif', Sans-serif; color: #4c3c43;\">Emulsi\u00f3 mec\u00e0nica<\/span><\/li>\r\n<li><span style=\"font-family:'Josefin Sans',sans-serif; color: #4C3C43;\"><strong>Entorn:<\/strong><\/span> <span style=\"font-family:'PT Serif', Sans-serif; color: #4c3c43;\">Sant Boi de Llobregat, Barcelona, Catalunya<\/span><\/li>\r\n<br>\r\n<\/ul>\r\n<p style=\"font-family:'Josefin Sans',sans-serif; color: #4C3C43; text-align: center; margin-bottom:0px; padding-bottom:10px;\"><strong><a href=\"https:\/\/festivalorigenes.com\/ca\/protagonistes\/albert-roca\/\">DESCOBRIR-NE M\u00c9S<\/strong><\/span><\/a><\/p>\r\n\r\n<\/div>\r\n\r\n\r\n<\/div><\/span><span class=\"cq-hotspot-tooltip cq-pulse-white\" data-cqtooltip=\"\" data-top=\"40.15181682840303%\" data-left=\"71.19437939110071%\" data-link=\"\" data-direction=\"top\" data-target=\"_self\" data-isdisplay=\"no\"  data-islightbox=\"no\" href=\"\" style=\"left:71.19437939110071%;top:40.15181682840303%;\"><i class=\"cq-hotspot-icon icon-info-circled\" style=\"background-color:#e83c5f;color:#e83c5f;\"><\/i><br \/><span class=\"cq-hotspot-label\" style=\"visibility:hidden;\"><\/span><div class=\"cq-hotspot-tooltipcontent\"><div style=\"margin-top:10px; margin-right:10px; margin-left:10px; padding-left:0px; margin-bottom:0px; padding-bottom:0px;\">\r\n<ul style=\"list-style-type:none; margin-bottom:5px; padding-bottom:0px; margin-left:0px; padding-left:0px; margin-bottom:0px; padding-bottom:0px;\">\r\n<li><span style=\"font-family:'Josefin Sans',sans-serif; color: #4C3C43;\"><strong>Artes\u00e0:<\/strong><\/span> <span style=\"font-family:'PT Serif', Sans-serif; color: #4c3c43;\">Edu Torres<\/span><\/li>\r\n<li><span style=\"font-family:'Josefin Sans',sans-serif; color: #4C3C43;\"><strong>Producte:<\/strong><\/span> <span style=\"font-family:'PT Serif', Sans-serif; color: #4c3c43;\">Paella - Recepta original<\/span><\/li>\r\n<li><span style=\"font-family:'Josefin Sans',sans-serif; color: #4C3C43;\"><strong>T\u00e8cnica:<\/strong><\/span> <span style=\"font-family:'PT Serif', Sans-serif; color: #4c3c43;\">Tr\u00e9bede i llenya de taronger al foc<\/span><\/li>\r\n<li><span style=\"font-family:'Josefin Sans',sans-serif; color: #4C3C43;\"><strong>Entorn:<\/strong><\/span> <span style=\"font-family:'PT Serif', Sans-serif; color: #4c3c43;\">Albufera de Val\u00e8ncia, Val\u00e8ncia<\/span><\/li>\r\n<br>\r\n<\/ul>\r\n<p style=\"font-family:'Josefin Sans',sans-serif; color: #4C3C43; text-align: center; margin-bottom:0px; padding-bottom:10px;\"><strong><a href=\"https:\/\/festivalorigenes.com\/ca\/protagonistes\/edu-torres\/\">DESCOBRIR-NE M\u00c9S<\/strong><\/span><\/a><\/p>\r\n\r\n<\/div>\r\n\r\n\r\n<\/div><\/span><span class=\"cq-hotspot-tooltip cq-pulse-white\" data-cqtooltip=\"\" data-top=\"14.871043269778902%\" data-left=\"59.71896955503513%\" data-link=\"\" data-direction=\"top\" data-target=\"_self\" data-isdisplay=\"no\"  data-islightbox=\"no\" href=\"\" style=\"left:59.71896955503513%;top:14.871043269778902%;\"><i class=\"cq-hotspot-icon icon-info-circled\" style=\"background-color:#e83c5f;color:#e83c5f;\"><\/i><br \/><span class=\"cq-hotspot-label\" style=\"visibility:hidden;\"><\/span><div class=\"cq-hotspot-tooltipcontent\"><div style=\"margin-top:10px; margin-right:10px; margin-left:10px; padding-left:0px; margin-bottom:0px; padding-bottom:0px;\">\r\n<ul style=\"list-style-type:none; margin-bottom:5px; padding-bottom:0px; margin-left:0px; padding-left:0px; margin-bottom:0px; padding-bottom:0px;\">\r\n<li><span style=\"font-family:'Josefin Sans',sans-serif; color: #4C3C43;\"><strong>Artes\u00e0:<\/strong><\/span> <span style=\"font-family:'PT Serif', Sans-serif; color: #4c3c43;\">Juan \u00c1ngel Rodrig\u00e1lvarez<\/span><\/li>\r\n<li><span style=\"font-family:'Josefin Sans',sans-serif; color: #4C3C43;\"><strong>Producte:<\/strong><\/span> <span style=\"font-family:'PT Serif', Sans-serif; color: #4c3c43;\">Xocolates de plantaci\u00f3<\/span><\/li>\r\n<li><span style=\"font-family:'Josefin Sans',sans-serif; color: #4C3C43;\"><strong>T\u00e8cnica:<\/strong><\/span> <span style=\"font-family:'PT Serif', Sans-serif; color: #4c3c43;\">Bean to Bar<\/span><\/li>\r\n<li><span style=\"font-family:'Josefin Sans',sans-serif; color: #4C3C43;\"><strong>Entorn:<\/strong><\/span> <span style=\"font-family:'PT Serif', Sans-serif; color: #4c3c43;\">Albelda de Iregua, La Rioja<\/span><\/li>\r\n<br>\r\n<\/ul>\r\n<p style=\"font-family:'Josefin Sans',sans-serif; color: #4C3C43; text-align: center; margin-bottom:0px; padding-bottom:10px;\"><strong><a href=\"https:\/\/festivalorigenes.com\/ca\/protagonistes\/juan-angel-rodrigalvarez\/\">DESCOBRIR-NE M\u00c9S<\/strong><\/span><\/a><\/p>\r\n\r\n<\/div>\r\n\r\n\r\n<\/div><\/span><span class=\"cq-hotspot-tooltip cq-pulse-white\" data-cqtooltip=\"\" data-top=\"10.74019791706254%\" data-left=\"62.997658079625296%\" data-link=\"\" data-direction=\"top\" data-target=\"_self\" data-isdisplay=\"no\"  data-islightbox=\"no\" href=\"\" style=\"left:62.997658079625296%;top:10.74019791706254%;\"><i class=\"cq-hotspot-icon icon-info-circled\" style=\"background-color:#e83c5f;color:#e83c5f;\"><\/i><br \/><span class=\"cq-hotspot-label\" style=\"visibility:hidden;\"><\/span><div class=\"cq-hotspot-tooltipcontent\"><div style=\"margin-top:10px; margin-right:10px; margin-left:10px; padding-left:0px; margin-bottom:0px; padding-bottom:0px;\">\r\n<ul style=\"list-style-type:none; margin-bottom:5px; padding-bottom:0px; margin-left:0px; padding-left:0px; margin-bottom:0px; padding-bottom:0px;\">\r\n<li><span style=\"font-family:'Josefin Sans',sans-serif; color: #4C3C43;\"><strong>Artes\u00e0:<\/strong><\/span> <span style=\"font-family:'PT Serif', Sans-serif; color: #4c3c43;\">Nacho G\u00f3mara<\/span><\/li>\r\n<li><span style=\"font-family:'Josefin Sans',sans-serif; color: #4C3C43;\"><strong>Producte:<\/strong><\/span> <span style=\"font-family:'PT Serif', Sans-serif; color: #4c3c43;\">Verdures de temporada<\/span><\/li>\r\n<li><span style=\"font-family:'Josefin Sans',sans-serif; color: #4C3C43;\"><strong>T\u00e8cnica:<\/strong><\/span> <span style=\"font-family:'PT Serif', Sans-serif; color: #4c3c43;\">Curanto o forn de terra<\/span><\/li>\r\n<li><span style=\"font-family:'Josefin Sans',sans-serif; color: #4C3C43;\"><strong>Entorn:<\/strong><\/span> <span style=\"font-family:'PT Serif', Sans-serif; color: #4c3c43;\">Huerta de Tudela & Bu\u00f1uel, Navarra<\/span><\/li>\r\n<br>\r\n<\/ul>\r\n<p style=\"font-family:'Josefin Sans',sans-serif; color: #4C3C43; text-align: center; margin-bottom:0px; padding-bottom:10px;\"><strong><a href=\"https:\/\/festivalorigenes.com\/ca\/protagonistes\/nacho-gomara\/\">DESCOBRIR-NE M\u00c9S<\/strong><\/span><\/a><\/p>\r\n\r\n<\/div>\r\n\r\n\r\n<\/div><\/span><span class=\"cq-hotspot-tooltip cq-pulse-white\" data-cqtooltip=\"\" data-top=\"5.452715865585597%\" data-left=\"60.304449648711945%\" data-link=\"\" data-direction=\"top\" data-target=\"_self\" data-isdisplay=\"no\"  data-islightbox=\"no\" href=\"\" style=\"left:60.304449648711945%;top:5.452715865585597%;\"><i class=\"cq-hotspot-icon icon-info-circled\" style=\"background-color:#e83c5f;color:#e83c5f;\"><\/i><br \/><span class=\"cq-hotspot-label\" style=\"visibility:hidden;\"><\/span><div class=\"cq-hotspot-tooltipcontent\"><div style=\"margin-top:10px; margin-right:10px; margin-left:10px; padding-left:0px; margin-bottom:0px; padding-bottom:0px;\">\r\n<ul style=\"list-style-type:none; margin-bottom:5px; padding-bottom:0px; margin-left:0px; padding-left:0px; margin-bottom:0px; padding-bottom:0px;\">\r\n<li><span style=\"font-family:'Josefin Sans',sans-serif; color: #4C3C43;\"><strong>Artes\u00e0:<\/strong><\/span> <span style=\"font-family:'PT Serif', Sans-serif; color: #4c3c43;\">Jos\u00e9 Luis Dominguez<\/span><\/li>\r\n<li><span style=\"font-family:'Josefin Sans',sans-serif; color: #4C3C43;\"><strong>Producte:<\/strong><\/span> <span style=\"font-family:'PT Serif', Sans-serif; color: #4c3c43;\">Xai de ra\u00e7a aut\u00f2ctona<\/span><\/li>\r\n<li><span style=\"font-family:'Josefin Sans',sans-serif; color: #4C3C43;\"><strong>T\u00e8cnica:<\/strong><\/span> <span style=\"font-family:'PT Serif', Sans-serif; color: #4c3c43;\">\u201cBurduntzi\u201d<\/span><\/li>\r\n<li><span style=\"font-family:'Josefin Sans',sans-serif; color: #4C3C43;\"><strong>Entorn:<\/strong><\/span> <span style=\"font-family:'PT Serif', Sans-serif; color: #4c3c43;\">Pa\u00eds Basc<\/span><\/li>\r\n<br>\r\n<\/ul>\r\n<p style=\"font-family:'Josefin Sans',sans-serif; color: #4C3C43; text-align: center; margin-bottom:0px; padding-bottom:10px;\"><strong><a href=\"https:\/\/festivalorigenes.com\/ca\/protagonistes\/jose-luis-dominguez\/\">DESCOBRIR-NE M\u00c9S<\/strong><\/span><\/a><\/p>\r\n\r\n<\/div>\r\n\r\n\r\n<\/div><\/span><span class=\"cq-hotspot-tooltip cq-pulse-white\" data-cqtooltip=\"\" data-top=\"4.461312980933671%\" data-left=\"53.161592505854806%\" data-link=\"\" data-direction=\"top\" data-target=\"_self\" data-isdisplay=\"no\"  data-islightbox=\"no\" href=\"\" style=\"left:53.161592505854806%;top:4.461312980933671%;\"><i class=\"cq-hotspot-icon icon-info-circled\" style=\"background-color:#e83c5f;color:#e83c5f;\"><\/i><br \/><span class=\"cq-hotspot-label\" style=\"visibility:hidden;\"><\/span><div class=\"cq-hotspot-tooltipcontent\"><div style=\"margin-top:10px; margin-right:10px; margin-left:10px; padding-left:0px; margin-bottom:0px; padding-bottom:0px;\">\r\n<ul style=\"list-style-type:none; margin-bottom:5px; padding-bottom:0px; margin-left:0px; padding-left:0px; margin-bottom:0px; padding-bottom:0px;\">\r\n<li><span style=\"font-family:'Josefin Sans',sans-serif; color: #4C3C43;\"><strong>Artes\u00e0:<\/strong><\/span> <span style=\"font-family:'PT Serif', Sans-serif; color: #4c3c43;\">B\u00e1rbara Sanfilippo<\/span><\/li>\r\n<li><span style=\"font-family:'Josefin Sans',sans-serif; color: #4C3C43;\"><strong>Producte:<\/strong><\/span> <span style=\"font-family:'PT Serif', Sans-serif; color: #4c3c43;\">Anxoves desespinadas a la vista<\/span><\/li>\r\n<li><span style=\"font-family:'Josefin Sans',sans-serif; color: #4C3C43;\"><strong>T\u00e8cnica:<\/strong><\/span> <span style=\"font-family:'PT Serif', Sans-serif; color: #4c3c43;\">Salat<\/span><\/li>\r\n<li><span style=\"font-family:'Josefin Sans',sans-serif; color: #4C3C43;\"><strong>Entorn:<\/strong><\/span> <span style=\"font-family:'PT Serif', Sans-serif; color: #4c3c43;\">Mar Cant\u00e0bric, Santo\u00f1a, Cant\u00e0bria<\/span><\/li>\r\n<br>\r\n<\/ul>\r\n<p style=\"font-family:'Josefin Sans',sans-serif; color: #4C3C43; text-align: center; margin-bottom:0px; padding-bottom:10px;\"><strong><a href=\"https:\/\/festivalorigenes.com\/ca\/protagonistes\/barbara-sanfilippo\/\">DESCOBRIR-NE M\u00c9S<\/strong><\/span><\/a><\/p>\r\n<\/div>\r\n\r\n\r\n<\/div><\/span><span class=\"cq-hotspot-tooltip cq-pulse-white\" data-cqtooltip=\"\" data-top=\"3.9656115386077073%\" data-left=\"39.92974238875878%\" data-link=\"\" data-direction=\"top\" data-target=\"_self\" data-isdisplay=\"no\"  data-islightbox=\"no\" href=\"\" style=\"left:39.92974238875878%;top:3.9656115386077073%;\"><i class=\"cq-hotspot-icon icon-info-circled\" style=\"background-color:#e83c5f;color:#e83c5f;\"><\/i><br \/><span class=\"cq-hotspot-label\" style=\"visibility:hidden;\"><\/span><div class=\"cq-hotspot-tooltipcontent\"><div style=\"margin-top:10px; margin-right:10px; margin-left:10px; padding-left:0px; margin-bottom:0px; padding-bottom:0px;\">\r\n<ul style=\"list-style-type:none; margin-bottom:5px; padding-bottom:0px; margin-left:0px; padding-left:0px; margin-bottom:0px; padding-bottom:0px;\">\r\n<li><span style=\"font-family:'Josefin Sans',sans-serif; color: #4C3C43;\"><strong>Artes\u00e0:<\/strong><\/span> <span style=\"font-family:'PT Serif', Sans-serif; color: #4c3c43;\">Viri Fern\u00e1ndez<\/span><\/li>\r\n<li><span style=\"font-family:'Josefin Sans',sans-serif; color: #4C3C43;\"><strong>Producte:<\/strong><\/span> <span style=\"font-family:'PT Serif', Sans-serif; color: #4c3c43;\">Fabada<\/span><\/li>\r\n<li><span style=\"font-family:'Josefin Sans',sans-serif; color: #4C3C43;\"><strong>T\u00e8cnica:<\/strong><\/span> <span style=\"font-family:'PT Serif', Sans-serif; color: #4c3c43;\">Olla de fosa i foc<\/span><\/li>\r\n<li><span style=\"font-family:'Josefin Sans',sans-serif; color: #4C3C43;\"><strong>Entorn:<\/strong><\/span> <span style=\"font-family:'PT Serif', Sans-serif; color: #4c3c43;\">San Rom\u00e1n de Candamo, Asturias<\/span><\/li>\r\n<br>\r\n<\/ul>\r\n<p style=\"font-family:'Josefin Sans',sans-serif; color: #4C3C43; text-align: center; margin-bottom:0px; padding-bottom:10px;\"><strong><a href=\"https:\/\/festivalorigenes.com\/ca\/protagonistes\/viri-fernandez\/\">DESCOBRIR-NE M\u00c9S<\/strong><\/span><\/a><\/p>\r\n\r\n<\/div>\r\n\r\n\r\n<\/div><\/span><span class=\"cq-hotspot-tooltip cq-pulse-white\" data-cqtooltip=\"\" data-top=\"12.723003686366393%\" data-left=\"24.94145199063232%\" data-link=\"\" data-direction=\"top\" data-target=\"_self\" data-isdisplay=\"no\"  data-islightbox=\"no\" href=\"\" style=\"left:24.94145199063232%;top:12.723003686366393%;\"><i class=\"cq-hotspot-icon icon-info-circled\" style=\"background-color:#e83c5f;color:#e83c5f;\"><\/i><br \/><span class=\"cq-hotspot-label\" style=\"visibility:hidden;\"><\/span><div class=\"cq-hotspot-tooltipcontent\"><div style=\"margin-top:10px; margin-right:10px; margin-left:10px; padding-left:0px; margin-bottom:0px; padding-bottom:0px;\">\r\n<ul style=\"list-style-type:none; margin-bottom:5px; padding-bottom:0px; margin-left:0px; padding-left:0px; margin-bottom:0px; padding-bottom:0px;\">\r\n<li><span style=\"font-family:'Josefin Sans',sans-serif; color: #4C3C43;\"><strong>Artes\u00e0:<\/strong><\/span> <span style=\"font-family:'PT Serif', Sans-serif; color: #4c3c43;\">Gorka Rodr\u00edguez<\/span><\/li>\r\n<li><span style=\"font-family:'Josefin Sans',sans-serif; color: #4C3C43;\"><strong>Producte:<\/strong><\/span> <span style=\"font-family:'PT Serif', Sans-serif; color: #4c3c43;\">Pop<\/span><\/li>\r\n<li><span style=\"font-family:'Josefin Sans',sans-serif; color: #4C3C43;\"><strong>T\u00e8cnica:<\/strong><\/span> <span style=\"font-family:'PT Serif', Sans-serif; color: #4c3c43;\">\u00c1 Feira en olla de coure. Pescats amb nasa<\/span><\/li>\r\n<li><span style=\"font-family:'Josefin Sans',sans-serif; color: #4C3C43;\"><strong>Entorn:<\/strong><\/span> <span style=\"font-family:'PT Serif', Sans-serif; color: #4c3c43;\">R\u00edas Gallegas, Gal\u00edcia<\/span><\/li>\r\n<br>\r\n<\/ul>\r\n<p style=\"font-family:'Josefin Sans',sans-serif; color: #4C3C43; text-align: center; margin-bottom:0px; padding-bottom:10px;\"><strong><a href=\"https:\/\/festivalorigenes.com\/ca\/protagonistes\/gorka-rodriguez\/\">DESCOBRIR-NE M\u00c9S<\/strong><\/span><\/a><\/p>\r\n<\/div>\r\n\r\n\r\n<\/div><\/span><span class=\"cq-hotspot-tooltip cq-pulse-white\" data-cqtooltip=\"\" data-top=\"34.53386714870878%\" data-left=\"42.740046838407494%\" data-link=\"\" data-direction=\"top\" data-target=\"_self\" data-isdisplay=\"no\"  data-islightbox=\"no\" href=\"\" style=\"left:42.740046838407494%;top:34.53386714870878%;\"><i class=\"cq-hotspot-icon icon-info-circled\" style=\"background-color:#e83c5f;color:#e83c5f;\"><\/i><br \/><span class=\"cq-hotspot-label\" style=\"visibility:hidden;\"><\/span><div class=\"cq-hotspot-tooltipcontent\"><div style=\"margin-top:10px; margin-right:10px; margin-left:10px; padding-left:0px; margin-bottom:0px; padding-bottom:0px;\">\r\n<ul style=\"list-style-type:none; margin-bottom:5px; padding-bottom:0px; margin-left:0px; padding-left:0px; margin-bottom:0px; padding-bottom:0px;\">\r\n<li><span style=\"font-family:'Josefin Sans',sans-serif; color: #4C3C43;\"><strong>Artes\u00e0:<\/strong><\/span> <span style=\"font-family:'PT Serif', Sans-serif; color: #4c3c43;\">Anselmo P\u00e9rez<\/span><\/li>\r\n<li><span style=\"font-family:'Josefin Sans',sans-serif; color: #4C3C43;\"><strong>Producte:<\/strong><\/span> <span style=\"font-family:'PT Serif', Sans-serif; color: #4c3c43;\">Cecines i pernil ib\u00e8ric 100% Bellota<\/span><\/li>\r\n<li><span style=\"font-family:'Josefin Sans',sans-serif; color: #4C3C43;\"><strong>T\u00e8cnica:<\/strong><\/span> <span style=\"font-family:'PT Serif', Sans-serif; color: #4c3c43;\">M\u00e0quina Berkel cl\u00e0ssica i tall amb ganivet<\/span><\/li>\r\n<li><span style=\"font-family:'Josefin Sans',sans-serif; color: #4C3C43;\"><strong>Entorn:<\/strong><\/span> <span style=\"font-family:'PT Serif', Sans-serif; color: #4c3c43;\">Guijuelo, Salamanca, Castella i Lle\u00f3<\/span><\/li>\r\n<br>\r\n<\/ul>\r\n<p style=\"font-family:'Josefin Sans',sans-serif; color: #4C3C43; text-align: center; margin-bottom:0px; padding-bottom:10px;\"><strong><a href=\"https:\/\/festivalorigenes.com\/ca\/protagonistes\/anselmo-perez\/\">DESCOBRIR-NE M\u00c9S<\/strong><\/span><\/a><\/p>\r\n\r\n<\/div>\r\n\r\n\r\n<\/div><\/span><span class=\"cq-hotspot-tooltip cq-pulse-white\" data-cqtooltip=\"\" data-top=\"35.029568591034746%\" data-left=\"51.63934426229508%\" data-link=\"\" data-direction=\"top\" data-target=\"_self\" data-isdisplay=\"no\"  data-islightbox=\"no\" href=\"\" style=\"left:51.63934426229508%;top:35.029568591034746%;\"><i class=\"cq-hotspot-icon icon-info-circled\" style=\"background-color:#e83c5f;color:#e83c5f;\"><\/i><br \/><span class=\"cq-hotspot-label\" style=\"visibility:hidden;\"><\/span><div class=\"cq-hotspot-tooltipcontent\"><div style=\"margin-top:10px; margin-right:10px; margin-left:10px; padding-left:0px; margin-bottom:0px; padding-bottom:0px;\">\r\n<ul style=\"list-style-type:none; margin-bottom:5px; padding-bottom:0px; margin-left:0px; padding-left:0px; margin-bottom:0px; padding-bottom:0px;\">\r\n<li><span style=\"font-family:'Josefin Sans',sans-serif; color: #4C3C43;\"><strong>Artes\u00e0:<\/strong><\/span> <span style=\"font-family:'PT Serif', Sans-serif; color: #4c3c43;\">Eva Vila<\/span><\/li>\r\n<li><span style=\"font-family:'Josefin Sans',sans-serif; color: #4C3C43;\"><strong>Producte:<\/strong><\/span> <span style=\"font-family:'PT Serif', Sans-serif; color: #4c3c43;\">Selecci\u00f3 de formatges<\/span><\/li>\r\n<li><span style=\"font-family:'Josefin Sans',sans-serif; color: #4C3C43;\"><strong>T\u00e8cnica:<\/strong><\/span> <span style=\"font-family:'PT Serif', Sans-serif; color: #4c3c43;\">Artesanal<\/span><\/li>\r\n<li><span style=\"font-family:'Josefin Sans',sans-serif; color: #4C3C43;\"><strong>Entorn:<\/strong><\/span> <span style=\"font-family:'PT Serif', Sans-serif; color: #4c3c43;\">Selecci\u00f3 de diferents or\u00edGens<\/span><\/li>\r\n<br>\r\n<\/ul>\r\n<p style=\"font-family:'Josefin Sans',sans-serif; color: #4C3C43; text-align: center; margin-bottom:0px; padding-bottom:10px;\"><strong><a href=\"https:\/\/festivalorigenes.com\/ca\/protagonistes\/eva-vila\/\">DESCOBRIR-NE M\u00c9S<\/strong><\/span><\/a><\/p>\r\n\r\n<\/div>\r\n\r\n\r\n<\/div><\/span><img decoding=\"async\" src=\"https:\/\/festivalorigenes.com\/wp-content\/uploads\/2020\/11\/mapa_protagonistas_festival_gastronomico_orignes.png\" class=\"popover-image\"  \/><\/div><\/div>\t\t\t\t<\/div>\n\t\t\t\t<\/div>\n\t\t\t\t\t<\/div>\n\t\t<\/div>\n\t\t\t\t\t<\/div>\n\t\t<\/section>\n\t\t\t\t<section class=\"elementor-section elementor-top-section elementor-element elementor-element-1d1a207 elementor-section-boxed elementor-section-height-default elementor-section-height-default\" data-id=\"1d1a207\" data-element_type=\"section\">\n\t\t\t\t\t\t<div class=\"elementor-container elementor-column-gap-default\">\n\t\t\t\t\t<div class=\"elementor-column elementor-col-33 elementor-top-column elementor-element elementor-element-bc3988a\" data-id=\"bc3988a\" data-element_type=\"column\">\n\t\t\t<div class=\"elementor-widget-wrap elementor-element-populated\">\n\t\t\t\t\t\t<div class=\"elementor-element elementor-element-2abf4f1 elementor-align-center elementor-widget elementor-widget-button\" data-id=\"2abf4f1\" data-element_type=\"widget\" data-widget_type=\"button.default\">\n\t\t\t\t<div class=\"elementor-widget-container\">\n\t\t\t\t\t\t\t\t\t<div class=\"elementor-button-wrapper\">\n\t\t\t\t\t<a class=\"elementor-button elementor-button-link elementor-size-lg\" href=\"https:\/\/festivalorigenes.com\/ca\/protagonistes-2021\/\">\n\t\t\t\t\t\t<span class=\"elementor-button-content-wrapper\">\n\t\t\t\t\t\t\t\t\t<span class=\"elementor-button-text\">PROTAGONISTES<\/span>\n\t\t\t\t\t<\/span>\n\t\t\t\t\t<\/a>\n\t\t\t\t<\/div>\n\t\t\t\t\t\t\t\t<\/div>\n\t\t\t\t<\/div>\n\t\t\t\t\t<\/div>\n\t\t<\/div>\n\t\t\t\t<div class=\"elementor-column elementor-col-33 elementor-top-column elementor-element elementor-element-826ba42\" data-id=\"826ba42\" data-element_type=\"column\">\n\t\t\t<div class=\"elementor-widget-wrap elementor-element-populated\">\n\t\t\t\t\t\t<div class=\"elementor-element elementor-element-0651c95 elementor-align-center elementor-widget elementor-widget-button\" data-id=\"0651c95\" data-element_type=\"widget\" data-widget_type=\"button.default\">\n\t\t\t\t<div class=\"elementor-widget-container\">\n\t\t\t\t\t\t\t\t\t<div class=\"elementor-button-wrapper\">\n\t\t\t\t\t<a class=\"elementor-button elementor-button-link elementor-size-lg\" href=\"https:\/\/festivalorigenes.com\/ca\/menu-gastronomic-2021\/\">\n\t\t\t\t\t\t<span class=\"elementor-button-content-wrapper\">\n\t\t\t\t\t\t\t\t\t<span class=\"elementor-button-text\">MEN\u00da GASTRON\u00d2MIC<\/span>\n\t\t\t\t\t<\/span>\n\t\t\t\t\t<\/a>\n\t\t\t\t<\/div>\n\t\t\t\t\t\t\t\t<\/div>\n\t\t\t\t<\/div>\n\t\t\t\t\t<\/div>\n\t\t<\/div>\n\t\t\t\t<div class=\"elementor-column elementor-col-33 elementor-top-column elementor-element elementor-element-d460d2a\" data-id=\"d460d2a\" data-element_type=\"column\">\n\t\t\t<div class=\"elementor-widget-wrap elementor-element-populated\">\n\t\t\t\t\t\t<div class=\"elementor-element elementor-element-6319576 elementor-align-center elementor-widget elementor-widget-button\" data-id=\"6319576\" data-element_type=\"widget\" data-widget_type=\"button.default\">\n\t\t\t\t<div class=\"elementor-widget-container\">\n\t\t\t\t\t\t\t\t\t<div class=\"elementor-button-wrapper\">\n\t\t\t\t\t<a class=\"elementor-button elementor-button-link elementor-size-lg\" href=\"https:\/\/festivalorigenes.com\/ca\/programa-2021\/\">\n\t\t\t\t\t\t<span class=\"elementor-button-content-wrapper\">\n\t\t\t\t\t\t\t\t\t<span class=\"elementor-button-text\">PROGRAMA<\/span>\n\t\t\t\t\t<\/span>\n\t\t\t\t\t<\/a>\n\t\t\t\t<\/div>\n\t\t\t\t\t\t\t\t<\/div>\n\t\t\t\t<\/div>\n\t\t\t\t\t<\/div>\n\t\t<\/div>\n\t\t\t\t\t<\/div>\n\t\t<\/section>\n\t\t\t\t<section class=\"elementor-section elementor-top-section elementor-element elementor-element-6fdab23 elementor-section-full_width elementor-section-height-default elementor-section-height-default\" data-id=\"6fdab23\" data-element_type=\"section\">\n\t\t\t\t\t\t<div class=\"elementor-container elementor-column-gap-default\">\n\t\t\t\t\t<div class=\"elementor-column elementor-col-100 elementor-top-column elementor-element elementor-element-1ded322\" data-id=\"1ded322\" data-element_type=\"column\">\n\t\t\t<div class=\"elementor-widget-wrap elementor-element-populated\">\n\t\t\t\t\t\t<div class=\"elementor-element elementor-element-885db19 elementor-widget elementor-widget-video\" data-id=\"885db19\" data-element_type=\"widget\" data-settings=\"{&quot;youtube_url&quot;:&quot;https:\\\/\\\/www.youtube.com\\\/watch?v=jPh6nvKJqJo&quot;,&quot;show_image_overlay&quot;:&quot;yes&quot;,&quot;image_overlay&quot;:{&quot;url&quot;:&quot;https:\\\/\\\/festivalorigenes.com\\\/wp-content\\\/uploads\\\/2021\\\/10\\\/festival_origenes_edicion_2021.jpg&quot;,&quot;id&quot;:5721,&quot;size&quot;:&quot;&quot;,&quot;alt&quot;:&quot;&quot;,&quot;source&quot;:&quot;library&quot;},&quot;lazy_load&quot;:&quot;yes&quot;,&quot;lightbox&quot;:&quot;yes&quot;,&quot;_animation&quot;:&quot;none&quot;,&quot;autoplay&quot;:&quot;yes&quot;,&quot;video_type&quot;:&quot;youtube&quot;,&quot;controls&quot;:&quot;yes&quot;}\" data-widget_type=\"video.default\">\n\t\t\t\t<div class=\"elementor-widget-container\">\n\t\t\t\t\t\t\t<div class=\"elementor-wrapper elementor-open-lightbox\">\n\t\t\t\t\t\t\t<div class=\"elementor-custom-embed-image-overlay\" data-elementor-open-lightbox=\"yes\" data-elementor-lightbox=\"{&quot;type&quot;:&quot;video&quot;,&quot;videoType&quot;:&quot;youtube&quot;,&quot;url&quot;:&quot;https:\\\/\\\/www.youtube.com\\\/embed\\\/jPh6nvKJqJo?feature=oembed&amp;start&amp;end&amp;wmode=opaque&amp;loop=0&amp;controls=1&amp;mute=0&amp;rel=0&amp;cc_load_policy=0&quot;,&quot;autoplay&quot;:&quot;yes&quot;,&quot;modalOptions&quot;:{&quot;id&quot;:&quot;elementor-lightbox-885db19&quot;,&quot;entranceAnimation&quot;:&quot;&quot;,&quot;entranceAnimation_tablet&quot;:&quot;&quot;,&quot;entranceAnimation_mobile&quot;:&quot;&quot;,&quot;videoAspectRatio&quot;:&quot;219&quot;}}\" data-e-action-hash=\"#elementor-action%3Aaction%3Dlightbox%26settings%3DeyJ0eXBlIjoidmlkZW8iLCJ2aWRlb1R5cGUiOiJ5b3V0dWJlIiwidXJsIjoiaHR0cHM6XC9cL3d3dy55b3V0dWJlLmNvbVwvZW1iZWRcL2pQaDZudktKcUpvP2ZlYXR1cmU9b2VtYmVkJnN0YXJ0JmVuZCZ3bW9kZT1vcGFxdWUmbG9vcD0wJmNvbnRyb2xzPTEmbXV0ZT0wJnJlbD0wJmNjX2xvYWRfcG9saWN5PTAiLCJhdXRvcGxheSI6InllcyIsIm1vZGFsT3B0aW9ucyI6eyJpZCI6ImVsZW1lbnRvci1saWdodGJveC04ODVkYjE5IiwiZW50cmFuY2VBbmltYXRpb24iOiIiLCJlbnRyYW5jZUFuaW1hdGlvbl90YWJsZXQiOiIiLCJlbnRyYW5jZUFuaW1hdGlvbl9tb2JpbGUiOiIiLCJ2aWRlb0FzcGVjdFJhdGlvIjoiMjE5In19\">\n\t\t\t\t\t\t\t\t\t\t\t<img fetchpriority=\"high\" decoding=\"async\" width=\"1000\" height=\"300\" src=\"https:\/\/festivalorigenes.com\/wp-content\/uploads\/2021\/10\/festival_origenes_edicion_2021.jpg\" class=\"attachment-full size-full wp-image-5721\" alt=\"\" srcset=\"https:\/\/festivalorigenes.com\/wp-content\/uploads\/2021\/10\/festival_origenes_edicion_2021.jpg 1000w, https:\/\/festivalorigenes.com\/wp-content\/uploads\/2021\/10\/festival_origenes_edicion_2021-300x90.jpg 300w, https:\/\/festivalorigenes.com\/wp-content\/uploads\/2021\/10\/festival_origenes_edicion_2021-768x230.jpg 768w\" sizes=\"(max-width: 1000px) 100vw, 1000px\" \/>\t\t\t\t\t\t\t\t\t\t\t\t\t\t\t\t<div class=\"elementor-custom-embed-play\" role=\"button\" aria-label=\"Reprodueix v\u00eddeo\" tabindex=\"0\">\n\t\t\t\t\t\t\t<i aria-hidden=\"true\" class=\"eicon-play\"><\/i>\t\t\t\t\t\t<\/div>\n\t\t\t\t\t\t\t\t\t<\/div>\n\t\t\t\t\t<\/div>\n\t\t\t\t\t\t<\/div>\n\t\t\t\t<\/div>\n\t\t\t\t\t<\/div>\n\t\t<\/div>\n\t\t\t\t\t<\/div>\n\t\t<\/section>\n\t\t\t\t<section class=\"elementor-section elementor-top-section elementor-element elementor-element-9b9151d elementor-section-full_width elementor-section-height-default elementor-section-height-default\" data-id=\"9b9151d\" data-element_type=\"section\">\n\t\t\t\t\t\t<div class=\"elementor-container elementor-column-gap-default\">\n\t\t\t\t\t<div class=\"elementor-column elementor-col-100 elementor-top-column elementor-element elementor-element-246c2c4\" data-id=\"246c2c4\" data-element_type=\"column\">\n\t\t\t<div class=\"elementor-widget-wrap elementor-element-populated\">\n\t\t\t\t\t\t<div class=\"elementor-element elementor-element-1830b10 elementor-widget elementor-widget-image-carousel\" data-id=\"1830b10\" data-element_type=\"widget\" data-settings=\"{&quot;slides_to_show&quot;:&quot;8&quot;,&quot;navigation&quot;:&quot;none&quot;,&quot;autoplay_speed&quot;:2000,&quot;slides_to_show_tablet&quot;:&quot;5&quot;,&quot;slides_to_show_mobile&quot;:&quot;3&quot;,&quot;autoplay&quot;:&quot;yes&quot;,&quot;pause_on_hover&quot;:&quot;yes&quot;,&quot;pause_on_interaction&quot;:&quot;yes&quot;,&quot;infinite&quot;:&quot;yes&quot;,&quot;speed&quot;:500}\" data-widget_type=\"image-carousel.default\">\n\t\t\t\t<div class=\"elementor-widget-container\">\n\t\t\t\t\t\t\t<div class=\"elementor-image-carousel-wrapper swiper\" role=\"region\" aria-roledescription=\"carousel\" aria-label=\"Carrusel d&#039;imatges\" dir=\"ltr\">\n\t\t\t<div class=\"elementor-image-carousel swiper-wrapper swiper-image-stretch\" aria-live=\"off\">\n\t\t\t\t\t\t\t\t<div class=\"swiper-slide\" role=\"group\" aria-roledescription=\"slide\" aria-label=\"1 de 12\"><figure class=\"swiper-slide-inner\"><img decoding=\"async\" class=\"swiper-slide-image\" src=\"https:\/\/festivalorigenes.com\/wp-content\/uploads\/2021\/10\/barbara-sanfilippo-progatonistas-2021-festival-gastronomico-origenes.jpg\" alt=\"barbara-sanfilippo-progatonistas-2021-festival-gastronomico-origenes\" \/><\/figure><\/div><div class=\"swiper-slide\" role=\"group\" aria-roledescription=\"slide\" aria-label=\"2 de 12\"><figure class=\"swiper-slide-inner\"><img decoding=\"async\" class=\"swiper-slide-image\" src=\"https:\/\/festivalorigenes.com\/wp-content\/uploads\/2021\/10\/anselmo-perez-progatonistas-2021-festival-gastronomico-origenes.jpg\" alt=\"anselmo-perez-progatonistas-2021-festival-gastronomico-origenes\" \/><\/figure><\/div><div class=\"swiper-slide\" role=\"group\" aria-roledescription=\"slide\" aria-label=\"3 de 12\"><figure class=\"swiper-slide-inner\"><img decoding=\"async\" class=\"swiper-slide-image\" src=\"https:\/\/festivalorigenes.com\/wp-content\/uploads\/2021\/10\/viri-fernandez-progatonistas-2021-festival-gastronomico-origenes.jpg\" alt=\"viri-fernandez-progatonistas-2021-festival-gastronomico-origenes\" \/><\/figure><\/div><div class=\"swiper-slide\" role=\"group\" aria-roledescription=\"slide\" aria-label=\"4 de 12\"><figure class=\"swiper-slide-inner\"><img decoding=\"async\" class=\"swiper-slide-image\" src=\"https:\/\/festivalorigenes.com\/wp-content\/uploads\/2021\/10\/edu-torres-progatonistas-2021-festival-gastronomico-origenes.jpg\" alt=\"edu-torres-progatonistas-2021-festival-gastronomico-origenes\" \/><\/figure><\/div><div class=\"swiper-slide\" role=\"group\" aria-roledescription=\"slide\" aria-label=\"5 de 12\"><figure class=\"swiper-slide-inner\"><img decoding=\"async\" class=\"swiper-slide-image\" src=\"https:\/\/festivalorigenes.com\/wp-content\/uploads\/2021\/10\/daniel-jorda-progatonistas-2021-festival-gastronomico-origenes.jpg\" alt=\"daniel-jorda-progatonistas-2021-festival-gastronomico-origenes\" \/><\/figure><\/div><div class=\"swiper-slide\" role=\"group\" aria-roledescription=\"slide\" aria-label=\"6 de 12\"><figure class=\"swiper-slide-inner\"><img decoding=\"async\" class=\"swiper-slide-image\" src=\"https:\/\/festivalorigenes.com\/wp-content\/uploads\/2021\/10\/eva-vila-progatonistas-2021-festival-gastronomico-origenes.jpg\" alt=\"eva-vila-progatonistas-2021-festival-gastronomico-origenes\" \/><\/figure><\/div><div class=\"swiper-slide\" role=\"group\" aria-roledescription=\"slide\" aria-label=\"7 de 12\"><figure class=\"swiper-slide-inner\"><img decoding=\"async\" class=\"swiper-slide-image\" src=\"https:\/\/festivalorigenes.com\/wp-content\/uploads\/2021\/10\/gorka-rodriguez-progatonistas-2021-festival-gastronomico-origenes.jpg\" alt=\"gorka-rodriguez-progatonistas-2021-festival-gastronomico-origenes\" \/><\/figure><\/div><div class=\"swiper-slide\" role=\"group\" aria-roledescription=\"slide\" aria-label=\"8 de 12\"><figure class=\"swiper-slide-inner\"><img decoding=\"async\" class=\"swiper-slide-image\" src=\"https:\/\/festivalorigenes.com\/wp-content\/uploads\/2021\/10\/jose-luis-dominguez-progatonistas-2021-festival-gastronomico-origenes.jpg\" alt=\"jose-luis-dominguez-progatonistas-2021-festival-gastronomico-origenes\" \/><\/figure><\/div><div class=\"swiper-slide\" role=\"group\" aria-roledescription=\"slide\" aria-label=\"9 de 12\"><figure class=\"swiper-slide-inner\"><img decoding=\"async\" class=\"swiper-slide-image\" src=\"https:\/\/festivalorigenes.com\/wp-content\/uploads\/2021\/10\/carlos-piernas-progatonistas-2021-festival-gastronomico-origenes.jpg\" alt=\"carlos-piernas-progatonistas-2021-festival-gastronomico-origenes\" \/><\/figure><\/div><div class=\"swiper-slide\" role=\"group\" aria-roledescription=\"slide\" aria-label=\"10 de 12\"><figure class=\"swiper-slide-inner\"><img decoding=\"async\" class=\"swiper-slide-image\" src=\"https:\/\/festivalorigenes.com\/wp-content\/uploads\/2021\/10\/juan-angel-rodrigalvarez-progatonistas-2021-festival-gastronomico-origenes.jpg\" alt=\"juan-angel-rodrigalvarez-progatonistas-2021-festival-gastronomico-origenes\" \/><\/figure><\/div><div class=\"swiper-slide\" role=\"group\" aria-roledescription=\"slide\" aria-label=\"11 de 12\"><figure class=\"swiper-slide-inner\"><img decoding=\"async\" class=\"swiper-slide-image\" src=\"https:\/\/festivalorigenes.com\/wp-content\/uploads\/2021\/10\/nacho-gomara-progatonistas-2021-festival-gastronomico-origenes.jpg\" alt=\"nacho-gomara-progatonistas-2021-festival-gastronomico-origenes\" \/><\/figure><\/div><div class=\"swiper-slide\" role=\"group\" aria-roledescription=\"slide\" aria-label=\"12 de 12\"><figure class=\"swiper-slide-inner\"><img decoding=\"async\" class=\"swiper-slide-image\" src=\"https:\/\/festivalorigenes.com\/wp-content\/uploads\/2021\/10\/albert-roca-progatonistas-2021-festival-gastronomico-origenes.jpg\" alt=\"albert-roca-progatonistas-2021-festival-gastronomico-origenes\" \/><\/figure><\/div>\t\t\t<\/div>\n\t\t\t\t\t\t\t\n\t\t\t\t\t\t\t\t\t<\/div>\n\t\t\t\t\t\t<\/div>\n\t\t\t\t<\/div>\n\t\t\t\t<div class=\"elementor-element elementor-element-bf66c80 elementor-widget elementor-widget-image-carousel\" data-id=\"bf66c80\" data-element_type=\"widget\" data-settings=\"{&quot;slides_to_show&quot;:&quot;8&quot;,&quot;navigation&quot;:&quot;none&quot;,&quot;autoplay_speed&quot;:2000,&quot;slides_to_show_tablet&quot;:&quot;5&quot;,&quot;slides_to_show_mobile&quot;:&quot;3&quot;,&quot;autoplay&quot;:&quot;yes&quot;,&quot;pause_on_hover&quot;:&quot;yes&quot;,&quot;pause_on_interaction&quot;:&quot;yes&quot;,&quot;infinite&quot;:&quot;yes&quot;,&quot;speed&quot;:500}\" data-widget_type=\"image-carousel.default\">\n\t\t\t\t<div class=\"elementor-widget-container\">\n\t\t\t\t\t\t\t<div class=\"elementor-image-carousel-wrapper swiper\" role=\"region\" aria-roledescription=\"carousel\" aria-label=\"Carrusel d&#039;imatges\" dir=\"ltr\">\n\t\t\t<div class=\"elementor-image-carousel swiper-wrapper swiper-image-stretch\" aria-live=\"off\">\n\t\t\t\t\t\t\t\t<div class=\"swiper-slide\" role=\"group\" aria-roledescription=\"slide\" aria-label=\"1 de 12\"><figure class=\"swiper-slide-inner\"><img decoding=\"async\" class=\"swiper-slide-image\" src=\"https:\/\/festivalorigenes.com\/wp-content\/uploads\/2021\/10\/croquetas-carlos-piernas-festival-origenes.jpg\" alt=\"croquetas-carlos-piernas-festival-origenes\" \/><\/figure><\/div><div class=\"swiper-slide\" role=\"group\" aria-roledescription=\"slide\" aria-label=\"2 de 12\"><figure class=\"swiper-slide-inner\"><img decoding=\"async\" class=\"swiper-slide-image\" src=\"https:\/\/festivalorigenes.com\/wp-content\/uploads\/2021\/10\/chocolates-juan-angel-rodrigalvarez-festival-origenes.jpg\" alt=\"chocolates-juan-angel-rodrigalvarez-festival-origenes\" \/><\/figure><\/div><div class=\"swiper-slide\" role=\"group\" aria-roledescription=\"slide\" aria-label=\"3 de 12\"><figure class=\"swiper-slide-inner\"><img decoding=\"async\" class=\"swiper-slide-image\" src=\"https:\/\/festivalorigenes.com\/wp-content\/uploads\/2021\/10\/verduras-temporada-nacho-gomara-festival-origenes.jpg\" alt=\"verduras-temporada-nacho-gomara-festival-origenes\" \/><\/figure><\/div><div class=\"swiper-slide\" role=\"group\" aria-roledescription=\"slide\" aria-label=\"4 de 12\"><figure class=\"swiper-slide-inner\"><img decoding=\"async\" class=\"swiper-slide-image\" src=\"https:\/\/festivalorigenes.com\/wp-content\/uploads\/2021\/10\/helados-albert-roca-festival-origenes.jpg\" alt=\"helados-albert-roca-festival-origenes\" \/><\/figure><\/div><div class=\"swiper-slide\" role=\"group\" aria-roledescription=\"slide\" aria-label=\"5 de 12\"><figure class=\"swiper-slide-inner\"><img decoding=\"async\" class=\"swiper-slide-image\" src=\"https:\/\/festivalorigenes.com\/wp-content\/uploads\/2021\/10\/anchoa-barbara-sanfilippo-festival-origenes.jpg\" alt=\"anchoa-barbara-sanfilippo-festival-origenes\" \/><\/figure><\/div><div class=\"swiper-slide\" role=\"group\" aria-roledescription=\"slide\" aria-label=\"6 de 12\"><figure class=\"swiper-slide-inner\"><img decoding=\"async\" class=\"swiper-slide-image\" src=\"https:\/\/festivalorigenes.com\/wp-content\/uploads\/2021\/10\/embutidos-anselmo-perez-festival-origenes.jpg\" alt=\"embutidos-anselmo-perez-festival-origenes\" \/><\/figure><\/div><div class=\"swiper-slide\" role=\"group\" aria-roledescription=\"slide\" aria-label=\"7 de 12\"><figure class=\"swiper-slide-inner\"><img decoding=\"async\" class=\"swiper-slide-image\" src=\"https:\/\/festivalorigenes.com\/wp-content\/uploads\/2021\/10\/fabada-viri-fernandez-festival-origenes.jpg\" alt=\"fabada-viri-fernandez-festival-origenes\" \/><\/figure><\/div><div class=\"swiper-slide\" role=\"group\" aria-roledescription=\"slide\" aria-label=\"8 de 12\"><figure class=\"swiper-slide-inner\"><img decoding=\"async\" class=\"swiper-slide-image\" src=\"https:\/\/festivalorigenes.com\/wp-content\/uploads\/2021\/10\/paella-edu-torres-festival-origenes.jpg\" alt=\"paella-edu-torres-festival-origenes\" \/><\/figure><\/div><div class=\"swiper-slide\" role=\"group\" aria-roledescription=\"slide\" aria-label=\"9 de 12\"><figure class=\"swiper-slide-inner\"><img decoding=\"async\" class=\"swiper-slide-image\" src=\"https:\/\/festivalorigenes.com\/wp-content\/uploads\/2021\/10\/panes-gastronomicos-daniel-jorda-festival-origenes.jpg\" alt=\"panes-gastronomicos-daniel-jorda-festival-origenes\" \/><\/figure><\/div><div class=\"swiper-slide\" role=\"group\" aria-roledescription=\"slide\" aria-label=\"10 de 12\"><figure class=\"swiper-slide-inner\"><img decoding=\"async\" class=\"swiper-slide-image\" src=\"https:\/\/festivalorigenes.com\/wp-content\/uploads\/2021\/10\/quesos-eva-vila-festival-origenes.jpg\" alt=\"quesos-eva-vila-festival-origenes\" \/><\/figure><\/div><div class=\"swiper-slide\" role=\"group\" aria-roledescription=\"slide\" aria-label=\"11 de 12\"><figure class=\"swiper-slide-inner\"><img decoding=\"async\" class=\"swiper-slide-image\" src=\"https:\/\/festivalorigenes.com\/wp-content\/uploads\/2021\/10\/pulpo-gorka-rodriguez-festival-origenes.jpg\" alt=\"pulpo-gorka-rodriguez-festival-origenes\" \/><\/figure><\/div><div class=\"swiper-slide\" role=\"group\" aria-roledescription=\"slide\" aria-label=\"12 de 12\"><figure class=\"swiper-slide-inner\"><img decoding=\"async\" class=\"swiper-slide-image\" src=\"https:\/\/festivalorigenes.com\/wp-content\/uploads\/2021\/10\/cordero-jose-luis-dominguez-festival-origenes.jpg\" alt=\"cordero-jose-luis-dominguez-festival-origenes\" \/><\/figure><\/div>\t\t\t<\/div>\n\t\t\t\t\t\t\t\n\t\t\t\t\t\t\t\t\t<\/div>\n\t\t\t\t\t\t<\/div>\n\t\t\t\t<\/div>\n\t\t\t\t\t<\/div>\n\t\t<\/div>\n\t\t\t\t\t<\/div>\n\t\t<\/section>\n\t\t\t\t<section class=\"elementor-section elementor-top-section elementor-element elementor-element-2e3f4cf6 elementor-section-boxed elementor-section-height-default elementor-section-height-default\" data-id=\"2e3f4cf6\" data-element_type=\"section\" data-settings=\"{&quot;background_background&quot;:&quot;classic&quot;}\">\n\t\t\t\t\t\t<div class=\"elementor-container elementor-column-gap-default\">\n\t\t\t\t\t<div class=\"elementor-column elementor-col-100 elementor-top-column elementor-element elementor-element-63bb3328\" data-id=\"63bb3328\" data-element_type=\"column\">\n\t\t\t<div class=\"elementor-widget-wrap elementor-element-populated\">\n\t\t\t\t\t\t<div class=\"elementor-element elementor-element-2b1f2683 elementor-widget elementor-widget-heading\" data-id=\"2b1f2683\" data-element_type=\"widget\" data-widget_type=\"heading.default\">\n\t\t\t\t<div class=\"elementor-widget-container\">\n\t\t\t\t\t<h2 class=\"elementor-heading-title elementor-size-default\">Molt m\u00e9s que <br>una experi\u00e8ncia gastron\u00f2mica<\/h2>\t\t\t\t<\/div>\n\t\t\t\t<\/div>\n\t\t\t\t\t<\/div>\n\t\t<\/div>\n\t\t\t\t\t<\/div>\n\t\t<\/section>\n\t\t\t\t<section class=\"elementor-section elementor-top-section elementor-element elementor-element-1bd89c39 elementor-section-boxed elementor-section-height-default elementor-section-height-default\" data-id=\"1bd89c39\" data-element_type=\"section\" data-settings=\"{&quot;background_background&quot;:&quot;classic&quot;}\">\n\t\t\t\t\t\t<div class=\"elementor-container elementor-column-gap-default\">\n\t\t\t\t\t<div class=\"elementor-column elementor-col-16 elementor-top-column elementor-element elementor-element-2b12ff14\" data-id=\"2b12ff14\" data-element_type=\"column\">\n\t\t\t<div class=\"elementor-widget-wrap elementor-element-populated\">\n\t\t\t\t\t\t<div class=\"elementor-element elementor-element-7006b5c1 elementor-widget elementor-widget-counter\" data-id=\"7006b5c1\" data-element_type=\"widget\" data-widget_type=\"counter.default\">\n\t\t\t\t<div class=\"elementor-widget-container\">\n\t\t\t\t\t\t\t<div class=\"elementor-counter\">\n\t\t\t<div class=\"elementor-counter-title\">Professionals <br>i Foodies<\/div>\t\t\t<div class=\"elementor-counter-number-wrapper\">\n\t\t\t\t<span class=\"elementor-counter-number-prefix\">+<\/span>\n\t\t\t\t<span class=\"elementor-counter-number\" data-duration=\"2000\" data-to-value=\"700\" data-from-value=\"0\" data-delimiter=\",\">0<\/span>\n\t\t\t\t<span class=\"elementor-counter-number-suffix\"><\/span>\n\t\t\t<\/div>\n\t\t<\/div>\n\t\t\t\t\t\t<\/div>\n\t\t\t\t<\/div>\n\t\t\t\t\t<\/div>\n\t\t<\/div>\n\t\t\t\t<div class=\"elementor-column elementor-col-16 elementor-top-column elementor-element elementor-element-16231463\" data-id=\"16231463\" data-element_type=\"column\">\n\t\t\t<div class=\"elementor-widget-wrap elementor-element-populated\">\n\t\t\t\t\t\t<div class=\"elementor-element elementor-element-29e80350 elementor-widget elementor-widget-counter\" data-id=\"29e80350\" data-element_type=\"widget\" data-widget_type=\"counter.default\">\n\t\t\t\t<div class=\"elementor-widget-container\">\n\t\t\t\t\t\t\t<div class=\"elementor-counter\">\n\t\t\t<div class=\"elementor-counter-title\">Protagonistes Aut\u00e8ntics<\/div>\t\t\t<div class=\"elementor-counter-number-wrapper\">\n\t\t\t\t<span class=\"elementor-counter-number-prefix\"><\/span>\n\t\t\t\t<span class=\"elementor-counter-number\" data-duration=\"2000\" data-to-value=\"12\" data-from-value=\"0\" data-delimiter=\",\">0<\/span>\n\t\t\t\t<span class=\"elementor-counter-number-suffix\"><\/span>\n\t\t\t<\/div>\n\t\t<\/div>\n\t\t\t\t\t\t<\/div>\n\t\t\t\t<\/div>\n\t\t\t\t\t<\/div>\n\t\t<\/div>\n\t\t\t\t<div class=\"elementor-column elementor-col-16 elementor-top-column elementor-element elementor-element-4fbbf025\" data-id=\"4fbbf025\" data-element_type=\"column\">\n\t\t\t<div class=\"elementor-widget-wrap elementor-element-populated\">\n\t\t\t\t\t\t<div class=\"elementor-element elementor-element-323d789 elementor-widget elementor-widget-counter\" data-id=\"323d789\" data-element_type=\"widget\" data-widget_type=\"counter.default\">\n\t\t\t\t<div class=\"elementor-widget-container\">\n\t\t\t\t\t\t\t<div class=\"elementor-counter\">\n\t\t\t<div class=\"elementor-counter-title\">Productes Gastron\u00f2mics<\/div>\t\t\t<div class=\"elementor-counter-number-wrapper\">\n\t\t\t\t<span class=\"elementor-counter-number-prefix\"><\/span>\n\t\t\t\t<span class=\"elementor-counter-number\" data-duration=\"2000\" data-to-value=\"18\" data-from-value=\"0\" data-delimiter=\",\">0<\/span>\n\t\t\t\t<span class=\"elementor-counter-number-suffix\"><\/span>\n\t\t\t<\/div>\n\t\t<\/div>\n\t\t\t\t\t\t<\/div>\n\t\t\t\t<\/div>\n\t\t\t\t\t<\/div>\n\t\t<\/div>\n\t\t\t\t<div class=\"elementor-column elementor-col-16 elementor-top-column elementor-element elementor-element-2bf4bed6\" data-id=\"2bf4bed6\" data-element_type=\"column\">\n\t\t\t<div class=\"elementor-widget-wrap elementor-element-populated\">\n\t\t\t\t\t\t<div class=\"elementor-element elementor-element-72d03363 elementor-widget elementor-widget-counter\" data-id=\"72d03363\" data-element_type=\"widget\" data-widget_type=\"counter.default\">\n\t\t\t\t<div class=\"elementor-widget-container\">\n\t\t\t\t\t\t\t<div class=\"elementor-counter\">\n\t\t\t<div class=\"elementor-counter-title\">Vins <br>Autor<\/div>\t\t\t<div class=\"elementor-counter-number-wrapper\">\n\t\t\t\t<span class=\"elementor-counter-number-prefix\"><\/span>\n\t\t\t\t<span class=\"elementor-counter-number\" data-duration=\"2000\" data-to-value=\"11\" data-from-value=\"0\" data-delimiter=\",\">0<\/span>\n\t\t\t\t<span class=\"elementor-counter-number-suffix\"><\/span>\n\t\t\t<\/div>\n\t\t<\/div>\n\t\t\t\t\t\t<\/div>\n\t\t\t\t<\/div>\n\t\t\t\t\t<\/div>\n\t\t<\/div>\n\t\t\t\t<div class=\"elementor-column elementor-col-16 elementor-top-column elementor-element elementor-element-8971bb2\" data-id=\"8971bb2\" data-element_type=\"column\">\n\t\t\t<div class=\"elementor-widget-wrap elementor-element-populated\">\n\t\t\t\t\t\t<div class=\"elementor-element elementor-element-6fd244dc elementor-widget elementor-widget-counter\" data-id=\"6fd244dc\" data-element_type=\"widget\" data-widget_type=\"counter.default\">\n\t\t\t\t<div class=\"elementor-widget-container\">\n\t\t\t\t\t\t\t<div class=\"elementor-counter\">\n\t\t\t<div class=\"elementor-counter-title\">Ponents <br>Sostenibilitat<\/div>\t\t\t<div class=\"elementor-counter-number-wrapper\">\n\t\t\t\t<span class=\"elementor-counter-number-prefix\"><\/span>\n\t\t\t\t<span class=\"elementor-counter-number\" data-duration=\"2000\" data-to-value=\"6\" data-from-value=\"0\" data-delimiter=\",\">0<\/span>\n\t\t\t\t<span class=\"elementor-counter-number-suffix\"><\/span>\n\t\t\t<\/div>\n\t\t<\/div>\n\t\t\t\t\t\t<\/div>\n\t\t\t\t<\/div>\n\t\t\t\t\t<\/div>\n\t\t<\/div>\n\t\t\t\t<div class=\"elementor-column elementor-col-16 elementor-top-column elementor-element elementor-element-63a7d9d\" data-id=\"63a7d9d\" data-element_type=\"column\">\n\t\t\t<div class=\"elementor-widget-wrap elementor-element-populated\">\n\t\t\t\t\t\t<div class=\"elementor-element elementor-element-4e9aa2c elementor-widget elementor-widget-counter\" data-id=\"4e9aa2c\" data-element_type=\"widget\" data-widget_type=\"counter.default\">\n\t\t\t\t<div class=\"elementor-widget-container\">\n\t\t\t\t\t\t\t<div class=\"elementor-counter\">\n\t\t\t<div class=\"elementor-counter-title\">Mitjans<br>de Comunicaci\u00f3<\/div>\t\t\t<div class=\"elementor-counter-number-wrapper\">\n\t\t\t\t<span class=\"elementor-counter-number-prefix\">+<\/span>\n\t\t\t\t<span class=\"elementor-counter-number\" data-duration=\"2000\" data-to-value=\"60\" data-from-value=\"0\" data-delimiter=\",\">0<\/span>\n\t\t\t\t<span class=\"elementor-counter-number-suffix\"><\/span>\n\t\t\t<\/div>\n\t\t<\/div>\n\t\t\t\t\t\t<\/div>\n\t\t\t\t<\/div>\n\t\t\t\t\t<\/div>\n\t\t<\/div>\n\t\t\t\t\t<\/div>\n\t\t<\/section>\n\t\t\t\t<section class=\"elementor-section elementor-top-section elementor-element elementor-element-30df98f elementor-section-boxed elementor-section-height-default elementor-section-height-default\" data-id=\"30df98f\" data-element_type=\"section\">\n\t\t\t\t\t\t<div class=\"elementor-container elementor-column-gap-default\">\n\t\t\t\t\t<div class=\"elementor-column elementor-col-50 elementor-top-column elementor-element elementor-element-4a7d1fd\" data-id=\"4a7d1fd\" data-element_type=\"column\">\n\t\t\t<div class=\"elementor-widget-wrap elementor-element-populated\">\n\t\t\t\t\t\t<div class=\"elementor-element elementor-element-1c753383 elementor-widget elementor-widget-heading\" data-id=\"1c753383\" data-element_type=\"widget\" data-widget_type=\"heading.default\">\n\t\t\t\t<div class=\"elementor-widget-container\">\n\t\t\t\t\t<h2 class=\"elementor-heading-title elementor-size-default\">El Llibre que promet fer-te viatjar<\/h2>\t\t\t\t<\/div>\n\t\t\t\t<\/div>\n\t\t\t\t<div class=\"elementor-element elementor-element-bf8e696 elementor-widget elementor-widget-image\" data-id=\"bf8e696\" data-element_type=\"widget\" data-widget_type=\"image.default\">\n\t\t\t\t<div class=\"elementor-widget-container\">\n\t\t\t\t\t\t\t\t\t\t\t\t\t\t\t<img decoding=\"async\" width=\"960\" height=\"640\" src=\"https:\/\/festivalorigenes.com\/wp-content\/uploads\/2021\/10\/libro-origenes-festival-gastronomico.png\" class=\"attachment-large size-large wp-image-5774\" alt=\"\" srcset=\"https:\/\/festivalorigenes.com\/wp-content\/uploads\/2021\/10\/libro-origenes-festival-gastronomico.png 960w, https:\/\/festivalorigenes.com\/wp-content\/uploads\/2021\/10\/libro-origenes-festival-gastronomico-300x200.png 300w, https:\/\/festivalorigenes.com\/wp-content\/uploads\/2021\/10\/libro-origenes-festival-gastronomico-768x512.png 768w\" sizes=\"(max-width: 960px) 100vw, 960px\" \/>\t\t\t\t\t\t\t\t\t\t\t\t\t\t\t<\/div>\n\t\t\t\t<\/div>\n\t\t\t\t<section class=\"elementor-section elementor-inner-section elementor-element elementor-element-17cd0a9 elementor-section-boxed elementor-section-height-default elementor-section-height-default\" data-id=\"17cd0a9\" data-element_type=\"section\">\n\t\t\t\t\t\t<div class=\"elementor-container elementor-column-gap-default\">\n\t\t\t\t\t<div class=\"elementor-column elementor-col-50 elementor-inner-column elementor-element elementor-element-0fcf531\" data-id=\"0fcf531\" data-element_type=\"column\">\n\t\t\t<div class=\"elementor-widget-wrap elementor-element-populated\">\n\t\t\t\t\t\t<div class=\"elementor-element elementor-element-cd777ce elementor-align-center elementor-widget elementor-widget-button\" data-id=\"cd777ce\" data-element_type=\"widget\" data-widget_type=\"button.default\">\n\t\t\t\t<div class=\"elementor-widget-container\">\n\t\t\t\t\t\t\t\t\t<div class=\"elementor-button-wrapper\">\n\t\t\t\t\t<a class=\"elementor-button elementor-button-link elementor-size-lg\" href=\"https:\/\/shopping.lavanguardia.com\/origenes-festival-gastronomico-artesanos.html\" target=\"_blank\">\n\t\t\t\t\t\t<span class=\"elementor-button-content-wrapper\">\n\t\t\t\t\t\t\t\t\t<span class=\"elementor-button-text\">COMPRAR EBOOK<\/span>\n\t\t\t\t\t<\/span>\n\t\t\t\t\t<\/a>\n\t\t\t\t<\/div>\n\t\t\t\t\t\t\t\t<\/div>\n\t\t\t\t<\/div>\n\t\t\t\t\t<\/div>\n\t\t<\/div>\n\t\t\t\t<div class=\"elementor-column elementor-col-50 elementor-inner-column elementor-element elementor-element-596e9c8\" data-id=\"596e9c8\" data-element_type=\"column\">\n\t\t\t<div class=\"elementor-widget-wrap elementor-element-populated\">\n\t\t\t\t\t\t<div class=\"elementor-element elementor-element-b6561b9 elementor-align-center elementor-widget elementor-widget-button\" data-id=\"b6561b9\" data-element_type=\"widget\" data-widget_type=\"button.default\">\n\t\t\t\t<div class=\"elementor-widget-container\">\n\t\t\t\t\t\t\t\t\t<div class=\"elementor-button-wrapper\">\n\t\t\t\t\t<a class=\"elementor-button elementor-button-link elementor-size-lg\" href=\"https:\/\/shopping.lavanguardia.com\/libros-de-vanguardia\/lvr419-419-ldv-origenes-festival-gastro.html\" target=\"_blank\">\n\t\t\t\t\t\t<span class=\"elementor-button-content-wrapper\">\n\t\t\t\t\t\t\t\t\t<span class=\"elementor-button-text\">COMPRAR LLIBRE<\/span>\n\t\t\t\t\t<\/span>\n\t\t\t\t\t<\/a>\n\t\t\t\t<\/div>\n\t\t\t\t\t\t\t\t<\/div>\n\t\t\t\t<\/div>\n\t\t\t\t\t<\/div>\n\t\t<\/div>\n\t\t\t\t\t<\/div>\n\t\t<\/section>\n\t\t\t\t\t<\/div>\n\t\t<\/div>\n\t\t\t\t<div class=\"elementor-column elementor-col-50 elementor-top-column elementor-element elementor-element-a4fe2fb\" data-id=\"a4fe2fb\" data-element_type=\"column\">\n\t\t\t<div class=\"elementor-widget-wrap elementor-element-populated\">\n\t\t\t\t\t\t<div class=\"elementor-element elementor-element-ea498b8 elementor-widget elementor-widget-heading\" data-id=\"ea498b8\" data-element_type=\"widget\" data-widget_type=\"heading.default\">\n\t\t\t\t<div class=\"elementor-widget-container\">\n\t\t\t\t\t<h2 class=\"elementor-heading-title elementor-size-default\">Productes Gastron\u00f2mics, Persones Innovadores i Territoris Sostenibles<\/h2>\t\t\t\t<\/div>\n\t\t\t\t<\/div>\n\t\t\t\t<div class=\"elementor-element elementor-element-e18ac80 elementor-widget elementor-widget-html\" data-id=\"e18ac80\" data-element_type=\"widget\" data-widget_type=\"html.default\">\n\t\t\t\t<div class=\"elementor-widget-container\">\n\t\t\t\t\t<iframe src=\"https:\/\/open.spotify.com\/embed\/episode\/6fzBUxrdyhxthJ3fjmJaAH?theme=0\" width=\"100%\" height=\"232\" frameborder=\"0\" allowfullscreen=\"\" allow=\"autoplay; clipboard-write; encrypted-media; fullscreen; picture-in-picture\"><\/iframe>\t\t\t\t<\/div>\n\t\t\t\t<\/div>\n\t\t\t\t<section class=\"elementor-section elementor-inner-section elementor-element elementor-element-06adb0f elementor-section-boxed elementor-section-height-default elementor-section-height-default\" data-id=\"06adb0f\" data-element_type=\"section\">\n\t\t\t\t\t\t<div class=\"elementor-container elementor-column-gap-default\">\n\t\t\t\t\t<div class=\"elementor-column elementor-col-100 elementor-inner-column elementor-element elementor-element-1ddca0a\" data-id=\"1ddca0a\" data-element_type=\"column\">\n\t\t\t<div class=\"elementor-widget-wrap elementor-element-populated\">\n\t\t\t\t\t\t<div class=\"elementor-element elementor-element-b01e96f elementor-align-center elementor-widget elementor-widget-button\" data-id=\"b01e96f\" data-element_type=\"widget\" data-widget_type=\"button.default\">\n\t\t\t\t<div class=\"elementor-widget-container\">\n\t\t\t\t\t\t\t\t\t<div class=\"elementor-button-wrapper\">\n\t\t\t\t\t<a class=\"elementor-button elementor-button-link elementor-size-lg\" href=\"https:\/\/open.spotify.com\/show\/0spPOPv0O4EpB61volE4Qm?si=10bfa12fff5740ad&#038;nd=1\" target=\"_blank\">\n\t\t\t\t\t\t<span class=\"elementor-button-content-wrapper\">\n\t\t\t\t\t\t\t\t\t<span class=\"elementor-button-text\">PODCAST OR\u00cdGENES<\/span>\n\t\t\t\t\t<\/span>\n\t\t\t\t\t<\/a>\n\t\t\t\t<\/div>\n\t\t\t\t\t\t\t\t<\/div>\n\t\t\t\t<\/div>\n\t\t\t\t\t<\/div>\n\t\t<\/div>\n\t\t\t\t\t<\/div>\n\t\t<\/section>\n\t\t\t\t\t<\/div>\n\t\t<\/div>\n\t\t\t\t\t<\/div>\n\t\t<\/section>\n\t\t\t\t<section class=\"elementor-section elementor-top-section elementor-element elementor-element-2949a577 elementor-section-height-min-height elementor-section-boxed elementor-section-height-default elementor-section-items-middle\" data-id=\"2949a577\" data-element_type=\"section\" data-settings=\"{&quot;background_background&quot;:&quot;classic&quot;}\">\n\t\t\t\t\t\t\t<div class=\"elementor-background-overlay\"><\/div>\n\t\t\t\t\t\t\t<div class=\"elementor-container elementor-column-gap-default\">\n\t\t\t\t\t<div class=\"elementor-column elementor-col-100 elementor-top-column elementor-element elementor-element-381a5b9f\" data-id=\"381a5b9f\" data-element_type=\"column\">\n\t\t\t<div class=\"elementor-widget-wrap elementor-element-populated\">\n\t\t\t\t\t\t<section class=\"elementor-section elementor-inner-section elementor-element elementor-element-55c34498 elementor-section-content-middle elementor-section-full_width elementor-section-height-default elementor-section-height-default\" data-id=\"55c34498\" data-element_type=\"section\">\n\t\t\t\t\t\t<div class=\"elementor-container elementor-column-gap-default\">\n\t\t\t\t\t<div class=\"elementor-column elementor-col-100 elementor-inner-column elementor-element elementor-element-6c6881e\" data-id=\"6c6881e\" data-element_type=\"column\">\n\t\t\t<div class=\"elementor-widget-wrap elementor-element-populated\">\n\t\t\t\t\t\t<div class=\"elementor-element elementor-element-d748798 elementor-widget elementor-widget-heading\" data-id=\"d748798\" data-element_type=\"widget\" data-widget_type=\"heading.default\">\n\t\t\t\t<div class=\"elementor-widget-container\">\n\t\t\t\t\t<h2 class=\"elementor-heading-title elementor-size-default\">PARTNERS 2021<\/h2>\t\t\t\t<\/div>\n\t\t\t\t<\/div>\n\t\t\t\t\t<\/div>\n\t\t<\/div>\n\t\t\t\t\t<\/div>\n\t\t<\/section>\n\t\t\t\t<section class=\"elementor-section elementor-inner-section elementor-element elementor-element-31a98ee5 elementor-section-content-middle elementor-section-boxed elementor-section-height-default elementor-section-height-default\" data-id=\"31a98ee5\" data-element_type=\"section\">\n\t\t\t\t\t\t<div class=\"elementor-container elementor-column-gap-default\">\n\t\t\t\t\t<div class=\"elementor-column elementor-col-12 elementor-inner-column elementor-element elementor-element-1e731aca\" data-id=\"1e731aca\" data-element_type=\"column\">\n\t\t\t<div class=\"elementor-widget-wrap elementor-element-populated\">\n\t\t\t\t\t\t<div class=\"elementor-element elementor-element-5cfeabbb elementor-widget elementor-widget-image\" data-id=\"5cfeabbb\" data-element_type=\"widget\" data-widget_type=\"image.default\">\n\t\t\t\t<div class=\"elementor-widget-container\">\n\t\t\t\t\t\t\t\t\t\t\t\t\t\t\t\t<a href=\"https:\/\/www.grupogodo.com\/\" target=\"_blank\" rel=\"nofollow\">\n\t\t\t\t\t\t\t<img decoding=\"async\" width=\"200\" height=\"81\" src=\"https:\/\/festivalorigenes.com\/wp-content\/uploads\/2020\/10\/grupogodo_logo.png\" class=\"attachment-full size-full wp-image-3463\" alt=\"GrupoGodo - Partners - or\u00edGenes Festival Gastron\u00f3mico\" \/>\t\t\t\t\t\t\t\t<\/a>\n\t\t\t\t\t\t\t\t\t\t\t\t\t\t\t<\/div>\n\t\t\t\t<\/div>\n\t\t\t\t\t<\/div>\n\t\t<\/div>\n\t\t\t\t<div class=\"elementor-column elementor-col-12 elementor-inner-column elementor-element elementor-element-48b40951\" data-id=\"48b40951\" data-element_type=\"column\">\n\t\t\t<div class=\"elementor-widget-wrap elementor-element-populated\">\n\t\t\t\t\t\t<div class=\"elementor-element elementor-element-26a5e21 elementor-widget elementor-widget-image\" data-id=\"26a5e21\" data-element_type=\"widget\" data-widget_type=\"image.default\">\n\t\t\t\t<div class=\"elementor-widget-container\">\n\t\t\t\t\t\t\t\t\t\t\t\t\t\t\t\t<a href=\"https:\/\/www.vilaviniteca.es\/\" target=\"_blank\" rel=\"nofollow\">\n\t\t\t\t\t\t\t<img loading=\"lazy\" decoding=\"async\" width=\"200\" height=\"81\" src=\"https:\/\/festivalorigenes.com\/wp-content\/uploads\/2020\/10\/vila_viniteca_logo.png\" class=\"attachment-full size-full wp-image-3464\" alt=\"Vila Viniteca - Partners - or\u00edGenes Festival Gastron\u00f3mico\" \/>\t\t\t\t\t\t\t\t<\/a>\n\t\t\t\t\t\t\t\t\t\t\t\t\t\t\t<\/div>\n\t\t\t\t<\/div>\n\t\t\t\t\t<\/div>\n\t\t<\/div>\n\t\t\t\t<div class=\"elementor-column elementor-col-12 elementor-inner-column elementor-element elementor-element-1f65396a\" data-id=\"1f65396a\" data-element_type=\"column\">\n\t\t\t<div class=\"elementor-widget-wrap elementor-element-populated\">\n\t\t\t\t\t\t<div class=\"elementor-element elementor-element-2b921d9c elementor-widget elementor-widget-image\" data-id=\"2b921d9c\" data-element_type=\"widget\" data-widget_type=\"image.default\">\n\t\t\t\t<div class=\"elementor-widget-container\">\n\t\t\t\t\t\t\t\t\t\t\t\t\t\t\t\t<a href=\"https:\/\/www.euroseleccio.com\/shop?taxon=69\" target=\"_blank\" rel=\"nofollow\">\n\t\t\t\t\t\t\t<img loading=\"lazy\" decoding=\"async\" width=\"200\" height=\"160\" src=\"https:\/\/festivalorigenes.com\/wp-content\/uploads\/2020\/12\/riedel_logo.png\" class=\"attachment-full size-full wp-image-3539\" alt=\"Riedel - Partners - or\u00edGenes Festival Gastron\u00f3mico\" \/>\t\t\t\t\t\t\t\t<\/a>\n\t\t\t\t\t\t\t\t\t\t\t\t\t\t\t<\/div>\n\t\t\t\t<\/div>\n\t\t\t\t\t<\/div>\n\t\t<\/div>\n\t\t\t\t<div class=\"elementor-column elementor-col-12 elementor-inner-column elementor-element elementor-element-5d5653e0\" data-id=\"5d5653e0\" data-element_type=\"column\">\n\t\t\t<div class=\"elementor-widget-wrap elementor-element-populated\">\n\t\t\t\t\t\t<div class=\"elementor-element elementor-element-10a66dba elementor-widget elementor-widget-image\" data-id=\"10a66dba\" data-element_type=\"widget\" data-widget_type=\"image.default\">\n\t\t\t\t<div class=\"elementor-widget-container\">\n\t\t\t\t\t\t\t\t\t\t\t\t\t\t\t\t<a href=\"https:\/\/bobobarcelona.com\/\" target=\"_blank\" rel=\"nofollow\">\n\t\t\t\t\t\t\t<img loading=\"lazy\" decoding=\"async\" width=\"200\" height=\"160\" src=\"https:\/\/festivalorigenes.com\/wp-content\/uploads\/2020\/12\/bobo_barcelona_logo.png\" class=\"attachment-full size-full wp-image-3582\" alt=\"Bobo Barcelona - Partners - or\u00edGenes Festival Gastron\u00f3mico\" \/>\t\t\t\t\t\t\t\t<\/a>\n\t\t\t\t\t\t\t\t\t\t\t\t\t\t\t<\/div>\n\t\t\t\t<\/div>\n\t\t\t\t\t<\/div>\n\t\t<\/div>\n\t\t\t\t<div class=\"elementor-column elementor-col-12 elementor-inner-column elementor-element elementor-element-2ac1771b\" data-id=\"2ac1771b\" data-element_type=\"column\">\n\t\t\t<div class=\"elementor-widget-wrap elementor-element-populated\">\n\t\t\t\t\t\t<div class=\"elementor-element elementor-element-259c77cf elementor-widget elementor-widget-image\" data-id=\"259c77cf\" data-element_type=\"widget\" data-widget_type=\"image.default\">\n\t\t\t\t<div class=\"elementor-widget-container\">\n\t\t\t\t\t\t\t\t\t\t\t\t\t\t\t\t<a href=\"https:\/\/klimer.es\/\" target=\"_blank\" rel=\"nofollow\">\n\t\t\t\t\t\t\t<img loading=\"lazy\" decoding=\"async\" width=\"200\" height=\"160\" src=\"https:\/\/festivalorigenes.com\/wp-content\/uploads\/2021\/02\/krimel_logo.png\" class=\"attachment-full size-full wp-image-4113\" alt=\"Krimel - Partners - or\u00edGenes Festival Gastron\u00f3mico\" \/>\t\t\t\t\t\t\t\t<\/a>\n\t\t\t\t\t\t\t\t\t\t\t\t\t\t\t<\/div>\n\t\t\t\t<\/div>\n\t\t\t\t\t<\/div>\n\t\t<\/div>\n\t\t\t\t<div class=\"elementor-column elementor-col-12 elementor-inner-column elementor-element elementor-element-75933799\" data-id=\"75933799\" data-element_type=\"column\">\n\t\t\t<div class=\"elementor-widget-wrap elementor-element-populated\">\n\t\t\t\t\t\t<div class=\"elementor-element elementor-element-6ac28118 elementor-widget elementor-widget-image\" data-id=\"6ac28118\" data-element_type=\"widget\" data-widget_type=\"image.default\">\n\t\t\t\t<div class=\"elementor-widget-container\">\n\t\t\t\t\t\t\t\t\t\t\t\t\t\t\t\t<a href=\"https:\/\/cafeselmagnifico.com\/\" target=\"_blank\" rel=\"nofollow\">\n\t\t\t\t\t\t\t<img loading=\"lazy\" decoding=\"async\" width=\"200\" height=\"81\" src=\"https:\/\/festivalorigenes.com\/wp-content\/uploads\/2021\/03\/el_magnifico_logo.png\" class=\"attachment-full size-full wp-image-4403\" alt=\"El Magn\u00edfico - Partners - or\u00edGenes Festival Gastron\u00f3mico\" \/>\t\t\t\t\t\t\t\t<\/a>\n\t\t\t\t\t\t\t\t\t\t\t\t\t\t\t<\/div>\n\t\t\t\t<\/div>\n\t\t\t\t\t<\/div>\n\t\t<\/div>\n\t\t\t\t<div class=\"elementor-column elementor-col-12 elementor-inner-column elementor-element elementor-element-19c18b14\" data-id=\"19c18b14\" data-element_type=\"column\">\n\t\t\t<div class=\"elementor-widget-wrap elementor-element-populated\">\n\t\t\t\t\t\t<div class=\"elementor-element elementor-element-3a90bd72 elementor-widget elementor-widget-image\" data-id=\"3a90bd72\" data-element_type=\"widget\" data-widget_type=\"image.default\">\n\t\t\t\t<div class=\"elementor-widget-container\">\n\t\t\t\t\t\t\t\t\t\t\t\t\t\t\t\t<a href=\"http:\/\/cancasadella.com\/?lang=es\" target=\"_blank\" rel=\"nofollow\">\n\t\t\t\t\t\t\t<img loading=\"lazy\" decoding=\"async\" width=\"200\" height=\"81\" src=\"https:\/\/festivalorigenes.com\/wp-content\/uploads\/2021\/03\/can_casadella_logo.png\" class=\"attachment-full size-full wp-image-4401\" alt=\"Can Casadell - Partners - or\u00edGenes Festival Gastron\u00f3mico\" \/>\t\t\t\t\t\t\t\t<\/a>\n\t\t\t\t\t\t\t\t\t\t\t\t\t\t\t<\/div>\n\t\t\t\t<\/div>\n\t\t\t\t\t<\/div>\n\t\t<\/div>\n\t\t\t\t<div class=\"elementor-column elementor-col-12 elementor-inner-column elementor-element elementor-element-44c91e0\" data-id=\"44c91e0\" data-element_type=\"column\">\n\t\t\t<div class=\"elementor-widget-wrap elementor-element-populated\">\n\t\t\t\t\t\t<div class=\"elementor-element elementor-element-4ba0db5 elementor-widget elementor-widget-image\" data-id=\"4ba0db5\" data-element_type=\"widget\" data-widget_type=\"image.default\">\n\t\t\t\t<div class=\"elementor-widget-container\">\n\t\t\t\t\t\t\t\t\t\t\t\t\t\t\t\t<a href=\"https:\/\/www.resol.es\/\" target=\"_blank\" rel=\"nofollow\">\n\t\t\t\t\t\t\t<img loading=\"lazy\" decoding=\"async\" width=\"200\" height=\"81\" src=\"https:\/\/festivalorigenes.com\/wp-content\/uploads\/2021\/06\/resol_logo.png\" class=\"attachment-full size-full wp-image-5472\" alt=\"Resol - Partners - or\u00edGenes Festival Gastron\u00f3mico\" \/>\t\t\t\t\t\t\t\t<\/a>\n\t\t\t\t\t\t\t\t\t\t\t\t\t\t\t<\/div>\n\t\t\t\t<\/div>\n\t\t\t\t\t<\/div>\n\t\t<\/div>\n\t\t\t\t\t<\/div>\n\t\t<\/section>\n\t\t\t\t<section class=\"elementor-section elementor-inner-section elementor-element elementor-element-5087cd63 elementor-section-content-middle elementor-section-boxed elementor-section-height-default elementor-section-height-default\" data-id=\"5087cd63\" data-element_type=\"section\">\n\t\t\t\t\t\t<div class=\"elementor-container elementor-column-gap-default\">\n\t\t\t\t\t<div class=\"elementor-column elementor-col-14 elementor-inner-column elementor-element elementor-element-1b82b09f\" data-id=\"1b82b09f\" data-element_type=\"column\">\n\t\t\t<div class=\"elementor-widget-wrap elementor-element-populated\">\n\t\t\t\t\t\t<div class=\"elementor-element elementor-element-200526ce elementor-widget elementor-widget-image\" data-id=\"200526ce\" data-element_type=\"widget\" data-widget_type=\"image.default\">\n\t\t\t\t<div class=\"elementor-widget-container\">\n\t\t\t\t\t\t\t\t\t\t\t\t\t\t\t\t<a href=\"https:\/\/www.kmzerohub.com\/\" target=\"_blank\" rel=\"nofollow\">\n\t\t\t\t\t\t\t<img loading=\"lazy\" decoding=\"async\" width=\"200\" height=\"81\" src=\"https:\/\/festivalorigenes.com\/wp-content\/uploads\/2021\/04\/kmzero_logo.png\" class=\"attachment-full size-full wp-image-4473\" alt=\"KMZERO - Partners - or\u00edGenes Festival Gastron\u00f3mico\" \/>\t\t\t\t\t\t\t\t<\/a>\n\t\t\t\t\t\t\t\t\t\t\t\t\t\t\t<\/div>\n\t\t\t\t<\/div>\n\t\t\t\t\t<\/div>\n\t\t<\/div>\n\t\t\t\t<div class=\"elementor-column elementor-col-14 elementor-inner-column elementor-element elementor-element-4e87e0fb\" data-id=\"4e87e0fb\" data-element_type=\"column\">\n\t\t\t<div class=\"elementor-widget-wrap elementor-element-populated\">\n\t\t\t\t\t\t<div class=\"elementor-element elementor-element-465232d8 elementor-widget elementor-widget-image\" data-id=\"465232d8\" data-element_type=\"widget\" data-widget_type=\"image.default\">\n\t\t\t\t<div class=\"elementor-widget-container\">\n\t\t\t\t\t\t\t\t\t\t\t\t\t\t\t\t<a href=\"http:\/\/www.trestrastos.com\/\" target=\"_blank\" rel=\"nofollow\">\n\t\t\t\t\t\t\t<img loading=\"lazy\" decoding=\"async\" width=\"200\" height=\"81\" src=\"https:\/\/festivalorigenes.com\/wp-content\/uploads\/2021\/04\/bustoscasas_logo.png\" class=\"attachment-full size-full wp-image-4601\" alt=\"Bustoscasas - Partners - or\u00edGenes Festival Gastron\u00f3mico\" \/>\t\t\t\t\t\t\t\t<\/a>\n\t\t\t\t\t\t\t\t\t\t\t\t\t\t\t<\/div>\n\t\t\t\t<\/div>\n\t\t\t\t\t<\/div>\n\t\t<\/div>\n\t\t\t\t<div class=\"elementor-column elementor-col-14 elementor-inner-column elementor-element elementor-element-398c9f62\" data-id=\"398c9f62\" data-element_type=\"column\">\n\t\t\t<div class=\"elementor-widget-wrap elementor-element-populated\">\n\t\t\t\t\t\t<div class=\"elementor-element elementor-element-7ad0bb57 elementor-widget elementor-widget-image\" data-id=\"7ad0bb57\" data-element_type=\"widget\" data-widget_type=\"image.default\">\n\t\t\t\t<div class=\"elementor-widget-container\">\n\t\t\t\t\t\t\t\t\t\t\t\t\t\t\t\t<a href=\"https:\/\/www.cuina.cat\/revista.html\" target=\"_blank\" rel=\"nofollow\">\n\t\t\t\t\t\t\t<img loading=\"lazy\" decoding=\"async\" width=\"200\" height=\"81\" src=\"https:\/\/festivalorigenes.com\/wp-content\/uploads\/2021\/05\/cuina_logo.png\" class=\"attachment-full size-full wp-image-5166\" alt=\"Cuina - Partners - or\u00edGenes Festival Gastron\u00f3mico\" \/>\t\t\t\t\t\t\t\t<\/a>\n\t\t\t\t\t\t\t\t\t\t\t\t\t\t\t<\/div>\n\t\t\t\t<\/div>\n\t\t\t\t\t<\/div>\n\t\t<\/div>\n\t\t\t\t<div class=\"elementor-column elementor-col-14 elementor-inner-column elementor-element elementor-element-32091b33\" data-id=\"32091b33\" data-element_type=\"column\">\n\t\t\t<div class=\"elementor-widget-wrap elementor-element-populated\">\n\t\t\t\t\t\t<div class=\"elementor-element elementor-element-557cdf4c elementor-widget elementor-widget-image\" data-id=\"557cdf4c\" data-element_type=\"widget\" data-widget_type=\"image.default\">\n\t\t\t\t<div class=\"elementor-widget-container\">\n\t\t\t\t\t\t\t\t\t\t\t\t\t\t\t\t<a href=\"https:\/\/www.cervezasalhambra.com\/es\" target=\"_blank\" rel=\"nofollow\">\n\t\t\t\t\t\t\t<img loading=\"lazy\" decoding=\"async\" width=\"200\" height=\"81\" src=\"https:\/\/festivalorigenes.com\/wp-content\/uploads\/2021\/05\/cervezas_alhamgra_logo.png\" class=\"attachment-full size-full wp-image-5164\" alt=\"Cervezas Alhambra - Partners - or\u00edGenes Festival Gastron\u00f3mico\" \/>\t\t\t\t\t\t\t\t<\/a>\n\t\t\t\t\t\t\t\t\t\t\t\t\t\t\t<\/div>\n\t\t\t\t<\/div>\n\t\t\t\t\t<\/div>\n\t\t<\/div>\n\t\t\t\t<div class=\"elementor-column elementor-col-14 elementor-inner-column elementor-element elementor-element-1960a593\" data-id=\"1960a593\" data-element_type=\"column\">\n\t\t\t<div class=\"elementor-widget-wrap elementor-element-populated\">\n\t\t\t\t\t\t<div class=\"elementor-element elementor-element-1cd1a85 elementor-widget elementor-widget-image\" data-id=\"1cd1a85\" data-element_type=\"widget\" data-widget_type=\"image.default\">\n\t\t\t\t<div class=\"elementor-widget-container\">\n\t\t\t\t\t\t\t\t\t\t\t\t\t\t\t\t<a href=\"https:\/\/www.cosentino.com\/es\/\" target=\"_blank\" rel=\"nofollow\">\n\t\t\t\t\t\t\t<img loading=\"lazy\" decoding=\"async\" width=\"200\" height=\"81\" src=\"https:\/\/festivalorigenes.com\/wp-content\/uploads\/2021\/05\/cosentino_logo.png\" class=\"attachment-full size-full wp-image-5278\" alt=\"Cosentino - Partners - or\u00edGenes Festival Gastron\u00f3mico\" \/>\t\t\t\t\t\t\t\t<\/a>\n\t\t\t\t\t\t\t\t\t\t\t\t\t\t\t<\/div>\n\t\t\t\t<\/div>\n\t\t\t\t\t<\/div>\n\t\t<\/div>\n\t\t\t\t<div class=\"elementor-column elementor-col-14 elementor-inner-column elementor-element elementor-element-406e39a3\" data-id=\"406e39a3\" data-element_type=\"column\">\n\t\t\t<div class=\"elementor-widget-wrap elementor-element-populated\">\n\t\t\t\t\t\t<div class=\"elementor-element elementor-element-63ded84 elementor-widget elementor-widget-image\" data-id=\"63ded84\" data-element_type=\"widget\" data-widget_type=\"image.default\">\n\t\t\t\t<div class=\"elementor-widget-container\">\n\t\t\t\t\t\t\t\t\t\t\t\t\t\t\t\t<a href=\"https:\/\/www.lenouveauchef.com\/es\" target=\"_blank\" rel=\"nofollow\">\n\t\t\t\t\t\t\t<img loading=\"lazy\" decoding=\"async\" width=\"200\" height=\"160\" src=\"https:\/\/festivalorigenes.com\/wp-content\/uploads\/2021\/05\/le_nouveau_chef_logo.png\" class=\"attachment-full size-full wp-image-5432\" alt=\"Le Nouveau Chef - Partners - or\u00edGenes Festival Gastron\u00f3mico\" \/>\t\t\t\t\t\t\t\t<\/a>\n\t\t\t\t\t\t\t\t\t\t\t\t\t\t\t<\/div>\n\t\t\t\t<\/div>\n\t\t\t\t\t<\/div>\n\t\t<\/div>\n\t\t\t\t<div class=\"elementor-column elementor-col-14 elementor-inner-column elementor-element elementor-element-79a75f62\" data-id=\"79a75f62\" data-element_type=\"column\">\n\t\t\t<div class=\"elementor-widget-wrap elementor-element-populated\">\n\t\t\t\t\t\t<div class=\"elementor-element elementor-element-81303da elementor-widget elementor-widget-image\" data-id=\"81303da\" data-element_type=\"widget\" data-widget_type=\"image.default\">\n\t\t\t\t<div class=\"elementor-widget-container\">\n\t\t\t\t\t\t\t\t\t\t\t\t\t\t\t\t<a href=\"https:\/\/www.closdelatorre.com\/es\/\" target=\"_blank\" rel=\"nofollow\">\n\t\t\t\t\t\t\t<img loading=\"lazy\" decoding=\"async\" width=\"200\" height=\"160\" src=\"https:\/\/festivalorigenes.com\/wp-content\/uploads\/2021\/05\/clos_de_la_torre_logo.png\" class=\"attachment-full size-full wp-image-5463\" alt=\"Clos de la Torre - Partners - or\u00edGenes Festival Gastron\u00f3mico\" \/>\t\t\t\t\t\t\t\t<\/a>\n\t\t\t\t\t\t\t\t\t\t\t\t\t\t\t<\/div>\n\t\t\t\t<\/div>\n\t\t\t\t\t<\/div>\n\t\t<\/div>\n\t\t\t\t\t<\/div>\n\t\t<\/section>\n\t\t\t\t\t<\/div>\n\t\t<\/div>\n\t\t\t\t\t<\/div>\n\t\t<\/section>\n\t\t\t\t<section class=\"elementor-section elementor-top-section elementor-element elementor-element-3ade7e9b elementor-section-boxed elementor-section-height-default elementor-section-height-default\" data-id=\"3ade7e9b\" data-element_type=\"section\" data-settings=\"{&quot;background_background&quot;:&quot;classic&quot;}\">\n\t\t\t\t\t\t\t<div class=\"elementor-background-overlay\"><\/div>\n\t\t\t\t\t\t\t<div class=\"elementor-container elementor-column-gap-default\">\n\t\t\t\t\t<div class=\"elementor-column elementor-col-50 elementor-top-column elementor-element elementor-element-7e830446\" data-id=\"7e830446\" data-element_type=\"column\">\n\t\t\t<div class=\"elementor-widget-wrap elementor-element-populated\">\n\t\t\t\t\t\t<div class=\"elementor-element elementor-element-5ebc1d0b elementor-widget elementor-widget-heading\" data-id=\"5ebc1d0b\" data-element_type=\"widget\" data-widget_type=\"heading.default\">\n\t\t\t\t<div class=\"elementor-widget-container\">\n\t\t\t\t\t<h5 class=\"elementor-heading-title elementor-size-large\">Inscriu-te i <br>disfruta del viatge<\/h5>\t\t\t\t<\/div>\n\t\t\t\t<\/div>\n\t\t\t\t\t<\/div>\n\t\t<\/div>\n\t\t\t\t<div class=\"elementor-column elementor-col-50 elementor-top-column elementor-element elementor-element-49bea3fe\" data-id=\"49bea3fe\" data-element_type=\"column\">\n\t\t\t<div class=\"elementor-widget-wrap elementor-element-populated\">\n\t\t\t\t\t\t<div class=\"elementor-element elementor-element-7b64f88c elementor-widget elementor-widget-html\" data-id=\"7b64f88c\" data-element_type=\"widget\" data-widget_type=\"html.default\">\n\t\t\t\t<div class=\"elementor-widget-container\">\n\t\t\t\t\t<script>(function() {\n\twindow.mc4wp = window.mc4wp || {\n\t\tlisteners: [],\n\t\tforms: {\n\t\t\ton: function(evt, cb) {\n\t\t\t\twindow.mc4wp.listeners.push(\n\t\t\t\t\t{\n\t\t\t\t\t\tevent   : evt,\n\t\t\t\t\t\tcallback: cb\n\t\t\t\t\t}\n\t\t\t\t);\n\t\t\t}\n\t\t}\n\t}\n})();\n<\/script><!-- Mailchimp for WordPress v4.10.6 - https:\/\/wordpress.org\/plugins\/mailchimp-for-wp\/ --><form id=\"mc4wp-form-1\" class=\"mc4wp-form mc4wp-form-3716 mc4wp-form-basic\" method=\"post\" data-id=\"3716\" data-name=\"Newsletter - CAT\" ><div class=\"mc4wp-form-fields\"><p>\r\n\t<label>\r\n\t\t<input type=\"text\" name=\"FNAME\" placeholder=\"Nom*\" required=\"\">\r\n<\/label>\r\n\r\n<\/p>\r\n<p>\r\n\t<label>\r\n\t\t<input type=\"email\" name=\"EMAIL\" placeholder=\"Email*\" required=\"\">\r\n<\/label>\r\n<\/p>\r\n  <p>\r\n\t<input type=\"submit\" value=\"Enviar\">\r\n<\/p>\r\n\r\n<p>\r\n    <label>\r\n        <input name=\"AGREE_TO_TERMS\" type=\"checkbox\" value=\"1\" required=\"\">He llegit i accepto els <a href=\"https:\/\/festivalorigenes.com\/ca\/politica-de-privacitat\/\" target=\"_blank\" rel=\"noopener\">termes i condicions<\/a>\r\n    <\/label>\r\n<\/p>\r\n<\/div><label style=\"display: none !important;\">Leave this field empty if you're human: <input type=\"text\" name=\"_mc4wp_honeypot\" value=\"\" tabindex=\"-1\" autocomplete=\"off\" \/><\/label><input type=\"hidden\" name=\"_mc4wp_timestamp\" value=\"1777597586\" \/><input type=\"hidden\" name=\"_mc4wp_form_id\" value=\"3716\" \/><input type=\"hidden\" name=\"_mc4wp_form_element_id\" value=\"mc4wp-form-1\" \/><div class=\"mc4wp-response\"><\/div><\/form><!-- \/ Mailchimp for WordPress Plugin -->\t\t\t\t<\/div>\n\t\t\t\t<\/div>\n\t\t\t\t\t<\/div>\n\t\t<\/div>\n\t\t\t\t\t<\/div>\n\t\t<\/section>\n\t\t\t\t<\/div>\n\t\t","protected":false},"excerpt":{"rendered":"<p>EDICI\u00d3 2021 Un homenatge als or\u00edGens Gastron\u00f2mics amb una mirada i comprom\u00eds amb el futur per una vida saludable i sostenible. or\u00edGenes \u00e9s un projecte de comunicaci\u00f3 gastron\u00f2mic pioner en el seu contingut format per una comunitat innovadora. Creat el 2020, enmig d&#8217;una pand\u00e8mia mundial, t\u00e9 com a prop\u00f2sit deixar una empremta positiva a la [&hellip;]<\/p>\n","protected":false},"author":1,"featured_media":0,"parent":0,"menu_order":0,"comment_status":"closed","ping_status":"closed","template":"","meta":{"site-sidebar-layout":"no-sidebar","site-content-layout":"page-builder","ast-site-content-layout":"default","site-content-style":"default","site-sidebar-style":"default","ast-global-header-display":"","ast-banner-title-visibility":"","ast-main-header-display":"","ast-hfb-above-header-display":"","ast-hfb-below-header-display":"","ast-hfb-mobile-header-display":"","site-post-title":"disabled","ast-breadcrumbs-content":"","ast-featured-img":"disabled","footer-sml-layout":"","theme-transparent-header-meta":"disabled","adv-header-id-meta":"","stick-header-meta":"default","header-above-stick-meta":"","header-main-stick-meta":"","header-below-stick-meta":null,"astra-migrate-meta-layouts":"default","ast-page-background-enabled":"default","ast-page-background-meta":{"desktop":{"background-color":"","background-image":"","background-repeat":"repeat","background-position":"center center","background-size":"auto","background-attachment":"scroll","background-type":"","background-media":"","overlay-type":"","overlay-color":"","overlay-opacity":"","overlay-gradient":""},"tablet":{"background-color":"","background-image":"","background-repeat":"repeat","background-position":"center center","background-size":"auto","background-attachment":"scroll","background-type":"","background-media":"","overlay-type":"","overlay-color":"","overlay-opacity":"","overlay-gradient":""},"mobile":{"background-color":"","background-image":"","background-repeat":"repeat","background-position":"center center","background-size":"auto","background-attachment":"scroll","background-type":"","background-media":"","overlay-type":"","overlay-color":"","overlay-opacity":"","overlay-gradient":""}},"ast-content-background-meta":{"desktop":{"background-color":"var(--ast-global-color-5)","background-image":"","background-repeat":"repeat","background-position":"center center","background-size":"auto","background-attachment":"scroll","background-type":"","background-media":"","overlay-type":"","overlay-color":"","overlay-opacity":"","overlay-gradient":""},"tablet":{"background-color":"var(--ast-global-color-5)","background-image":"","background-repeat":"repeat","background-position":"center center","background-size":"auto","background-attachment":"scroll","background-type":"","background-media":"","overlay-type":"","overlay-color":"","overlay-opacity":"","overlay-gradient":""},"mobile":{"background-color":"var(--ast-global-color-5)","background-image":"","background-repeat":"repeat","background-position":"center center","background-size":"auto","background-attachment":"scroll","background-type":"","background-media":"","overlay-type":"","overlay-color":"","overlay-opacity":"","overlay-gradient":""}},"footnotes":""},"class_list":["post-5880","page","type-page","status-publish","hentry"],"yoast_head":"<!-- This site is optimized with the Yoast SEO plugin v25.7 - https:\/\/yoast.com\/wordpress\/plugins\/seo\/ -->\n<title>Edici\u00f3 2021 - or\u00edGenes - Festival Gastron\u00f2mic<\/title>\n<meta name=\"description\" content=\"Torna a sentir el viatge d&#039;or\u00edGenes Festival Gastron\u00f2mic. Un viatge culinari amb 12 protagonistes mestres artesans i productes de m\u00e0xima qualitat.\" \/>\n<meta name=\"robots\" content=\"index, follow, max-snippet:-1, max-image-preview:large, max-video-preview:-1\" \/>\n<link rel=\"canonical\" href=\"https:\/\/festivalorigenes.com\/ca\/edicio-2021\/\" \/>\n<meta property=\"og:locale\" content=\"ca_ES\" \/>\n<meta property=\"og:type\" content=\"article\" \/>\n<meta property=\"og:title\" content=\"Edici\u00f3 2021 - or\u00edGenes - Festival Gastron\u00f2mic\" \/>\n<meta property=\"og:description\" content=\"Torna a sentir el viatge d&#039;or\u00edGenes Festival Gastron\u00f2mic. Un viatge culinari amb 12 protagonistes mestres artesans i productes de m\u00e0xima qualitat.\" \/>\n<meta property=\"og:url\" content=\"https:\/\/festivalorigenes.com\/ca\/edicio-2021\/\" \/>\n<meta property=\"og:site_name\" content=\"or\u00edGenes - Festival Gastron\u00f2mic\" \/>\n<meta property=\"article:publisher\" content=\"https:\/\/www.facebook.com\/origenesfestivalgastronomico\/\" \/>\n<meta property=\"article:modified_time\" content=\"2023-10-04T17:31:25+00:00\" \/>\n<meta property=\"og:image\" content=\"https:\/\/festivalorigenes.com\/wp-content\/uploads\/2021\/10\/barbara-sanfilippo-progatonistas-2021-festival-gastronomico-origenes.jpg\" \/>\n<meta name=\"twitter:card\" content=\"summary_large_image\" \/>\n<meta name=\"twitter:site\" content=\"@origenesfest\" \/>\n<meta name=\"twitter:label1\" content=\"Temps estimat de lectura\" \/>\n\t<meta name=\"twitter:data1\" content=\"16 minuts\" \/>\n<script type=\"application\/ld+json\" class=\"yoast-schema-graph\">{\"@context\":\"https:\/\/schema.org\",\"@graph\":[{\"@type\":\"WebPage\",\"@id\":\"https:\/\/festivalorigenes.com\/ca\/edicio-2021\/\",\"url\":\"https:\/\/festivalorigenes.com\/ca\/edicio-2021\/\",\"name\":\"Edici\u00f3 2021 - or\u00edGenes - Festival Gastron\u00f2mic\",\"isPartOf\":{\"@id\":\"https:\/\/festivalorigenes.com\/ca\/#website\"},\"primaryImageOfPage\":{\"@id\":\"https:\/\/festivalorigenes.com\/ca\/edicio-2021\/#primaryimage\"},\"image\":{\"@id\":\"https:\/\/festivalorigenes.com\/ca\/edicio-2021\/#primaryimage\"},\"thumbnailUrl\":\"https:\/\/festivalorigenes.com\/wp-content\/uploads\/2021\/10\/barbara-sanfilippo-progatonistas-2021-festival-gastronomico-origenes.jpg\",\"datePublished\":\"2021-10-31T12:10:24+00:00\",\"dateModified\":\"2023-10-04T17:31:25+00:00\",\"description\":\"Torna a sentir el viatge d'or\u00edGenes Festival Gastron\u00f2mic. Un viatge culinari amb 12 protagonistes mestres artesans i productes de m\u00e0xima qualitat.\",\"breadcrumb\":{\"@id\":\"https:\/\/festivalorigenes.com\/ca\/edicio-2021\/#breadcrumb\"},\"inLanguage\":\"ca\",\"potentialAction\":[{\"@type\":\"ReadAction\",\"target\":[\"https:\/\/festivalorigenes.com\/ca\/edicio-2021\/\"]}]},{\"@type\":\"ImageObject\",\"inLanguage\":\"ca\",\"@id\":\"https:\/\/festivalorigenes.com\/ca\/edicio-2021\/#primaryimage\",\"url\":\"https:\/\/festivalorigenes.com\/wp-content\/uploads\/2021\/10\/barbara-sanfilippo-progatonistas-2021-festival-gastronomico-origenes.jpg\",\"contentUrl\":\"https:\/\/festivalorigenes.com\/wp-content\/uploads\/2021\/10\/barbara-sanfilippo-progatonistas-2021-festival-gastronomico-origenes.jpg\"},{\"@type\":\"BreadcrumbList\",\"@id\":\"https:\/\/festivalorigenes.com\/ca\/edicio-2021\/#breadcrumb\",\"itemListElement\":[{\"@type\":\"ListItem\",\"position\":1,\"name\":\"Portada\",\"item\":\"https:\/\/festivalorigenes.com\/ca\/\"},{\"@type\":\"ListItem\",\"position\":2,\"name\":\"Edici\u00f3 2021\"}]},{\"@type\":\"WebSite\",\"@id\":\"https:\/\/festivalorigenes.com\/ca\/#website\",\"url\":\"https:\/\/festivalorigenes.com\/ca\/\",\"name\":\"or\u00edGenes - Festival Gastron\u00f2mic\",\"description\":\"\",\"publisher\":{\"@id\":\"https:\/\/festivalorigenes.com\/ca\/#organization\"},\"potentialAction\":[{\"@type\":\"SearchAction\",\"target\":{\"@type\":\"EntryPoint\",\"urlTemplate\":\"https:\/\/festivalorigenes.com\/ca\/?s={search_term_string}\"},\"query-input\":{\"@type\":\"PropertyValueSpecification\",\"valueRequired\":true,\"valueName\":\"search_term_string\"}}],\"inLanguage\":\"ca\"},{\"@type\":\"Organization\",\"@id\":\"https:\/\/festivalorigenes.com\/ca\/#organization\",\"name\":\"or\u00edGenes Festival Gastron\u00f2mic\",\"url\":\"https:\/\/festivalorigenes.com\/ca\/\",\"logo\":{\"@type\":\"ImageObject\",\"inLanguage\":\"ca\",\"@id\":\"https:\/\/festivalorigenes.com\/ca\/#\/schema\/logo\/image\/\",\"url\":\"https:\/\/festivalorigenes.com\/wp-content\/uploads\/2020\/11\/124151422_123321709577698_694323274832345559_n.png\",\"contentUrl\":\"https:\/\/festivalorigenes.com\/wp-content\/uploads\/2020\/11\/124151422_123321709577698_694323274832345559_n.png\",\"width\":401,\"height\":401,\"caption\":\"or\u00edGenes Festival Gastron\u00f2mic\"},\"image\":{\"@id\":\"https:\/\/festivalorigenes.com\/ca\/#\/schema\/logo\/image\/\"},\"sameAs\":[\"https:\/\/www.facebook.com\/origenesfestivalgastronomico\/\",\"https:\/\/x.com\/origenesfest\",\"https:\/\/www.instagram.com\/origenesfestivalgastronomico\/\",\"https:\/\/www.linkedin.com\/company\/or\u00edgenes-festival-gastron\u00f3mico\"]}]}<\/script>\n<!-- \/ Yoast SEO plugin. -->","yoast_head_json":{"title":"Edici\u00f3 2021 - or\u00edGenes - Festival Gastron\u00f2mic","description":"Torna a sentir el viatge d'or\u00edGenes Festival Gastron\u00f2mic. Un viatge culinari amb 12 protagonistes mestres artesans i productes de m\u00e0xima qualitat.","robots":{"index":"index","follow":"follow","max-snippet":"max-snippet:-1","max-image-preview":"max-image-preview:large","max-video-preview":"max-video-preview:-1"},"canonical":"https:\/\/festivalorigenes.com\/ca\/edicio-2021\/","og_locale":"ca_ES","og_type":"article","og_title":"Edici\u00f3 2021 - or\u00edGenes - Festival Gastron\u00f2mic","og_description":"Torna a sentir el viatge d'or\u00edGenes Festival Gastron\u00f2mic. Un viatge culinari amb 12 protagonistes mestres artesans i productes de m\u00e0xima qualitat.","og_url":"https:\/\/festivalorigenes.com\/ca\/edicio-2021\/","og_site_name":"or\u00edGenes - Festival Gastron\u00f2mic","article_publisher":"https:\/\/www.facebook.com\/origenesfestivalgastronomico\/","article_modified_time":"2023-10-04T17:31:25+00:00","og_image":[{"url":"https:\/\/festivalorigenes.com\/wp-content\/uploads\/2021\/10\/barbara-sanfilippo-progatonistas-2021-festival-gastronomico-origenes.jpg","type":"","width":"","height":""}],"twitter_card":"summary_large_image","twitter_site":"@origenesfest","twitter_misc":{"Temps estimat de lectura":"16 minuts"},"schema":{"@context":"https:\/\/schema.org","@graph":[{"@type":"WebPage","@id":"https:\/\/festivalorigenes.com\/ca\/edicio-2021\/","url":"https:\/\/festivalorigenes.com\/ca\/edicio-2021\/","name":"Edici\u00f3 2021 - or\u00edGenes - Festival Gastron\u00f2mic","isPartOf":{"@id":"https:\/\/festivalorigenes.com\/ca\/#website"},"primaryImageOfPage":{"@id":"https:\/\/festivalorigenes.com\/ca\/edicio-2021\/#primaryimage"},"image":{"@id":"https:\/\/festivalorigenes.com\/ca\/edicio-2021\/#primaryimage"},"thumbnailUrl":"https:\/\/festivalorigenes.com\/wp-content\/uploads\/2021\/10\/barbara-sanfilippo-progatonistas-2021-festival-gastronomico-origenes.jpg","datePublished":"2021-10-31T12:10:24+00:00","dateModified":"2023-10-04T17:31:25+00:00","description":"Torna a sentir el viatge d'or\u00edGenes Festival Gastron\u00f2mic. Un viatge culinari amb 12 protagonistes mestres artesans i productes de m\u00e0xima qualitat.","breadcrumb":{"@id":"https:\/\/festivalorigenes.com\/ca\/edicio-2021\/#breadcrumb"},"inLanguage":"ca","potentialAction":[{"@type":"ReadAction","target":["https:\/\/festivalorigenes.com\/ca\/edicio-2021\/"]}]},{"@type":"ImageObject","inLanguage":"ca","@id":"https:\/\/festivalorigenes.com\/ca\/edicio-2021\/#primaryimage","url":"https:\/\/festivalorigenes.com\/wp-content\/uploads\/2021\/10\/barbara-sanfilippo-progatonistas-2021-festival-gastronomico-origenes.jpg","contentUrl":"https:\/\/festivalorigenes.com\/wp-content\/uploads\/2021\/10\/barbara-sanfilippo-progatonistas-2021-festival-gastronomico-origenes.jpg"},{"@type":"BreadcrumbList","@id":"https:\/\/festivalorigenes.com\/ca\/edicio-2021\/#breadcrumb","itemListElement":[{"@type":"ListItem","position":1,"name":"Portada","item":"https:\/\/festivalorigenes.com\/ca\/"},{"@type":"ListItem","position":2,"name":"Edici\u00f3 2021"}]},{"@type":"WebSite","@id":"https:\/\/festivalorigenes.com\/ca\/#website","url":"https:\/\/festivalorigenes.com\/ca\/","name":"or\u00edGenes - Festival Gastron\u00f2mic","description":"","publisher":{"@id":"https:\/\/festivalorigenes.com\/ca\/#organization"},"potentialAction":[{"@type":"SearchAction","target":{"@type":"EntryPoint","urlTemplate":"https:\/\/festivalorigenes.com\/ca\/?s={search_term_string}"},"query-input":{"@type":"PropertyValueSpecification","valueRequired":true,"valueName":"search_term_string"}}],"inLanguage":"ca"},{"@type":"Organization","@id":"https:\/\/festivalorigenes.com\/ca\/#organization","name":"or\u00edGenes Festival Gastron\u00f2mic","url":"https:\/\/festivalorigenes.com\/ca\/","logo":{"@type":"ImageObject","inLanguage":"ca","@id":"https:\/\/festivalorigenes.com\/ca\/#\/schema\/logo\/image\/","url":"https:\/\/festivalorigenes.com\/wp-content\/uploads\/2020\/11\/124151422_123321709577698_694323274832345559_n.png","contentUrl":"https:\/\/festivalorigenes.com\/wp-content\/uploads\/2020\/11\/124151422_123321709577698_694323274832345559_n.png","width":401,"height":401,"caption":"or\u00edGenes Festival Gastron\u00f2mic"},"image":{"@id":"https:\/\/festivalorigenes.com\/ca\/#\/schema\/logo\/image\/"},"sameAs":["https:\/\/www.facebook.com\/origenesfestivalgastronomico\/","https:\/\/x.com\/origenesfest","https:\/\/www.instagram.com\/origenesfestivalgastronomico\/","https:\/\/www.linkedin.com\/company\/or\u00edgenes-festival-gastron\u00f3mico"]}]}},"_links":{"self":[{"href":"https:\/\/festivalorigenes.com\/ca\/wp-json\/wp\/v2\/pages\/5880","targetHints":{"allow":["GET"]}}],"collection":[{"href":"https:\/\/festivalorigenes.com\/ca\/wp-json\/wp\/v2\/pages"}],"about":[{"href":"https:\/\/festivalorigenes.com\/ca\/wp-json\/wp\/v2\/types\/page"}],"author":[{"embeddable":true,"href":"https:\/\/festivalorigenes.com\/ca\/wp-json\/wp\/v2\/users\/1"}],"replies":[{"embeddable":true,"href":"https:\/\/festivalorigenes.com\/ca\/wp-json\/wp\/v2\/comments?post=5880"}],"version-history":[{"count":14,"href":"https:\/\/festivalorigenes.com\/ca\/wp-json\/wp\/v2\/pages\/5880\/revisions"}],"predecessor-version":[{"id":10119,"href":"https:\/\/festivalorigenes.com\/ca\/wp-json\/wp\/v2\/pages\/5880\/revisions\/10119"}],"wp:attachment":[{"href":"https:\/\/festivalorigenes.com\/ca\/wp-json\/wp\/v2\/media?parent=5880"}],"curies":[{"name":"wp","href":"https:\/\/api.w.org\/{rel}","templated":true}]}}