{"id":8731,"date":"2023-05-03T13:44:07","date_gmt":"2023-05-03T13:44:07","guid":{"rendered":"https:\/\/festivalorigenes.com\/festival-2\/"},"modified":"2024-10-10T17:19:33","modified_gmt":"2024-10-10T17:19:33","slug":"festival-2","status":"publish","type":"page","link":"https:\/\/festivalorigenes.com\/ca\/festival-2\/","title":{"rendered":"Festival"},"content":{"rendered":"\t\t<div data-elementor-type=\"wp-page\" data-elementor-id=\"8731\" class=\"elementor elementor-8731 elementor-8685\" data-elementor-post-type=\"page\">\n\t\t\t\t\t\t<section class=\"elementor-section elementor-top-section elementor-element elementor-element-42b3d024 elementor-section-full_width elementor-section-height-min-height elementor-section-height-default elementor-section-items-middle\" data-id=\"42b3d024\" data-element_type=\"section\">\n\t\t\t\t\t\t\t<div class=\"elementor-background-overlay\"><\/div>\n\t\t\t\t\t\t\t<div class=\"elementor-container elementor-column-gap-default\">\n\t\t\t\t\t<div class=\"elementor-column elementor-col-100 elementor-top-column elementor-element elementor-element-287a75e8\" data-id=\"287a75e8\" data-element_type=\"column\" id=\"origenes\">\n\t\t\t<div class=\"elementor-widget-wrap elementor-element-populated\">\n\t\t\t\t\t\t<div class=\"elementor-element elementor-element-1e31f0cb elementor-widget elementor-widget-heading\" data-id=\"1e31f0cb\" data-element_type=\"widget\" data-widget_type=\"heading.default\">\n\t\t\t\t<div class=\"elementor-widget-container\">\n\t\t\t\t\t<h2 class=\"elementor-heading-title elementor-size-default\">FESTIVAL<\/h2>\t\t\t\t<\/div>\n\t\t\t\t<\/div>\n\t\t\t\t\t<\/div>\n\t\t<\/div>\n\t\t\t\t\t<\/div>\n\t\t<\/section>\n\t\t\t\t<section class=\"elementor-section elementor-top-section elementor-element elementor-element-fbe2600 elementor-section-boxed elementor-section-height-default elementor-section-height-default\" data-id=\"fbe2600\" data-element_type=\"section\">\n\t\t\t\t\t\t<div class=\"elementor-container elementor-column-gap-default\">\n\t\t\t\t\t<div class=\"elementor-column elementor-col-100 elementor-top-column elementor-element elementor-element-b189a76\" data-id=\"b189a76\" data-element_type=\"column\" id=\"origenes\">\n\t\t\t<div class=\"elementor-widget-wrap elementor-element-populated\">\n\t\t\t\t\t\t<div class=\"elementor-element elementor-element-180fa1b elementor-widget elementor-widget-heading\" data-id=\"180fa1b\" data-element_type=\"widget\" data-widget_type=\"heading.default\">\n\t\t\t\t<div class=\"elementor-widget-container\">\n\t\t\t\t\t<h1 class=\"elementor-heading-title elementor-size-xl\">Qu\u00e8 \u00e9s or\u00edGenes?<\/h1>\t\t\t\t<\/div>\n\t\t\t\t<\/div>\n\t\t\t\t\t<\/div>\n\t\t<\/div>\n\t\t\t\t\t<\/div>\n\t\t<\/section>\n\t\t\t\t<section class=\"elementor-section elementor-top-section elementor-element elementor-element-417314a9 elementor-section-boxed elementor-section-height-default elementor-section-height-default\" data-id=\"417314a9\" data-element_type=\"section\" data-settings=\"{&quot;background_background&quot;:&quot;classic&quot;}\">\n\t\t\t\t\t\t<div class=\"elementor-container elementor-column-gap-no\">\n\t\t\t\t\t<div class=\"elementor-column elementor-col-100 elementor-top-column elementor-element elementor-element-83b2304 elementor-invisible\" data-id=\"83b2304\" data-element_type=\"column\" data-settings=\"{&quot;animation&quot;:&quot;slideInLeft&quot;}\">\n\t\t\t<div class=\"elementor-widget-wrap elementor-element-populated\">\n\t\t\t\t\t\t<div class=\"elementor-element elementor-element-9d5978b elementor-widget elementor-widget-text-editor\" data-id=\"9d5978b\" data-element_type=\"widget\" data-widget_type=\"text-editor.default\">\n\t\t\t\t<div class=\"elementor-widget-container\">\n\t\t\t\t\t\t\t\t\t<p style=\"text-align: justify;\">or\u00edGens, creada el 2020, enmig d&#8217;una pand\u00e8mia mundial, \u00e9s una <strong>comunitat innovadora global,<\/strong> formada per 66 de les empreses, emprenedors, productors, viticultors i l\u00edders de la ind\u00fastria aliment\u00e0ria, i m\u00e9s de 1.500 persones que volen <strong>promoure una producci\u00f3 i consum responsable a Espanya.<\/strong><\/p>\n<p style=\"text-align: justify;\">or\u00edGens crea <strong>experi\u00e8ncies innovadores, exclusives i sostenibles<\/strong>, impulsa <strong>negocis de productors artesans locals<\/strong>, i els mobilitza per connectar-los amb els consumidors <strong>compartint la hist\u00f2ria real que hi ha darrere de cada producte.<\/strong><\/p>\n<p style=\"text-align: justify;\">Despr\u00e9s de l&#8217;\u00e8xit de la <strong>segona edici\u00f3 del festival gastron\u00f2mic regeneratiu<\/strong>, el llan\u00e7ament del <strong>llibre Or\u00edGenes. Artesans del que \u00e9s aut\u00e8ntic\u201d<\/strong>, 22 <strong>documentals<\/strong>, 13 <strong>podcast<\/strong>, i el llan\u00e7ament de <strong>6 nous productes gastron\u00f2mics innovadors<\/strong> al mercat, neix el Club or\u00edGens.<\/p>\t\t\t\t\t\t\t\t<\/div>\n\t\t\t\t<\/div>\n\t\t\t\t<div class=\"elementor-element elementor-element-f974a3f elementor-widget elementor-widget-text-editor\" data-id=\"f974a3f\" data-element_type=\"widget\" data-widget_type=\"text-editor.default\">\n\t\t\t\t<div class=\"elementor-widget-container\">\n\t\t\t\t\t\t\t\t\t<p><em>&#8220;Un <strong>club gastron\u00f2mic boutique<\/strong> dirigit a <strong>amants de la gastronomia<\/strong> i a <strong>empreses del sector alimentari<\/strong> amb inter\u00e8s i comprom\u00eds a tenir un <strong>impacte positiu<\/strong> a la societat, economia i planeta.&#8221;<\/em> <\/p>\n\t\t\t\t\t\t\t\t<\/div>\n\t\t\t\t<\/div>\n\t\t\t\t<div class=\"elementor-element elementor-element-fcd4868 elementor-widget elementor-widget-text-editor\" data-id=\"fcd4868\" data-element_type=\"widget\" data-widget_type=\"text-editor.default\">\n\t\t\t\t<div class=\"elementor-widget-container\">\n\t\t\t\t\t\t\t\t\t<p style=\"text-align: justify;\">El prop\u00f2sit del club \u00e9s <strong>gaudir d\u00b4una gastronomia aut\u00e8ntica<\/strong> amb \u00e0nima, connectar amb persones amb inquietuds similars, descobrir i inspirar amb nous productes i experi\u00e8ncies i <strong>crear una empremta positiva.<\/strong><\/p>\n<p style=\"text-align: justify;\">Si creus en aquests valors i ets un <strong>PROTAGONISTA DEL CANVI<\/strong>, aquest \u00e9s el teu Club.<\/p>\t\t\t\t\t\t\t\t<\/div>\n\t\t\t\t<\/div>\n\t\t\t\t\t<\/div>\n\t\t<\/div>\n\t\t\t\t\t<\/div>\n\t\t<\/section>\n\t\t\t\t<section class=\"elementor-section elementor-top-section elementor-element elementor-element-168d94a elementor-section-boxed elementor-section-height-default elementor-section-height-default\" data-id=\"168d94a\" data-element_type=\"section\" data-settings=\"{&quot;background_background&quot;:&quot;classic&quot;}\">\n\t\t\t\t\t\t<div class=\"elementor-container elementor-column-gap-no\">\n\t\t\t\t\t<div class=\"elementor-column elementor-col-33 elementor-top-column elementor-element elementor-element-dad3810\" data-id=\"dad3810\" data-element_type=\"column\">\n\t\t\t<div class=\"elementor-widget-wrap elementor-element-populated\">\n\t\t\t\t\t\t<div class=\"elementor-element elementor-element-978d67b elementor-widget elementor-widget-heading\" data-id=\"978d67b\" data-element_type=\"widget\" data-widget_type=\"heading.default\">\n\t\t\t\t<div class=\"elementor-widget-container\">\n\t\t\t\t\t<h4 class=\"elementor-heading-title elementor-size-default\">El Llibre que promet <br>fer-te viatjar<\/h4>\t\t\t\t<\/div>\n\t\t\t\t<\/div>\n\t\t\t\t<div class=\"elementor-element elementor-element-2c1c56c elementor-widget elementor-widget-image\" data-id=\"2c1c56c\" data-element_type=\"widget\" data-widget_type=\"image.default\">\n\t\t\t\t<div class=\"elementor-widget-container\">\n\t\t\t\t\t\t\t\t\t\t\t\t\t\t\t<img fetchpriority=\"high\" decoding=\"async\" width=\"300\" height=\"200\" src=\"https:\/\/festivalorigenes.com\/wp-content\/uploads\/2021\/10\/libro-origenes-festival-gastronomico-300x200.png\" class=\"attachment-medium size-medium wp-image-5774\" alt=\"\" srcset=\"https:\/\/festivalorigenes.com\/wp-content\/uploads\/2021\/10\/libro-origenes-festival-gastronomico-300x200.png 300w, https:\/\/festivalorigenes.com\/wp-content\/uploads\/2021\/10\/libro-origenes-festival-gastronomico-768x512.png 768w, https:\/\/festivalorigenes.com\/wp-content\/uploads\/2021\/10\/libro-origenes-festival-gastronomico.png 960w\" sizes=\"(max-width: 300px) 100vw, 300px\" \/>\t\t\t\t\t\t\t\t\t\t\t\t\t\t\t<\/div>\n\t\t\t\t<\/div>\n\t\t\t\t<section class=\"elementor-section elementor-inner-section elementor-element elementor-element-4ca94de elementor-section-boxed elementor-section-height-default elementor-section-height-default\" data-id=\"4ca94de\" data-element_type=\"section\">\n\t\t\t\t\t\t<div class=\"elementor-container elementor-column-gap-default\">\n\t\t\t\t\t<div class=\"elementor-column elementor-col-100 elementor-inner-column elementor-element elementor-element-75c56c2\" data-id=\"75c56c2\" data-element_type=\"column\">\n\t\t\t<div class=\"elementor-widget-wrap elementor-element-populated\">\n\t\t\t\t\t\t<div class=\"elementor-element elementor-element-bb702d0 elementor-align-center elementor-widget elementor-widget-button\" data-id=\"bb702d0\" data-element_type=\"widget\" data-widget_type=\"button.default\">\n\t\t\t\t<div class=\"elementor-widget-container\">\n\t\t\t\t\t\t\t\t\t<div class=\"elementor-button-wrapper\">\n\t\t\t\t\t<a class=\"elementor-button elementor-button-link elementor-size-lg\" href=\"https:\/\/shopping.lavanguardia.com\/origenes-festival-gastronomico-artesanos.html\" target=\"_blank\">\n\t\t\t\t\t\t<span class=\"elementor-button-content-wrapper\">\n\t\t\t\t\t\t\t\t\t<span class=\"elementor-button-text\">COMPRAR L'EBOOK<\/span>\n\t\t\t\t\t<\/span>\n\t\t\t\t\t<\/a>\n\t\t\t\t<\/div>\n\t\t\t\t\t\t\t\t<\/div>\n\t\t\t\t<\/div>\n\t\t\t\t\t<\/div>\n\t\t<\/div>\n\t\t\t\t\t<\/div>\n\t\t<\/section>\n\t\t\t\t<section class=\"elementor-section elementor-inner-section elementor-element elementor-element-31b5795 elementor-section-boxed elementor-section-height-default elementor-section-height-default\" data-id=\"31b5795\" data-element_type=\"section\">\n\t\t\t\t\t\t<div class=\"elementor-container elementor-column-gap-default\">\n\t\t\t\t\t<div class=\"elementor-column elementor-col-100 elementor-inner-column elementor-element elementor-element-00aafcd\" data-id=\"00aafcd\" data-element_type=\"column\">\n\t\t\t<div class=\"elementor-widget-wrap elementor-element-populated\">\n\t\t\t\t\t\t<div class=\"elementor-element elementor-element-90f79c9 elementor-align-center elementor-widget elementor-widget-button\" data-id=\"90f79c9\" data-element_type=\"widget\" data-widget_type=\"button.default\">\n\t\t\t\t<div class=\"elementor-widget-container\">\n\t\t\t\t\t\t\t\t\t<div class=\"elementor-button-wrapper\">\n\t\t\t\t\t<a class=\"elementor-button elementor-button-link elementor-size-lg\" href=\"https:\/\/shopping.lavanguardia.com\/libros-de-vanguardia\/lvr419-419-ldv-origenes-festival-gastro.html\" target=\"_blank\">\n\t\t\t\t\t\t<span class=\"elementor-button-content-wrapper\">\n\t\t\t\t\t\t\t\t\t<span class=\"elementor-button-text\">COMPRAR LLIBRE<\/span>\n\t\t\t\t\t<\/span>\n\t\t\t\t\t<\/a>\n\t\t\t\t<\/div>\n\t\t\t\t\t\t\t\t<\/div>\n\t\t\t\t<\/div>\n\t\t\t\t\t<\/div>\n\t\t<\/div>\n\t\t\t\t\t<\/div>\n\t\t<\/section>\n\t\t\t\t\t<\/div>\n\t\t<\/div>\n\t\t\t\t<div class=\"elementor-column elementor-col-33 elementor-top-column elementor-element elementor-element-8cecc73\" data-id=\"8cecc73\" data-element_type=\"column\">\n\t\t\t<div class=\"elementor-widget-wrap elementor-element-populated\">\n\t\t\t\t\t\t<div class=\"elementor-element elementor-element-02eafa6 elementor-widget elementor-widget-heading\" data-id=\"02eafa6\" data-element_type=\"widget\" data-widget_type=\"heading.default\">\n\t\t\t\t<div class=\"elementor-widget-container\">\n\t\t\t\t\t<h4 class=\"elementor-heading-title elementor-size-default\">El Podcast per als Protagonistes del Canvi<\/h4>\t\t\t\t<\/div>\n\t\t\t\t<\/div>\n\t\t\t\t<section class=\"elementor-section elementor-inner-section elementor-element elementor-element-1f7fa98 elementor-section-boxed elementor-section-height-default elementor-section-height-default\" data-id=\"1f7fa98\" data-element_type=\"section\">\n\t\t\t\t\t\t<div class=\"elementor-container elementor-column-gap-default\">\n\t\t\t\t\t<div class=\"elementor-column elementor-col-100 elementor-inner-column elementor-element elementor-element-2e4a439\" data-id=\"2e4a439\" data-element_type=\"column\">\n\t\t\t<div class=\"elementor-widget-wrap elementor-element-populated\">\n\t\t\t\t\t\t<section class=\"elementor-section elementor-inner-section elementor-element elementor-element-f8cd81a elementor-section-boxed elementor-section-height-default elementor-section-height-default\" data-id=\"f8cd81a\" data-element_type=\"section\">\n\t\t\t\t\t\t<div class=\"elementor-container elementor-column-gap-default\">\n\t\t\t\t\t<div class=\"elementor-column elementor-col-100 elementor-inner-column elementor-element elementor-element-bde3688\" data-id=\"bde3688\" data-element_type=\"column\">\n\t\t\t<div class=\"elementor-widget-wrap elementor-element-populated\">\n\t\t\t\t\t\t<div class=\"elementor-element elementor-element-d9f9013 elementor-widget elementor-widget-html\" data-id=\"d9f9013\" data-element_type=\"widget\" data-widget_type=\"html.default\">\n\t\t\t\t<div class=\"elementor-widget-container\">\n\t\t\t\t\t<iframe src=\"https:\/\/open.spotify.com\/embed\/episode\/6fzBUxrdyhxthJ3fjmJaAH?theme=0\" width=\"100%\" height=\"200\" frameborder=\"0\" allowfullscreen=\"\" allow=\"autoplay; clipboard-write; encrypted-media; fullscreen; picture-in-picture\"><\/iframe>\t\t\t\t<\/div>\n\t\t\t\t<\/div>\n\t\t\t\t<div class=\"elementor-element elementor-element-7a7d7c3 elementor-align-center elementor-widget elementor-widget-button\" data-id=\"7a7d7c3\" data-element_type=\"widget\" data-widget_type=\"button.default\">\n\t\t\t\t<div class=\"elementor-widget-container\">\n\t\t\t\t\t\t\t\t\t<div class=\"elementor-button-wrapper\">\n\t\t\t\t\t<a class=\"elementor-button elementor-button-link elementor-size-lg\" href=\"https:\/\/open.spotify.com\/show\/0spPOPv0O4EpB61volE4Qm?si=10bfa12fff5740ad\" target=\"_blank\">\n\t\t\t\t\t\t<span class=\"elementor-button-content-wrapper\">\n\t\t\t\t\t\t\t\t\t<span class=\"elementor-button-text\">COMPRAR EBOOK<\/span>\n\t\t\t\t\t<\/span>\n\t\t\t\t\t<\/a>\n\t\t\t\t<\/div>\n\t\t\t\t\t\t\t\t<\/div>\n\t\t\t\t<\/div>\n\t\t\t\t\t<\/div>\n\t\t<\/div>\n\t\t\t\t\t<\/div>\n\t\t<\/section>\n\t\t\t\t\t<\/div>\n\t\t<\/div>\n\t\t\t\t\t<\/div>\n\t\t<\/section>\n\t\t\t\t\t<\/div>\n\t\t<\/div>\n\t\t\t\t<div class=\"elementor-column elementor-col-33 elementor-top-column elementor-element elementor-element-7eb979d elementor-invisible\" data-id=\"7eb979d\" data-element_type=\"column\" data-settings=\"{&quot;animation&quot;:&quot;slideInLeft&quot;}\">\n\t\t\t<div class=\"elementor-widget-wrap elementor-element-populated\">\n\t\t\t\t\t\t<section class=\"elementor-section elementor-inner-section elementor-element elementor-element-60fb979 elementor-section-boxed elementor-section-height-default elementor-section-height-default\" data-id=\"60fb979\" data-element_type=\"section\">\n\t\t\t\t\t\t<div class=\"elementor-container elementor-column-gap-default\">\n\t\t\t\t\t<div class=\"elementor-column elementor-col-100 elementor-inner-column elementor-element elementor-element-a4559fe\" data-id=\"a4559fe\" data-element_type=\"column\">\n\t\t\t<div class=\"elementor-widget-wrap elementor-element-populated\">\n\t\t\t\t\t\t<div class=\"elementor-element elementor-element-7fac557 elementor-widget elementor-widget-heading\" data-id=\"7fac557\" data-element_type=\"widget\" data-widget_type=\"heading.default\">\n\t\t\t\t<div class=\"elementor-widget-container\">\n\t\t\t\t\t<h4 class=\"elementor-heading-title elementor-size-default\">L'Aftermovie de metafuturo or\u00edGenes Madrid 2024<\/h4>\t\t\t\t<\/div>\n\t\t\t\t<\/div>\n\t\t\t\t<div class=\"elementor-element elementor-element-275cbff elementor-widget elementor-widget-video\" data-id=\"275cbff\" data-element_type=\"widget\" data-settings=\"{&quot;youtube_url&quot;:&quot;https:\\\/\\\/www.youtube.com\\\/watch?v=fRV_onLJY0Y&amp;t=1s&quot;,&quot;show_image_overlay&quot;:&quot;yes&quot;,&quot;image_overlay&quot;:{&quot;url&quot;:&quot;https:\\\/\\\/festivalorigenes.com\\\/wp-content\\\/uploads\\\/2024\\\/10\\\/encuentros_metafuturo_madrid.png&quot;,&quot;id&quot;:10432,&quot;size&quot;:&quot;&quot;,&quot;alt&quot;:&quot;&quot;,&quot;source&quot;:&quot;library&quot;},&quot;lazy_load&quot;:&quot;yes&quot;,&quot;lightbox&quot;:&quot;yes&quot;,&quot;_animation&quot;:&quot;none&quot;,&quot;autoplay&quot;:&quot;yes&quot;,&quot;video_type&quot;:&quot;youtube&quot;,&quot;controls&quot;:&quot;yes&quot;}\" data-widget_type=\"video.default\">\n\t\t\t\t<div class=\"elementor-widget-container\">\n\t\t\t\t\t\t\t<div class=\"elementor-wrapper elementor-open-lightbox\">\n\t\t\t\t\t\t\t<div class=\"elementor-custom-embed-image-overlay\" data-elementor-open-lightbox=\"yes\" data-elementor-lightbox=\"{&quot;type&quot;:&quot;video&quot;,&quot;videoType&quot;:&quot;youtube&quot;,&quot;url&quot;:&quot;https:\\\/\\\/www.youtube.com\\\/embed\\\/fRV_onLJY0Y?feature=oembed&amp;start&amp;end&amp;wmode=opaque&amp;loop=0&amp;controls=1&amp;mute=0&amp;rel=0&amp;cc_load_policy=0&quot;,&quot;autoplay&quot;:&quot;yes&quot;,&quot;modalOptions&quot;:{&quot;id&quot;:&quot;elementor-lightbox-275cbff&quot;,&quot;entranceAnimation&quot;:&quot;&quot;,&quot;entranceAnimation_tablet&quot;:&quot;&quot;,&quot;entranceAnimation_mobile&quot;:&quot;&quot;,&quot;videoAspectRatio&quot;:&quot;169&quot;}}\" data-e-action-hash=\"#elementor-action%3Aaction%3Dlightbox%26settings%3DeyJ0eXBlIjoidmlkZW8iLCJ2aWRlb1R5cGUiOiJ5b3V0dWJlIiwidXJsIjoiaHR0cHM6XC9cL3d3dy55b3V0dWJlLmNvbVwvZW1iZWRcL2ZSVl9vbkxKWTBZP2ZlYXR1cmU9b2VtYmVkJnN0YXJ0JmVuZCZ3bW9kZT1vcGFxdWUmbG9vcD0wJmNvbnRyb2xzPTEmbXV0ZT0wJnJlbD0wJmNjX2xvYWRfcG9saWN5PTAiLCJhdXRvcGxheSI6InllcyIsIm1vZGFsT3B0aW9ucyI6eyJpZCI6ImVsZW1lbnRvci1saWdodGJveC0yNzVjYmZmIiwiZW50cmFuY2VBbmltYXRpb24iOiIiLCJlbnRyYW5jZUFuaW1hdGlvbl90YWJsZXQiOiIiLCJlbnRyYW5jZUFuaW1hdGlvbl9tb2JpbGUiOiIiLCJ2aWRlb0FzcGVjdFJhdGlvIjoiMTY5In19\">\n\t\t\t\t\t\t\t\t\t\t\t<img decoding=\"async\" src=\"https:\/\/festivalorigenes.com\/wp-content\/uploads\/elementor\/thumbs\/encuentros_metafuturo_madrid-qvd2b3pvn5w0atj19rfg6dplqg06cjzxd3cx3xe83s.png\" title=\"encuentros_metafuturo_madrid\" alt=\"encuentros_metafuturo_madrid\" loading=\"lazy\" \/>\t\t\t\t\t\t\t\t\t\t\t\t\t\t\t\t<div class=\"elementor-custom-embed-play\" role=\"button\" aria-label=\"Reprodueix v\u00eddeo\" tabindex=\"0\">\n\t\t\t\t\t\t\t<i aria-hidden=\"true\" class=\"eicon-play\"><\/i>\t\t\t\t\t\t<\/div>\n\t\t\t\t\t\t\t\t\t<\/div>\n\t\t\t\t\t<\/div>\n\t\t\t\t\t\t<\/div>\n\t\t\t\t<\/div>\n\t\t\t\t\t<\/div>\n\t\t<\/div>\n\t\t\t\t\t<\/div>\n\t\t<\/section>\n\t\t\t\t<div class=\"elementor-element elementor-element-353df36 elementor-align-center elementor-widget elementor-widget-button\" data-id=\"353df36\" data-element_type=\"widget\" data-widget_type=\"button.default\">\n\t\t\t\t<div class=\"elementor-widget-container\">\n\t\t\t\t\t\t\t\t\t<div class=\"elementor-button-wrapper\">\n\t\t\t\t\t<a class=\"elementor-button elementor-button-link elementor-size-lg\" href=\"https:\/\/www.youtube.com\/@origenes_club\" target=\"_blank\">\n\t\t\t\t\t\t<span class=\"elementor-button-content-wrapper\">\n\t\t\t\t\t\t\t\t\t<span class=\"elementor-button-text\">CANAL OR\u00cdGENES<\/span>\n\t\t\t\t\t<\/span>\n\t\t\t\t\t<\/a>\n\t\t\t\t<\/div>\n\t\t\t\t\t\t\t\t<\/div>\n\t\t\t\t<\/div>\n\t\t\t\t\t<\/div>\n\t\t<\/div>\n\t\t\t\t\t<\/div>\n\t\t<\/section>\n\t\t\t\t<section class=\"elementor-section elementor-top-section elementor-element elementor-element-79c40e7e elementor-section-boxed elementor-section-height-default elementor-section-height-default\" data-id=\"79c40e7e\" data-element_type=\"section\" data-settings=\"{&quot;background_background&quot;:&quot;classic&quot;}\">\n\t\t\t\t\t\t<div class=\"elementor-container elementor-column-gap-default\">\n\t\t\t\t\t<div class=\"elementor-column elementor-col-100 elementor-top-column elementor-element elementor-element-6c2f2e09\" data-id=\"6c2f2e09\" data-element_type=\"column\" data-settings=\"{&quot;background_background&quot;:&quot;classic&quot;}\">\n\t\t\t<div class=\"elementor-widget-wrap elementor-element-populated\">\n\t\t\t\t\t\t<section class=\"elementor-section elementor-inner-section elementor-element elementor-element-72247cde elementor-section-boxed elementor-section-height-default elementor-section-height-default\" data-id=\"72247cde\" data-element_type=\"section\" data-settings=\"{&quot;background_background&quot;:&quot;classic&quot;}\">\n\t\t\t\t\t\t<div class=\"elementor-container elementor-column-gap-default\">\n\t\t\t\t\t<div class=\"elementor-column elementor-col-33 elementor-inner-column elementor-element elementor-element-66d241f elementor-invisible\" data-id=\"66d241f\" data-element_type=\"column\" data-settings=\"{&quot;animation&quot;:&quot;fadeIn&quot;}\">\n\t\t\t<div class=\"elementor-widget-wrap elementor-element-populated\">\n\t\t\t\t\t\t<div class=\"elementor-element elementor-element-37c881bf elementor-position-top elementor-widget elementor-widget-image-box\" data-id=\"37c881bf\" data-element_type=\"widget\" data-widget_type=\"image-box.default\">\n\t\t\t\t<div class=\"elementor-widget-container\">\n\t\t\t\t\t<div class=\"elementor-image-box-wrapper\"><figure class=\"elementor-image-box-img\"><img decoding=\"async\" width=\"120\" height=\"120\" src=\"https:\/\/festivalorigenes.com\/wp-content\/uploads\/2020\/10\/festival-ori\u0301Genes-proximidad.png\" class=\"attachment-full size-full wp-image-3457\" alt=\"Proximitat - or\u00edGenes Festival gastron\u00f2mic\" \/><\/figure><div class=\"elementor-image-box-content\"><h3 class=\"elementor-image-box-title\">Proximitat<\/h3><p class=\"elementor-image-box-description\">Experi\u00e8ncia \u00fanica per a 350 amants i professionals de la gastronomia garantint la proximitat entre artesans i assistents<\/p><\/div><\/div>\t\t\t\t<\/div>\n\t\t\t\t<\/div>\n\t\t\t\t\t<\/div>\n\t\t<\/div>\n\t\t\t\t<div class=\"elementor-column elementor-col-33 elementor-inner-column elementor-element elementor-element-6045287f elementor-invisible\" data-id=\"6045287f\" data-element_type=\"column\" data-settings=\"{&quot;animation&quot;:&quot;fadeIn&quot;}\">\n\t\t\t<div class=\"elementor-widget-wrap elementor-element-populated\">\n\t\t\t\t\t\t<div class=\"elementor-element elementor-element-3f5e2200 elementor-position-top elementor-widget elementor-widget-image-box\" data-id=\"3f5e2200\" data-element_type=\"widget\" data-widget_type=\"image-box.default\">\n\t\t\t\t<div class=\"elementor-widget-container\">\n\t\t\t\t\t<div class=\"elementor-image-box-wrapper\"><figure class=\"elementor-image-box-img\"><img decoding=\"async\" width=\"120\" height=\"120\" src=\"https:\/\/festivalorigenes.com\/wp-content\/uploads\/2020\/10\/festival-ori\u0301Genes-calidad.png\" class=\"attachment-full size-full wp-image-3455\" alt=\"Qualitat - or\u00edGenes Festival gastron\u00f2mic\" \/><\/figure><div class=\"elementor-image-box-content\"><h3 class=\"elementor-image-box-title\">Qualitat <\/h3><p class=\"elementor-image-box-description\">Selecci\u00f3 d'artesans amb t\u00e8cniques tradicionals que els apassionen i que respecten el seu producte i l'entorn<\/p><\/div><\/div>\t\t\t\t<\/div>\n\t\t\t\t<\/div>\n\t\t\t\t\t<\/div>\n\t\t<\/div>\n\t\t\t\t<div class=\"elementor-column elementor-col-33 elementor-inner-column elementor-element elementor-element-17d1f434 elementor-invisible\" data-id=\"17d1f434\" data-element_type=\"column\" data-settings=\"{&quot;animation&quot;:&quot;fadeIn&quot;}\">\n\t\t\t<div class=\"elementor-widget-wrap elementor-element-populated\">\n\t\t\t\t\t\t<div class=\"elementor-element elementor-element-78934e5a elementor-position-top elementor-widget elementor-widget-image-box\" data-id=\"78934e5a\" data-element_type=\"widget\" data-widget_type=\"image-box.default\">\n\t\t\t\t<div class=\"elementor-widget-container\">\n\t\t\t\t\t<div class=\"elementor-image-box-wrapper\"><figure class=\"elementor-image-box-img\"><img loading=\"lazy\" decoding=\"async\" width=\"120\" height=\"120\" src=\"https:\/\/festivalorigenes.com\/wp-content\/uploads\/2020\/10\/festival-ori\u0301Genes-talento.png\" class=\"attachment-full size-full wp-image-3459\" alt=\"Talent - or\u00edGenes Festival gastron\u00f2mic\" \/><\/figure><div class=\"elementor-image-box-content\"><h3 class=\"elementor-image-box-title\">Talent<\/h3><p class=\"elementor-image-box-description\">Divulgaci\u00f3 del coneixement, les habilitats i actituds de l'emprenedor gastron\u00f2mic<\/p><\/div><\/div>\t\t\t\t<\/div>\n\t\t\t\t<\/div>\n\t\t\t\t\t<\/div>\n\t\t<\/div>\n\t\t\t\t\t<\/div>\n\t\t<\/section>\n\t\t\t\t<section class=\"elementor-section elementor-inner-section elementor-element elementor-element-44fc690e elementor-section-boxed elementor-section-height-default elementor-section-height-default\" data-id=\"44fc690e\" data-element_type=\"section\" data-settings=\"{&quot;background_background&quot;:&quot;classic&quot;}\">\n\t\t\t\t\t\t<div class=\"elementor-container elementor-column-gap-default\">\n\t\t\t\t\t<div class=\"elementor-column elementor-col-33 elementor-inner-column elementor-element elementor-element-75948b2a elementor-invisible\" data-id=\"75948b2a\" data-element_type=\"column\" data-settings=\"{&quot;animation&quot;:&quot;fadeIn&quot;}\">\n\t\t\t<div class=\"elementor-widget-wrap elementor-element-populated\">\n\t\t\t\t\t\t<div class=\"elementor-element elementor-element-6de14211 elementor-position-top elementor-widget elementor-widget-image-box\" data-id=\"6de14211\" data-element_type=\"widget\" data-widget_type=\"image-box.default\">\n\t\t\t\t<div class=\"elementor-widget-container\">\n\t\t\t\t\t<div class=\"elementor-image-box-wrapper\"><figure class=\"elementor-image-box-img\"><img loading=\"lazy\" decoding=\"async\" width=\"120\" height=\"120\" src=\"https:\/\/festivalorigenes.com\/wp-content\/uploads\/2020\/10\/festival-ori\u0301Genes-sostenibilidad.png\" class=\"attachment-full size-full wp-image-3458\" alt=\"Sostenibilitat - or\u00edGenes Festival gastron\u00f2mic\" \/><\/figure><div class=\"elementor-image-box-content\"><h3 class=\"elementor-image-box-title\">Sostenibilitat<\/h3><p class=\"elementor-image-box-description\">Aposta per l'economia circular i els Objectius de Desenvolupament Sostenible en el disseny de l'esdeveniment\n<\/p><\/div><\/div>\t\t\t\t<\/div>\n\t\t\t\t<\/div>\n\t\t\t\t\t<\/div>\n\t\t<\/div>\n\t\t\t\t<div class=\"elementor-column elementor-col-33 elementor-inner-column elementor-element elementor-element-ca5c355 elementor-invisible\" data-id=\"ca5c355\" data-element_type=\"column\" data-settings=\"{&quot;animation&quot;:&quot;fadeIn&quot;}\">\n\t\t\t<div class=\"elementor-widget-wrap elementor-element-populated\">\n\t\t\t\t\t\t<div class=\"elementor-element elementor-element-f1d1bd9 elementor-position-top elementor-widget elementor-widget-image-box\" data-id=\"f1d1bd9\" data-element_type=\"widget\" data-widget_type=\"image-box.default\">\n\t\t\t\t<div class=\"elementor-widget-container\">\n\t\t\t\t\t<div class=\"elementor-image-box-wrapper\"><figure class=\"elementor-image-box-img\"><img loading=\"lazy\" decoding=\"async\" width=\"120\" height=\"120\" src=\"https:\/\/festivalorigenes.com\/wp-content\/uploads\/2020\/10\/festival-ori\u0301Genes-tradicio\u0301n-e-innovacio\u0301n.png\" class=\"attachment-full size-full wp-image-3460\" alt=\"Tradici\u00f3 i innovaci\u00f3 - or\u00edGenes Festival gastron\u00f2mic\" \/><\/figure><div class=\"elementor-image-box-content\"><h3 class=\"elementor-image-box-title\">Innovaci\u00f3<\/h3><p class=\"elementor-image-box-description\">Selecci\u00f3 d\u2019emprenedors pioners en la creaci\u00f3 de productes o t\u00e8cniques gastron\u00f2miques<\/p><\/div><\/div>\t\t\t\t<\/div>\n\t\t\t\t<\/div>\n\t\t\t\t\t<\/div>\n\t\t<\/div>\n\t\t\t\t<div class=\"elementor-column elementor-col-33 elementor-inner-column elementor-element elementor-element-4d26f5ef elementor-invisible\" data-id=\"4d26f5ef\" data-element_type=\"column\" data-settings=\"{&quot;animation&quot;:&quot;fadeIn&quot;}\">\n\t\t\t<div class=\"elementor-widget-wrap elementor-element-populated\">\n\t\t\t\t\t\t<div class=\"elementor-element elementor-element-1512417d elementor-position-top elementor-widget elementor-widget-image-box\" data-id=\"1512417d\" data-element_type=\"widget\" id=\"programa\" data-widget_type=\"image-box.default\">\n\t\t\t\t<div class=\"elementor-widget-container\">\n\t\t\t\t\t<div class=\"elementor-image-box-wrapper\"><figure class=\"elementor-image-box-img\"><img loading=\"lazy\" decoding=\"async\" width=\"120\" height=\"120\" src=\"https:\/\/festivalorigenes.com\/wp-content\/uploads\/2020\/10\/festival-ori\u0301Genes-entorno-natural.png\" class=\"attachment-full size-full wp-image-3456\" alt=\"Entorn natural - or\u00edGenes Festival gastron\u00f2mic\" \/><\/figure><div class=\"elementor-image-box-content\"><h3 class=\"elementor-image-box-title\">Entorn natural<\/h3><p class=\"elementor-image-box-description\">Fomenta el respecte per la natura<\/p><\/div><\/div>\t\t\t\t<\/div>\n\t\t\t\t<\/div>\n\t\t\t\t\t<\/div>\n\t\t<\/div>\n\t\t\t\t\t<\/div>\n\t\t<\/section>\n\t\t\t\t\t<\/div>\n\t\t<\/div>\n\t\t\t\t\t<\/div>\n\t\t<\/section>\n\t\t\t\t<section class=\"elementor-section elementor-top-section elementor-element elementor-element-35172bb elementor-section-boxed elementor-section-height-default elementor-section-height-default\" data-id=\"35172bb\" data-element_type=\"section\">\n\t\t\t\t\t\t<div class=\"elementor-container elementor-column-gap-default\">\n\t\t\t\t\t<div class=\"elementor-column elementor-col-100 elementor-top-column elementor-element elementor-element-a0f234b\" data-id=\"a0f234b\" data-element_type=\"column\">\n\t\t\t<div class=\"elementor-widget-wrap elementor-element-populated\">\n\t\t\t\t\t\t<div class=\"elementor-element elementor-element-3941c95 elementor-widget elementor-widget-heading\" data-id=\"3941c95\" data-element_type=\"widget\" data-widget_type=\"heading.default\">\n\t\t\t\t<div class=\"elementor-widget-container\">\n\t\t\t\t\t<h2 class=\"elementor-heading-title elementor-size-default\">SOSTENIBILITAT OR\u00cdGENES<\/h2>\t\t\t\t<\/div>\n\t\t\t\t<\/div>\n\t\t\t\t<div class=\"elementor-element elementor-element-7fa1d1c elementor-widget elementor-widget-text-editor\" data-id=\"7fa1d1c\" data-element_type=\"widget\" data-widget_type=\"text-editor.default\">\n\t\t\t\t<div class=\"elementor-widget-container\">\n\t\t\t\t\t\t\t\t\t<p style=\"text-align: center;\">La suma de MOLTES petites accions fan la GRAN difer\u00e8ncia<\/p>\n\t\t\t\t\t\t\t\t<\/div>\n\t\t\t\t<\/div>\n\t\t\t\t\t<\/div>\n\t\t<\/div>\n\t\t\t\t\t<\/div>\n\t\t<\/section>\n\t\t\t\t<section class=\"elementor-section elementor-top-section elementor-element elementor-element-7adf161 elementor-section-boxed elementor-section-height-default elementor-section-height-default\" data-id=\"7adf161\" data-element_type=\"section\">\n\t\t\t\t\t\t<div class=\"elementor-container elementor-column-gap-default\">\n\t\t\t\t\t<div class=\"elementor-column elementor-col-20 elementor-top-column elementor-element elementor-element-49c107b9 elementor-invisible\" data-id=\"49c107b9\" data-element_type=\"column\" data-settings=\"{&quot;animation&quot;:&quot;fadeIn&quot;}\">\n\t\t\t<div class=\"elementor-widget-wrap elementor-element-populated\">\n\t\t\t\t\t\t<div class=\"elementor-element elementor-element-18ca1a79 elementor-widget elementor-widget-html\" data-id=\"18ca1a79\" data-element_type=\"widget\" data-widget_type=\"html.default\">\n\t\t\t\t<div class=\"elementor-widget-container\">\n\t\t\t\t\t<div class=\"cq-hotspot-container\"><div class=\"hotspot-container\" data-slideshow=\"false\" data-slideshowdelay=\"5\" data-maxwidth=\"500\" data-triggerby=\"mouseover\"  data-dropinease=\"false\"  data-animation=\"grow\" data-tooltipstyle=\"shadow\"><span class=\"cq-hotspot-tooltip cq-pulse-green\" data-cqtooltip=\"\" data-top=\"6.25%\" data-left=\"74.78586723768737%\" data-link=\"\" data-direction=\"top\" data-target=\"_self\" data-isdisplay=\"no\"  data-islightbox=\"no\" href=\"\" style=\"left:74.78586723768737%;top:6.25%;\"><i class=\"cq-hotspot-icon icon-info-circled\" style=\"background-color:#4c9f38;color:#ffffff;\"><\/i><br \/><span class=\"cq-hotspot-label\" style=\"visibility:hidden;\"><\/span><div class=\"cq-hotspot-tooltipcontent\"><div style=\"margin-top:10px; margin-right:10px; margin-left:10px; padding-left:0px; margin-bottom:0px; padding-bottom:10px;\">\r\n\r\n<span style=\"font-family:'PT Serif', Sans-serif; color: #4c3c43; text-align:justify;\">\u2022 Compromiso y apuesta por <strong>productos locales de calidad<\/strong> caracter\u00edsticos de cada territorio, provenientes de comercio justo y con una trazabilidad avalada en cada caso. Todo documentado a trav\u00e9s del documental y testimonios de los protagonistas.<\/span>\r\n<br>\r\n<\/div>\r\n\r\n\r\n<\/div><\/span><img decoding=\"async\" src=\"https:\/\/festivalorigenes.com\/wp-content\/uploads\/2020\/11\/ODS-Salud-y-bienestar-Festival-gastrono\u0301mico-ori\u0301Genes.png\" class=\"popover-image\"  \/><\/div><\/div>\t\t\t\t<\/div>\n\t\t\t\t<\/div>\n\t\t\t\t\t<\/div>\n\t\t<\/div>\n\t\t\t\t<div class=\"elementor-column elementor-col-20 elementor-top-column elementor-element elementor-element-3808722f elementor-invisible\" data-id=\"3808722f\" data-element_type=\"column\" data-settings=\"{&quot;animation&quot;:&quot;fadeIn&quot;}\">\n\t\t\t<div class=\"elementor-widget-wrap elementor-element-populated\">\n\t\t\t\t\t\t<div class=\"elementor-element elementor-element-3fd5415b elementor-widget elementor-widget-html\" data-id=\"3fd5415b\" data-element_type=\"widget\" data-widget_type=\"html.default\">\n\t\t\t\t<div class=\"elementor-widget-container\">\n\t\t\t\t\t<div class=\"cq-hotspot-container\"><div class=\"hotspot-container\" data-slideshow=\"false\" data-slideshowdelay=\"5\" data-maxwidth=\"500\" data-triggerby=\"mouseover\"  data-dropinease=\"true\"  data-animation=\"grow\" data-tooltipstyle=\"shadow\"><span class=\"cq-hotspot-tooltip cq-pulse-yellow\" data-cqtooltip=\"\" data-top=\"5.915921052631579%\" data-left=\"96.40995717344755%\" data-link=\"\" data-direction=\"top\" data-target=\"_self\" data-isdisplay=\"no\"  data-islightbox=\"no\" href=\"\" style=\"left:96.40995717344755%;top:5.915921052631579%;\"><i class=\"cq-hotspot-icon icon-info-circled\" style=\"background-color:#fcc30b;color:#ffffff;\"><\/i><br \/><span class=\"cq-hotspot-label\" style=\"visibility:hidden;\"><\/span><div class=\"cq-hotspot-tooltipcontent\"><div style=\"margin-top:10px; margin-right:10px; margin-left:10px; padding-left:0px; margin-bottom:0px; padding-bottom:0px;\">\r\n\r\n<p><span style=\"font-family:'PT Serif', Sans-serif; color: #4c3c43; text-align:justify;\">\u2022 <strong>Ubicaci\u00f3n del evento;<\/strong> un lugar sostenible y \u2013 garant\u00eda de entorno seguro. Experiencia en un espacio de 25.000m2 rodeado de mar, monta\u00f1a y vi\u00f1edo que potencia las actividades al aire libre con luz natural.<\/span><\/p>\r\n\r\n<p><span style=\"font-family:'PT Serif', Sans-serif; color: #4c3c43; text-align:justify;\">\u2022 Apuesta por recuperar y poner en valor <strong>t\u00e9cnicas tradicionales<\/strong> de cocinado respetuosas con el medio ambiente.<\/span><\/p>\r\n<\/div>\r\n\r\n\r\n<\/div><\/span><img decoding=\"async\" src=\"https:\/\/festivalorigenes.com\/wp-content\/uploads\/2020\/11\/ODS-Energi\u0301a-asequible-y-no-contaminante-Festival-gastrono\u0301mico-ori\u0301Genes.png\" class=\"popover-image\"  \/><\/div><\/div>\t\t\t\t<\/div>\n\t\t\t\t<\/div>\n\t\t\t\t\t<\/div>\n\t\t<\/div>\n\t\t\t\t<div class=\"elementor-column elementor-col-20 elementor-top-column elementor-element elementor-element-1d402fa8 elementor-invisible\" data-id=\"1d402fa8\" data-element_type=\"column\" data-settings=\"{&quot;animation&quot;:&quot;fadeIn&quot;}\">\n\t\t\t<div class=\"elementor-widget-wrap elementor-element-populated\">\n\t\t\t\t\t\t<div class=\"elementor-element elementor-element-314b0393 elementor-widget elementor-widget-html\" data-id=\"314b0393\" data-element_type=\"widget\" data-widget_type=\"html.default\">\n\t\t\t\t<div class=\"elementor-widget-container\">\n\t\t\t\t\t<div class=\"cq-hotspot-container\"><div class=\"hotspot-container\" data-slideshow=\"false\" data-slideshowdelay=\"5\" data-maxwidth=\"500\" data-triggerby=\"mouseover\"  data-dropinease=\"true\"  data-animation=\"grow\" data-tooltipstyle=\"shadow\"><span class=\"cq-hotspot-tooltip cq-pulse-yellow\" data-cqtooltip=\"\" data-top=\"7.236842105263158%\" data-left=\"85.29723991507431%\" data-link=\"\" data-direction=\"top\" data-target=\"_self\" data-isdisplay=\"no\"  data-islightbox=\"no\" href=\"\" style=\"left:85.29723991507431%;top:7.236842105263158%;\"><i class=\"cq-hotspot-icon icon-info-circled\" style=\"background-color:#bf8b2f;color:#ffffff;\"><\/i><br \/><span class=\"cq-hotspot-label\" style=\"visibility:hidden;\"><\/span><div class=\"cq-hotspot-tooltipcontent\"><div style=\"margin-top:10px; margin-right:10px; margin-left:10px; padding-left:0px; margin-bottom:0px; padding-bottom:10px;\">\r\n\r\n<p><span style=\"font-family:'PT Serif', Sans-serif; color: #4c3c43; text-align:justify;\">\u2022 <strong>Uniformidad del equipo<\/strong> de trabajo org\u00e1nica con lavado de prendas en fr\u00edo.\r\n<\/span><\/p>\r\n\r\n<p><span style=\"font-family:'PT Serif', Sans-serif; color: #4c3c43; text-align:justify;\">\u2022 <strong>Vajilla 100% compostable<\/strong> (soportes de emplatado de los diferentes alimentos as\u00ed como su cuberter\u00eda).<\/span><\/p>\r\n\r\n<p><span style=\"font-family:'PT Serif', Sans-serif; color: #4c3c43; text-align:justify;\">\u2022 <strong>Producci\u00f3n y consumo responsable<\/strong> a trav\u00e9s del escandallo y la gesti\u00f3n de las cantidades a degustar con cada artesano, convenio con organizaci\u00f3n ben\u00e9fica local para donar cualquier alimento sobrante.<\/span><\/p>\r\n\r\n<\/div>\r\n\r\n\r\n<\/div><\/span><img decoding=\"async\" src=\"https:\/\/festivalorigenes.com\/wp-content\/uploads\/2020\/11\/ODS-Produccio\u0301n-y-consumo-responsables-Festival-gastrono\u0301mico-ori\u0301Genes.png\" class=\"popover-image\"  \/><\/div><\/div>\t\t\t\t<\/div>\n\t\t\t\t<\/div>\n\t\t\t\t\t<\/div>\n\t\t<\/div>\n\t\t\t\t<div class=\"elementor-column elementor-col-20 elementor-top-column elementor-element elementor-element-4732c76f elementor-invisible\" data-id=\"4732c76f\" data-element_type=\"column\" data-settings=\"{&quot;animation&quot;:&quot;fadeIn&quot;}\">\n\t\t\t<div class=\"elementor-widget-wrap elementor-element-populated\">\n\t\t\t\t\t\t<div class=\"elementor-element elementor-element-48312b68 elementor-widget elementor-widget-html\" data-id=\"48312b68\" data-element_type=\"widget\" data-widget_type=\"html.default\">\n\t\t\t\t<div class=\"elementor-widget-container\">\n\t\t\t\t\t<div class=\"cq-hotspot-container\"><div class=\"hotspot-container\" data-slideshow=\"false\" data-slideshowdelay=\"5\" data-maxwidth=\"500\" data-triggerby=\"mouseover\"  data-dropinease=\"true\"  data-animation=\"grow\" data-tooltipstyle=\"shadow\"><span class=\"cq-hotspot-tooltip cq-pulse-green\" data-cqtooltip=\"\" data-top=\"6.902763157894737%\" data-left=\"86.14437367303609%\" data-link=\"\" data-direction=\"top\" data-target=\"_self\" data-isdisplay=\"no\"  data-islightbox=\"no\" href=\"\" style=\"left:86.14437367303609%;top:6.902763157894737%;\"><i class=\"cq-hotspot-icon icon-info-circled\" style=\"background-color:#3f7f43;color:#ffffff;\"><\/i><br \/><span class=\"cq-hotspot-label\" style=\"visibility:hidden;\"><\/span><div class=\"cq-hotspot-tooltipcontent\"><div style=\"margin-top:10px; margin-right:10px; margin-left:10px; padding-left:0px; margin-bottom:0px; padding-bottom:0px;\">\r\n\r\n<p><span style=\"font-family:'PT Serif', Sans-serif; color: #4c3c43; text-align:justify;\">\u2022 Sistema global de <strong>reciclaje de residuos<\/strong>, separando residuos por tipolog\u00eda y enviados a los contenedores correspondientes.<\/span><\/p>\r\n\r\n<p><span style=\"font-family:'PT Serif', Sans-serif; color: #4c3c43; text-align:justify;\">\u2022 Pol\u00edtica <strong>Paperless<\/strong> (sin impresi\u00f3n de entradas o inscripciones present\u00e1ndolas directamente en el m\u00f3vil. Env\u00edo de informaci\u00f3n al asistente por mail de forma automatizada).<\/span><\/p>\r\n\r\n<p><span style=\"font-family:'PT Serif', Sans-serif; color: #4c3c43; text-align:justify;\">\u2022 Servicio de <strong>saneamiento ecol\u00f3gico. Eco-toilets.<\/strong><\/span><\/p>\r\n\r\n<p><span style=\"font-family:'PT Serif', Sans-serif; color: #4c3c43; text-align:justify;\">\u2022 Incentivar el <strong>transporte p\u00fablico<\/strong>. Servicio de acceso al Festival or\u00edGenes a trav\u00e9s de lanzaderas el\u00e9ctricas.<\/span><\/p>\r\n\r\n\r\n<\/div>\r\n\r\n\r\n<\/div><\/span><img decoding=\"async\" src=\"https:\/\/festivalorigenes.com\/wp-content\/uploads\/2020\/11\/ODS-Accio\u0301n-por-el-clima-Festival-gastrono\u0301mico-ori\u0301Genes.png\" class=\"popover-image\"  \/><\/div><\/div>\t\t\t\t<\/div>\n\t\t\t\t<\/div>\n\t\t\t\t\t<\/div>\n\t\t<\/div>\n\t\t\t\t<div class=\"elementor-column elementor-col-20 elementor-top-column elementor-element elementor-element-71d38f3e elementor-invisible\" data-id=\"71d38f3e\" data-element_type=\"column\" id=\"preguntas\" data-settings=\"{&quot;animation&quot;:&quot;fadeIn&quot;}\">\n\t\t\t<div class=\"elementor-widget-wrap elementor-element-populated\">\n\t\t\t\t\t\t<div class=\"elementor-element elementor-element-5dda60fc elementor-widget elementor-widget-image\" data-id=\"5dda60fc\" data-element_type=\"widget\" data-widget_type=\"image.default\">\n\t\t\t\t<div class=\"elementor-widget-container\">\n\t\t\t\t\t\t\t\t\t\t\t\t\t\t\t<img loading=\"lazy\" decoding=\"async\" width=\"300\" height=\"300\" src=\"https:\/\/festivalorigenes.com\/wp-content\/uploads\/2020\/11\/ODS-Alianzas-para-lograr-los-objetivos-Festival-gastrono\u0301mico-ori\u0301Genes.png\" class=\"attachment-large size-large wp-image-3530\" alt=\"ODS - Aliances per assolir els objectius - ori\u0301Genes Festival gastron\u00f2mic\" srcset=\"https:\/\/festivalorigenes.com\/wp-content\/uploads\/2020\/11\/ODS-Alianzas-para-lograr-los-objetivos-Festival-gastrono\u0301mico-ori\u0301Genes.png 300w, https:\/\/festivalorigenes.com\/wp-content\/uploads\/2020\/11\/ODS-Alianzas-para-lograr-los-objetivos-Festival-gastrono\u0301mico-ori\u0301Genes-150x150.png 150w\" sizes=\"(max-width: 300px) 100vw, 300px\" \/>\t\t\t\t\t\t\t\t\t\t\t\t\t\t\t<\/div>\n\t\t\t\t<\/div>\n\t\t\t\t\t<\/div>\n\t\t<\/div>\n\t\t\t\t\t<\/div>\n\t\t<\/section>\n\t\t\t\t<\/div>\n\t\t","protected":false},"excerpt":{"rendered":"<p>FESTIVAL Qu\u00e8 \u00e9s or\u00edGenes? or\u00edGens, creada el 2020, enmig d&#8217;una pand\u00e8mia mundial, \u00e9s una comunitat innovadora global, formada per 66 de les empreses, emprenedors, productors, viticultors i l\u00edders de la ind\u00fastria aliment\u00e0ria, i m\u00e9s de 1.500 persones que volen promoure una producci\u00f3 i consum responsable a Espanya. or\u00edGens crea experi\u00e8ncies innovadores, exclusives i sostenibles, impulsa [&hellip;]<\/p>\n","protected":false},"author":1,"featured_media":0,"parent":0,"menu_order":0,"comment_status":"closed","ping_status":"closed","template":"","meta":{"site-sidebar-layout":"no-sidebar","site-content-layout":"page-builder","ast-site-content-layout":"default","site-content-style":"default","site-sidebar-style":"default","ast-global-header-display":"","ast-banner-title-visibility":"","ast-main-header-display":"","ast-hfb-above-header-display":"","ast-hfb-below-header-display":"","ast-hfb-mobile-header-display":"","site-post-title":"disabled","ast-breadcrumbs-content":"","ast-featured-img":"disabled","footer-sml-layout":"","theme-transparent-header-meta":"disabled","adv-header-id-meta":"","stick-header-meta":"default","header-above-stick-meta":"","header-main-stick-meta":"","header-below-stick-meta":"","astra-migrate-meta-layouts":"default","ast-page-background-enabled":"default","ast-page-background-meta":{"desktop":{"background-color":"","background-image":"","background-repeat":"repeat","background-position":"center center","background-size":"auto","background-attachment":"scroll","background-type":"","background-media":"","overlay-type":"","overlay-color":"","overlay-opacity":"","overlay-gradient":""},"tablet":{"background-color":"","background-image":"","background-repeat":"repeat","background-position":"center center","background-size":"auto","background-attachment":"scroll","background-type":"","background-media":"","overlay-type":"","overlay-color":"","overlay-opacity":"","overlay-gradient":""},"mobile":{"background-color":"","background-image":"","background-repeat":"repeat","background-position":"center center","background-size":"auto","background-attachment":"scroll","background-type":"","background-media":"","overlay-type":"","overlay-color":"","overlay-opacity":"","overlay-gradient":""}},"ast-content-background-meta":{"desktop":{"background-color":"var(--ast-global-color-5)","background-image":"","background-repeat":"repeat","background-position":"center center","background-size":"auto","background-attachment":"scroll","background-type":"","background-media":"","overlay-type":"","overlay-color":"","overlay-opacity":"","overlay-gradient":""},"tablet":{"background-color":"var(--ast-global-color-5)","background-image":"","background-repeat":"repeat","background-position":"center center","background-size":"auto","background-attachment":"scroll","background-type":"","background-media":"","overlay-type":"","overlay-color":"","overlay-opacity":"","overlay-gradient":""},"mobile":{"background-color":"var(--ast-global-color-5)","background-image":"","background-repeat":"repeat","background-position":"center center","background-size":"auto","background-attachment":"scroll","background-type":"","background-media":"","overlay-type":"","overlay-color":"","overlay-opacity":"","overlay-gradient":""}},"footnotes":""},"class_list":["post-8731","page","type-page","status-publish","hentry"],"yoast_head":"<!-- This site is optimized with the Yoast SEO plugin v25.7 - https:\/\/yoast.com\/wordpress\/plugins\/seo\/ -->\n<title>Festival - or\u00edGenes - Festival Gastron\u00f2mic<\/title>\n<meta name=\"description\" content=\"Festival gastron\u00f2mic \u00fanic en el seu format i continguts que t\u00e9 com a prop\u00f2sit deixar una empremta positiva a l&#039;economia, societat i medi ambient.\" \/>\n<meta name=\"robots\" content=\"index, follow, max-snippet:-1, max-image-preview:large, max-video-preview:-1\" \/>\n<link rel=\"canonical\" href=\"https:\/\/festivalorigenes.com\/ca\/festival-2\/\" \/>\n<meta property=\"og:locale\" content=\"ca_ES\" \/>\n<meta property=\"og:type\" content=\"article\" \/>\n<meta property=\"og:title\" content=\"Festival - or\u00edGenes - Festival Gastron\u00f2mic\" \/>\n<meta property=\"og:description\" content=\"Festival gastron\u00f2mic \u00fanic en el seu format i continguts que t\u00e9 com a prop\u00f2sit deixar una empremta positiva a l&#039;economia, societat i medi ambient.\" \/>\n<meta property=\"og:url\" content=\"https:\/\/festivalorigenes.com\/ca\/festival-2\/\" \/>\n<meta property=\"og:site_name\" content=\"or\u00edGenes - Festival Gastron\u00f2mic\" \/>\n<meta property=\"article:publisher\" content=\"https:\/\/www.facebook.com\/origenesfestivalgastronomico\/\" \/>\n<meta property=\"article:modified_time\" content=\"2024-10-10T17:19:33+00:00\" \/>\n<meta property=\"og:image\" content=\"https:\/\/festivalorigenes.com\/wp-content\/uploads\/2021\/10\/libro-origenes-festival-gastronomico-300x200.png\" \/>\n<meta name=\"twitter:card\" content=\"summary_large_image\" \/>\n<meta name=\"twitter:site\" content=\"@origenesfest\" \/>\n<meta name=\"twitter:label1\" content=\"Temps estimat de lectura\" \/>\n\t<meta name=\"twitter:data1\" content=\"4 minuts\" \/>\n<script type=\"application\/ld+json\" class=\"yoast-schema-graph\">{\"@context\":\"https:\/\/schema.org\",\"@graph\":[{\"@type\":\"WebPage\",\"@id\":\"https:\/\/festivalorigenes.com\/ca\/festival-2\/\",\"url\":\"https:\/\/festivalorigenes.com\/ca\/festival-2\/\",\"name\":\"Festival - or\u00edGenes - Festival Gastron\u00f2mic\",\"isPartOf\":{\"@id\":\"https:\/\/festivalorigenes.com\/ca\/#website\"},\"primaryImageOfPage\":{\"@id\":\"https:\/\/festivalorigenes.com\/ca\/festival-2\/#primaryimage\"},\"image\":{\"@id\":\"https:\/\/festivalorigenes.com\/ca\/festival-2\/#primaryimage\"},\"thumbnailUrl\":\"https:\/\/festivalorigenes.com\/wp-content\/uploads\/2021\/10\/libro-origenes-festival-gastronomico-300x200.png\",\"datePublished\":\"2023-05-03T13:44:07+00:00\",\"dateModified\":\"2024-10-10T17:19:33+00:00\",\"description\":\"Festival gastron\u00f2mic \u00fanic en el seu format i continguts que t\u00e9 com a prop\u00f2sit deixar una empremta positiva a l'economia, societat i medi ambient.\",\"breadcrumb\":{\"@id\":\"https:\/\/festivalorigenes.com\/ca\/festival-2\/#breadcrumb\"},\"inLanguage\":\"ca\",\"potentialAction\":[{\"@type\":\"ReadAction\",\"target\":[\"https:\/\/festivalorigenes.com\/ca\/festival-2\/\"]}]},{\"@type\":\"ImageObject\",\"inLanguage\":\"ca\",\"@id\":\"https:\/\/festivalorigenes.com\/ca\/festival-2\/#primaryimage\",\"url\":\"https:\/\/festivalorigenes.com\/wp-content\/uploads\/2021\/10\/libro-origenes-festival-gastronomico-300x200.png\",\"contentUrl\":\"https:\/\/festivalorigenes.com\/wp-content\/uploads\/2021\/10\/libro-origenes-festival-gastronomico-300x200.png\"},{\"@type\":\"BreadcrumbList\",\"@id\":\"https:\/\/festivalorigenes.com\/ca\/festival-2\/#breadcrumb\",\"itemListElement\":[{\"@type\":\"ListItem\",\"position\":1,\"name\":\"Portada\",\"item\":\"https:\/\/festivalorigenes.com\/ca\/\"},{\"@type\":\"ListItem\",\"position\":2,\"name\":\"Festival\"}]},{\"@type\":\"WebSite\",\"@id\":\"https:\/\/festivalorigenes.com\/ca\/#website\",\"url\":\"https:\/\/festivalorigenes.com\/ca\/\",\"name\":\"or\u00edGenes - Festival Gastron\u00f2mic\",\"description\":\"\",\"publisher\":{\"@id\":\"https:\/\/festivalorigenes.com\/ca\/#organization\"},\"potentialAction\":[{\"@type\":\"SearchAction\",\"target\":{\"@type\":\"EntryPoint\",\"urlTemplate\":\"https:\/\/festivalorigenes.com\/ca\/?s={search_term_string}\"},\"query-input\":{\"@type\":\"PropertyValueSpecification\",\"valueRequired\":true,\"valueName\":\"search_term_string\"}}],\"inLanguage\":\"ca\"},{\"@type\":\"Organization\",\"@id\":\"https:\/\/festivalorigenes.com\/ca\/#organization\",\"name\":\"or\u00edGenes Festival Gastron\u00f2mic\",\"url\":\"https:\/\/festivalorigenes.com\/ca\/\",\"logo\":{\"@type\":\"ImageObject\",\"inLanguage\":\"ca\",\"@id\":\"https:\/\/festivalorigenes.com\/ca\/#\/schema\/logo\/image\/\",\"url\":\"https:\/\/festivalorigenes.com\/wp-content\/uploads\/2020\/11\/124151422_123321709577698_694323274832345559_n.png\",\"contentUrl\":\"https:\/\/festivalorigenes.com\/wp-content\/uploads\/2020\/11\/124151422_123321709577698_694323274832345559_n.png\",\"width\":401,\"height\":401,\"caption\":\"or\u00edGenes Festival Gastron\u00f2mic\"},\"image\":{\"@id\":\"https:\/\/festivalorigenes.com\/ca\/#\/schema\/logo\/image\/\"},\"sameAs\":[\"https:\/\/www.facebook.com\/origenesfestivalgastronomico\/\",\"https:\/\/x.com\/origenesfest\",\"https:\/\/www.instagram.com\/origenesfestivalgastronomico\/\",\"https:\/\/www.linkedin.com\/company\/or\u00edgenes-festival-gastron\u00f3mico\"]}]}<\/script>\n<!-- \/ Yoast SEO plugin. -->","yoast_head_json":{"title":"Festival - or\u00edGenes - Festival Gastron\u00f2mic","description":"Festival gastron\u00f2mic \u00fanic en el seu format i continguts que t\u00e9 com a prop\u00f2sit deixar una empremta positiva a l'economia, societat i medi ambient.","robots":{"index":"index","follow":"follow","max-snippet":"max-snippet:-1","max-image-preview":"max-image-preview:large","max-video-preview":"max-video-preview:-1"},"canonical":"https:\/\/festivalorigenes.com\/ca\/festival-2\/","og_locale":"ca_ES","og_type":"article","og_title":"Festival - or\u00edGenes - Festival Gastron\u00f2mic","og_description":"Festival gastron\u00f2mic \u00fanic en el seu format i continguts que t\u00e9 com a prop\u00f2sit deixar una empremta positiva a l'economia, societat i medi ambient.","og_url":"https:\/\/festivalorigenes.com\/ca\/festival-2\/","og_site_name":"or\u00edGenes - Festival Gastron\u00f2mic","article_publisher":"https:\/\/www.facebook.com\/origenesfestivalgastronomico\/","article_modified_time":"2024-10-10T17:19:33+00:00","og_image":[{"url":"https:\/\/festivalorigenes.com\/wp-content\/uploads\/2021\/10\/libro-origenes-festival-gastronomico-300x200.png","type":"","width":"","height":""}],"twitter_card":"summary_large_image","twitter_site":"@origenesfest","twitter_misc":{"Temps estimat de lectura":"4 minuts"},"schema":{"@context":"https:\/\/schema.org","@graph":[{"@type":"WebPage","@id":"https:\/\/festivalorigenes.com\/ca\/festival-2\/","url":"https:\/\/festivalorigenes.com\/ca\/festival-2\/","name":"Festival - or\u00edGenes - Festival Gastron\u00f2mic","isPartOf":{"@id":"https:\/\/festivalorigenes.com\/ca\/#website"},"primaryImageOfPage":{"@id":"https:\/\/festivalorigenes.com\/ca\/festival-2\/#primaryimage"},"image":{"@id":"https:\/\/festivalorigenes.com\/ca\/festival-2\/#primaryimage"},"thumbnailUrl":"https:\/\/festivalorigenes.com\/wp-content\/uploads\/2021\/10\/libro-origenes-festival-gastronomico-300x200.png","datePublished":"2023-05-03T13:44:07+00:00","dateModified":"2024-10-10T17:19:33+00:00","description":"Festival gastron\u00f2mic \u00fanic en el seu format i continguts que t\u00e9 com a prop\u00f2sit deixar una empremta positiva a l'economia, societat i medi ambient.","breadcrumb":{"@id":"https:\/\/festivalorigenes.com\/ca\/festival-2\/#breadcrumb"},"inLanguage":"ca","potentialAction":[{"@type":"ReadAction","target":["https:\/\/festivalorigenes.com\/ca\/festival-2\/"]}]},{"@type":"ImageObject","inLanguage":"ca","@id":"https:\/\/festivalorigenes.com\/ca\/festival-2\/#primaryimage","url":"https:\/\/festivalorigenes.com\/wp-content\/uploads\/2021\/10\/libro-origenes-festival-gastronomico-300x200.png","contentUrl":"https:\/\/festivalorigenes.com\/wp-content\/uploads\/2021\/10\/libro-origenes-festival-gastronomico-300x200.png"},{"@type":"BreadcrumbList","@id":"https:\/\/festivalorigenes.com\/ca\/festival-2\/#breadcrumb","itemListElement":[{"@type":"ListItem","position":1,"name":"Portada","item":"https:\/\/festivalorigenes.com\/ca\/"},{"@type":"ListItem","position":2,"name":"Festival"}]},{"@type":"WebSite","@id":"https:\/\/festivalorigenes.com\/ca\/#website","url":"https:\/\/festivalorigenes.com\/ca\/","name":"or\u00edGenes - Festival Gastron\u00f2mic","description":"","publisher":{"@id":"https:\/\/festivalorigenes.com\/ca\/#organization"},"potentialAction":[{"@type":"SearchAction","target":{"@type":"EntryPoint","urlTemplate":"https:\/\/festivalorigenes.com\/ca\/?s={search_term_string}"},"query-input":{"@type":"PropertyValueSpecification","valueRequired":true,"valueName":"search_term_string"}}],"inLanguage":"ca"},{"@type":"Organization","@id":"https:\/\/festivalorigenes.com\/ca\/#organization","name":"or\u00edGenes Festival Gastron\u00f2mic","url":"https:\/\/festivalorigenes.com\/ca\/","logo":{"@type":"ImageObject","inLanguage":"ca","@id":"https:\/\/festivalorigenes.com\/ca\/#\/schema\/logo\/image\/","url":"https:\/\/festivalorigenes.com\/wp-content\/uploads\/2020\/11\/124151422_123321709577698_694323274832345559_n.png","contentUrl":"https:\/\/festivalorigenes.com\/wp-content\/uploads\/2020\/11\/124151422_123321709577698_694323274832345559_n.png","width":401,"height":401,"caption":"or\u00edGenes Festival Gastron\u00f2mic"},"image":{"@id":"https:\/\/festivalorigenes.com\/ca\/#\/schema\/logo\/image\/"},"sameAs":["https:\/\/www.facebook.com\/origenesfestivalgastronomico\/","https:\/\/x.com\/origenesfest","https:\/\/www.instagram.com\/origenesfestivalgastronomico\/","https:\/\/www.linkedin.com\/company\/or\u00edgenes-festival-gastron\u00f3mico"]}]}},"_links":{"self":[{"href":"https:\/\/festivalorigenes.com\/ca\/wp-json\/wp\/v2\/pages\/8731","targetHints":{"allow":["GET"]}}],"collection":[{"href":"https:\/\/festivalorigenes.com\/ca\/wp-json\/wp\/v2\/pages"}],"about":[{"href":"https:\/\/festivalorigenes.com\/ca\/wp-json\/wp\/v2\/types\/page"}],"author":[{"embeddable":true,"href":"https:\/\/festivalorigenes.com\/ca\/wp-json\/wp\/v2\/users\/1"}],"replies":[{"embeddable":true,"href":"https:\/\/festivalorigenes.com\/ca\/wp-json\/wp\/v2\/comments?post=8731"}],"version-history":[{"count":18,"href":"https:\/\/festivalorigenes.com\/ca\/wp-json\/wp\/v2\/pages\/8731\/revisions"}],"predecessor-version":[{"id":10454,"href":"https:\/\/festivalorigenes.com\/ca\/wp-json\/wp\/v2\/pages\/8731\/revisions\/10454"}],"wp:attachment":[{"href":"https:\/\/festivalorigenes.com\/ca\/wp-json\/wp\/v2\/media?parent=8731"}],"curies":[{"name":"wp","href":"https:\/\/api.w.org\/{rel}","templated":true}]}}